{"id":3392,"date":"2025-10-20T06:44:46","date_gmt":"2025-10-20T06:44:46","guid":{"rendered":"https:\/\/www.nomme.ee\/eakate-paevakeskused\/?post_type=kalender&#038;p=3392"},"modified":"2025-10-20T07:53:58","modified_gmt":"2025-10-20T07:53:58","slug":"etendus-25-c-ja-paike-parnu-endla-teatris-koos-ohtusoogiga","status":"publish","type":"kalender","link":"https:\/\/www.nomme.ee\/eakate-paevakeskused\/kalender\/etendus-25-c-ja-paike-parnu-endla-teatris-koos-ohtusoogiga\/","title":{"rendered":"Etendus \u201c25 \u00b0C ja p\u00e4ike\u201d P\u00e4rnu Endla teatris koos \u00f5htus\u00f6\u00f6giga"},"content":{"rendered":"<p><strong>Kava<\/strong><\/p>\n<p>kell 15.30 v\u00e4ljas\u00f5it N\u00f5mme Maja parklast Valdeku 13, Tallinn<br \/>\nkell 17.30 \u00f5htus\u00f6\u00f6k pubis Nikolai Lehtla, Nikolai 7, P\u00e4rnu<br \/>\nkell 19.00 etendus \u201e25 \u00b0C ja p\u00e4ike\u201c Endla teater<br \/>\nkell 22.00 tagasis\u00f5it<br \/>\nkell 23.30 saabumine orienteeruvalt Valdeku 13, Tallinn<\/p>\n<p>Registreerimine tiina.karema@nomme.ee<br \/>\ntelefonil 672 3125, 51907327 v\u00f5i kabinetis 109<\/p>\n<p>Osalustasu maksta hiljemalt 23. oktoobriks.<\/p>\n","protected":false},"featured_media":3395,"template":"","kalender_kategooria":[],"class_list":["post-3392","kalender","type-kalender","status-publish","has-post-thumbnail","hentry"],"acf":[],"yoast_head":"<!-- This site is optimized with the Yoast SEO plugin v27.5 - https:\/\/yoast.com\/product\/yoast-seo-wordpress\/ -->\n<title>Etendus \u201c25 \u00b0C ja p\u00e4ike\u201d P\u00e4rnu Endla teatris koos \u00f5htus\u00f6\u00f6giga &#8211; P\u00e4evakeskused<\/title>\n<meta name=\"robots\" content=\"index, follow, max-snippet:-1, max-image-preview:large, max-video-preview:-1\" \/>\n<link rel=\"canonical\" href=\"https:\/\/www.nomme.ee\/eakate-paevakeskused\/kalender\/etendus-25-c-ja-paike-parnu-endla-teatris-koos-ohtusoogiga\/\" \/>\n<meta property=\"og:locale\" content=\"et_EE\" \/>\n<meta property=\"og:type\" content=\"article\" \/>\n<meta property=\"og:title\" content=\"Etendus \u201c25 \u00b0C ja p\u00e4ike\u201d P\u00e4rnu Endla teatris koos \u00f5htus\u00f6\u00f6giga &#8211; P\u00e4evakeskused\" \/>\n<meta property=\"og:description\" content=\"Kava kell 15.30 v\u00e4ljas\u00f5it N\u00f5mme Maja parklast Valdeku 13, Tallinn kell 17.30 \u00f5htus\u00f6\u00f6k pubis Nikolai Lehtla, Nikolai 7, P\u00e4rnu kell 19.00 etendus \u201e25 \u00b0C ja p\u00e4ike\u201c Endla teater kell 22.00 tagasis\u00f5it kell 23.30 saabumine orienteeruvalt Valdeku 13, Tallinn Registreerimine tiina.karema@nomme.ee telefonil 672 3125, 51907327 v\u00f5i kabinetis 109 Osalustasu maksta hiljemalt 23. oktoobriks.\" \/>\n<meta property=\"og:url\" content=\"https:\/\/www.nomme.ee\/eakate-paevakeskused\/kalender\/etendus-25-c-ja-paike-parnu-endla-teatris-koos-ohtusoogiga\/\" \/>\n<meta property=\"og:site_name\" content=\"P\u00e4evakeskused\" \/>\n<meta property=\"article:modified_time\" content=\"2025-10-20T07:53:58+00:00\" \/>\n<meta property=\"og:image\" content=\"https:\/\/www.nomme.ee\/eakate-paevakeskused\/wp-content\/uploads\/sites\/2\/2025\/10\/Paevakeskuse-plakatid-3.jpg\" \/>\n\t<meta property=\"og:image:width\" content=\"1414\" \/>\n\t<meta property=\"og:image:height\" content=\"2000\" \/>\n\t<meta property=\"og:image:type\" content=\"image\/jpeg\" \/>\n<meta name=\"twitter:card\" content=\"summary_large_image\" \/>\n<meta name=\"twitter:label1\" content=\"Est. reading time\" \/>\n\t<meta name=\"twitter:data1\" content=\"1 minut\" \/>\n<script type=\"application\/ld+json\" class=\"yoast-schema-graph\">{\"@context\":\"https:\\\/\\\/schema.org\",\"@graph\":[{\"@type\":\"WebPage\",\"@id\":\"https:\\\/\\\/www.nomme.ee\\\/eakate-paevakeskused\\\/kalender\\\/etendus-25-c-ja-paike-parnu-endla-teatris-koos-ohtusoogiga\\\/\",\"url\":\"https:\\\/\\\/www.nomme.ee\\\/eakate-paevakeskused\\\/kalender\\\/etendus-25-c-ja-paike-parnu-endla-teatris-koos-ohtusoogiga\\\/\",\"name\":\"Etendus \u201c25 \u00b0C ja p\u00e4ike\u201d P\u00e4rnu Endla teatris koos \u00f5htus\u00f6\u00f6giga &#8211; P\u00e4evakeskused\",\"isPartOf\":{\"@id\":\"https:\\\/\\\/www.nomme.ee\\\/eakate-paevakeskused\\\/#website\"},\"primaryImageOfPage\":{\"@id\":\"https:\\\/\\\/www.nomme.ee\\\/eakate-paevakeskused\\\/kalender\\\/etendus-25-c-ja-paike-parnu-endla-teatris-koos-ohtusoogiga\\\/#primaryimage\"},\"image\":{\"@id\":\"https:\\\/\\\/www.nomme.ee\\\/eakate-paevakeskused\\\/kalender\\\/etendus-25-c-ja-paike-parnu-endla-teatris-koos-ohtusoogiga\\\/#primaryimage\"},\"thumbnailUrl\":\"https:\\\/\\\/www.nomme.ee\\\/eakate-paevakeskused\\\/wp-content\\\/uploads\\\/sites\\\/2\\\/2025\\\/10\\\/Paevakeskuse-plakatid-3.jpg\",\"datePublished\":\"2025-10-20T06:44:46+00:00\",\"dateModified\":\"2025-10-20T07:53:58+00:00\",\"breadcrumb\":{\"@id\":\"https:\\\/\\\/www.nomme.ee\\\/eakate-paevakeskused\\\/kalender\\\/etendus-25-c-ja-paike-parnu-endla-teatris-koos-ohtusoogiga\\\/#breadcrumb\"},\"inLanguage\":\"et\",\"potentialAction\":[{\"@type\":\"ReadAction\",\"target\":[\"https:\\\/\\\/www.nomme.ee\\\/eakate-paevakeskused\\\/kalender\\\/etendus-25-c-ja-paike-parnu-endla-teatris-koos-ohtusoogiga\\\/\"]}]},{\"@type\":\"ImageObject\",\"inLanguage\":\"et\",\"@id\":\"https:\\\/\\\/www.nomme.ee\\\/eakate-paevakeskused\\\/kalender\\\/etendus-25-c-ja-paike-parnu-endla-teatris-koos-ohtusoogiga\\\/#primaryimage\",\"url\":\"https:\\\/\\\/www.nomme.ee\\\/eakate-paevakeskused\\\/wp-content\\\/uploads\\\/sites\\\/2\\\/2025\\\/10\\\/Paevakeskuse-plakatid-3.jpg\",\"contentUrl\":\"https:\\\/\\\/www.nomme.ee\\\/eakate-paevakeskused\\\/wp-content\\\/uploads\\\/sites\\\/2\\\/2025\\\/10\\\/Paevakeskuse-plakatid-3.jpg\",\"width\":1414,\"height\":2000},{\"@type\":\"BreadcrumbList\",\"@id\":\"https:\\\/\\\/www.nomme.ee\\\/eakate-paevakeskused\\\/kalender\\\/etendus-25-c-ja-paike-parnu-endla-teatris-koos-ohtusoogiga\\\/#breadcrumb\",\"itemListElement\":[{\"@type\":\"ListItem\",\"position\":1,\"name\":\"N\u00f5mme Vaba Aja Keskus\",\"item\":\"https:\\\/\\\/www.nomme.ee\"},{\"@type\":\"ListItem\",\"position\":2,\"name\":\"P\u00e4evakeskused\",\"item\":\"https:\\\/\\\/www.nomme.ee\\\/eakate-paevakeskused\\\/\"},{\"@type\":\"ListItem\",\"position\":3,\"name\":\"S\u00fcndmused\",\"item\":\"https:\\\/\\\/www.nomme.ee\\\/eakate-paevakeskused\\\/kalender\\\/\"},{\"@type\":\"ListItem\",\"position\":4,\"name\":\"Etendus \u201c25 \u00b0C ja p\u00e4ike\u201d P\u00e4rnu Endla teatris koos \u00f5htus\u00f6\u00f6giga\"}]},{\"@type\":\"WebSite\",\"@id\":\"https:\\\/\\\/www.nomme.ee\\\/eakate-paevakeskused\\\/#website\",\"url\":\"https:\\\/\\\/www.nomme.ee\\\/eakate-paevakeskused\\\/\",\"name\":\"P\u00e4evakeskused\",\"description\":\"\",\"potentialAction\":[{\"@type\":\"SearchAction\",\"target\":{\"@type\":\"EntryPoint\",\"urlTemplate\":\"https:\\\/\\\/www.nomme.ee\\\/eakate-paevakeskused\\\/?s={search_term_string}\"},\"query-input\":{\"@type\":\"PropertyValueSpecification\",\"valueRequired\":true,\"valueName\":\"search_term_string\"}}],\"inLanguage\":\"et\"}]}<\/script>\n<!-- \/ Yoast SEO plugin. -->","yoast_head_json":{"title":"Etendus \u201c25 \u00b0C ja p\u00e4ike\u201d P\u00e4rnu Endla teatris koos \u00f5htus\u00f6\u00f6giga &#8211; P\u00e4evakeskused","robots":{"index":"index","follow":"follow","max-snippet":"max-snippet:-1","max-image-preview":"max-image-preview:large","max-video-preview":"max-video-preview:-1"},"canonical":"https:\/\/www.nomme.ee\/eakate-paevakeskused\/kalender\/etendus-25-c-ja-paike-parnu-endla-teatris-koos-ohtusoogiga\/","og_locale":"et_EE","og_type":"article","og_title":"Etendus \u201c25 \u00b0C ja p\u00e4ike\u201d P\u00e4rnu Endla teatris koos \u00f5htus\u00f6\u00f6giga &#8211; P\u00e4evakeskused","og_description":"Kava kell 15.30 v\u00e4ljas\u00f5it N\u00f5mme Maja parklast Valdeku 13, Tallinn kell 17.30 \u00f5htus\u00f6\u00f6k pubis Nikolai Lehtla, Nikolai 7, P\u00e4rnu kell 19.00 etendus \u201e25 \u00b0C ja p\u00e4ike\u201c Endla teater kell 22.00 tagasis\u00f5it kell 23.30 saabumine orienteeruvalt Valdeku 13, Tallinn Registreerimine tiina.karema@nomme.ee telefonil 672 3125, 51907327 v\u00f5i kabinetis 109 Osalustasu maksta hiljemalt 23. oktoobriks.","og_url":"https:\/\/www.nomme.ee\/eakate-paevakeskused\/kalender\/etendus-25-c-ja-paike-parnu-endla-teatris-koos-ohtusoogiga\/","og_site_name":"P\u00e4evakeskused","article_modified_time":"2025-10-20T07:53:58+00:00","og_image":[{"width":1414,"height":2000,"url":"https:\/\/www.nomme.ee\/eakate-paevakeskused\/wp-content\/uploads\/sites\/2\/2025\/10\/Paevakeskuse-plakatid-3.jpg","type":"image\/jpeg"}],"twitter_card":"summary_large_image","twitter_misc":{"Est. reading time":"1 minut"},"schema":{"@context":"https:\/\/schema.org","@graph":[{"@type":"WebPage","@id":"https:\/\/www.nomme.ee\/eakate-paevakeskused\/kalender\/etendus-25-c-ja-paike-parnu-endla-teatris-koos-ohtusoogiga\/","url":"https:\/\/www.nomme.ee\/eakate-paevakeskused\/kalender\/etendus-25-c-ja-paike-parnu-endla-teatris-koos-ohtusoogiga\/","name":"Etendus \u201c25 \u00b0C ja p\u00e4ike\u201d P\u00e4rnu Endla teatris koos \u00f5htus\u00f6\u00f6giga &#8211; P\u00e4evakeskused","isPartOf":{"@id":"https:\/\/www.nomme.ee\/eakate-paevakeskused\/#website"},"primaryImageOfPage":{"@id":"https:\/\/www.nomme.ee\/eakate-paevakeskused\/kalender\/etendus-25-c-ja-paike-parnu-endla-teatris-koos-ohtusoogiga\/#primaryimage"},"image":{"@id":"https:\/\/www.nomme.ee\/eakate-paevakeskused\/kalender\/etendus-25-c-ja-paike-parnu-endla-teatris-koos-ohtusoogiga\/#primaryimage"},"thumbnailUrl":"https:\/\/www.nomme.ee\/eakate-paevakeskused\/wp-content\/uploads\/sites\/2\/2025\/10\/Paevakeskuse-plakatid-3.jpg","datePublished":"2025-10-20T06:44:46+00:00","dateModified":"2025-10-20T07:53:58+00:00","breadcrumb":{"@id":"https:\/\/www.nomme.ee\/eakate-paevakeskused\/kalender\/etendus-25-c-ja-paike-parnu-endla-teatris-koos-ohtusoogiga\/#breadcrumb"},"inLanguage":"et","potentialAction":[{"@type":"ReadAction","target":["https:\/\/www.nomme.ee\/eakate-paevakeskused\/kalender\/etendus-25-c-ja-paike-parnu-endla-teatris-koos-ohtusoogiga\/"]}]},{"@type":"ImageObject","inLanguage":"et","@id":"https:\/\/www.nomme.ee\/eakate-paevakeskused\/kalender\/etendus-25-c-ja-paike-parnu-endla-teatris-koos-ohtusoogiga\/#primaryimage","url":"https:\/\/www.nomme.ee\/eakate-paevakeskused\/wp-content\/uploads\/sites\/2\/2025\/10\/Paevakeskuse-plakatid-3.jpg","contentUrl":"https:\/\/www.nomme.ee\/eakate-paevakeskused\/wp-content\/uploads\/sites\/2\/2025\/10\/Paevakeskuse-plakatid-3.jpg","width":1414,"height":2000},{"@type":"BreadcrumbList","@id":"https:\/\/www.nomme.ee\/eakate-paevakeskused\/kalender\/etendus-25-c-ja-paike-parnu-endla-teatris-koos-ohtusoogiga\/#breadcrumb","itemListElement":[{"@type":"ListItem","position":1,"name":"N\u00f5mme Vaba Aja Keskus","item":"https:\/\/www.nomme.ee"},{"@type":"ListItem","position":2,"name":"P\u00e4evakeskused","item":"https:\/\/www.nomme.ee\/eakate-paevakeskused\/"},{"@type":"ListItem","position":3,"name":"S\u00fcndmused","item":"https:\/\/www.nomme.ee\/eakate-paevakeskused\/kalender\/"},{"@type":"ListItem","position":4,"name":"Etendus \u201c25 \u00b0C ja p\u00e4ike\u201d P\u00e4rnu Endla teatris koos \u00f5htus\u00f6\u00f6giga"}]},{"@type":"WebSite","@id":"https:\/\/www.nomme.ee\/eakate-paevakeskused\/#website","url":"https:\/\/www.nomme.ee\/eakate-paevakeskused\/","name":"P\u00e4evakeskused","description":"","potentialAction":[{"@type":"SearchAction","target":{"@type":"EntryPoint","urlTemplate":"https:\/\/www.nomme.ee\/eakate-paevakeskused\/?s={search_term_string}"},"query-input":{"@type":"PropertyValueSpecification","valueRequired":true,"valueName":"search_term_string"}}],"inLanguage":"et"}]}},"_links":{"self":[{"href":"https:\/\/www.nomme.ee\/eakate-paevakeskused\/wp-json\/wp\/v2\/kalender\/3392","targetHints":{"allow":["GET"]}}],"collection":[{"href":"https:\/\/www.nomme.ee\/eakate-paevakeskused\/wp-json\/wp\/v2\/kalender"}],"about":[{"href":"https:\/\/www.nomme.ee\/eakate-paevakeskused\/wp-json\/wp\/v2\/types\/kalender"}],"version-history":[{"count":3,"href":"https:\/\/www.nomme.ee\/eakate-paevakeskused\/wp-json\/wp\/v2\/kalender\/3392\/revisions"}],"predecessor-version":[{"id":3400,"href":"https:\/\/www.nomme.ee\/eakate-paevakeskused\/wp-json\/wp\/v2\/kalender\/3392\/revisions\/3400"}],"wp:featuredmedia":[{"embeddable":true,"href":"https:\/\/www.nomme.ee\/eakate-paevakeskused\/wp-json\/wp\/v2\/media\/3395"}],"wp:attachment":[{"href":"https:\/\/www.nomme.ee\/eakate-paevakeskused\/wp-json\/wp\/v2\/media?parent=3392"}],"wp:term":[{"taxonomy":"kalender_kategooria","embeddable":true,"href":"https:\/\/www.nomme.ee\/eakate-paevakeskused\/wp-json\/wp\/v2\/kalender_kategooria?post=3392"}],"curies":[{"name":"wp","href":"https:\/\/api.w.org\/{rel}","templated":true}]}}