{"id":1321,"date":"2025-11-06T08:44:54","date_gmt":"2025-11-06T08:44:54","guid":{"rendered":"https:\/\/www.nomme.ee\/paaskula-noortekeskus\/?post_type=kalender&#038;p=1321"},"modified":"2025-12-03T12:50:01","modified_gmt":"2025-12-03T12:50:01","slug":"kvaar-noorteruum-2","status":"publish","type":"kalender","link":"https:\/\/www.nomme.ee\/paaskula-noortekeskus\/kalender\/kvaar-noorteruum-2\/","title":{"rendered":"Kv\u00e4\u00e4r Noorteruum"},"content":{"rendered":"<p data-start=\"222\" data-end=\"400\">Sel korral viivad lauam\u00e4ngude t\u00f6\u00f6tuba l\u00e4bi noorsoot\u00f6\u00f6tajad Kerim ja Evely. \u00d5petame oma lemmikuid lauam\u00e4nge, s\u00f6\u00f6me sn\u00e4kke ja naudime j\u00f5ulukuud. Tule ise ja v\u00f5ta s\u00f5brad kaasa. Tegevus on tasuta!<\/p>\n<p data-start=\"222\" data-end=\"400\">T\u00f6\u00f6keeled: eesti ja inglise<\/p>\n<p data-start=\"222\" data-end=\"400\"><strong>Mis on Kv\u00e4\u00e4r Noorteruum?<\/strong><\/p>\n<p data-start=\"222\" data-end=\"400\">Ootame 15+ vanuses kv\u00e4\u00e4rnoori P\u00e4\u00e4sk\u00fcla ja Valdeku noortekeskuste\u00a0<strong data-start=\"299\" data-end=\"324\">kv\u00e4\u00e4rnoorteruumidesse<\/strong>, mis toimuvad\u00a0<strong data-start=\"339\" data-end=\"376\">kaks korda kuus septembrist kuni 2025 aasta l\u00f5puni<\/strong>\u00a0kell\u00a0<strong data-start=\"382\" data-end=\"397\">19.30\u201321.30<\/strong>.<\/p>\n<p data-start=\"402\" data-end=\"619\">Kv\u00e4\u00e4rnoorteruum pakub turvalist ja toetavat keskkonda, kus saab koos m\u00f5nusalt aega veeta, arutleda endale olulistel teemadel, osaleda tegevustes ja lihtsalt olla koos teistega, kelle kogemused ja m\u00f5tted on sarnased.<\/p>\n<p data-start=\"621\" data-end=\"760\">Ruumis on alati kohal\u00a0<strong data-start=\"643\" data-end=\"686\">noorsoot\u00f6\u00f6taja(d) ja tegevuste l\u00e4biviijad<\/strong>, kes hoolitsevad selle eest, et iga\u00fcks tunneks end oodatuna ja hoituna.<\/p>\n<p data-start=\"762\" data-end=\"910\">Algatus on osa projektist, mis on saanud toetuse \u201cNoorte heaks\u201d projektide taotlusvoorust. Taotlusvooru kohta saad rohkem lugeda <strong><a href=\"https:\/\/harno.ee\/noorte-heaks\">SIIN<\/a><\/strong>. Projekti eesm\u00e4rk on katsetada kv\u00e4\u00e4rnoorte paremaks toetamiseks m\u00f5eldud tegevusmudeleid, v\u00f5ttes eeskujuks Islandi praktika, kus noortekeskus avatakse vaid kv\u00e4\u00e4rnoortele.<\/p>\n<p data-start=\"912\" data-end=\"1023\">Kui oled kv\u00e4\u00e4rnoor, kes otsib s\u00f5braliku ja turvalise \u00f5hkkonnaga kohta, siis tule kindlasti l\u00e4bi!<\/p>\n<p data-start=\"1025\" data-end=\"1192\"><img decoding=\"async\" class=\"emoji\" role=\"img\" src=\"https:\/\/s.w.org\/images\/core\/emoji\/16.0.1\/svg\/1f4cd.svg\" alt=\"\ud83d\udccd\" \/>\u00a0<strong data-start=\"1028\" data-end=\"1045\">Toimumiskoht:<\/strong>\u00a0P\u00e4\u00e4sk\u00fcla ja Valdeku noortekeskused<br data-start=\"1080\" data-end=\"1083\" \/><img decoding=\"async\" class=\"emoji\" role=\"img\" src=\"https:\/\/s.w.org\/images\/core\/emoji\/16.0.1\/svg\/1f552.svg\" alt=\"\ud83d\udd52\" \/>\u00a0<strong data-start=\"1086\" data-end=\"1094\">Aeg:<\/strong>\u00a0kaks korda kuus, kell 19.30\u201321.30<br data-start=\"1128\" data-end=\"1131\" \/><img decoding=\"async\" class=\"emoji\" role=\"img\" src=\"https:\/\/s.w.org\/images\/core\/emoji\/16.0.1\/svg\/1f4ac.svg\" alt=\"\ud83d\udcac\" \/>\u00a0<strong data-start=\"1134\" data-end=\"1192\">Osalemine on tasuta ja eelregistreerimine pole vajalik<\/strong><\/p>\n","protected":false},"featured_media":1319,"template":"","kalender_kategooria":[],"class_list":["post-1321","kalender","type-kalender","status-publish","has-post-thumbnail","hentry"],"acf":[],"yoast_head":"<!-- This site is optimized with the Yoast SEO plugin v27.5 - https:\/\/yoast.com\/product\/yoast-seo-wordpress\/ -->\n<title>Kv\u00e4\u00e4r Noorteruum &#8211; P\u00e4\u00e4sk\u00fcla noortekeskus<\/title>\n<meta name=\"robots\" content=\"index, follow, max-snippet:-1, max-image-preview:large, max-video-preview:-1\" \/>\n<link rel=\"canonical\" href=\"https:\/\/www.nomme.ee\/paaskula-noortekeskus\/kalender\/kvaar-noorteruum-2\/\" \/>\n<meta property=\"og:locale\" content=\"et_EE\" \/>\n<meta property=\"og:type\" content=\"article\" \/>\n<meta property=\"og:title\" content=\"Kv\u00e4\u00e4r Noorteruum &#8211; P\u00e4\u00e4sk\u00fcla noortekeskus\" \/>\n<meta property=\"og:description\" content=\"Sel korral viivad lauam\u00e4ngude t\u00f6\u00f6tuba l\u00e4bi noorsoot\u00f6\u00f6tajad Kerim ja Evely. \u00d5petame oma lemmikuid lauam\u00e4nge, s\u00f6\u00f6me sn\u00e4kke ja naudime j\u00f5ulukuud. Tule ise ja v\u00f5ta s\u00f5brad kaasa. Tegevus on tasuta! T\u00f6\u00f6keeled: eesti ja inglise Mis on Kv\u00e4\u00e4r Noorteruum? Ootame 15+ vanuses kv\u00e4\u00e4rnoori P\u00e4\u00e4sk\u00fcla ja Valdeku noortekeskuste\u00a0kv\u00e4\u00e4rnoorteruumidesse, mis toimuvad\u00a0kaks korda kuus septembrist kuni 2025 aasta l\u00f5puni\u00a0kell\u00a019.30\u201321.30. Kv\u00e4\u00e4rnoorteruum pakub [&hellip;]\" \/>\n<meta property=\"og:url\" content=\"https:\/\/www.nomme.ee\/paaskula-noortekeskus\/kalender\/kvaar-noorteruum-2\/\" \/>\n<meta property=\"og:site_name\" content=\"P\u00e4\u00e4sk\u00fcla noortekeskus\" \/>\n<meta property=\"article:modified_time\" content=\"2025-12-03T12:50:01+00:00\" \/>\n<meta property=\"og:image\" content=\"https:\/\/www.nomme.ee\/paaskula-noortekeskus\/wp-content\/uploads\/sites\/4\/2025\/11\/Logod-1.png\" \/>\n\t<meta property=\"og:image:width\" content=\"500\" \/>\n\t<meta property=\"og:image:height\" content=\"500\" \/>\n\t<meta property=\"og:image:type\" content=\"image\/png\" \/>\n<meta name=\"twitter:card\" content=\"summary_large_image\" \/>\n<meta name=\"twitter:label1\" content=\"Est. reading time\" \/>\n\t<meta name=\"twitter:data1\" content=\"2 minutit\" \/>\n<script type=\"application\/ld+json\" class=\"yoast-schema-graph\">{\"@context\":\"https:\\\/\\\/schema.org\",\"@graph\":[{\"@type\":\"WebPage\",\"@id\":\"https:\\\/\\\/www.nomme.ee\\\/paaskula-noortekeskus\\\/kalender\\\/kvaar-noorteruum-2\\\/\",\"url\":\"https:\\\/\\\/www.nomme.ee\\\/paaskula-noortekeskus\\\/kalender\\\/kvaar-noorteruum-2\\\/\",\"name\":\"Kv\u00e4\u00e4r Noorteruum &#8211; P\u00e4\u00e4sk\u00fcla noortekeskus\",\"isPartOf\":{\"@id\":\"https:\\\/\\\/www.nomme.ee\\\/paaskula-noortekeskus\\\/#website\"},\"primaryImageOfPage\":{\"@id\":\"https:\\\/\\\/www.nomme.ee\\\/paaskula-noortekeskus\\\/kalender\\\/kvaar-noorteruum-2\\\/#primaryimage\"},\"image\":{\"@id\":\"https:\\\/\\\/www.nomme.ee\\\/paaskula-noortekeskus\\\/kalender\\\/kvaar-noorteruum-2\\\/#primaryimage\"},\"thumbnailUrl\":\"https:\\\/\\\/www.nomme.ee\\\/paaskula-noortekeskus\\\/wp-content\\\/uploads\\\/sites\\\/4\\\/2025\\\/11\\\/Logod-1.png\",\"datePublished\":\"2025-11-06T08:44:54+00:00\",\"dateModified\":\"2025-12-03T12:50:01+00:00\",\"breadcrumb\":{\"@id\":\"https:\\\/\\\/www.nomme.ee\\\/paaskula-noortekeskus\\\/kalender\\\/kvaar-noorteruum-2\\\/#breadcrumb\"},\"inLanguage\":\"et\",\"potentialAction\":[{\"@type\":\"ReadAction\",\"target\":[\"https:\\\/\\\/www.nomme.ee\\\/paaskula-noortekeskus\\\/kalender\\\/kvaar-noorteruum-2\\\/\"]}]},{\"@type\":\"ImageObject\",\"inLanguage\":\"et\",\"@id\":\"https:\\\/\\\/www.nomme.ee\\\/paaskula-noortekeskus\\\/kalender\\\/kvaar-noorteruum-2\\\/#primaryimage\",\"url\":\"https:\\\/\\\/www.nomme.ee\\\/paaskula-noortekeskus\\\/wp-content\\\/uploads\\\/sites\\\/4\\\/2025\\\/11\\\/Logod-1.png\",\"contentUrl\":\"https:\\\/\\\/www.nomme.ee\\\/paaskula-noortekeskus\\\/wp-content\\\/uploads\\\/sites\\\/4\\\/2025\\\/11\\\/Logod-1.png\",\"width\":500,\"height\":500},{\"@type\":\"BreadcrumbList\",\"@id\":\"https:\\\/\\\/www.nomme.ee\\\/paaskula-noortekeskus\\\/kalender\\\/kvaar-noorteruum-2\\\/#breadcrumb\",\"itemListElement\":[{\"@type\":\"ListItem\",\"position\":1,\"name\":\"N\u00f5mme Vaba Aja Keskus\",\"item\":\"https:\\\/\\\/www.nomme.ee\"},{\"@type\":\"ListItem\",\"position\":2,\"name\":\"P\u00e4\u00e4sk\u00fcla noortekeskus\",\"item\":\"https:\\\/\\\/www.nomme.ee\\\/paaskula-noortekeskus\\\/\"},{\"@type\":\"ListItem\",\"position\":3,\"name\":\"S\u00fcndmused\",\"item\":\"https:\\\/\\\/www.nomme.ee\\\/paaskula-noortekeskus\\\/kalender\\\/\"},{\"@type\":\"ListItem\",\"position\":4,\"name\":\"Kv\u00e4\u00e4r Noorteruum\"}]},{\"@type\":\"WebSite\",\"@id\":\"https:\\\/\\\/www.nomme.ee\\\/paaskula-noortekeskus\\\/#website\",\"url\":\"https:\\\/\\\/www.nomme.ee\\\/paaskula-noortekeskus\\\/\",\"name\":\"P\u00e4\u00e4sk\u00fcla noortekeskus\",\"description\":\"\",\"potentialAction\":[{\"@type\":\"SearchAction\",\"target\":{\"@type\":\"EntryPoint\",\"urlTemplate\":\"https:\\\/\\\/www.nomme.ee\\\/paaskula-noortekeskus\\\/?s={search_term_string}\"},\"query-input\":{\"@type\":\"PropertyValueSpecification\",\"valueRequired\":true,\"valueName\":\"search_term_string\"}}],\"inLanguage\":\"et\"}]}<\/script>\n<!-- \/ Yoast SEO plugin. -->","yoast_head_json":{"title":"Kv\u00e4\u00e4r Noorteruum &#8211; P\u00e4\u00e4sk\u00fcla noortekeskus","robots":{"index":"index","follow":"follow","max-snippet":"max-snippet:-1","max-image-preview":"max-image-preview:large","max-video-preview":"max-video-preview:-1"},"canonical":"https:\/\/www.nomme.ee\/paaskula-noortekeskus\/kalender\/kvaar-noorteruum-2\/","og_locale":"et_EE","og_type":"article","og_title":"Kv\u00e4\u00e4r Noorteruum &#8211; P\u00e4\u00e4sk\u00fcla noortekeskus","og_description":"Sel korral viivad lauam\u00e4ngude t\u00f6\u00f6tuba l\u00e4bi noorsoot\u00f6\u00f6tajad Kerim ja Evely. \u00d5petame oma lemmikuid lauam\u00e4nge, s\u00f6\u00f6me sn\u00e4kke ja naudime j\u00f5ulukuud. Tule ise ja v\u00f5ta s\u00f5brad kaasa. Tegevus on tasuta! T\u00f6\u00f6keeled: eesti ja inglise Mis on Kv\u00e4\u00e4r Noorteruum? Ootame 15+ vanuses kv\u00e4\u00e4rnoori P\u00e4\u00e4sk\u00fcla ja Valdeku noortekeskuste\u00a0kv\u00e4\u00e4rnoorteruumidesse, mis toimuvad\u00a0kaks korda kuus septembrist kuni 2025 aasta l\u00f5puni\u00a0kell\u00a019.30\u201321.30. Kv\u00e4\u00e4rnoorteruum pakub [&hellip;]","og_url":"https:\/\/www.nomme.ee\/paaskula-noortekeskus\/kalender\/kvaar-noorteruum-2\/","og_site_name":"P\u00e4\u00e4sk\u00fcla noortekeskus","article_modified_time":"2025-12-03T12:50:01+00:00","og_image":[{"width":500,"height":500,"url":"https:\/\/www.nomme.ee\/paaskula-noortekeskus\/wp-content\/uploads\/sites\/4\/2025\/11\/Logod-1.png","type":"image\/png"}],"twitter_card":"summary_large_image","twitter_misc":{"Est. reading time":"2 minutit"},"schema":{"@context":"https:\/\/schema.org","@graph":[{"@type":"WebPage","@id":"https:\/\/www.nomme.ee\/paaskula-noortekeskus\/kalender\/kvaar-noorteruum-2\/","url":"https:\/\/www.nomme.ee\/paaskula-noortekeskus\/kalender\/kvaar-noorteruum-2\/","name":"Kv\u00e4\u00e4r Noorteruum &#8211; P\u00e4\u00e4sk\u00fcla noortekeskus","isPartOf":{"@id":"https:\/\/www.nomme.ee\/paaskula-noortekeskus\/#website"},"primaryImageOfPage":{"@id":"https:\/\/www.nomme.ee\/paaskula-noortekeskus\/kalender\/kvaar-noorteruum-2\/#primaryimage"},"image":{"@id":"https:\/\/www.nomme.ee\/paaskula-noortekeskus\/kalender\/kvaar-noorteruum-2\/#primaryimage"},"thumbnailUrl":"https:\/\/www.nomme.ee\/paaskula-noortekeskus\/wp-content\/uploads\/sites\/4\/2025\/11\/Logod-1.png","datePublished":"2025-11-06T08:44:54+00:00","dateModified":"2025-12-03T12:50:01+00:00","breadcrumb":{"@id":"https:\/\/www.nomme.ee\/paaskula-noortekeskus\/kalender\/kvaar-noorteruum-2\/#breadcrumb"},"inLanguage":"et","potentialAction":[{"@type":"ReadAction","target":["https:\/\/www.nomme.ee\/paaskula-noortekeskus\/kalender\/kvaar-noorteruum-2\/"]}]},{"@type":"ImageObject","inLanguage":"et","@id":"https:\/\/www.nomme.ee\/paaskula-noortekeskus\/kalender\/kvaar-noorteruum-2\/#primaryimage","url":"https:\/\/www.nomme.ee\/paaskula-noortekeskus\/wp-content\/uploads\/sites\/4\/2025\/11\/Logod-1.png","contentUrl":"https:\/\/www.nomme.ee\/paaskula-noortekeskus\/wp-content\/uploads\/sites\/4\/2025\/11\/Logod-1.png","width":500,"height":500},{"@type":"BreadcrumbList","@id":"https:\/\/www.nomme.ee\/paaskula-noortekeskus\/kalender\/kvaar-noorteruum-2\/#breadcrumb","itemListElement":[{"@type":"ListItem","position":1,"name":"N\u00f5mme Vaba Aja Keskus","item":"https:\/\/www.nomme.ee"},{"@type":"ListItem","position":2,"name":"P\u00e4\u00e4sk\u00fcla noortekeskus","item":"https:\/\/www.nomme.ee\/paaskula-noortekeskus\/"},{"@type":"ListItem","position":3,"name":"S\u00fcndmused","item":"https:\/\/www.nomme.ee\/paaskula-noortekeskus\/kalender\/"},{"@type":"ListItem","position":4,"name":"Kv\u00e4\u00e4r Noorteruum"}]},{"@type":"WebSite","@id":"https:\/\/www.nomme.ee\/paaskula-noortekeskus\/#website","url":"https:\/\/www.nomme.ee\/paaskula-noortekeskus\/","name":"P\u00e4\u00e4sk\u00fcla noortekeskus","description":"","potentialAction":[{"@type":"SearchAction","target":{"@type":"EntryPoint","urlTemplate":"https:\/\/www.nomme.ee\/paaskula-noortekeskus\/?s={search_term_string}"},"query-input":{"@type":"PropertyValueSpecification","valueRequired":true,"valueName":"search_term_string"}}],"inLanguage":"et"}]}},"_links":{"self":[{"href":"https:\/\/www.nomme.ee\/paaskula-noortekeskus\/wp-json\/wp\/v2\/kalender\/1321","targetHints":{"allow":["GET"]}}],"collection":[{"href":"https:\/\/www.nomme.ee\/paaskula-noortekeskus\/wp-json\/wp\/v2\/kalender"}],"about":[{"href":"https:\/\/www.nomme.ee\/paaskula-noortekeskus\/wp-json\/wp\/v2\/types\/kalender"}],"version-history":[{"count":4,"href":"https:\/\/www.nomme.ee\/paaskula-noortekeskus\/wp-json\/wp\/v2\/kalender\/1321\/revisions"}],"predecessor-version":[{"id":1353,"href":"https:\/\/www.nomme.ee\/paaskula-noortekeskus\/wp-json\/wp\/v2\/kalender\/1321\/revisions\/1353"}],"wp:featuredmedia":[{"embeddable":true,"href":"https:\/\/www.nomme.ee\/paaskula-noortekeskus\/wp-json\/wp\/v2\/media\/1319"}],"wp:attachment":[{"href":"https:\/\/www.nomme.ee\/paaskula-noortekeskus\/wp-json\/wp\/v2\/media?parent=1321"}],"wp:term":[{"taxonomy":"kalender_kategooria","embeddable":true,"href":"https:\/\/www.nomme.ee\/paaskula-noortekeskus\/wp-json\/wp\/v2\/kalender_kategooria?post=1321"}],"curies":[{"name":"wp","href":"https:\/\/api.w.org\/{rel}","templated":true}]}}