{"version":"1.0","provider_name":"Valdeku noortekeskus","provider_url":"https:\/\/www.nomme.ee\/valdeku-noortekeskus","author_name":"asso","author_url":"https:\/\/www.nomme.ee\/valdeku-noortekeskus\/author\/asso\/","title":"Ametite n\u00e4dal Valdeku Noortekeskuses &#8211; Valdeku noortekeskus","type":"rich","width":600,"height":338,"html":"<blockquote class=\"wp-embedded-content\" data-secret=\"R2MjFgtT4n\"><a href=\"https:\/\/www.nomme.ee\/valdeku-noortekeskus\/kalender\/ametite-nadal-valdeku-noortekeskuses\/\">Ametite n\u00e4dal Valdeku Noortekeskuses<\/a><\/blockquote><iframe sandbox=\"allow-scripts\" security=\"restricted\" src=\"https:\/\/www.nomme.ee\/valdeku-noortekeskus\/kalender\/ametite-nadal-valdeku-noortekeskuses\/embed\/#?secret=R2MjFgtT4n\" width=\"600\" height=\"338\" title=\"&#8220;Ametite n\u00e4dal Valdeku Noortekeskuses&#8221; &#8212; Valdeku noortekeskus\" data-secret=\"R2MjFgtT4n\" frameborder=\"0\" marginwidth=\"0\" marginheight=\"0\" scrolling=\"no\" class=\"wp-embedded-content\"><\/iframe><script type=\"text\/javascript\">\n\/* <![CDATA[ *\/\n\/*! This file is auto-generated *\/\n!function(d,l){\"use strict\";l.querySelector&&d.addEventListener&&\"undefined\"!=typeof URL&&(d.wp=d.wp||{},d.wp.receiveEmbedMessage||(d.wp.receiveEmbedMessage=function(e){var t=e.data;if((t||t.secret||t.message||t.value)&&!\/[^a-zA-Z0-9]\/.test(t.secret)){for(var s,r,n,a=l.querySelectorAll('iframe[data-secret=\"'+t.secret+'\"]'),o=l.querySelectorAll('blockquote[data-secret=\"'+t.secret+'\"]'),c=new RegExp(\"^https?:$\",\"i\"),i=0;i<o.length;i++)o[i].style.display=\"none\";for(i=0;i<a.length;i++)s=a[i],e.source===s.contentWindow&&(s.removeAttribute(\"style\"),\"height\"===t.message?(1e3<(r=parseInt(t.value,10))?r=1e3:~~r<200&&(r=200),s.height=r):\"link\"===t.message&&(r=new URL(s.getAttribute(\"src\")),n=new URL(t.value),c.test(n.protocol))&&n.host===r.host&&l.activeElement===s&&(d.top.location.href=t.value))}},d.addEventListener(\"message\",d.wp.receiveEmbedMessage,!1),l.addEventListener(\"DOMContentLoaded\",function(){for(var e,t,s=l.querySelectorAll(\"iframe.wp-embedded-content\"),r=0;r<s.length;r++)(t=(e=s[r]).getAttribute(\"data-secret\"))||(t=Math.random().toString(36).substring(2,12),e.src+=\"#?secret=\"+t,e.setAttribute(\"data-secret\",t)),e.contentWindow.postMessage({message:\"ready\",secret:t},\"*\")},!1)))}(window,document);\n\/\/# sourceURL=https:\/\/www.nomme.ee\/valdeku-noortekeskus\/wp-includes\/js\/wp-embed.min.js\n\/* ]]> *\/\n<\/script>\n","thumbnail_url":"https:\/\/www.nomme.ee\/valdeku-noortekeskus\/wp-content\/uploads\/sites\/3\/2022\/02\/ametite-nadal-Poster-Instagram-Story-Instagram-Story.png","thumbnail_width":1080,"thumbnail_height":1920,"description":"Koolivaheaeg on Valdeku Noortekeskuses p\u00fchendatud erinevate ametite tutvustamisele noortele. Oleme avatud E-R kl 12-19. &nbsp; Esmasp\u00e4eval 28.02 kl 14 tuleb meile k\u00fclla kondiiter, kes valmistab noortega koos vastlakukleid Teisip\u00e4eval 01.03 kl 15 disainime koos noortega Valdeku Noortekeskuse uut logo. Kolmap\u00e4eval 02.03 kl 15 tuleb meile k\u00fclaline Eesti suurimast lauam\u00e4ngupoest Brain Games. Neljap\u00e4eval 03.03 kl 15 [&hellip;]"}