{"version":"1.0","provider_name":"Valdeku noortekeskus","provider_url":"https:\/\/www.nomme.ee\/valdeku-noortekeskus","author_name":"evely","author_url":"https:\/\/www.nomme.ee\/valdeku-noortekeskus\/author\/evely\/","title":"Keskkonnahoiu linnalaager &#8211; Valdeku noortekeskus","type":"rich","width":600,"height":338,"html":"<blockquote class=\"wp-embedded-content\" data-secret=\"9hZQRiktRh\"><a href=\"https:\/\/www.nomme.ee\/valdeku-noortekeskus\/kalender\/keskkonnahoiu-linnalaager\/\">Keskkonnahoiu linnalaager<\/a><\/blockquote><iframe sandbox=\"allow-scripts\" security=\"restricted\" src=\"https:\/\/www.nomme.ee\/valdeku-noortekeskus\/kalender\/keskkonnahoiu-linnalaager\/embed\/#?secret=9hZQRiktRh\" width=\"600\" height=\"338\" title=\"&#8220;Keskkonnahoiu linnalaager&#8221; &#8212; Valdeku noortekeskus\" data-secret=\"9hZQRiktRh\" frameborder=\"0\" marginwidth=\"0\" marginheight=\"0\" scrolling=\"no\" class=\"wp-embedded-content\"><\/iframe><script type=\"text\/javascript\">\n\/* <![CDATA[ *\/\n\/*! This file is auto-generated *\/\n!function(d,l){\"use strict\";l.querySelector&&d.addEventListener&&\"undefined\"!=typeof URL&&(d.wp=d.wp||{},d.wp.receiveEmbedMessage||(d.wp.receiveEmbedMessage=function(e){var t=e.data;if((t||t.secret||t.message||t.value)&&!\/[^a-zA-Z0-9]\/.test(t.secret)){for(var s,r,n,a=l.querySelectorAll('iframe[data-secret=\"'+t.secret+'\"]'),o=l.querySelectorAll('blockquote[data-secret=\"'+t.secret+'\"]'),c=new RegExp(\"^https?:$\",\"i\"),i=0;i<o.length;i++)o[i].style.display=\"none\";for(i=0;i<a.length;i++)s=a[i],e.source===s.contentWindow&&(s.removeAttribute(\"style\"),\"height\"===t.message?(1e3<(r=parseInt(t.value,10))?r=1e3:~~r<200&&(r=200),s.height=r):\"link\"===t.message&&(r=new URL(s.getAttribute(\"src\")),n=new URL(t.value),c.test(n.protocol))&&n.host===r.host&&l.activeElement===s&&(d.top.location.href=t.value))}},d.addEventListener(\"message\",d.wp.receiveEmbedMessage,!1),l.addEventListener(\"DOMContentLoaded\",function(){for(var e,t,s=l.querySelectorAll(\"iframe.wp-embedded-content\"),r=0;r<s.length;r++)(t=(e=s[r]).getAttribute(\"data-secret\"))||(t=Math.random().toString(36).substring(2,12),e.src+=\"#?secret=\"+t,e.setAttribute(\"data-secret\",t)),e.contentWindow.postMessage({message:\"ready\",secret:t},\"*\")},!1)))}(window,document);\n\/\/# sourceURL=https:\/\/www.nomme.ee\/valdeku-noortekeskus\/wp-includes\/js\/wp-embed.min.js\n\/* ]]> *\/\n<\/script>\n","thumbnail_url":"https:\/\/www.nomme.ee\/valdeku-noortekeskus\/wp-content\/uploads\/sites\/3\/2024\/04\/Keskkonnahoiu-linnalaager-IG.png","thumbnail_width":1080,"thumbnail_height":1080,"description":"Registreerimine avatud kuni reede 9.08 16.00! Anname endast parima, et linnalaagris osalenud noortel\u00a0on k\u00f5rgem keskkonnateadlikkus ja nad hoolivad keskkonnast laiemalt. Nad teavad, kuidas elada ressursis\u00e4\u00e4stlikult ja milline tarbimine p\u00f5hineb ringmajanduse p\u00f5him\u00f5tetel. Laagris viime l\u00e4bi t\u00f6\u00f6tubasid ning\u00a0kutsume k\u00fclalisi, kes aitavad noortel m\u00f5ista ja m\u00f5testada keskkonnas\u00e4\u00e4stlikku eluviisi. Laagri viimasel p\u00e4eval toimuvad meelelahutuslikud tegevused. Laager on suunatud vanusele\u00a010+\u00a0ja [&hellip;]"}