{"version":"1.0","provider_name":"Valdeku noortekeskus","provider_url":"https:\/\/www.nomme.ee\/valdeku-noortekeskus","author_name":"roula","author_url":"https:\/\/www.nomme.ee\/valdeku-noortekeskus\/author\/roula\/","title":"Lauam\u00e4ngu Linnalaager &#8211; Valdeku noortekeskus","type":"rich","width":600,"height":338,"html":"<blockquote class=\"wp-embedded-content\" data-secret=\"kaG7pXSihz\"><a href=\"https:\/\/www.nomme.ee\/valdeku-noortekeskus\/kalender\/lauamangu-linnalaager-2\/\">Lauam\u00e4ngu Linnalaager<\/a><\/blockquote><iframe sandbox=\"allow-scripts\" security=\"restricted\" src=\"https:\/\/www.nomme.ee\/valdeku-noortekeskus\/kalender\/lauamangu-linnalaager-2\/embed\/#?secret=kaG7pXSihz\" width=\"600\" height=\"338\" title=\"&#8220;Lauam\u00e4ngu Linnalaager&#8221; &#8212; Valdeku noortekeskus\" data-secret=\"kaG7pXSihz\" frameborder=\"0\" marginwidth=\"0\" marginheight=\"0\" scrolling=\"no\" class=\"wp-embedded-content\"><\/iframe><script type=\"text\/javascript\">\n\/* <![CDATA[ *\/\n\/*! This file is auto-generated *\/\n!function(d,l){\"use strict\";l.querySelector&&d.addEventListener&&\"undefined\"!=typeof URL&&(d.wp=d.wp||{},d.wp.receiveEmbedMessage||(d.wp.receiveEmbedMessage=function(e){var t=e.data;if((t||t.secret||t.message||t.value)&&!\/[^a-zA-Z0-9]\/.test(t.secret)){for(var s,r,n,a=l.querySelectorAll('iframe[data-secret=\"'+t.secret+'\"]'),o=l.querySelectorAll('blockquote[data-secret=\"'+t.secret+'\"]'),c=new RegExp(\"^https?:$\",\"i\"),i=0;i<o.length;i++)o[i].style.display=\"none\";for(i=0;i<a.length;i++)s=a[i],e.source===s.contentWindow&&(s.removeAttribute(\"style\"),\"height\"===t.message?(1e3<(r=parseInt(t.value,10))?r=1e3:~~r<200&&(r=200),s.height=r):\"link\"===t.message&&(r=new URL(s.getAttribute(\"src\")),n=new URL(t.value),c.test(n.protocol))&&n.host===r.host&&l.activeElement===s&&(d.top.location.href=t.value))}},d.addEventListener(\"message\",d.wp.receiveEmbedMessage,!1),l.addEventListener(\"DOMContentLoaded\",function(){for(var e,t,s=l.querySelectorAll(\"iframe.wp-embedded-content\"),r=0;r<s.length;r++)(t=(e=s[r]).getAttribute(\"data-secret\"))||(t=Math.random().toString(36).substring(2,12),e.src+=\"#?secret=\"+t,e.setAttribute(\"data-secret\",t)),e.contentWindow.postMessage({message:\"ready\",secret:t},\"*\")},!1)))}(window,document);\n\/\/# sourceURL=https:\/\/www.nomme.ee\/valdeku-noortekeskus\/wp-includes\/js\/wp-embed.min.js\n\/* ]]> *\/\n<\/script>\n","thumbnail_url":"https:\/\/www.nomme.ee\/valdeku-noortekeskus\/wp-content\/uploads\/sites\/3\/2025\/01\/Lauamangulaager-2025-1.jpg","thumbnail_width":1080,"thumbnail_height":1350,"description":"Valdeku noortekeskuse suvine lauam\u00e4nguteemaline linnalaager on m\u00f5eldud noortele, kes on v\u00e4hemalt k\u00fcmneaastased ja kellele meeldib m\u00e4ngida, avastada uusi m\u00e4nge ning veeta aega teiste m\u00e4nguhuvilistega. Laagrip\u00e4evad sisaldavad mitmekesist tegevust, kus fookuses on m\u00e4ngud, koost\u00f6\u00f6 ja loovus. &nbsp; Laagris\u00a0ootab\u00a0osalejaid\u00a0ees:\u00a0 \u2022\u00a0Erinevate\u00a0lauam\u00e4ngude\u00a0tutvustused\u00a0ja\u00a0m\u00e4ngimise\u00a0v\u00f5imalused \u2022\u00a0M\u00e4ngude\u00a0reeglite\u00a0\u00f5ppimine\u00a0ja\u00a0strateegiate\u00a0harjutamine \u2022\u00a0K\u00fclalised\u00a0Eesti\u00a0lauam\u00e4ngukogukonnast \u2022\u00a0Viimasel\u00a0p\u00e4eval\u00a0v\u00e4ljas\u00f5it\u00a0noortekeskuse\u00a0ruumidest\u00a0v\u00e4lja Laagri toimumisaeg on esmasp\u00e4evast reedeni, iga p\u00e4ev kell k\u00fcmme hommikul kuni kuueni p\u00e4rastl\u00f5unal Osalema\u00a0on\u00a0oodatud\u00a0noored\u00a0vanuses\u00a010+\u00a0 [&hellip;]"}