{"version":"1.0","provider_name":"Valdeku noortekeskus","provider_url":"https:\/\/www.nomme.ee\/valdeku-noortekeskus","author_name":"asso","author_url":"https:\/\/www.nomme.ee\/valdeku-noortekeskus\/author\/asso\/","title":"Marta n\u00e4dal &#8211; Valdeku noortekeskus","type":"rich","width":600,"height":338,"html":"<blockquote class=\"wp-embedded-content\" data-secret=\"zOh0hSypc7\"><a href=\"https:\/\/www.nomme.ee\/valdeku-noortekeskus\/kalender\/marta-nadal\/\">Marta n\u00e4dal<\/a><\/blockquote><iframe sandbox=\"allow-scripts\" security=\"restricted\" src=\"https:\/\/www.nomme.ee\/valdeku-noortekeskus\/kalender\/marta-nadal\/embed\/#?secret=zOh0hSypc7\" width=\"600\" height=\"338\" title=\"&#8220;Marta n\u00e4dal&#8221; &#8212; Valdeku noortekeskus\" data-secret=\"zOh0hSypc7\" frameborder=\"0\" marginwidth=\"0\" marginheight=\"0\" scrolling=\"no\" class=\"wp-embedded-content\"><\/iframe><script type=\"text\/javascript\">\n\/* <![CDATA[ *\/\n\/*! This file is auto-generated *\/\n!function(d,l){\"use strict\";l.querySelector&&d.addEventListener&&\"undefined\"!=typeof URL&&(d.wp=d.wp||{},d.wp.receiveEmbedMessage||(d.wp.receiveEmbedMessage=function(e){var t=e.data;if((t||t.secret||t.message||t.value)&&!\/[^a-zA-Z0-9]\/.test(t.secret)){for(var s,r,n,a=l.querySelectorAll('iframe[data-secret=\"'+t.secret+'\"]'),o=l.querySelectorAll('blockquote[data-secret=\"'+t.secret+'\"]'),c=new RegExp(\"^https?:$\",\"i\"),i=0;i<o.length;i++)o[i].style.display=\"none\";for(i=0;i<a.length;i++)s=a[i],e.source===s.contentWindow&&(s.removeAttribute(\"style\"),\"height\"===t.message?(1e3<(r=parseInt(t.value,10))?r=1e3:~~r<200&&(r=200),s.height=r):\"link\"===t.message&&(r=new URL(s.getAttribute(\"src\")),n=new URL(t.value),c.test(n.protocol))&&n.host===r.host&&l.activeElement===s&&(d.top.location.href=t.value))}},d.addEventListener(\"message\",d.wp.receiveEmbedMessage,!1),l.addEventListener(\"DOMContentLoaded\",function(){for(var e,t,s=l.querySelectorAll(\"iframe.wp-embedded-content\"),r=0;r<s.length;r++)(t=(e=s[r]).getAttribute(\"data-secret\"))||(t=Math.random().toString(36).substring(2,12),e.src+=\"#?secret=\"+t,e.setAttribute(\"data-secret\",t)),e.contentWindow.postMessage({message:\"ready\",secret:t},\"*\")},!1)))}(window,document);\n\/\/# sourceURL=https:\/\/www.nomme.ee\/valdeku-noortekeskus\/wp-includes\/js\/wp-embed.min.js\n\/* ]]> *\/\n<\/script>\n","thumbnail_url":"https:\/\/www.nomme.ee\/valdeku-noortekeskus\/wp-content\/uploads\/sites\/3\/2021\/10\/20211016_142533_0000.png","thumbnail_width":1080,"thumbnail_height":1080,"description":"Marta on Valdeku noortekeskuse selle hooaja super\u00e4ge v\u00e4lisvabatahtlik Hispaaniast. Esimesed n\u00e4dalad on tal m\u00f6\u00f6dunud k\u00e4ies mitmetel koolitustel, kus ta \u00f5ppis paremini tundma Eesti kultuuri, kombeid, inimesi ning sai kogu eesootavast vabatahtliku kogemusest parema \u00fclevaate. Noortekeskuses on ta osalenud ja abistanud meie tegevuste l\u00e4biviimist ning loonud v\u00e4ga h\u00e4id kontakte meie noortega. N\u00fc\u00fcd on asi nii kaugel, [&hellip;]"}