{"version":"1.0","provider_name":"Valdeku noortekeskus","provider_url":"https:\/\/www.nomme.ee\/valdeku-noortekeskus","author_name":"kerttu","author_url":"https:\/\/www.nomme.ee\/valdeku-noortekeskus\/author\/kerttu\/","title":"Valdeku Noortekeskuse s\u00fcnnip\u00e4ev &#8211; Valdeku noortekeskus","type":"rich","width":600,"height":338,"html":"<blockquote class=\"wp-embedded-content\" data-secret=\"gNrybBmONr\"><a href=\"https:\/\/www.nomme.ee\/valdeku-noortekeskus\/kalender\/valdeku-noortekeskuse-sunnipaev\/\">Valdeku Noortekeskuse s\u00fcnnip\u00e4ev<\/a><\/blockquote><iframe sandbox=\"allow-scripts\" security=\"restricted\" src=\"https:\/\/www.nomme.ee\/valdeku-noortekeskus\/kalender\/valdeku-noortekeskuse-sunnipaev\/embed\/#?secret=gNrybBmONr\" width=\"600\" height=\"338\" title=\"&#8220;Valdeku Noortekeskuse s\u00fcnnip\u00e4ev&#8221; &#8212; Valdeku noortekeskus\" data-secret=\"gNrybBmONr\" frameborder=\"0\" marginwidth=\"0\" marginheight=\"0\" scrolling=\"no\" class=\"wp-embedded-content\"><\/iframe><script type=\"text\/javascript\">\n\/* <![CDATA[ *\/\n\/*! This file is auto-generated *\/\n!function(d,l){\"use strict\";l.querySelector&&d.addEventListener&&\"undefined\"!=typeof URL&&(d.wp=d.wp||{},d.wp.receiveEmbedMessage||(d.wp.receiveEmbedMessage=function(e){var t=e.data;if((t||t.secret||t.message||t.value)&&!\/[^a-zA-Z0-9]\/.test(t.secret)){for(var s,r,n,a=l.querySelectorAll('iframe[data-secret=\"'+t.secret+'\"]'),o=l.querySelectorAll('blockquote[data-secret=\"'+t.secret+'\"]'),c=new RegExp(\"^https?:$\",\"i\"),i=0;i<o.length;i++)o[i].style.display=\"none\";for(i=0;i<a.length;i++)s=a[i],e.source===s.contentWindow&&(s.removeAttribute(\"style\"),\"height\"===t.message?(1e3<(r=parseInt(t.value,10))?r=1e3:~~r<200&&(r=200),s.height=r):\"link\"===t.message&&(r=new URL(s.getAttribute(\"src\")),n=new URL(t.value),c.test(n.protocol))&&n.host===r.host&&l.activeElement===s&&(d.top.location.href=t.value))}},d.addEventListener(\"message\",d.wp.receiveEmbedMessage,!1),l.addEventListener(\"DOMContentLoaded\",function(){for(var e,t,s=l.querySelectorAll(\"iframe.wp-embedded-content\"),r=0;r<s.length;r++)(t=(e=s[r]).getAttribute(\"data-secret\"))||(t=Math.random().toString(36).substring(2,12),e.src+=\"#?secret=\"+t,e.setAttribute(\"data-secret\",t)),e.contentWindow.postMessage({message:\"ready\",secret:t},\"*\")},!1)))}(window,document);\n\/\/# sourceURL=https:\/\/www.nomme.ee\/valdeku-noortekeskus\/wp-includes\/js\/wp-embed.min.js\n\/* ]]> *\/\n<\/script>\n","description":"Valdeku Noortekeskus kutsub Sind s\u00fcnnip\u00e4evale! Meie armas noortekeskus saab juba 7-aastaseks, mis t\u00e4hendab, et oleme ametlikult kooliealised. Ootame k\u00f5iki endale k\u00fclla 05.09 algusega kell 13.00, et \u00fcheskoos seda ajaloolist s\u00fcndmust t\u00e4histada. Mis Sind ees ootab? Sn\u00e4kid, magusad \u00fcllatused ja j\u00e4\u00e4tis M\u00e4lestustetahvel L\u00f5busad lauam\u00e4ngud ja energiline JustDance Ilusa ilma korral liigume \u00f5ue ja v\u00f5tame kaasa erinevad [&hellip;]","thumbnail_url":"https:\/\/static.xx.fbcdn.net\/images\/emoji.php\/v9\/t8c\/1\/16\/1f389.png"}