{"version":"1.0","provider_name":"Valdeku noortekeskus","provider_url":"https:\/\/www.nomme.ee\/valdeku-noortekeskus","author_name":"evely","author_url":"https:\/\/www.nomme.ee\/valdeku-noortekeskus\/author\/evely\/","title":"Kerttu kirjutas Eesti Noorsoot\u00f6\u00f6tajate Kogu blogis! &#8211; Valdeku noortekeskus","type":"rich","width":600,"height":338,"html":"<blockquote class=\"wp-embedded-content\" data-secret=\"seCG1WXRMF\"><a href=\"https:\/\/www.nomme.ee\/valdeku-noortekeskus\/kerttu-kirjutas-eesti-noorsootootajate-kogu-blogis\/\">Kerttu kirjutas Eesti Noorsoot\u00f6\u00f6tajate Kogu blogis!<\/a><\/blockquote><iframe sandbox=\"allow-scripts\" security=\"restricted\" src=\"https:\/\/www.nomme.ee\/valdeku-noortekeskus\/kerttu-kirjutas-eesti-noorsootootajate-kogu-blogis\/embed\/#?secret=seCG1WXRMF\" width=\"600\" height=\"338\" title=\"&#8220;Kerttu kirjutas Eesti Noorsoot\u00f6\u00f6tajate Kogu blogis!&#8221; &#8212; Valdeku noortekeskus\" data-secret=\"seCG1WXRMF\" frameborder=\"0\" marginwidth=\"0\" marginheight=\"0\" scrolling=\"no\" class=\"wp-embedded-content\"><\/iframe><script type=\"text\/javascript\">\n\/* <![CDATA[ *\/\n\/*! This file is auto-generated *\/\n!function(d,l){\"use strict\";l.querySelector&&d.addEventListener&&\"undefined\"!=typeof URL&&(d.wp=d.wp||{},d.wp.receiveEmbedMessage||(d.wp.receiveEmbedMessage=function(e){var t=e.data;if((t||t.secret||t.message||t.value)&&!\/[^a-zA-Z0-9]\/.test(t.secret)){for(var s,r,n,a=l.querySelectorAll('iframe[data-secret=\"'+t.secret+'\"]'),o=l.querySelectorAll('blockquote[data-secret=\"'+t.secret+'\"]'),c=new RegExp(\"^https?:$\",\"i\"),i=0;i<o.length;i++)o[i].style.display=\"none\";for(i=0;i<a.length;i++)s=a[i],e.source===s.contentWindow&&(s.removeAttribute(\"style\"),\"height\"===t.message?(1e3<(r=parseInt(t.value,10))?r=1e3:~~r<200&&(r=200),s.height=r):\"link\"===t.message&&(r=new URL(s.getAttribute(\"src\")),n=new URL(t.value),c.test(n.protocol))&&n.host===r.host&&l.activeElement===s&&(d.top.location.href=t.value))}},d.addEventListener(\"message\",d.wp.receiveEmbedMessage,!1),l.addEventListener(\"DOMContentLoaded\",function(){for(var e,t,s=l.querySelectorAll(\"iframe.wp-embedded-content\"),r=0;r<s.length;r++)(t=(e=s[r]).getAttribute(\"data-secret\"))||(t=Math.random().toString(36).substring(2,12),e.src+=\"#?secret=\"+t,e.setAttribute(\"data-secret\",t)),e.contentWindow.postMessage({message:\"ready\",secret:t},\"*\")},!1)))}(window,document);\n\/\/# sourceURL=https:\/\/www.nomme.ee\/valdeku-noortekeskus\/wp-includes\/js\/wp-embed.min.js\n\/* ]]> *\/\n<\/script>\n","thumbnail_url":"https:\/\/www.nomme.ee\/valdeku-noortekeskus\/wp-content\/uploads\/sites\/3\/2023\/11\/Kuvatommis-2023-12-08-120906.png","thumbnail_width":810,"thumbnail_height":1083,"description":"Noorsoot\u00f6\u00f6taja Kerttu \u00fctles 18.08.2023 ilmunud N\u00f5mme S\u00f5numites (vaata allpool, lehek\u00fclg 4), et ta tunneb uhkust selle \u00fcle, et Valdeku Noortekeskust nii noorte valdkonnas sees (aga ka v\u00e4ljspool) rohkem m\u00e4rgatakse ja, et talle on oluline kogukonnatunne. Eesti Noorsoot\u00f6\u00f6tajate Kogu (ENK) blogipostituses on need kaks asja m\u00f5nusasti kokku saanud ja Kerttul oli v\u00f5imalus jagada oma m\u00f5tteid keskkonnahoiust [&hellip;]"}