{"version":"1.0","provider_name":"Valdeku noortekeskus","provider_url":"https:\/\/www.nomme.ee\/valdeku-noortekeskus","author_name":"kerttu","author_url":"https:\/\/www.nomme.ee\/valdeku-noortekeskus\/author\/kerttu\/","title":"Noortekeskuses toimus v\u00e4lisvabatahtlik Enzo teeman\u00e4dal &#8211; Valdeku noortekeskus","type":"rich","width":600,"height":338,"html":"<blockquote class=\"wp-embedded-content\" data-secret=\"svt2vVQCKW\"><a href=\"https:\/\/www.nomme.ee\/valdeku-noortekeskus\/noortekeskuses-toimus-valisvabatahtlik-enzo-teemanadal\/\">Noortekeskuses toimus v\u00e4lisvabatahtlik Enzo teeman\u00e4dal<\/a><\/blockquote><iframe sandbox=\"allow-scripts\" security=\"restricted\" src=\"https:\/\/www.nomme.ee\/valdeku-noortekeskus\/noortekeskuses-toimus-valisvabatahtlik-enzo-teemanadal\/embed\/#?secret=svt2vVQCKW\" width=\"600\" height=\"338\" title=\"&#8220;Noortekeskuses toimus v\u00e4lisvabatahtlik Enzo teeman\u00e4dal&#8221; &#8212; Valdeku noortekeskus\" data-secret=\"svt2vVQCKW\" frameborder=\"0\" marginwidth=\"0\" marginheight=\"0\" scrolling=\"no\" class=\"wp-embedded-content\"><\/iframe><script type=\"text\/javascript\">\n\/* <![CDATA[ *\/\n\/*! This file is auto-generated *\/\n!function(d,l){\"use strict\";l.querySelector&&d.addEventListener&&\"undefined\"!=typeof URL&&(d.wp=d.wp||{},d.wp.receiveEmbedMessage||(d.wp.receiveEmbedMessage=function(e){var t=e.data;if((t||t.secret||t.message||t.value)&&!\/[^a-zA-Z0-9]\/.test(t.secret)){for(var s,r,n,a=l.querySelectorAll('iframe[data-secret=\"'+t.secret+'\"]'),o=l.querySelectorAll('blockquote[data-secret=\"'+t.secret+'\"]'),c=new RegExp(\"^https?:$\",\"i\"),i=0;i<o.length;i++)o[i].style.display=\"none\";for(i=0;i<a.length;i++)s=a[i],e.source===s.contentWindow&&(s.removeAttribute(\"style\"),\"height\"===t.message?(1e3<(r=parseInt(t.value,10))?r=1e3:~~r<200&&(r=200),s.height=r):\"link\"===t.message&&(r=new URL(s.getAttribute(\"src\")),n=new URL(t.value),c.test(n.protocol))&&n.host===r.host&&l.activeElement===s&&(d.top.location.href=t.value))}},d.addEventListener(\"message\",d.wp.receiveEmbedMessage,!1),l.addEventListener(\"DOMContentLoaded\",function(){for(var e,t,s=l.querySelectorAll(\"iframe.wp-embedded-content\"),r=0;r<s.length;r++)(t=(e=s[r]).getAttribute(\"data-secret\"))||(t=Math.random().toString(36).substring(2,12),e.src+=\"#?secret=\"+t,e.setAttribute(\"data-secret\",t)),e.contentWindow.postMessage({message:\"ready\",secret:t},\"*\")},!1)))}(window,document);\n\/\/# sourceURL=https:\/\/www.nomme.ee\/valdeku-noortekeskus\/wp-includes\/js\/wp-embed.min.js\n\/* ]]> *\/\n<\/script>\n","thumbnail_url":"https:\/\/www.nomme.ee\/valdeku-noortekeskus\/wp-content\/uploads\/sites\/3\/2024\/01\/Enzos-Week.jpg","thumbnail_width":810,"thumbnail_height":1080,"description":"Viimased kuus aastat on Valdeku ja P\u00e4\u00e4sk\u00fcla Noortekeskused kaasanud oma igap\u00e4evat\u00f6\u00f6sse v\u00e4lisvabatahtlikke, mis mitmekesistab noortekeskuse t\u00f6\u00f6d ja annab noortele v\u00f5imaluse erinevate kultuuridega tutvumiseks. Seni on meiega olnud v\u00e4lisvabatahtlikud Saksamaalt, Prantsusmaalt, Hispaaniast, Gruusiast, T\u00fcrgist, Ukrainast ja Itaaliast. V\u00e4lisvabatahtlikud saabuvad Euroopa Solidaarsuskorpuse (ESK) projekti raames Eestisse 11 kuuks ja osalevad selle aja jooksul m\u00f5ne endale huvipakkuva asutuse [&hellip;]"}