{"version":"1.0","provider_name":"Valdeku noortekeskus","provider_url":"https:\/\/www.nomme.ee\/valdeku-noortekeskus","author_name":"evely","author_url":"https:\/\/www.nomme.ee\/valdeku-noortekeskus\/author\/evely\/","title":"Palju \u00f5nne noorsoot\u00f6\u00f6taja Kerttu! &#8211; Valdeku noortekeskus","type":"rich","width":600,"height":338,"html":"<blockquote class=\"wp-embedded-content\" data-secret=\"sB2sPqOIBo\"><a href=\"https:\/\/www.nomme.ee\/valdeku-noortekeskus\/palju-onne-noorsootootaja-kerttu\/\">Palju \u00f5nne noorsoot\u00f6\u00f6taja Kerttu!<\/a><\/blockquote><iframe sandbox=\"allow-scripts\" security=\"restricted\" src=\"https:\/\/www.nomme.ee\/valdeku-noortekeskus\/palju-onne-noorsootootaja-kerttu\/embed\/#?secret=sB2sPqOIBo\" width=\"600\" height=\"338\" title=\"&#8220;Palju \u00f5nne noorsoot\u00f6\u00f6taja Kerttu!&#8221; &#8212; Valdeku noortekeskus\" data-secret=\"sB2sPqOIBo\" frameborder=\"0\" marginwidth=\"0\" marginheight=\"0\" scrolling=\"no\" class=\"wp-embedded-content\"><\/iframe><script type=\"text\/javascript\">\n\/* <![CDATA[ *\/\n\/*! This file is auto-generated *\/\n!function(d,l){\"use strict\";l.querySelector&&d.addEventListener&&\"undefined\"!=typeof URL&&(d.wp=d.wp||{},d.wp.receiveEmbedMessage||(d.wp.receiveEmbedMessage=function(e){var t=e.data;if((t||t.secret||t.message||t.value)&&!\/[^a-zA-Z0-9]\/.test(t.secret)){for(var s,r,n,a=l.querySelectorAll('iframe[data-secret=\"'+t.secret+'\"]'),o=l.querySelectorAll('blockquote[data-secret=\"'+t.secret+'\"]'),c=new RegExp(\"^https?:$\",\"i\"),i=0;i<o.length;i++)o[i].style.display=\"none\";for(i=0;i<a.length;i++)s=a[i],e.source===s.contentWindow&&(s.removeAttribute(\"style\"),\"height\"===t.message?(1e3<(r=parseInt(t.value,10))?r=1e3:~~r<200&&(r=200),s.height=r):\"link\"===t.message&&(r=new URL(s.getAttribute(\"src\")),n=new URL(t.value),c.test(n.protocol))&&n.host===r.host&&l.activeElement===s&&(d.top.location.href=t.value))}},d.addEventListener(\"message\",d.wp.receiveEmbedMessage,!1),l.addEventListener(\"DOMContentLoaded\",function(){for(var e,t,s=l.querySelectorAll(\"iframe.wp-embedded-content\"),r=0;r<s.length;r++)(t=(e=s[r]).getAttribute(\"data-secret\"))||(t=Math.random().toString(36).substring(2,12),e.src+=\"#?secret=\"+t,e.setAttribute(\"data-secret\",t)),e.contentWindow.postMessage({message:\"ready\",secret:t},\"*\")},!1)))}(window,document);\n\/\/# sourceURL=https:\/\/www.nomme.ee\/valdeku-noortekeskus\/wp-includes\/js\/wp-embed.min.js\n\/* ]]> *\/\n<\/script>\n","thumbnail_url":"https:\/\/www.nomme.ee\/valdeku-noortekeskus\/wp-content\/uploads\/sites\/3\/2024\/04\/20240219-1357-1-scaled-e1712575694409.jpg","thumbnail_width":1198,"thumbnail_height":1459,"description":"Meie hea Kerttu p\u00e4lvis veebruaris \u00e4ram\u00e4rkimise Tallinna noorsoot\u00f6\u00f6 tunnustuss\u00fcndmusel \u201cSuured Teod 2023\u201d aasta noorsoot\u00f6\u00f6taja kategoorias.\u00a0\u00a0 Esitasime ta konkursile, sest Kerttu on silmapaistev noorsoot\u00f6\u00f6taja, kes lisaks ametialaste kohustuste t\u00e4itmisele on aktiivne panustaja noorsoot\u00f6\u00f6s laiemalt, toetades N\u00f5mme (ja Tallinna ning \u00fcle kogu Eesti) kogukonna arengut ning edendades noorte valdkonna professionaalset kasvu. Aastasse 2023 on Kerttu suutnud oskuslikult [&hellip;]"}