{"id":1157,"date":"2024-01-29T08:31:01","date_gmt":"2024-01-29T08:31:01","guid":{"rendered":"https:\/\/www.nomme.ee\/valdeku-noortekeskus\/?post_type=kalender&#038;p=1157"},"modified":"2024-01-30T09:47:45","modified_gmt":"2024-01-30T09:47:45","slug":"sobrapaev","status":"publish","type":"kalender","link":"https:\/\/www.nomme.ee\/valdeku-noortekeskus\/kalender\/sobrapaev\/","title":{"rendered":"S\u00f5brap\u00e4ev"},"content":{"rendered":"<p>Valdeku Noortekeskus v\u00f5tab <span style=\"color: #ff6600\"><strong>14. veebruaril<\/strong><\/span> vastu vabatahtlike avaldusi s\u00f5brap\u00e4eva \u00fcrituse ja tegevuste korraldamiseks noortekeskuses.<\/p>\n<p><span style=\"color: #ff6600\"><b>Millised on vabatahtlike n\u00f5uded:<\/b><\/span><\/p>\n<ul>\n<li>olla vanuses 7-26 aastat<\/li>\n<li>olla p\u00fchendunud ja organiseeritud<\/li>\n<\/ul>\n<p>Kui sul on need omadused olemas, siis oled ideaalne kandidaat!<\/p>\n<p>&nbsp;<\/p>\n<p><span style=\"color: #ff6600\"><b>Vabatahtlikud v\u00f5ivad osaleda j\u00e4rgmistes kategooriates:<\/b><\/span><br \/>\nTurundus ja meedia: Selles rollis olevad vabatahtlikud vastutavad s\u00fcndmust toetavate visuaalide (nt plakatid, postitused ja lood) loomise eest. Samuti vastutavad nad pildistamise, lugude \u00fcleslaadimise ja sotsiaalmeedia \u00fclev\u00f5tmiste eest.<\/p>\n<p>Planeerimine ja ettevalmistamine: Need vabatahtlikud vastutavad \u00fcrituse kaunistamise ja koordineerimise eest. Planeerimisel tuleb arvesse v\u00f5tta jaamade ning t\u00f6\u00f6tubade asukohad.<\/p>\n<p>T\u00f6\u00f6tubade juhid: S\u00f5brap\u00e4eva t\u00f6\u00f6tubade juhtimine. See h\u00f5lmab t\u00f6\u00f6tubade ideede l\u00e4bim\u00f5tlemist ja vastutust t\u00f6\u00f6tubade ajakava eest.<\/p>\n<p>Koost\u00f6\u00f6 ja sponsorid: Need vabatahtlikud vastutavad sponsorite ja kogukonna isikute otsimise eest, kes on n\u00f5us \u00fcritusel abistama.<\/p>\n<p>&nbsp;<\/p>\n<p>Kandideerida saad klikkides alloleval vormil. Ootame Sind!<\/p>\n<p class=\"editor-content__cta\"><a class=\"main-btn\" target=\"_self\" href=\"https:\/\/forms.gle\/1hCEj7TYN5JQ5D768\">Registreerimine<\/a><\/p>\n<p>&nbsp;<\/p>\n","protected":false},"featured_media":1174,"template":"","kalender_kategooria":[],"class_list":["post-1157","kalender","type-kalender","status-publish","has-post-thumbnail","hentry"],"acf":[],"yoast_head":"<!-- This site is optimized with the Yoast SEO plugin v27.5 - https:\/\/yoast.com\/product\/yoast-seo-wordpress\/ -->\n<title>S\u00f5brap\u00e4ev &#8211; Valdeku noortekeskus<\/title>\n<meta name=\"robots\" content=\"index, follow, max-snippet:-1, max-image-preview:large, max-video-preview:-1\" \/>\n<link rel=\"canonical\" href=\"https:\/\/www.nomme.ee\/valdeku-noortekeskus\/kalender\/sobrapaev\/\" \/>\n<meta property=\"og:locale\" content=\"et_EE\" \/>\n<meta property=\"og:type\" content=\"article\" \/>\n<meta property=\"og:title\" content=\"S\u00f5brap\u00e4ev &#8211; Valdeku noortekeskus\" \/>\n<meta property=\"og:description\" content=\"Valdeku Noortekeskus v\u00f5tab 14. veebruaril vastu vabatahtlike avaldusi s\u00f5brap\u00e4eva \u00fcrituse ja tegevuste korraldamiseks noortekeskuses. Millised on vabatahtlike n\u00f5uded: olla vanuses 7-26 aastat olla p\u00fchendunud ja organiseeritud Kui sul on need omadused olemas, siis oled ideaalne kandidaat! &nbsp; Vabatahtlikud v\u00f5ivad osaleda j\u00e4rgmistes kategooriates: Turundus ja meedia: Selles rollis olevad vabatahtlikud vastutavad s\u00fcndmust toetavate visuaalide (nt plakatid, [&hellip;]\" \/>\n<meta property=\"og:url\" content=\"https:\/\/www.nomme.ee\/valdeku-noortekeskus\/kalender\/sobrapaev\/\" \/>\n<meta property=\"og:site_name\" content=\"Valdeku noortekeskus\" \/>\n<meta property=\"article:modified_time\" content=\"2024-01-30T09:47:45+00:00\" \/>\n<meta property=\"og:image\" content=\"https:\/\/www.nomme.ee\/valdeku-noortekeskus\/wp-content\/uploads\/sites\/3\/2024\/01\/Valentines-day-event-Instagram-Post.png\" \/>\n\t<meta property=\"og:image:width\" content=\"1080\" \/>\n\t<meta property=\"og:image:height\" content=\"1080\" \/>\n\t<meta property=\"og:image:type\" content=\"image\/png\" \/>\n<meta name=\"twitter:card\" content=\"summary_large_image\" \/>\n<meta name=\"twitter:label1\" content=\"Est. reading time\" \/>\n\t<meta name=\"twitter:data1\" content=\"1 minut\" \/>\n<script type=\"application\/ld+json\" class=\"yoast-schema-graph\">{\"@context\":\"https:\\\/\\\/schema.org\",\"@graph\":[{\"@type\":\"WebPage\",\"@id\":\"https:\\\/\\\/www.nomme.ee\\\/valdeku-noortekeskus\\\/kalender\\\/sobrapaev\\\/\",\"url\":\"https:\\\/\\\/www.nomme.ee\\\/valdeku-noortekeskus\\\/kalender\\\/sobrapaev\\\/\",\"name\":\"S\u00f5brap\u00e4ev &#8211; Valdeku noortekeskus\",\"isPartOf\":{\"@id\":\"https:\\\/\\\/www.nomme.ee\\\/valdeku-noortekeskus\\\/#website\"},\"primaryImageOfPage\":{\"@id\":\"https:\\\/\\\/www.nomme.ee\\\/valdeku-noortekeskus\\\/kalender\\\/sobrapaev\\\/#primaryimage\"},\"image\":{\"@id\":\"https:\\\/\\\/www.nomme.ee\\\/valdeku-noortekeskus\\\/kalender\\\/sobrapaev\\\/#primaryimage\"},\"thumbnailUrl\":\"https:\\\/\\\/www.nomme.ee\\\/valdeku-noortekeskus\\\/wp-content\\\/uploads\\\/sites\\\/3\\\/2024\\\/01\\\/Valentines-day-event-Instagram-Post.png\",\"datePublished\":\"2024-01-29T08:31:01+00:00\",\"dateModified\":\"2024-01-30T09:47:45+00:00\",\"breadcrumb\":{\"@id\":\"https:\\\/\\\/www.nomme.ee\\\/valdeku-noortekeskus\\\/kalender\\\/sobrapaev\\\/#breadcrumb\"},\"inLanguage\":\"et\",\"potentialAction\":[{\"@type\":\"ReadAction\",\"target\":[\"https:\\\/\\\/www.nomme.ee\\\/valdeku-noortekeskus\\\/kalender\\\/sobrapaev\\\/\"]}]},{\"@type\":\"ImageObject\",\"inLanguage\":\"et\",\"@id\":\"https:\\\/\\\/www.nomme.ee\\\/valdeku-noortekeskus\\\/kalender\\\/sobrapaev\\\/#primaryimage\",\"url\":\"https:\\\/\\\/www.nomme.ee\\\/valdeku-noortekeskus\\\/wp-content\\\/uploads\\\/sites\\\/3\\\/2024\\\/01\\\/Valentines-day-event-Instagram-Post.png\",\"contentUrl\":\"https:\\\/\\\/www.nomme.ee\\\/valdeku-noortekeskus\\\/wp-content\\\/uploads\\\/sites\\\/3\\\/2024\\\/01\\\/Valentines-day-event-Instagram-Post.png\",\"width\":1080,\"height\":1080},{\"@type\":\"BreadcrumbList\",\"@id\":\"https:\\\/\\\/www.nomme.ee\\\/valdeku-noortekeskus\\\/kalender\\\/sobrapaev\\\/#breadcrumb\",\"itemListElement\":[{\"@type\":\"ListItem\",\"position\":1,\"name\":\"N\u00f5mme Vaba Aja Keskus\",\"item\":\"https:\\\/\\\/www.nomme.ee\"},{\"@type\":\"ListItem\",\"position\":2,\"name\":\"Valdeku noortekeskus\",\"item\":\"https:\\\/\\\/www.nomme.ee\\\/valdeku-noortekeskus\\\/\"},{\"@type\":\"ListItem\",\"position\":3,\"name\":\"S\u00fcndmused\",\"item\":\"https:\\\/\\\/www.nomme.ee\\\/valdeku-noortekeskus\\\/kalender\\\/\"},{\"@type\":\"ListItem\",\"position\":4,\"name\":\"S\u00f5brap\u00e4ev\"}]},{\"@type\":\"WebSite\",\"@id\":\"https:\\\/\\\/www.nomme.ee\\\/valdeku-noortekeskus\\\/#website\",\"url\":\"https:\\\/\\\/www.nomme.ee\\\/valdeku-noortekeskus\\\/\",\"name\":\"Valdeku noortekeskus\",\"description\":\"\",\"potentialAction\":[{\"@type\":\"SearchAction\",\"target\":{\"@type\":\"EntryPoint\",\"urlTemplate\":\"https:\\\/\\\/www.nomme.ee\\\/valdeku-noortekeskus\\\/?s={search_term_string}\"},\"query-input\":{\"@type\":\"PropertyValueSpecification\",\"valueRequired\":true,\"valueName\":\"search_term_string\"}}],\"inLanguage\":\"et\"}]}<\/script>\n<!-- \/ Yoast SEO plugin. -->","yoast_head_json":{"title":"S\u00f5brap\u00e4ev &#8211; Valdeku noortekeskus","robots":{"index":"index","follow":"follow","max-snippet":"max-snippet:-1","max-image-preview":"max-image-preview:large","max-video-preview":"max-video-preview:-1"},"canonical":"https:\/\/www.nomme.ee\/valdeku-noortekeskus\/kalender\/sobrapaev\/","og_locale":"et_EE","og_type":"article","og_title":"S\u00f5brap\u00e4ev &#8211; Valdeku noortekeskus","og_description":"Valdeku Noortekeskus v\u00f5tab 14. veebruaril vastu vabatahtlike avaldusi s\u00f5brap\u00e4eva \u00fcrituse ja tegevuste korraldamiseks noortekeskuses. Millised on vabatahtlike n\u00f5uded: olla vanuses 7-26 aastat olla p\u00fchendunud ja organiseeritud Kui sul on need omadused olemas, siis oled ideaalne kandidaat! &nbsp; Vabatahtlikud v\u00f5ivad osaleda j\u00e4rgmistes kategooriates: Turundus ja meedia: Selles rollis olevad vabatahtlikud vastutavad s\u00fcndmust toetavate visuaalide (nt plakatid, [&hellip;]","og_url":"https:\/\/www.nomme.ee\/valdeku-noortekeskus\/kalender\/sobrapaev\/","og_site_name":"Valdeku noortekeskus","article_modified_time":"2024-01-30T09:47:45+00:00","og_image":[{"width":1080,"height":1080,"url":"https:\/\/www.nomme.ee\/valdeku-noortekeskus\/wp-content\/uploads\/sites\/3\/2024\/01\/Valentines-day-event-Instagram-Post.png","type":"image\/png"}],"twitter_card":"summary_large_image","twitter_misc":{"Est. reading time":"1 minut"},"schema":{"@context":"https:\/\/schema.org","@graph":[{"@type":"WebPage","@id":"https:\/\/www.nomme.ee\/valdeku-noortekeskus\/kalender\/sobrapaev\/","url":"https:\/\/www.nomme.ee\/valdeku-noortekeskus\/kalender\/sobrapaev\/","name":"S\u00f5brap\u00e4ev &#8211; Valdeku noortekeskus","isPartOf":{"@id":"https:\/\/www.nomme.ee\/valdeku-noortekeskus\/#website"},"primaryImageOfPage":{"@id":"https:\/\/www.nomme.ee\/valdeku-noortekeskus\/kalender\/sobrapaev\/#primaryimage"},"image":{"@id":"https:\/\/www.nomme.ee\/valdeku-noortekeskus\/kalender\/sobrapaev\/#primaryimage"},"thumbnailUrl":"https:\/\/www.nomme.ee\/valdeku-noortekeskus\/wp-content\/uploads\/sites\/3\/2024\/01\/Valentines-day-event-Instagram-Post.png","datePublished":"2024-01-29T08:31:01+00:00","dateModified":"2024-01-30T09:47:45+00:00","breadcrumb":{"@id":"https:\/\/www.nomme.ee\/valdeku-noortekeskus\/kalender\/sobrapaev\/#breadcrumb"},"inLanguage":"et","potentialAction":[{"@type":"ReadAction","target":["https:\/\/www.nomme.ee\/valdeku-noortekeskus\/kalender\/sobrapaev\/"]}]},{"@type":"ImageObject","inLanguage":"et","@id":"https:\/\/www.nomme.ee\/valdeku-noortekeskus\/kalender\/sobrapaev\/#primaryimage","url":"https:\/\/www.nomme.ee\/valdeku-noortekeskus\/wp-content\/uploads\/sites\/3\/2024\/01\/Valentines-day-event-Instagram-Post.png","contentUrl":"https:\/\/www.nomme.ee\/valdeku-noortekeskus\/wp-content\/uploads\/sites\/3\/2024\/01\/Valentines-day-event-Instagram-Post.png","width":1080,"height":1080},{"@type":"BreadcrumbList","@id":"https:\/\/www.nomme.ee\/valdeku-noortekeskus\/kalender\/sobrapaev\/#breadcrumb","itemListElement":[{"@type":"ListItem","position":1,"name":"N\u00f5mme Vaba Aja Keskus","item":"https:\/\/www.nomme.ee"},{"@type":"ListItem","position":2,"name":"Valdeku noortekeskus","item":"https:\/\/www.nomme.ee\/valdeku-noortekeskus\/"},{"@type":"ListItem","position":3,"name":"S\u00fcndmused","item":"https:\/\/www.nomme.ee\/valdeku-noortekeskus\/kalender\/"},{"@type":"ListItem","position":4,"name":"S\u00f5brap\u00e4ev"}]},{"@type":"WebSite","@id":"https:\/\/www.nomme.ee\/valdeku-noortekeskus\/#website","url":"https:\/\/www.nomme.ee\/valdeku-noortekeskus\/","name":"Valdeku noortekeskus","description":"","potentialAction":[{"@type":"SearchAction","target":{"@type":"EntryPoint","urlTemplate":"https:\/\/www.nomme.ee\/valdeku-noortekeskus\/?s={search_term_string}"},"query-input":{"@type":"PropertyValueSpecification","valueRequired":true,"valueName":"search_term_string"}}],"inLanguage":"et"}]}},"_links":{"self":[{"href":"https:\/\/www.nomme.ee\/valdeku-noortekeskus\/wp-json\/wp\/v2\/kalender\/1157","targetHints":{"allow":["GET"]}}],"collection":[{"href":"https:\/\/www.nomme.ee\/valdeku-noortekeskus\/wp-json\/wp\/v2\/kalender"}],"about":[{"href":"https:\/\/www.nomme.ee\/valdeku-noortekeskus\/wp-json\/wp\/v2\/types\/kalender"}],"version-history":[{"count":1,"href":"https:\/\/www.nomme.ee\/valdeku-noortekeskus\/wp-json\/wp\/v2\/kalender\/1157\/revisions"}],"predecessor-version":[{"id":1159,"href":"https:\/\/www.nomme.ee\/valdeku-noortekeskus\/wp-json\/wp\/v2\/kalender\/1157\/revisions\/1159"}],"wp:featuredmedia":[{"embeddable":true,"href":"https:\/\/www.nomme.ee\/valdeku-noortekeskus\/wp-json\/wp\/v2\/media\/1174"}],"wp:attachment":[{"href":"https:\/\/www.nomme.ee\/valdeku-noortekeskus\/wp-json\/wp\/v2\/media?parent=1157"}],"wp:term":[{"taxonomy":"kalender_kategooria","embeddable":true,"href":"https:\/\/www.nomme.ee\/valdeku-noortekeskus\/wp-json\/wp\/v2\/kalender_kategooria?post=1157"}],"curies":[{"name":"wp","href":"https:\/\/api.w.org\/{rel}","templated":true}]}}