{"id":1302,"date":"2024-03-22T15:28:57","date_gmt":"2024-03-22T15:28:57","guid":{"rendered":"https:\/\/www.nomme.ee\/valdeku-noortekeskus\/?post_type=kalender&#038;p=1302"},"modified":"2024-04-16T14:31:27","modified_gmt":"2024-04-16T14:31:27","slug":"april-koolivaheaeg","status":"publish","type":"kalender","link":"https:\/\/www.nomme.ee\/valdeku-noortekeskus\/kalender\/april-koolivaheaeg\/","title":{"rendered":"Koolivaheaeg"},"content":{"rendered":"<p><span class=\"TextRun SCXW45732920 BCX8\" lang=\"ET-EE\" xml:lang=\"ET-EE\" data-contrast=\"auto\"><span class=\"NormalTextRun SCXW45732920 BCX8\">Valdeku<\/span> <span class=\"NormalTextRun SCXW45732920 BCX8\">Noortekeskuses<\/span><span class=\"NormalTextRun SCXW45732920 BCX8\"> on <\/span><span class=\"NormalTextRun SCXW45732920 BCX8\">kevadise<\/span> <span style=\"color: #ff6600\"><strong><span class=\"NormalTextRun SCXW45732920 BCX8\">koolivaheaja (22.04 -26.04)<\/span><\/strong><\/span>\u00a0<span class=\"NormalTextRun SCXW45732920 BCX8\">teema<\/span> <span class=\"NormalTextRun SCXW45732920 BCX8\">inspireeritud<\/span> <span class=\"NormalTextRun SCXW45732920 BCX8\">noorteinfoportaal<\/span> <span class=\"NormalTextRun SCXW45732920 BCX8\">Teeviit<\/span> <span class=\"NormalTextRun SCXW45732920 BCX8\">teemakuudest<\/span><span class=\"NormalTextRun SCXW45732920 BCX8\">, <\/span><span class=\"NormalTextRun SCXW45732920 BCX8\">milleks<\/span> <span class=\"NormalTextRun SCXW45732920 BCX8\">aprillis<\/span><span class=\"NormalTextRun SCXW45732920 BCX8\"> on <\/span><span style=\"color: #ff6600\"><strong><span class=\"NormalTextRun SCXW45732920 BCX8\">\u00f5ppimisv\u00f5imalused !<\/span><\/strong><\/span><span class=\"NormalTextRun SCXW45732920 BCX8\"><br \/>\n<\/span><span class=\"NormalTextRun SCXW45732920 BCX8\">Erinevate<\/span> <span class=\"NormalTextRun SCXW45732920 BCX8\">tegevuste<\/span> <span class=\"NormalTextRun SCXW45732920 BCX8\">abil<\/span> <span class=\"NormalTextRun SCXW45732920 BCX8\">arutleme<\/span> <span class=\"NormalTextRun SCXW45732920 BCX8\">selle<\/span> <span class=\"NormalTextRun SCXW45732920 BCX8\">\u00fcle<\/span><span class=\"NormalTextRun SCXW45732920 BCX8\">, mis on <\/span><span class=\"NormalTextRun SCXW45732920 BCX8\">\u00f5ppimine<\/span> <span class=\"NormalTextRun SCXW45732920 BCX8\">ning<\/span> <span class=\"NormalTextRun SCXW45732920 BCX8\">millised<\/span> <span class=\"NormalTextRun SCXW45732920 BCX8\">valikud<\/span>\u00a0<span class=\"NormalTextRun SCXW45732920 BCX8\">\u00fcldse<\/span> <span class=\"NormalTextRun SCXW45732920 BCX8\">\u00f5ppimiseks<\/span> <span class=\"NormalTextRun SCXW45732920 BCX8\">ja osaluseks <\/span><span class=\"NormalTextRun SCXW45732920 BCX8\">on.\u00a0<\/span><span class=\"NormalTextRun SCXW45732920 BCX8\">Samuti<\/span> <span class=\"NormalTextRun SCXW45732920 BCX8\">\u00fcritame<\/span> <span class=\"NormalTextRun SCXW45732920 BCX8\">\u00fchiste<\/span> <span class=\"NormalTextRun SCXW45732920 BCX8\">m\u00f5tiskluste<\/span><span class=\"NormalTextRun SCXW45732920 BCX8\"> ja <\/span><span class=\"NormalTextRun SCXW45732920 BCX8\">tegevuste<\/span> <span class=\"NormalTextRun SCXW45732920 BCX8\">k\u00e4igus<\/span> <span class=\"NormalTextRun SCXW45732920 BCX8\">v\u00e4lja<\/span> <span class=\"NormalTextRun SCXW45732920 BCX8\">selgitada<\/span><span class=\"NormalTextRun SCXW45732920 BCX8\">, mis on mitteformaalne \u00f5ppimine ja <\/span><span class=\"NormalTextRun SCXW45732920 BCX8\">kuidas<\/span> <span class=\"NormalTextRun SCXW45732920 BCX8\">noorsoot\u00f6\u00f6<\/span> <span class=\"NormalTextRun SCXW45732920 BCX8\">saab<\/span> <span class=\"NormalTextRun SCXW45732920 BCX8\">\u00f5ppimis<\/span><span class=\"NormalTextRun SCXW45732920 BCX8\">&#8211; ja osalus<\/span><span class=\"NormalTextRun SCXW45732920 BCX8\">v\u00f5imaluste<\/span> <span class=\"NormalTextRun SCXW45732920 BCX8\">avastamisel<\/span> <span class=\"NormalTextRun SCXW45732920 BCX8\">abiks<\/span><span class=\"NormalTextRun SCXW45732920 BCX8\"> olla.<\/span><\/span><span class=\"EOP SCXW45732920 BCX8\" data-ccp-props=\"{&quot;335551550&quot;:6,&quot;335551620&quot;:6}\">\u00a0<\/span><\/p>\n<p>&nbsp;<\/p>\n<h3><span style=\"color: #ff6600\"><strong>Esmasp\u00e4ev 22.04<\/strong><\/span><\/h3>\n<p><span data-contrast=\"auto\">Sel p\u00e4eval l\u00e4hevad noorsoot\u00f6\u00f6tajad N\u00f5mme t\u00e4navatele, et luua kontakte ning tutvustada noortekeskust ja meie tegevusi ka nendele noortele, kes muidu noortekeskusesse ei satu. Eesm\u00e4rgiks on suurendada noortekeskuse ja meie tegevuste n\u00e4htavust ning tuua noorsoot\u00f6\u00f6 noorteni seal, kus nad parasjagu viibivad.<\/span><span data-ccp-props=\"{&quot;201341983&quot;:0,&quot;335551550&quot;:1,&quot;335551620&quot;:1,&quot;335559739&quot;:160,&quot;335559740&quot;:259}\">\u00a0<\/span><\/p>\n<p><em>NB: Noortekeskuse lahtiolekuaegu see tegevus ei muuda!\u00a0<\/em><\/p>\n<p>&nbsp;<\/p>\n<h3><span style=\"color: #ff6600\"><strong>Teisip\u00e4ev 23.04<\/strong><\/span><\/h3>\n<p><span data-contrast=\"auto\">Greta Orehhova,\u00a0 aktiivne noor t\u00e4iskasvanu Valdekus, Erasmus+ v\u00f5rgustikus ja Europeersis, jagab oma kogemust ja erinevaid mitteformaalse \u00f5ppimise v\u00f5imalusi Erasmus+ programmide kaudu.<\/span><span data-ccp-props=\"{&quot;201341983&quot;:0,&quot;335551550&quot;:1,&quot;335551620&quot;:1,&quot;335559739&quot;:160,&quot;335559740&quot;:259}\">\u00a0<\/span><\/p>\n<p><span data-contrast=\"auto\">See tegevus algab kell 15:00 ja l\u00f5peb kell 16:30 ega vaja eelnevat registreerimist.<\/span><span data-ccp-props=\"{&quot;201341983&quot;:0,&quot;335551550&quot;:1,&quot;335551620&quot;:1,&quot;335559739&quot;:160,&quot;335559740&quot;:259}\">\u00a0<\/span><\/p>\n<p><img loading=\"lazy\" decoding=\"async\" class=\"alignnone wp-image-1340\" src=\"https:\/\/www.nomme.ee\/valdeku-noortekeskus\/wp-content\/uploads\/sites\/3\/2024\/03\/426742610_1435253670427514_5052563545853216134_n-275x300.jpg\" alt=\"\" width=\"166\" height=\"181\" srcset=\"https:\/\/www.nomme.ee\/valdeku-noortekeskus\/wp-content\/uploads\/sites\/3\/2024\/03\/426742610_1435253670427514_5052563545853216134_n-275x300.jpg 275w, https:\/\/www.nomme.ee\/valdeku-noortekeskus\/wp-content\/uploads\/sites\/3\/2024\/03\/426742610_1435253670427514_5052563545853216134_n-939x1024.jpg 939w, https:\/\/www.nomme.ee\/valdeku-noortekeskus\/wp-content\/uploads\/sites\/3\/2024\/03\/426742610_1435253670427514_5052563545853216134_n-768x838.jpg 768w, https:\/\/www.nomme.ee\/valdeku-noortekeskus\/wp-content\/uploads\/sites\/3\/2024\/03\/426742610_1435253670427514_5052563545853216134_n-1409x1536.jpg 1409w, https:\/\/www.nomme.ee\/valdeku-noortekeskus\/wp-content\/uploads\/sites\/3\/2024\/03\/426742610_1435253670427514_5052563545853216134_n-1200x1309.jpg 1200w, https:\/\/www.nomme.ee\/valdeku-noortekeskus\/wp-content\/uploads\/sites\/3\/2024\/03\/426742610_1435253670427514_5052563545853216134_n.jpg 1878w\" sizes=\"auto, (max-width: 166px) 100vw, 166px\" \/><\/p>\n<p>&nbsp;<\/p>\n<h3><span style=\"color: #ff6600\"><strong>Kolmap\u00e4ev 24.04<\/strong><\/span><\/h3>\n<ul>\n<li>14.00 Lauam\u00e4nguturniir: King of Tokyo, Terraforming Mars<\/li>\n<\/ul>\n<p>Turniirist saab osa v\u00f5tta maksimaalselt 11 noort. Kui soovid kindlasti osaleda, siis kirjuta Roula.Abdelhay@nomme.ee v\u00f5i vaata rohkem infot all pool:<\/p>\n<p class=\"editor-content__cta\"><a class=\"main-btn\" target=\"_self\" href=\"https:\/\/www.nomme.ee\/valdeku-noortekeskus\/kalender\/lauamanguklubi-turniir-4\/\">Turniir<\/a><\/p>\n<p>&nbsp;<\/p>\n<h3><span style=\"color: #ff6600\"><strong>Neljap\u00e4ev 25.04<\/strong><\/span><\/h3>\n<p><span data-contrast=\"auto\">Brain Gamesi m\u00e4ngujuht tuleb \u00f5petama m\u00e4nge, mis aitavad arendada koost\u00f6\u00f6oskusi. Seel\u00e4bi m\u00f5istavad noored paremini meeskonnat\u00f6\u00f6 t\u00e4htsust ja v\u00e4\u00e4rtust, arendavad usaldust teiste vastu, suureneb empaatia ja omandatakse sotsiaalseid oskusi.<\/span><span data-ccp-props=\"{&quot;201341983&quot;:0,&quot;335551550&quot;:1,&quot;335551620&quot;:1,&quot;335559739&quot;:160,&quot;335559740&quot;:259}\">\u00a0<\/span><\/p>\n<p><span data-contrast=\"auto\">See tegevus algab kell 14:00 ja l\u00f5peb kell 17:00 ning n\u00f5uab eelnevat registreerimist. Registreeruda saab alloleval vormil :<br \/>\n<\/span><\/p>\n<p class=\"editor-content__cta\"><a class=\"main-btn\" target=\"_self\" href=\"https:\/\/forms.office.com\/e\/zE4RbmPhgg\">Registreerimine<\/a><\/p>\n<p>&nbsp;<\/p>\n<h3><span style=\"color: #ff6600\"><strong>Reede 26.04<\/strong><\/span><\/h3>\n<p><span data-contrast=\"auto\">\u00a0<em>Piltide keel t\u00f6\u00f6tuba<\/em>, milles keskendume kuulamise ja keskendumise olulisusele \u00f5ppeprotsessi osana. <\/span><span data-ccp-props=\"{&quot;201341983&quot;:0,&quot;335551550&quot;:1,&quot;335551620&quot;:1,&quot;335559739&quot;:160,&quot;335559740&quot;:259}\">\u00a0<\/span><\/p>\n<p><span data-contrast=\"auto\">See tegevus algab kell 14:00 kuni 14:45 ja kell 17:00 kuni 17:45 ega vaja eelnevat registreerimist.<\/span><span data-ccp-props=\"{&quot;201341983&quot;:0,&quot;335551550&quot;:1,&quot;335551620&quot;:1,&quot;335559739&quot;:160,&quot;335559740&quot;:259}\">\u00a0<\/span><\/p>\n<p>&nbsp;<\/p>\n<p>&nbsp;<\/p>\n<h3><span style=\"color: #ff6600\"><strong>Kui soovite lisainfot v\u00f5i on lisak\u00fcsimusi, siis kirjuta: <span style=\"color: #ff6600\"><a style=\"color: #ff6600\" href=\"mailto:Roula.abdelhay@nomme.ee\">Roula.abdelhay@nomme.ee<\/a><\/span><\/strong><\/span><\/h3>\n<p>&nbsp;<\/p>\n<p><img loading=\"lazy\" decoding=\"async\" class=\"alignnone wp-image-1162\" src=\"https:\/\/www.nomme.ee\/valdeku-noortekeskus\/wp-content\/uploads\/sites\/3\/2024\/01\/Teeviit_logo_2022_varviline-300x93.png\" alt=\"\" width=\"225\" height=\"70\" srcset=\"https:\/\/www.nomme.ee\/valdeku-noortekeskus\/wp-content\/uploads\/sites\/3\/2024\/01\/Teeviit_logo_2022_varviline-300x93.png 300w, https:\/\/www.nomme.ee\/valdeku-noortekeskus\/wp-content\/uploads\/sites\/3\/2024\/01\/Teeviit_logo_2022_varviline-1024x316.png 1024w, https:\/\/www.nomme.ee\/valdeku-noortekeskus\/wp-content\/uploads\/sites\/3\/2024\/01\/Teeviit_logo_2022_varviline-768x237.png 768w, https:\/\/www.nomme.ee\/valdeku-noortekeskus\/wp-content\/uploads\/sites\/3\/2024\/01\/Teeviit_logo_2022_varviline-1536x474.png 1536w, https:\/\/www.nomme.ee\/valdeku-noortekeskus\/wp-content\/uploads\/sites\/3\/2024\/01\/Teeviit_logo_2022_varviline-2048x632.png 2048w, https:\/\/www.nomme.ee\/valdeku-noortekeskus\/wp-content\/uploads\/sites\/3\/2024\/01\/Teeviit_logo_2022_varviline-1200x370.png 1200w\" sizes=\"auto, (max-width: 225px) 100vw, 225px\" \/>\u00a0 \u00a0 \u00a0 \u00a0 \u00a0 \u00a0\u00a0 <img loading=\"lazy\" decoding=\"async\" class=\"alignnone wp-image-1338\" src=\"https:\/\/www.nomme.ee\/valdeku-noortekeskus\/wp-content\/uploads\/sites\/3\/2024\/03\/download-300x112.png\" alt=\"\" width=\"166\" height=\"62\" srcset=\"https:\/\/www.nomme.ee\/valdeku-noortekeskus\/wp-content\/uploads\/sites\/3\/2024\/03\/download-300x112.png 300w, https:\/\/www.nomme.ee\/valdeku-noortekeskus\/wp-content\/uploads\/sites\/3\/2024\/03\/download.png 367w\" sizes=\"auto, (max-width: 166px) 100vw, 166px\" \/><\/p>\n","protected":false},"featured_media":1315,"template":"","kalender_kategooria":[],"class_list":["post-1302","kalender","type-kalender","status-publish","has-post-thumbnail","hentry"],"acf":[],"yoast_head":"<!-- This site is optimized with the Yoast SEO plugin v27.5 - https:\/\/yoast.com\/product\/yoast-seo-wordpress\/ -->\n<title>Koolivaheaeg &#8211; Valdeku noortekeskus<\/title>\n<meta name=\"description\" content=\"Valdeku Noortekeskuses on kevadise koolivaheaja teema inspireeritud noorteinfoportaal Teeviit teemakuudest, milleks aprillis on \u00f5ppimisv\u00f5imalused.Erinevate tegevuste abil arutleme selle \u00fcle, mis on \u00f5ppimine ning millised valikud \u00fcldse \u00f5ppimiseks ja osaluseks on.\u00a0Samuti \u00fcritame \u00fchiste m\u00f5tiskluste ja tegevuste k\u00e4igus v\u00e4lja selgitada, kuidas noorsoot\u00f6\u00f6 saab \u00f5ppimis- ja osalusv\u00f5imaluste avastamisel abiks olla.\u00a0\" \/>\n<meta name=\"robots\" content=\"index, follow, max-snippet:-1, max-image-preview:large, max-video-preview:-1\" \/>\n<link rel=\"canonical\" href=\"https:\/\/www.nomme.ee\/valdeku-noortekeskus\/kalender\/april-koolivaheaeg\/\" \/>\n<meta property=\"og:locale\" content=\"et_EE\" \/>\n<meta property=\"og:type\" content=\"article\" \/>\n<meta property=\"og:title\" content=\"Koolivaheaeg &#8211; Valdeku noortekeskus\" \/>\n<meta property=\"og:description\" content=\"Valdeku Noortekeskuses on kevadise koolivaheaja teema inspireeritud noorteinfoportaal Teeviit teemakuudest, milleks aprillis on \u00f5ppimisv\u00f5imalused.Erinevate tegevuste abil arutleme selle \u00fcle, mis on \u00f5ppimine ning millised valikud \u00fcldse \u00f5ppimiseks ja osaluseks on.\u00a0Samuti \u00fcritame \u00fchiste m\u00f5tiskluste ja tegevuste k\u00e4igus v\u00e4lja selgitada, kuidas noorsoot\u00f6\u00f6 saab \u00f5ppimis- ja osalusv\u00f5imaluste avastamisel abiks olla.\u00a0\" \/>\n<meta property=\"og:url\" content=\"https:\/\/www.nomme.ee\/valdeku-noortekeskus\/kalender\/april-koolivaheaeg\/\" \/>\n<meta property=\"og:site_name\" content=\"Valdeku noortekeskus\" \/>\n<meta property=\"article:modified_time\" content=\"2024-04-16T14:31:27+00:00\" \/>\n<meta property=\"og:image\" content=\"https:\/\/www.nomme.ee\/valdeku-noortekeskus\/wp-content\/uploads\/sites\/3\/2024\/03\/April-2024-school-break-1.jpg\" \/>\n\t<meta property=\"og:image:width\" content=\"1080\" \/>\n\t<meta property=\"og:image:height\" content=\"1080\" \/>\n\t<meta property=\"og:image:type\" content=\"image\/jpeg\" \/>\n<meta name=\"twitter:card\" content=\"summary_large_image\" \/>\n<meta name=\"twitter:label1\" content=\"Est. reading time\" \/>\n\t<meta name=\"twitter:data1\" content=\"3 minutit\" \/>\n<script type=\"application\/ld+json\" class=\"yoast-schema-graph\">{\"@context\":\"https:\\\/\\\/schema.org\",\"@graph\":[{\"@type\":\"WebPage\",\"@id\":\"https:\\\/\\\/www.nomme.ee\\\/valdeku-noortekeskus\\\/kalender\\\/april-koolivaheaeg\\\/\",\"url\":\"https:\\\/\\\/www.nomme.ee\\\/valdeku-noortekeskus\\\/kalender\\\/april-koolivaheaeg\\\/\",\"name\":\"Koolivaheaeg &#8211; Valdeku noortekeskus\",\"isPartOf\":{\"@id\":\"https:\\\/\\\/www.nomme.ee\\\/valdeku-noortekeskus\\\/#website\"},\"primaryImageOfPage\":{\"@id\":\"https:\\\/\\\/www.nomme.ee\\\/valdeku-noortekeskus\\\/kalender\\\/april-koolivaheaeg\\\/#primaryimage\"},\"image\":{\"@id\":\"https:\\\/\\\/www.nomme.ee\\\/valdeku-noortekeskus\\\/kalender\\\/april-koolivaheaeg\\\/#primaryimage\"},\"thumbnailUrl\":\"https:\\\/\\\/www.nomme.ee\\\/valdeku-noortekeskus\\\/wp-content\\\/uploads\\\/sites\\\/3\\\/2024\\\/03\\\/April-2024-school-break-1.jpg\",\"datePublished\":\"2024-03-22T15:28:57+00:00\",\"dateModified\":\"2024-04-16T14:31:27+00:00\",\"description\":\"Valdeku Noortekeskuses on kevadise koolivaheaja teema inspireeritud noorteinfoportaal Teeviit teemakuudest, milleks aprillis on \u00f5ppimisv\u00f5imalused.Erinevate tegevuste abil arutleme selle \u00fcle, mis on \u00f5ppimine ning millised valikud \u00fcldse \u00f5ppimiseks ja osaluseks on.\u00a0Samuti \u00fcritame \u00fchiste m\u00f5tiskluste ja tegevuste k\u00e4igus v\u00e4lja selgitada, kuidas noorsoot\u00f6\u00f6 saab \u00f5ppimis- ja osalusv\u00f5imaluste avastamisel abiks olla.\u00a0\",\"breadcrumb\":{\"@id\":\"https:\\\/\\\/www.nomme.ee\\\/valdeku-noortekeskus\\\/kalender\\\/april-koolivaheaeg\\\/#breadcrumb\"},\"inLanguage\":\"et\",\"potentialAction\":[{\"@type\":\"ReadAction\",\"target\":[\"https:\\\/\\\/www.nomme.ee\\\/valdeku-noortekeskus\\\/kalender\\\/april-koolivaheaeg\\\/\"]}]},{\"@type\":\"ImageObject\",\"inLanguage\":\"et\",\"@id\":\"https:\\\/\\\/www.nomme.ee\\\/valdeku-noortekeskus\\\/kalender\\\/april-koolivaheaeg\\\/#primaryimage\",\"url\":\"https:\\\/\\\/www.nomme.ee\\\/valdeku-noortekeskus\\\/wp-content\\\/uploads\\\/sites\\\/3\\\/2024\\\/03\\\/April-2024-school-break-1.jpg\",\"contentUrl\":\"https:\\\/\\\/www.nomme.ee\\\/valdeku-noortekeskus\\\/wp-content\\\/uploads\\\/sites\\\/3\\\/2024\\\/03\\\/April-2024-school-break-1.jpg\",\"width\":1080,\"height\":1080},{\"@type\":\"BreadcrumbList\",\"@id\":\"https:\\\/\\\/www.nomme.ee\\\/valdeku-noortekeskus\\\/kalender\\\/april-koolivaheaeg\\\/#breadcrumb\",\"itemListElement\":[{\"@type\":\"ListItem\",\"position\":1,\"name\":\"N\u00f5mme Vaba Aja Keskus\",\"item\":\"https:\\\/\\\/www.nomme.ee\"},{\"@type\":\"ListItem\",\"position\":2,\"name\":\"Valdeku noortekeskus\",\"item\":\"https:\\\/\\\/www.nomme.ee\\\/valdeku-noortekeskus\\\/\"},{\"@type\":\"ListItem\",\"position\":3,\"name\":\"S\u00fcndmused\",\"item\":\"https:\\\/\\\/www.nomme.ee\\\/valdeku-noortekeskus\\\/kalender\\\/\"},{\"@type\":\"ListItem\",\"position\":4,\"name\":\"Koolivaheaeg\"}]},{\"@type\":\"WebSite\",\"@id\":\"https:\\\/\\\/www.nomme.ee\\\/valdeku-noortekeskus\\\/#website\",\"url\":\"https:\\\/\\\/www.nomme.ee\\\/valdeku-noortekeskus\\\/\",\"name\":\"Valdeku noortekeskus\",\"description\":\"\",\"potentialAction\":[{\"@type\":\"SearchAction\",\"target\":{\"@type\":\"EntryPoint\",\"urlTemplate\":\"https:\\\/\\\/www.nomme.ee\\\/valdeku-noortekeskus\\\/?s={search_term_string}\"},\"query-input\":{\"@type\":\"PropertyValueSpecification\",\"valueRequired\":true,\"valueName\":\"search_term_string\"}}],\"inLanguage\":\"et\"}]}<\/script>\n<!-- \/ Yoast SEO plugin. -->","yoast_head_json":{"title":"Koolivaheaeg &#8211; Valdeku noortekeskus","description":"Valdeku Noortekeskuses on kevadise koolivaheaja teema inspireeritud noorteinfoportaal Teeviit teemakuudest, milleks aprillis on \u00f5ppimisv\u00f5imalused.Erinevate tegevuste abil arutleme selle \u00fcle, mis on \u00f5ppimine ning millised valikud \u00fcldse \u00f5ppimiseks ja osaluseks on.\u00a0Samuti \u00fcritame \u00fchiste m\u00f5tiskluste ja tegevuste k\u00e4igus v\u00e4lja selgitada, kuidas noorsoot\u00f6\u00f6 saab \u00f5ppimis- ja osalusv\u00f5imaluste avastamisel abiks olla.\u00a0","robots":{"index":"index","follow":"follow","max-snippet":"max-snippet:-1","max-image-preview":"max-image-preview:large","max-video-preview":"max-video-preview:-1"},"canonical":"https:\/\/www.nomme.ee\/valdeku-noortekeskus\/kalender\/april-koolivaheaeg\/","og_locale":"et_EE","og_type":"article","og_title":"Koolivaheaeg &#8211; Valdeku noortekeskus","og_description":"Valdeku Noortekeskuses on kevadise koolivaheaja teema inspireeritud noorteinfoportaal Teeviit teemakuudest, milleks aprillis on \u00f5ppimisv\u00f5imalused.Erinevate tegevuste abil arutleme selle \u00fcle, mis on \u00f5ppimine ning millised valikud \u00fcldse \u00f5ppimiseks ja osaluseks on.\u00a0Samuti \u00fcritame \u00fchiste m\u00f5tiskluste ja tegevuste k\u00e4igus v\u00e4lja selgitada, kuidas noorsoot\u00f6\u00f6 saab \u00f5ppimis- ja osalusv\u00f5imaluste avastamisel abiks olla.\u00a0","og_url":"https:\/\/www.nomme.ee\/valdeku-noortekeskus\/kalender\/april-koolivaheaeg\/","og_site_name":"Valdeku noortekeskus","article_modified_time":"2024-04-16T14:31:27+00:00","og_image":[{"width":1080,"height":1080,"url":"https:\/\/www.nomme.ee\/valdeku-noortekeskus\/wp-content\/uploads\/sites\/3\/2024\/03\/April-2024-school-break-1.jpg","type":"image\/jpeg"}],"twitter_card":"summary_large_image","twitter_misc":{"Est. reading time":"3 minutit"},"schema":{"@context":"https:\/\/schema.org","@graph":[{"@type":"WebPage","@id":"https:\/\/www.nomme.ee\/valdeku-noortekeskus\/kalender\/april-koolivaheaeg\/","url":"https:\/\/www.nomme.ee\/valdeku-noortekeskus\/kalender\/april-koolivaheaeg\/","name":"Koolivaheaeg &#8211; Valdeku noortekeskus","isPartOf":{"@id":"https:\/\/www.nomme.ee\/valdeku-noortekeskus\/#website"},"primaryImageOfPage":{"@id":"https:\/\/www.nomme.ee\/valdeku-noortekeskus\/kalender\/april-koolivaheaeg\/#primaryimage"},"image":{"@id":"https:\/\/www.nomme.ee\/valdeku-noortekeskus\/kalender\/april-koolivaheaeg\/#primaryimage"},"thumbnailUrl":"https:\/\/www.nomme.ee\/valdeku-noortekeskus\/wp-content\/uploads\/sites\/3\/2024\/03\/April-2024-school-break-1.jpg","datePublished":"2024-03-22T15:28:57+00:00","dateModified":"2024-04-16T14:31:27+00:00","description":"Valdeku Noortekeskuses on kevadise koolivaheaja teema inspireeritud noorteinfoportaal Teeviit teemakuudest, milleks aprillis on \u00f5ppimisv\u00f5imalused.Erinevate tegevuste abil arutleme selle \u00fcle, mis on \u00f5ppimine ning millised valikud \u00fcldse \u00f5ppimiseks ja osaluseks on.\u00a0Samuti \u00fcritame \u00fchiste m\u00f5tiskluste ja tegevuste k\u00e4igus v\u00e4lja selgitada, kuidas noorsoot\u00f6\u00f6 saab \u00f5ppimis- ja osalusv\u00f5imaluste avastamisel abiks olla.\u00a0","breadcrumb":{"@id":"https:\/\/www.nomme.ee\/valdeku-noortekeskus\/kalender\/april-koolivaheaeg\/#breadcrumb"},"inLanguage":"et","potentialAction":[{"@type":"ReadAction","target":["https:\/\/www.nomme.ee\/valdeku-noortekeskus\/kalender\/april-koolivaheaeg\/"]}]},{"@type":"ImageObject","inLanguage":"et","@id":"https:\/\/www.nomme.ee\/valdeku-noortekeskus\/kalender\/april-koolivaheaeg\/#primaryimage","url":"https:\/\/www.nomme.ee\/valdeku-noortekeskus\/wp-content\/uploads\/sites\/3\/2024\/03\/April-2024-school-break-1.jpg","contentUrl":"https:\/\/www.nomme.ee\/valdeku-noortekeskus\/wp-content\/uploads\/sites\/3\/2024\/03\/April-2024-school-break-1.jpg","width":1080,"height":1080},{"@type":"BreadcrumbList","@id":"https:\/\/www.nomme.ee\/valdeku-noortekeskus\/kalender\/april-koolivaheaeg\/#breadcrumb","itemListElement":[{"@type":"ListItem","position":1,"name":"N\u00f5mme Vaba Aja Keskus","item":"https:\/\/www.nomme.ee"},{"@type":"ListItem","position":2,"name":"Valdeku noortekeskus","item":"https:\/\/www.nomme.ee\/valdeku-noortekeskus\/"},{"@type":"ListItem","position":3,"name":"S\u00fcndmused","item":"https:\/\/www.nomme.ee\/valdeku-noortekeskus\/kalender\/"},{"@type":"ListItem","position":4,"name":"Koolivaheaeg"}]},{"@type":"WebSite","@id":"https:\/\/www.nomme.ee\/valdeku-noortekeskus\/#website","url":"https:\/\/www.nomme.ee\/valdeku-noortekeskus\/","name":"Valdeku noortekeskus","description":"","potentialAction":[{"@type":"SearchAction","target":{"@type":"EntryPoint","urlTemplate":"https:\/\/www.nomme.ee\/valdeku-noortekeskus\/?s={search_term_string}"},"query-input":{"@type":"PropertyValueSpecification","valueRequired":true,"valueName":"search_term_string"}}],"inLanguage":"et"}]}},"_links":{"self":[{"href":"https:\/\/www.nomme.ee\/valdeku-noortekeskus\/wp-json\/wp\/v2\/kalender\/1302","targetHints":{"allow":["GET"]}}],"collection":[{"href":"https:\/\/www.nomme.ee\/valdeku-noortekeskus\/wp-json\/wp\/v2\/kalender"}],"about":[{"href":"https:\/\/www.nomme.ee\/valdeku-noortekeskus\/wp-json\/wp\/v2\/types\/kalender"}],"version-history":[{"count":9,"href":"https:\/\/www.nomme.ee\/valdeku-noortekeskus\/wp-json\/wp\/v2\/kalender\/1302\/revisions"}],"predecessor-version":[{"id":1344,"href":"https:\/\/www.nomme.ee\/valdeku-noortekeskus\/wp-json\/wp\/v2\/kalender\/1302\/revisions\/1344"}],"wp:featuredmedia":[{"embeddable":true,"href":"https:\/\/www.nomme.ee\/valdeku-noortekeskus\/wp-json\/wp\/v2\/media\/1315"}],"wp:attachment":[{"href":"https:\/\/www.nomme.ee\/valdeku-noortekeskus\/wp-json\/wp\/v2\/media?parent=1302"}],"wp:term":[{"taxonomy":"kalender_kategooria","embeddable":true,"href":"https:\/\/www.nomme.ee\/valdeku-noortekeskus\/wp-json\/wp\/v2\/kalender_kategooria?post=1302"}],"curies":[{"name":"wp","href":"https:\/\/api.w.org\/{rel}","templated":true}]}}