{"id":1352,"date":"2024-04-26T14:33:22","date_gmt":"2024-04-26T14:33:22","guid":{"rendered":"https:\/\/www.nomme.ee\/valdeku-noortekeskus\/?post_type=kalender&#038;p=1352"},"modified":"2024-08-01T08:03:16","modified_gmt":"2024-08-01T08:03:16","slug":"lauamangu-linnalaager","status":"publish","type":"kalender","link":"https:\/\/www.nomme.ee\/valdeku-noortekeskus\/kalender\/lauamangu-linnalaager\/","title":{"rendered":"Lauam\u00e4ngu linnalaager"},"content":{"rendered":"<h3><span style=\"color: #ff6600\"><strong>Registreerimine avatud kuni p\u00fchap\u00e4ev 4.08 16.00!<\/strong><\/span><\/h3>\n<p><span class=\"ui-provider a b c d e f g h i j k l m n o p q r s t u v w x y z ab ac ae af ag ah ai aj ak\" dir=\"ltr\"><p class=\"editor-content__cta\"><a class=\"main-btn\" target=\"_self\" href=\"https:\/\/forms.office.com\/e\/F0f2ntXf4d\">Registreeri end laagrisse siin! <\/a><\/p><\/span><\/p>\n<p><span data-contrast=\"none\">Laagri eesm\u00e4rk on pakkuda <strong>v\u00e4ljundit lauam\u00e4nguhuvilistele<\/strong>, tutvustada rahulikumat meetodit aktiivsemate tegevuste vahel aja veetmiseks<\/span><span data-contrast=\"none\">.<\/span> \u00d5pime uusi m\u00e4nge, kutsume k\u00fclalisi lauam\u00e4ngu kogukonnast ja teeme muud p\u00f5nevat.<\/p>\n<p>Laager on suunatud vanusele <strong>10+<\/strong> ja kohti jagub <strong>25-le lauam\u00e4nguhuvilisele<\/strong>. Teame praegu juba kindlaid laagrikuup\u00e4evi, milleks on: <strong><span class=\"TextRun SCXW267275970 BCX8\" lang=\"ET-EE\" xml:lang=\"ET-EE\" data-contrast=\"none\"><span class=\"NormalTextRun SCXW267275970 BCX8\">5.08-9.08<\/span><\/span><span class=\"EOP SCXW267275970 BCX8\" data-ccp-props=\"{&quot;134233117&quot;:false,&quot;134233118&quot;:false,&quot;201341983&quot;:0,&quot;335551550&quot;:6,&quot;335551620&quot;:6,&quot;335559685&quot;:0,&quot;335559737&quot;:0,&quot;335559738&quot;:0,&quot;335559739&quot;:0,&quot;335559740&quot;:259}\">\u00a0<\/span><\/strong><\/p>\n<p>Laager on tasuline ja programmi selgudes v\u00f5ib selle hind muutuda. Tegevused algavad ja l\u00f5ppevad iga p\u00e4ev Valdeku Noortekeskuses ja hinna sees on kogu laagriprogramm ja iga p\u00e4eva l\u00f5una. Laagrit juhendavad Valdeku Noortekeskuse noorsoot\u00f6\u00f6tajad ja v\u00e4lisvabatahtlik. Linnalaagri sisse ei kuulu \u00f6\u00f6bimine.<\/p>\n<p>&nbsp;<\/p>\n<h4>Linnalaagri esialgne plaan (t\u00e4pne plaan kinnitatakse augusti alguseks):<\/h4>\n<p><span style=\"color: #ff6600\"><strong>Esmasp\u00e4ev (05.08)<\/strong><\/span><\/p>\n<div>\n<p>Tutvumine, laagrikokkulepete tegemine, \u00fchine s\u00f6\u00f6givalmistamine ja laagrisse sisseelamine.<\/p>\n<\/div>\n<p><span style=\"color: #ff6600\"><strong>Teisip\u00e4ev (06.08)<\/strong><\/span><\/p>\n<div>\n<p>Lauam\u00e4ngumaailmaga tutvumine! M\u00e4ngude \u00f5ppimine noorsoot\u00f6\u00f6tajate ning Brain Games m\u00e4ngujuhtidega.<\/p>\n<\/div>\n<p><span style=\"color: #ff6600\"><strong>Kolmap\u00e4ev (07.08)<\/strong><\/span><\/p>\n<div>\n<p>Fantaasiam\u00e4ngud kvest m\u00e4ngujuhtidega ja m\u00e4ngu \u201cWingspan\u201d \u00f5ppimine.<\/p>\n<\/div>\n<p><span style=\"color: #ff6600\"><strong>Neljap\u00e4ev (08.08)<\/strong><\/span><\/p>\n<div>\n<p>S\u00fcsiniku jalaj\u00e4lje lauam\u00e4ngu \u201cKliimakool\u201d t\u00f6\u00f6tuba. Turniirid m\u00e4ngudele &#8220;Kliimakool&#8221; ja \u201cWingspan\u201d.<\/p>\n<\/div>\n<p><span style=\"color: #ff6600\"><strong>Reede (09.08)<\/strong><\/span><\/p>\n<div>\n<p>Laagri tagasisidestamine. L\u00f5una Oaas restoranis ja fantaasiam\u00e4ngude t\u00f6\u00f6tuba Mabrik lauam\u00e4ngude poes.<\/p>\n<\/div>\n<p>&nbsp;<\/p>\n<p>Kui soovid lisainfot, siis:<span style=\"color: #ff6600\"><a style=\"color: #ff6600\" href=\"mailto:evely.pajula@nomme.ee\"><strong> evely.pajula@nomme.ee<\/strong><\/a><\/span><\/p>\n<p>&nbsp;<\/p>\n<p>Eelmise aasta lauam\u00e4ngulaager videopildis:<\/p>\n<p><span class=\"ui-provider a b c d e f g h i j k l m n o p q r s t u v w x y z ab ac ae af ag ah ai aj ak\" dir=\"ltr\"><p class=\"editor-content__cta\"><a class=\"main-btn\" target=\"_self\" href=\"https:\/\/www.instagram.com\/p\/CvZszhiNl_Z\/\">Vaata videot siin<\/a><\/p><\/span><\/p>\n<p><em>Valdeku Noortekeskus pakub avatud noortekeskuse teenust ja on oma tegevuses spetsialiseerunud lauam\u00e4ngudele. Aastatega on meie m\u00e4ngukogu pidevalt kasvanud ja t\u00e4na on selles \u00fcle 120-ne lauam\u00e4ngu. Meil on igal n\u00e4dalal toimuv lauam\u00e4nguklubi ja meie hea partner Brain Games on eri\u00fcritustele oma m\u00e4ngujuhte laenanud. K\u00f5ik t\u00f6\u00f6tajad huvituvad lauam\u00e4ngudest ja hea meelega \u00f5petavad neid noortele.<\/em><\/p>\n<p>&nbsp;<\/p>\n<p><img loading=\"lazy\" decoding=\"async\" class=\"alignnone wp-image-1478\" src=\"https:\/\/www.nomme.ee\/valdeku-noortekeskus\/wp-content\/uploads\/sites\/3\/2024\/04\/etl25_logo_mondo_b_w_20.jpg\" alt=\"\" width=\"119\" height=\"118\" srcset=\"https:\/\/www.nomme.ee\/valdeku-noortekeskus\/wp-content\/uploads\/sites\/3\/2024\/04\/etl25_logo_mondo_b_w_20.jpg 282w, https:\/\/www.nomme.ee\/valdeku-noortekeskus\/wp-content\/uploads\/sites\/3\/2024\/04\/etl25_logo_mondo_b_w_20-150x150.jpg 150w\" sizes=\"auto, (max-width: 119px) 100vw, 119px\" \/>\u00a0 \u00a0 \u00a0 \u00a0 <img loading=\"lazy\" decoding=\"async\" class=\"alignnone wp-image-1479\" src=\"https:\/\/www.nomme.ee\/valdeku-noortekeskus\/wp-content\/uploads\/sites\/3\/2024\/04\/Mabriku-logo-1200x675-PNG-300x169.png\" alt=\"\" width=\"192\" height=\"108\" srcset=\"https:\/\/www.nomme.ee\/valdeku-noortekeskus\/wp-content\/uploads\/sites\/3\/2024\/04\/Mabriku-logo-1200x675-PNG-300x169.png 300w, https:\/\/www.nomme.ee\/valdeku-noortekeskus\/wp-content\/uploads\/sites\/3\/2024\/04\/Mabriku-logo-1200x675-PNG-1024x576.png 1024w, https:\/\/www.nomme.ee\/valdeku-noortekeskus\/wp-content\/uploads\/sites\/3\/2024\/04\/Mabriku-logo-1200x675-PNG-768x432.png 768w, https:\/\/www.nomme.ee\/valdeku-noortekeskus\/wp-content\/uploads\/sites\/3\/2024\/04\/Mabriku-logo-1200x675-PNG.png 1200w\" sizes=\"auto, (max-width: 192px) 100vw, 192px\" \/>\u00a0 \u00a0 \u00a0\u00a0 <img loading=\"lazy\" decoding=\"async\" class=\"alignnone wp-image-1480\" src=\"https:\/\/www.nomme.ee\/valdeku-noortekeskus\/wp-content\/uploads\/sites\/3\/2024\/04\/Brain-Games-retail-logo-on-black-RGB-scaled-1-300x113.jpg\" alt=\"\" width=\"268\" height=\"101\" srcset=\"https:\/\/www.nomme.ee\/valdeku-noortekeskus\/wp-content\/uploads\/sites\/3\/2024\/04\/Brain-Games-retail-logo-on-black-RGB-scaled-1-300x113.jpg 300w, https:\/\/www.nomme.ee\/valdeku-noortekeskus\/wp-content\/uploads\/sites\/3\/2024\/04\/Brain-Games-retail-logo-on-black-RGB-scaled-1-1024x384.jpg 1024w, https:\/\/www.nomme.ee\/valdeku-noortekeskus\/wp-content\/uploads\/sites\/3\/2024\/04\/Brain-Games-retail-logo-on-black-RGB-scaled-1-768x288.jpg 768w, https:\/\/www.nomme.ee\/valdeku-noortekeskus\/wp-content\/uploads\/sites\/3\/2024\/04\/Brain-Games-retail-logo-on-black-RGB-scaled-1-1536x577.jpg 1536w, https:\/\/www.nomme.ee\/valdeku-noortekeskus\/wp-content\/uploads\/sites\/3\/2024\/04\/Brain-Games-retail-logo-on-black-RGB-scaled-1-2048x769.jpg 2048w, https:\/\/www.nomme.ee\/valdeku-noortekeskus\/wp-content\/uploads\/sites\/3\/2024\/04\/Brain-Games-retail-logo-on-black-RGB-scaled-1-1200x450.jpg 1200w\" sizes=\"auto, (max-width: 268px) 100vw, 268px\" \/>\u00a0 \u00a0 \u00a0 <img loading=\"lazy\" decoding=\"async\" class=\"alignnone wp-image-1481\" src=\"https:\/\/www.nomme.ee\/valdeku-noortekeskus\/wp-content\/uploads\/sites\/3\/2024\/04\/fb-share@2x-300x156.png\" alt=\"\" width=\"204\" height=\"106\" srcset=\"https:\/\/www.nomme.ee\/valdeku-noortekeskus\/wp-content\/uploads\/sites\/3\/2024\/04\/fb-share@2x-300x156.png 300w, https:\/\/www.nomme.ee\/valdeku-noortekeskus\/wp-content\/uploads\/sites\/3\/2024\/04\/fb-share@2x-1024x532.png 1024w, https:\/\/www.nomme.ee\/valdeku-noortekeskus\/wp-content\/uploads\/sites\/3\/2024\/04\/fb-share@2x-768x399.png 768w, https:\/\/www.nomme.ee\/valdeku-noortekeskus\/wp-content\/uploads\/sites\/3\/2024\/04\/fb-share@2x-1200x623.png 1200w, https:\/\/www.nomme.ee\/valdeku-noortekeskus\/wp-content\/uploads\/sites\/3\/2024\/04\/fb-share@2x.png 1267w\" sizes=\"auto, (max-width: 204px) 100vw, 204px\" \/><\/p>\n","protected":false},"featured_media":1483,"template":"","kalender_kategooria":[],"class_list":["post-1352","kalender","type-kalender","status-publish","has-post-thumbnail","hentry"],"acf":[],"yoast_head":"<!-- This site is optimized with the Yoast SEO plugin v27.5 - https:\/\/yoast.com\/product\/yoast-seo-wordpress\/ -->\n<title>Lauam\u00e4ngu linnalaager &#8211; Valdeku noortekeskus<\/title>\n<meta name=\"robots\" content=\"index, follow, max-snippet:-1, max-image-preview:large, max-video-preview:-1\" \/>\n<link rel=\"canonical\" href=\"https:\/\/www.nomme.ee\/valdeku-noortekeskus\/kalender\/lauamangu-linnalaager\/\" \/>\n<meta property=\"og:locale\" content=\"et_EE\" \/>\n<meta property=\"og:type\" content=\"article\" \/>\n<meta property=\"og:title\" content=\"Lauam\u00e4ngu linnalaager &#8211; Valdeku noortekeskus\" \/>\n<meta property=\"og:description\" content=\"Registreerimine avatud kuni p\u00fchap\u00e4ev 4.08 16.00! Laagri eesm\u00e4rk on pakkuda v\u00e4ljundit lauam\u00e4nguhuvilistele, tutvustada rahulikumat meetodit aktiivsemate tegevuste vahel aja veetmiseks. \u00d5pime uusi m\u00e4nge, kutsume k\u00fclalisi lauam\u00e4ngu kogukonnast ja teeme muud p\u00f5nevat. Laager on suunatud vanusele 10+ ja kohti jagub 25-le lauam\u00e4nguhuvilisele. Teame praegu juba kindlaid laagrikuup\u00e4evi, milleks on: 5.08-9.08\u00a0 Laager on tasuline ja programmi selgudes [&hellip;]\" \/>\n<meta property=\"og:url\" content=\"https:\/\/www.nomme.ee\/valdeku-noortekeskus\/kalender\/lauamangu-linnalaager\/\" \/>\n<meta property=\"og:site_name\" content=\"Valdeku noortekeskus\" \/>\n<meta property=\"article:modified_time\" content=\"2024-08-01T08:03:16+00:00\" \/>\n<meta property=\"og:image\" content=\"https:\/\/www.nomme.ee\/valdeku-noortekeskus\/wp-content\/uploads\/sites\/3\/2024\/04\/lauamangu-linnalaager-IG.png\" \/>\n\t<meta property=\"og:image:width\" content=\"1080\" \/>\n\t<meta property=\"og:image:height\" content=\"1080\" \/>\n\t<meta property=\"og:image:type\" content=\"image\/png\" \/>\n<meta name=\"twitter:card\" content=\"summary_large_image\" \/>\n<meta name=\"twitter:label1\" content=\"Est. reading time\" \/>\n\t<meta name=\"twitter:data1\" content=\"3 minutit\" \/>\n<script type=\"application\/ld+json\" class=\"yoast-schema-graph\">{\"@context\":\"https:\\\/\\\/schema.org\",\"@graph\":[{\"@type\":\"WebPage\",\"@id\":\"https:\\\/\\\/www.nomme.ee\\\/valdeku-noortekeskus\\\/kalender\\\/lauamangu-linnalaager\\\/\",\"url\":\"https:\\\/\\\/www.nomme.ee\\\/valdeku-noortekeskus\\\/kalender\\\/lauamangu-linnalaager\\\/\",\"name\":\"Lauam\u00e4ngu linnalaager &#8211; Valdeku noortekeskus\",\"isPartOf\":{\"@id\":\"https:\\\/\\\/www.nomme.ee\\\/valdeku-noortekeskus\\\/#website\"},\"primaryImageOfPage\":{\"@id\":\"https:\\\/\\\/www.nomme.ee\\\/valdeku-noortekeskus\\\/kalender\\\/lauamangu-linnalaager\\\/#primaryimage\"},\"image\":{\"@id\":\"https:\\\/\\\/www.nomme.ee\\\/valdeku-noortekeskus\\\/kalender\\\/lauamangu-linnalaager\\\/#primaryimage\"},\"thumbnailUrl\":\"https:\\\/\\\/www.nomme.ee\\\/valdeku-noortekeskus\\\/wp-content\\\/uploads\\\/sites\\\/3\\\/2024\\\/04\\\/lauamangu-linnalaager-IG.png\",\"datePublished\":\"2024-04-26T14:33:22+00:00\",\"dateModified\":\"2024-08-01T08:03:16+00:00\",\"breadcrumb\":{\"@id\":\"https:\\\/\\\/www.nomme.ee\\\/valdeku-noortekeskus\\\/kalender\\\/lauamangu-linnalaager\\\/#breadcrumb\"},\"inLanguage\":\"et\",\"potentialAction\":[{\"@type\":\"ReadAction\",\"target\":[\"https:\\\/\\\/www.nomme.ee\\\/valdeku-noortekeskus\\\/kalender\\\/lauamangu-linnalaager\\\/\"]}]},{\"@type\":\"ImageObject\",\"inLanguage\":\"et\",\"@id\":\"https:\\\/\\\/www.nomme.ee\\\/valdeku-noortekeskus\\\/kalender\\\/lauamangu-linnalaager\\\/#primaryimage\",\"url\":\"https:\\\/\\\/www.nomme.ee\\\/valdeku-noortekeskus\\\/wp-content\\\/uploads\\\/sites\\\/3\\\/2024\\\/04\\\/lauamangu-linnalaager-IG.png\",\"contentUrl\":\"https:\\\/\\\/www.nomme.ee\\\/valdeku-noortekeskus\\\/wp-content\\\/uploads\\\/sites\\\/3\\\/2024\\\/04\\\/lauamangu-linnalaager-IG.png\",\"width\":1080,\"height\":1080},{\"@type\":\"BreadcrumbList\",\"@id\":\"https:\\\/\\\/www.nomme.ee\\\/valdeku-noortekeskus\\\/kalender\\\/lauamangu-linnalaager\\\/#breadcrumb\",\"itemListElement\":[{\"@type\":\"ListItem\",\"position\":1,\"name\":\"N\u00f5mme Vaba Aja Keskus\",\"item\":\"https:\\\/\\\/www.nomme.ee\"},{\"@type\":\"ListItem\",\"position\":2,\"name\":\"Valdeku noortekeskus\",\"item\":\"https:\\\/\\\/www.nomme.ee\\\/valdeku-noortekeskus\\\/\"},{\"@type\":\"ListItem\",\"position\":3,\"name\":\"S\u00fcndmused\",\"item\":\"https:\\\/\\\/www.nomme.ee\\\/valdeku-noortekeskus\\\/kalender\\\/\"},{\"@type\":\"ListItem\",\"position\":4,\"name\":\"Lauam\u00e4ngu linnalaager\"}]},{\"@type\":\"WebSite\",\"@id\":\"https:\\\/\\\/www.nomme.ee\\\/valdeku-noortekeskus\\\/#website\",\"url\":\"https:\\\/\\\/www.nomme.ee\\\/valdeku-noortekeskus\\\/\",\"name\":\"Valdeku noortekeskus\",\"description\":\"\",\"potentialAction\":[{\"@type\":\"SearchAction\",\"target\":{\"@type\":\"EntryPoint\",\"urlTemplate\":\"https:\\\/\\\/www.nomme.ee\\\/valdeku-noortekeskus\\\/?s={search_term_string}\"},\"query-input\":{\"@type\":\"PropertyValueSpecification\",\"valueRequired\":true,\"valueName\":\"search_term_string\"}}],\"inLanguage\":\"et\"}]}<\/script>\n<!-- \/ Yoast SEO plugin. -->","yoast_head_json":{"title":"Lauam\u00e4ngu linnalaager &#8211; Valdeku noortekeskus","robots":{"index":"index","follow":"follow","max-snippet":"max-snippet:-1","max-image-preview":"max-image-preview:large","max-video-preview":"max-video-preview:-1"},"canonical":"https:\/\/www.nomme.ee\/valdeku-noortekeskus\/kalender\/lauamangu-linnalaager\/","og_locale":"et_EE","og_type":"article","og_title":"Lauam\u00e4ngu linnalaager &#8211; Valdeku noortekeskus","og_description":"Registreerimine avatud kuni p\u00fchap\u00e4ev 4.08 16.00! Laagri eesm\u00e4rk on pakkuda v\u00e4ljundit lauam\u00e4nguhuvilistele, tutvustada rahulikumat meetodit aktiivsemate tegevuste vahel aja veetmiseks. \u00d5pime uusi m\u00e4nge, kutsume k\u00fclalisi lauam\u00e4ngu kogukonnast ja teeme muud p\u00f5nevat. Laager on suunatud vanusele 10+ ja kohti jagub 25-le lauam\u00e4nguhuvilisele. Teame praegu juba kindlaid laagrikuup\u00e4evi, milleks on: 5.08-9.08\u00a0 Laager on tasuline ja programmi selgudes [&hellip;]","og_url":"https:\/\/www.nomme.ee\/valdeku-noortekeskus\/kalender\/lauamangu-linnalaager\/","og_site_name":"Valdeku noortekeskus","article_modified_time":"2024-08-01T08:03:16+00:00","og_image":[{"width":1080,"height":1080,"url":"https:\/\/www.nomme.ee\/valdeku-noortekeskus\/wp-content\/uploads\/sites\/3\/2024\/04\/lauamangu-linnalaager-IG.png","type":"image\/png"}],"twitter_card":"summary_large_image","twitter_misc":{"Est. reading time":"3 minutit"},"schema":{"@context":"https:\/\/schema.org","@graph":[{"@type":"WebPage","@id":"https:\/\/www.nomme.ee\/valdeku-noortekeskus\/kalender\/lauamangu-linnalaager\/","url":"https:\/\/www.nomme.ee\/valdeku-noortekeskus\/kalender\/lauamangu-linnalaager\/","name":"Lauam\u00e4ngu linnalaager &#8211; Valdeku noortekeskus","isPartOf":{"@id":"https:\/\/www.nomme.ee\/valdeku-noortekeskus\/#website"},"primaryImageOfPage":{"@id":"https:\/\/www.nomme.ee\/valdeku-noortekeskus\/kalender\/lauamangu-linnalaager\/#primaryimage"},"image":{"@id":"https:\/\/www.nomme.ee\/valdeku-noortekeskus\/kalender\/lauamangu-linnalaager\/#primaryimage"},"thumbnailUrl":"https:\/\/www.nomme.ee\/valdeku-noortekeskus\/wp-content\/uploads\/sites\/3\/2024\/04\/lauamangu-linnalaager-IG.png","datePublished":"2024-04-26T14:33:22+00:00","dateModified":"2024-08-01T08:03:16+00:00","breadcrumb":{"@id":"https:\/\/www.nomme.ee\/valdeku-noortekeskus\/kalender\/lauamangu-linnalaager\/#breadcrumb"},"inLanguage":"et","potentialAction":[{"@type":"ReadAction","target":["https:\/\/www.nomme.ee\/valdeku-noortekeskus\/kalender\/lauamangu-linnalaager\/"]}]},{"@type":"ImageObject","inLanguage":"et","@id":"https:\/\/www.nomme.ee\/valdeku-noortekeskus\/kalender\/lauamangu-linnalaager\/#primaryimage","url":"https:\/\/www.nomme.ee\/valdeku-noortekeskus\/wp-content\/uploads\/sites\/3\/2024\/04\/lauamangu-linnalaager-IG.png","contentUrl":"https:\/\/www.nomme.ee\/valdeku-noortekeskus\/wp-content\/uploads\/sites\/3\/2024\/04\/lauamangu-linnalaager-IG.png","width":1080,"height":1080},{"@type":"BreadcrumbList","@id":"https:\/\/www.nomme.ee\/valdeku-noortekeskus\/kalender\/lauamangu-linnalaager\/#breadcrumb","itemListElement":[{"@type":"ListItem","position":1,"name":"N\u00f5mme Vaba Aja Keskus","item":"https:\/\/www.nomme.ee"},{"@type":"ListItem","position":2,"name":"Valdeku noortekeskus","item":"https:\/\/www.nomme.ee\/valdeku-noortekeskus\/"},{"@type":"ListItem","position":3,"name":"S\u00fcndmused","item":"https:\/\/www.nomme.ee\/valdeku-noortekeskus\/kalender\/"},{"@type":"ListItem","position":4,"name":"Lauam\u00e4ngu linnalaager"}]},{"@type":"WebSite","@id":"https:\/\/www.nomme.ee\/valdeku-noortekeskus\/#website","url":"https:\/\/www.nomme.ee\/valdeku-noortekeskus\/","name":"Valdeku noortekeskus","description":"","potentialAction":[{"@type":"SearchAction","target":{"@type":"EntryPoint","urlTemplate":"https:\/\/www.nomme.ee\/valdeku-noortekeskus\/?s={search_term_string}"},"query-input":{"@type":"PropertyValueSpecification","valueRequired":true,"valueName":"search_term_string"}}],"inLanguage":"et"}]}},"_links":{"self":[{"href":"https:\/\/www.nomme.ee\/valdeku-noortekeskus\/wp-json\/wp\/v2\/kalender\/1352","targetHints":{"allow":["GET"]}}],"collection":[{"href":"https:\/\/www.nomme.ee\/valdeku-noortekeskus\/wp-json\/wp\/v2\/kalender"}],"about":[{"href":"https:\/\/www.nomme.ee\/valdeku-noortekeskus\/wp-json\/wp\/v2\/types\/kalender"}],"version-history":[{"count":11,"href":"https:\/\/www.nomme.ee\/valdeku-noortekeskus\/wp-json\/wp\/v2\/kalender\/1352\/revisions"}],"predecessor-version":[{"id":1492,"href":"https:\/\/www.nomme.ee\/valdeku-noortekeskus\/wp-json\/wp\/v2\/kalender\/1352\/revisions\/1492"}],"wp:featuredmedia":[{"embeddable":true,"href":"https:\/\/www.nomme.ee\/valdeku-noortekeskus\/wp-json\/wp\/v2\/media\/1483"}],"wp:attachment":[{"href":"https:\/\/www.nomme.ee\/valdeku-noortekeskus\/wp-json\/wp\/v2\/media?parent=1352"}],"wp:term":[{"taxonomy":"kalender_kategooria","embeddable":true,"href":"https:\/\/www.nomme.ee\/valdeku-noortekeskus\/wp-json\/wp\/v2\/kalender_kategooria?post=1352"}],"curies":[{"name":"wp","href":"https:\/\/api.w.org\/{rel}","templated":true}]}}