{"id":1358,"date":"2024-04-26T14:44:18","date_gmt":"2024-04-26T14:44:18","guid":{"rendered":"https:\/\/www.nomme.ee\/valdeku-noortekeskus\/?post_type=kalender&#038;p=1358"},"modified":"2024-08-01T09:53:16","modified_gmt":"2024-08-01T09:53:16","slug":"keskkonnahoiu-linnalaager","status":"publish","type":"kalender","link":"https:\/\/www.nomme.ee\/valdeku-noortekeskus\/kalender\/keskkonnahoiu-linnalaager\/","title":{"rendered":"Keskkonnahoiu linnalaager"},"content":{"rendered":"<p><span style=\"color: #ff6600\"><strong>Registreerimine avatud kuni reede 9.08 16.00!<\/strong><\/span><\/p>\n<p><span class=\"ui-provider a b c d e f g h i j k l m n o p q r s t u v w x y z ab ac ae af ag ah ai aj ak\" dir=\"ltr\"><p class=\"editor-content__cta\"><a class=\"main-btn\" target=\"_self\" href=\"https:\/\/forms.office.com\/e\/F0f2ntXf4d\">Registreeri end laagrisse siin! <\/a><\/p><\/span><\/p>\n<p><span class=\"TextRun SCXW191213590 BCX8\" lang=\"ET-EE\" xml:lang=\"ET-EE\" data-contrast=\"none\"><span class=\"NormalTextRun SCXW191213590 BCX8\">Anname endast parima, et linnalaagris<\/span> <span class=\"NormalTextRun SCXW191213590 BCX8\">osalenud<\/span> <span class=\"NormalTextRun SCXW191213590 BCX8\">noortel<\/span><span class=\"NormalTextRun SCXW191213590 BCX8\">\u00a0on <\/span><span class=\"NormalTextRun SCXW191213590 BCX8\">k\u00f5rgem<\/span> <span class=\"NormalTextRun SCXW191213590 BCX8\">keskkonnateadlikkus<\/span><span class=\"NormalTextRun SCXW191213590 BCX8\"> ja nad <\/span><span class=\"NormalTextRun SCXW191213590 BCX8\">hoolivad<\/span> <span class=\"NormalTextRun SCXW191213590 BCX8\">keskkonnast laiemalt<\/span><span class=\"NormalTextRun SCXW191213590 BCX8\">. <\/span><span class=\"NormalTextRun SCXW191213590 BCX8\">Nad<\/span> <span class=\"NormalTextRun SCXW191213590 BCX8\">teavad<\/span><span class=\"NormalTextRun SCXW191213590 BCX8\">, <\/span><span class=\"NormalTextRun SCXW191213590 BCX8\">kuidas<\/span> <span class=\"NormalTextRun SCXW191213590 BCX8\">elada<\/span> <span class=\"NormalTextRun SCXW191213590 BCX8\">ressursis\u00e4\u00e4stlikult<\/span><span class=\"NormalTextRun SCXW191213590 BCX8\"> ja milline <\/span><span class=\"NormalTextRun SCXW191213590 BCX8\">tarbimine<\/span> <span class=\"NormalTextRun SCXW191213590 BCX8\">p\u00f5hineb<\/span> <span class=\"NormalTextRun SCXW191213590 BCX8\">ringmajanduse<\/span> <span class=\"NormalTextRun SCXW191213590 BCX8\">p\u00f5him\u00f5tetel<\/span><span class=\"NormalTextRun SCXW191213590 BCX8\">. <\/span><\/span><\/p>\n<p><span class=\"TextRun SCXW191213590 BCX8\" lang=\"ET-EE\" xml:lang=\"ET-EE\" data-contrast=\"none\">Laagris <span class=\"NormalTextRun SCXW191213590 BCX8\">viime<\/span> <span class=\"NormalTextRun SCXW191213590 BCX8\">l\u00e4bi<\/span> <span class=\"NormalTextRun SCXW191213590 BCX8\">t\u00f6\u00f6tubasid ning<\/span><span class=\"NormalTextRun SCXW191213590 BCX8\">\u00a0<\/span><span class=\"NormalTextRun SCXW191213590 BCX8\">kutsume<\/span> <span class=\"NormalTextRun SCXW191213590 BCX8\">k\u00fclalisi<\/span><span class=\"NormalTextRun SCXW191213590 BCX8\">, <\/span><span class=\"NormalTextRun SCXW191213590 BCX8\">kes<\/span> <span class=\"NormalTextRun SCXW191213590 BCX8\">aitavad<\/span> <span class=\"NormalTextRun SCXW191213590 BCX8\">noortel<\/span> <span class=\"NormalTextRun SCXW191213590 BCX8\">m\u00f5ista<\/span><span class=\"NormalTextRun SCXW191213590 BCX8\"> ja <\/span><span class=\"NormalTextRun SCXW191213590 BCX8\">m\u00f5testada<\/span> <span class=\"NormalTextRun SCXW191213590 BCX8\">keskkonnas\u00e4\u00e4stlikku<\/span> <span class=\"NormalTextRun SCXW191213590 BCX8\">eluviisi<\/span><span class=\"NormalTextRun SCXW191213590 BCX8\">.<\/span><\/span><span class=\"LineBreakBlob BlobObject DragDrop SCXW191213590 BCX8\"><span class=\"SCXW191213590 BCX8\"> Laagri viimasel p\u00e4eval toimuvad meelelahutuslikud tegevused.<\/span><\/span><span class=\"LineBreakBlob BlobObject DragDrop SCXW191213590 BCX8\"><br class=\"SCXW191213590 BCX8\" \/><\/span><\/p>\n<p>Laager on suunatud vanusele\u00a0<strong>10+<\/strong>\u00a0ja kohti jagub\u00a0<strong>25-le keskkonnahuvilisele<\/strong>. Teame praegu juba kindlaid laagrikuup\u00e4evi, milleks on: <strong><span class=\"TextRun SCXW175170961 BCX8\" lang=\"ET-EE\" xml:lang=\"ET-EE\" data-contrast=\"none\"><span class=\"NormalTextRun SCXW175170961 BCX8\">12.08-16.08.<\/span><\/span><\/strong><\/p>\n<p>Laager on tasuline ja programmi kinnitamisel v\u00f5ib selle hind muutuda. Tegevused algavad ja l\u00f5ppevad iga p\u00e4ev Valdeku Noortekeskuses ja hinna sees on kogu laagriprogramm ja iga p\u00e4eva l\u00f5una. Laagrit juhendavad Valdeku Noortekeskuse noorsoot\u00f6\u00f6tajad ja v\u00e4lisvabatahtlik. Linnalaagri programmi sisse ei kuulu \u00f6\u00f6bimine.<\/p>\n<p>Linnalaagri esialgne plaan (t\u00e4pne plaan kinnitatakse augusti alguseks):<\/p>\n<p><strong>Esmasp\u00e4ev (12.08)<\/strong><\/p>\n<p>Tutvumine, laagrikokkulepete tegemine, \u00fchine s\u00f6\u00f6givalmistamine ja laagrisse sisseelamine.<\/p>\n<p><strong>Teisip\u00e4ev (13.08)<\/strong><\/p>\n<p>K\u00fclas Noorte Keskkonna\u00fchisus. Teemaks tulevikutoit.<\/p>\n<p>Mondo Maailmakooli t\u00f6\u00f6tuba &#8220;K\u00fcla ehitamine&#8221;.<\/p>\n<p><strong>Kolmap\u00e4ev (14.08)<\/strong><\/p>\n<p>K\u00fclas MT\u00dc Aarete Laegas. Teemaks taaskasutus.<\/p>\n<p>K\u00fclas Tootjavastutusorganisatsioon TVO. Teemaks pr\u00fcgi sorteerimine ja improteater.<\/p>\n<p><strong>Neljap\u00e4ev (15.08)<\/strong><\/p>\n<p>K\u00fclas Rotazion. Teemaks asjade \u00fchiskasutus ja tarbimise v\u00e4hendamine.<\/p>\n<p>Potiaianduse t\u00f6\u00f6tuba noorsoot\u00f6\u00f6taja Roulaga.<\/p>\n<p><strong>Reede (16.08)<\/strong><\/p>\n<p>Laagri tagasisidestamine, kokkuv\u00f5tted ja laagril\u00f5pupidu.<\/p>\n<p>&nbsp;<\/p>\n<p>Kui oled laagrist kindlasti huvitatud ja soovid lisainfot, siis kirjuta:<strong>\u00a0evely.pajula@nomme.ee<\/strong><\/p>\n<p>Eelmise aasta keskkonnateemaline laager videopildis:<\/p>\n<p><span class=\"ui-provider a b c d e f g h i j k l m n o p q r s t u v w x y z ab ac ae af ag ah ai aj ak\" dir=\"ltr\"><p class=\"editor-content__cta\"><a class=\"main-btn\" target=\"_self\" href=\"https:\/\/www.instagram.com\/p\/Cvo_VVxNT8v\/\">Vaata eelmise aasta keskkonnahoiu laagrit siin<\/a><\/p><\/span><\/p>\n<p><em>Valdeku Noortekeskus pakub avatud noortekeskuse teenust ja on oma tegevuses spetsialiseerunud lauam\u00e4ngudele. Muuhulgas oleme alati oluliseks pidanud keskkonna heaks tegutsemist. Meie m\u00f5tteid sel teemal leiad kindlasti meie blogist:<\/em><\/p>\n<p><span class=\"ui-provider a b c d e f g h i j k l m n o p q r s t u v w x y z ab ac ae af ag ah ai aj ak\" dir=\"ltr\"><p class=\"editor-content__cta\"><a class=\"main-btn\" target=\"_self\" href=\"https:\/\/www.nomme.ee\/valdeku-noortekeskus\/blogi\/\">Meie blogi<\/a><\/p><\/span><\/p>\n","protected":false},"featured_media":1488,"template":"","kalender_kategooria":[],"class_list":["post-1358","kalender","type-kalender","status-publish","has-post-thumbnail","hentry"],"acf":[],"yoast_head":"<!-- This site is optimized with the Yoast SEO plugin v27.5 - https:\/\/yoast.com\/product\/yoast-seo-wordpress\/ -->\n<title>Keskkonnahoiu linnalaager &#8211; Valdeku noortekeskus<\/title>\n<meta name=\"robots\" content=\"index, follow, max-snippet:-1, max-image-preview:large, max-video-preview:-1\" \/>\n<link rel=\"canonical\" href=\"https:\/\/www.nomme.ee\/valdeku-noortekeskus\/kalender\/keskkonnahoiu-linnalaager\/\" \/>\n<meta property=\"og:locale\" content=\"et_EE\" \/>\n<meta property=\"og:type\" content=\"article\" \/>\n<meta property=\"og:title\" content=\"Keskkonnahoiu linnalaager &#8211; Valdeku noortekeskus\" \/>\n<meta property=\"og:description\" content=\"Registreerimine avatud kuni reede 9.08 16.00! Anname endast parima, et linnalaagris osalenud noortel\u00a0on k\u00f5rgem keskkonnateadlikkus ja nad hoolivad keskkonnast laiemalt. Nad teavad, kuidas elada ressursis\u00e4\u00e4stlikult ja milline tarbimine p\u00f5hineb ringmajanduse p\u00f5him\u00f5tetel. Laagris viime l\u00e4bi t\u00f6\u00f6tubasid ning\u00a0kutsume k\u00fclalisi, kes aitavad noortel m\u00f5ista ja m\u00f5testada keskkonnas\u00e4\u00e4stlikku eluviisi. Laagri viimasel p\u00e4eval toimuvad meelelahutuslikud tegevused. Laager on suunatud vanusele\u00a010+\u00a0ja [&hellip;]\" \/>\n<meta property=\"og:url\" content=\"https:\/\/www.nomme.ee\/valdeku-noortekeskus\/kalender\/keskkonnahoiu-linnalaager\/\" \/>\n<meta property=\"og:site_name\" content=\"Valdeku noortekeskus\" \/>\n<meta property=\"article:modified_time\" content=\"2024-08-01T09:53:16+00:00\" \/>\n<meta property=\"og:image\" content=\"https:\/\/www.nomme.ee\/valdeku-noortekeskus\/wp-content\/uploads\/sites\/3\/2024\/04\/Keskkonnahoiu-linnalaager-IG.png\" \/>\n\t<meta property=\"og:image:width\" content=\"1080\" \/>\n\t<meta property=\"og:image:height\" content=\"1080\" \/>\n\t<meta property=\"og:image:type\" content=\"image\/png\" \/>\n<meta name=\"twitter:card\" content=\"summary_large_image\" \/>\n<meta name=\"twitter:label1\" content=\"Est. reading time\" \/>\n\t<meta name=\"twitter:data1\" content=\"2 minutit\" \/>\n<script type=\"application\/ld+json\" class=\"yoast-schema-graph\">{\"@context\":\"https:\\\/\\\/schema.org\",\"@graph\":[{\"@type\":\"WebPage\",\"@id\":\"https:\\\/\\\/www.nomme.ee\\\/valdeku-noortekeskus\\\/kalender\\\/keskkonnahoiu-linnalaager\\\/\",\"url\":\"https:\\\/\\\/www.nomme.ee\\\/valdeku-noortekeskus\\\/kalender\\\/keskkonnahoiu-linnalaager\\\/\",\"name\":\"Keskkonnahoiu linnalaager &#8211; Valdeku noortekeskus\",\"isPartOf\":{\"@id\":\"https:\\\/\\\/www.nomme.ee\\\/valdeku-noortekeskus\\\/#website\"},\"primaryImageOfPage\":{\"@id\":\"https:\\\/\\\/www.nomme.ee\\\/valdeku-noortekeskus\\\/kalender\\\/keskkonnahoiu-linnalaager\\\/#primaryimage\"},\"image\":{\"@id\":\"https:\\\/\\\/www.nomme.ee\\\/valdeku-noortekeskus\\\/kalender\\\/keskkonnahoiu-linnalaager\\\/#primaryimage\"},\"thumbnailUrl\":\"https:\\\/\\\/www.nomme.ee\\\/valdeku-noortekeskus\\\/wp-content\\\/uploads\\\/sites\\\/3\\\/2024\\\/04\\\/Keskkonnahoiu-linnalaager-IG.png\",\"datePublished\":\"2024-04-26T14:44:18+00:00\",\"dateModified\":\"2024-08-01T09:53:16+00:00\",\"breadcrumb\":{\"@id\":\"https:\\\/\\\/www.nomme.ee\\\/valdeku-noortekeskus\\\/kalender\\\/keskkonnahoiu-linnalaager\\\/#breadcrumb\"},\"inLanguage\":\"et\",\"potentialAction\":[{\"@type\":\"ReadAction\",\"target\":[\"https:\\\/\\\/www.nomme.ee\\\/valdeku-noortekeskus\\\/kalender\\\/keskkonnahoiu-linnalaager\\\/\"]}]},{\"@type\":\"ImageObject\",\"inLanguage\":\"et\",\"@id\":\"https:\\\/\\\/www.nomme.ee\\\/valdeku-noortekeskus\\\/kalender\\\/keskkonnahoiu-linnalaager\\\/#primaryimage\",\"url\":\"https:\\\/\\\/www.nomme.ee\\\/valdeku-noortekeskus\\\/wp-content\\\/uploads\\\/sites\\\/3\\\/2024\\\/04\\\/Keskkonnahoiu-linnalaager-IG.png\",\"contentUrl\":\"https:\\\/\\\/www.nomme.ee\\\/valdeku-noortekeskus\\\/wp-content\\\/uploads\\\/sites\\\/3\\\/2024\\\/04\\\/Keskkonnahoiu-linnalaager-IG.png\",\"width\":1080,\"height\":1080},{\"@type\":\"BreadcrumbList\",\"@id\":\"https:\\\/\\\/www.nomme.ee\\\/valdeku-noortekeskus\\\/kalender\\\/keskkonnahoiu-linnalaager\\\/#breadcrumb\",\"itemListElement\":[{\"@type\":\"ListItem\",\"position\":1,\"name\":\"N\u00f5mme Vaba Aja Keskus\",\"item\":\"https:\\\/\\\/www.nomme.ee\"},{\"@type\":\"ListItem\",\"position\":2,\"name\":\"Valdeku noortekeskus\",\"item\":\"https:\\\/\\\/www.nomme.ee\\\/valdeku-noortekeskus\\\/\"},{\"@type\":\"ListItem\",\"position\":3,\"name\":\"S\u00fcndmused\",\"item\":\"https:\\\/\\\/www.nomme.ee\\\/valdeku-noortekeskus\\\/kalender\\\/\"},{\"@type\":\"ListItem\",\"position\":4,\"name\":\"Keskkonnahoiu linnalaager\"}]},{\"@type\":\"WebSite\",\"@id\":\"https:\\\/\\\/www.nomme.ee\\\/valdeku-noortekeskus\\\/#website\",\"url\":\"https:\\\/\\\/www.nomme.ee\\\/valdeku-noortekeskus\\\/\",\"name\":\"Valdeku noortekeskus\",\"description\":\"\",\"potentialAction\":[{\"@type\":\"SearchAction\",\"target\":{\"@type\":\"EntryPoint\",\"urlTemplate\":\"https:\\\/\\\/www.nomme.ee\\\/valdeku-noortekeskus\\\/?s={search_term_string}\"},\"query-input\":{\"@type\":\"PropertyValueSpecification\",\"valueRequired\":true,\"valueName\":\"search_term_string\"}}],\"inLanguage\":\"et\"}]}<\/script>\n<!-- \/ Yoast SEO plugin. -->","yoast_head_json":{"title":"Keskkonnahoiu linnalaager &#8211; Valdeku noortekeskus","robots":{"index":"index","follow":"follow","max-snippet":"max-snippet:-1","max-image-preview":"max-image-preview:large","max-video-preview":"max-video-preview:-1"},"canonical":"https:\/\/www.nomme.ee\/valdeku-noortekeskus\/kalender\/keskkonnahoiu-linnalaager\/","og_locale":"et_EE","og_type":"article","og_title":"Keskkonnahoiu linnalaager &#8211; Valdeku noortekeskus","og_description":"Registreerimine avatud kuni reede 9.08 16.00! Anname endast parima, et linnalaagris osalenud noortel\u00a0on k\u00f5rgem keskkonnateadlikkus ja nad hoolivad keskkonnast laiemalt. Nad teavad, kuidas elada ressursis\u00e4\u00e4stlikult ja milline tarbimine p\u00f5hineb ringmajanduse p\u00f5him\u00f5tetel. Laagris viime l\u00e4bi t\u00f6\u00f6tubasid ning\u00a0kutsume k\u00fclalisi, kes aitavad noortel m\u00f5ista ja m\u00f5testada keskkonnas\u00e4\u00e4stlikku eluviisi. Laagri viimasel p\u00e4eval toimuvad meelelahutuslikud tegevused. Laager on suunatud vanusele\u00a010+\u00a0ja [&hellip;]","og_url":"https:\/\/www.nomme.ee\/valdeku-noortekeskus\/kalender\/keskkonnahoiu-linnalaager\/","og_site_name":"Valdeku noortekeskus","article_modified_time":"2024-08-01T09:53:16+00:00","og_image":[{"width":1080,"height":1080,"url":"https:\/\/www.nomme.ee\/valdeku-noortekeskus\/wp-content\/uploads\/sites\/3\/2024\/04\/Keskkonnahoiu-linnalaager-IG.png","type":"image\/png"}],"twitter_card":"summary_large_image","twitter_misc":{"Est. reading time":"2 minutit"},"schema":{"@context":"https:\/\/schema.org","@graph":[{"@type":"WebPage","@id":"https:\/\/www.nomme.ee\/valdeku-noortekeskus\/kalender\/keskkonnahoiu-linnalaager\/","url":"https:\/\/www.nomme.ee\/valdeku-noortekeskus\/kalender\/keskkonnahoiu-linnalaager\/","name":"Keskkonnahoiu linnalaager &#8211; Valdeku noortekeskus","isPartOf":{"@id":"https:\/\/www.nomme.ee\/valdeku-noortekeskus\/#website"},"primaryImageOfPage":{"@id":"https:\/\/www.nomme.ee\/valdeku-noortekeskus\/kalender\/keskkonnahoiu-linnalaager\/#primaryimage"},"image":{"@id":"https:\/\/www.nomme.ee\/valdeku-noortekeskus\/kalender\/keskkonnahoiu-linnalaager\/#primaryimage"},"thumbnailUrl":"https:\/\/www.nomme.ee\/valdeku-noortekeskus\/wp-content\/uploads\/sites\/3\/2024\/04\/Keskkonnahoiu-linnalaager-IG.png","datePublished":"2024-04-26T14:44:18+00:00","dateModified":"2024-08-01T09:53:16+00:00","breadcrumb":{"@id":"https:\/\/www.nomme.ee\/valdeku-noortekeskus\/kalender\/keskkonnahoiu-linnalaager\/#breadcrumb"},"inLanguage":"et","potentialAction":[{"@type":"ReadAction","target":["https:\/\/www.nomme.ee\/valdeku-noortekeskus\/kalender\/keskkonnahoiu-linnalaager\/"]}]},{"@type":"ImageObject","inLanguage":"et","@id":"https:\/\/www.nomme.ee\/valdeku-noortekeskus\/kalender\/keskkonnahoiu-linnalaager\/#primaryimage","url":"https:\/\/www.nomme.ee\/valdeku-noortekeskus\/wp-content\/uploads\/sites\/3\/2024\/04\/Keskkonnahoiu-linnalaager-IG.png","contentUrl":"https:\/\/www.nomme.ee\/valdeku-noortekeskus\/wp-content\/uploads\/sites\/3\/2024\/04\/Keskkonnahoiu-linnalaager-IG.png","width":1080,"height":1080},{"@type":"BreadcrumbList","@id":"https:\/\/www.nomme.ee\/valdeku-noortekeskus\/kalender\/keskkonnahoiu-linnalaager\/#breadcrumb","itemListElement":[{"@type":"ListItem","position":1,"name":"N\u00f5mme Vaba Aja Keskus","item":"https:\/\/www.nomme.ee"},{"@type":"ListItem","position":2,"name":"Valdeku noortekeskus","item":"https:\/\/www.nomme.ee\/valdeku-noortekeskus\/"},{"@type":"ListItem","position":3,"name":"S\u00fcndmused","item":"https:\/\/www.nomme.ee\/valdeku-noortekeskus\/kalender\/"},{"@type":"ListItem","position":4,"name":"Keskkonnahoiu linnalaager"}]},{"@type":"WebSite","@id":"https:\/\/www.nomme.ee\/valdeku-noortekeskus\/#website","url":"https:\/\/www.nomme.ee\/valdeku-noortekeskus\/","name":"Valdeku noortekeskus","description":"","potentialAction":[{"@type":"SearchAction","target":{"@type":"EntryPoint","urlTemplate":"https:\/\/www.nomme.ee\/valdeku-noortekeskus\/?s={search_term_string}"},"query-input":{"@type":"PropertyValueSpecification","valueRequired":true,"valueName":"search_term_string"}}],"inLanguage":"et"}]}},"_links":{"self":[{"href":"https:\/\/www.nomme.ee\/valdeku-noortekeskus\/wp-json\/wp\/v2\/kalender\/1358","targetHints":{"allow":["GET"]}}],"collection":[{"href":"https:\/\/www.nomme.ee\/valdeku-noortekeskus\/wp-json\/wp\/v2\/kalender"}],"about":[{"href":"https:\/\/www.nomme.ee\/valdeku-noortekeskus\/wp-json\/wp\/v2\/types\/kalender"}],"version-history":[{"count":10,"href":"https:\/\/www.nomme.ee\/valdeku-noortekeskus\/wp-json\/wp\/v2\/kalender\/1358\/revisions"}],"predecessor-version":[{"id":1493,"href":"https:\/\/www.nomme.ee\/valdeku-noortekeskus\/wp-json\/wp\/v2\/kalender\/1358\/revisions\/1493"}],"wp:featuredmedia":[{"embeddable":true,"href":"https:\/\/www.nomme.ee\/valdeku-noortekeskus\/wp-json\/wp\/v2\/media\/1488"}],"wp:attachment":[{"href":"https:\/\/www.nomme.ee\/valdeku-noortekeskus\/wp-json\/wp\/v2\/media?parent=1358"}],"wp:term":[{"taxonomy":"kalender_kategooria","embeddable":true,"href":"https:\/\/www.nomme.ee\/valdeku-noortekeskus\/wp-json\/wp\/v2\/kalender_kategooria?post=1358"}],"curies":[{"name":"wp","href":"https:\/\/api.w.org\/{rel}","templated":true}]}}