{"id":1430,"date":"2024-05-28T06:13:03","date_gmt":"2024-05-28T06:13:03","guid":{"rendered":"https:\/\/www.nomme.ee\/valdeku-noortekeskus\/?post_type=kalender&#038;p=1430"},"modified":"2024-05-28T06:13:21","modified_gmt":"2024-05-28T06:13:21","slug":"lastekaitsepaeva-lauamangupaev","status":"publish","type":"kalender","link":"https:\/\/www.nomme.ee\/valdeku-noortekeskus\/kalender\/lastekaitsepaeva-lauamangupaev\/","title":{"rendered":"Lastekaitsep\u00e4eva lauam\u00e4ngup\u00e4ev"},"content":{"rendered":"<p>Laup\u00e4eval, 1. juunil t\u00e4histatakse rahvusvahelist lastekaitsep\u00e4eva. \u00dchtlasi t\u00e4histatakse samal p\u00e4eval ka rahvusvahelist lauam\u00e4ngude p\u00e4eva. Meil on hea meel need kaks omavahel kokku liita ning kutsuda k\u00f5iki vahemikus kell 12-18 Valdeku Noortekeskusesse lastekaitsep\u00e4eva lauam\u00e4ngup\u00e4evale.\u00a0<span style=\"color: #ff6600;\"><strong><a style=\"color: #ff6600;\" href=\"https:\/\/www.facebook.com\/events\/1473060906636802\">Facebooki \u00fcritus.<\/a><\/strong><\/span><\/p>\n<p>Kui tavap\u00e4raselt on noortekeskus avatud 7-26a. noortele, siis lauam\u00e4ngup\u00e4ev on m\u00f5eldud kogu kogukonnale ning hea v\u00f5imalus \u00fchiselt aega veeta nii suurematel kui ka v\u00e4iksematel lauam\u00e4nguhuvilistel. Tule ise ja kutsu kaasa vanemad, vanavanemad, s\u00f5brad, tuttavad.<br \/>\nNoortekeskuse lauam\u00e4nguriiulitelt leiab koguni 118 erinevat lauam\u00e4ngu, mille vabalt lauale v\u00f5tta saab ja millest enamikku ka meie noorsoot\u00f6\u00f6tajad \u00f5petada oskavad. <span style=\"color: #ff6600;\"><strong><a style=\"color: #ff6600;\" href=\"http:\/\/boardgamegeek.com\/collection\/user\/Valdeku13\">Nimekiri noortekeskuse lauam\u00e4ngudest<\/a><\/strong><\/span><\/p>\n<p>Kuid miks mitte v\u00f5tta hoopis kaasa m\u00f5ni m\u00e4ng oma kodust, mida teistele ka \u00f5petada saad.<br \/>\nPaneme enda poolt lauale ka kindlasti parasjagu n\u00e4ksimist, et t\u00fchja k\u00f5hu p\u00e4rast \u00fckski m\u00e4ng pooleli ei peaks j\u00e4\u00e4ma. Kohtumiseni juba laup\u00e4eval!<\/p>\n","protected":false},"featured_media":1431,"template":"","kalender_kategooria":[],"class_list":["post-1430","kalender","type-kalender","status-publish","has-post-thumbnail","hentry"],"acf":[],"yoast_head":"<!-- This site is optimized with the Yoast SEO plugin v27.5 - https:\/\/yoast.com\/product\/yoast-seo-wordpress\/ -->\n<title>Lastekaitsep\u00e4eva lauam\u00e4ngup\u00e4ev &#8211; Valdeku noortekeskus<\/title>\n<meta name=\"robots\" content=\"index, follow, max-snippet:-1, max-image-preview:large, max-video-preview:-1\" \/>\n<link rel=\"canonical\" href=\"https:\/\/www.nomme.ee\/valdeku-noortekeskus\/kalender\/lastekaitsepaeva-lauamangupaev\/\" \/>\n<meta property=\"og:locale\" content=\"et_EE\" \/>\n<meta property=\"og:type\" content=\"article\" \/>\n<meta property=\"og:title\" content=\"Lastekaitsep\u00e4eva lauam\u00e4ngup\u00e4ev &#8211; Valdeku noortekeskus\" \/>\n<meta property=\"og:description\" content=\"Laup\u00e4eval, 1. juunil t\u00e4histatakse rahvusvahelist lastekaitsep\u00e4eva. \u00dchtlasi t\u00e4histatakse samal p\u00e4eval ka rahvusvahelist lauam\u00e4ngude p\u00e4eva. Meil on hea meel need kaks omavahel kokku liita ning kutsuda k\u00f5iki vahemikus kell 12-18 Valdeku Noortekeskusesse lastekaitsep\u00e4eva lauam\u00e4ngup\u00e4evale.\u00a0Facebooki \u00fcritus. Kui tavap\u00e4raselt on noortekeskus avatud 7-26a. noortele, siis lauam\u00e4ngup\u00e4ev on m\u00f5eldud kogu kogukonnale ning hea v\u00f5imalus \u00fchiselt aega veeta nii suurematel [&hellip;]\" \/>\n<meta property=\"og:url\" content=\"https:\/\/www.nomme.ee\/valdeku-noortekeskus\/kalender\/lastekaitsepaeva-lauamangupaev\/\" \/>\n<meta property=\"og:site_name\" content=\"Valdeku noortekeskus\" \/>\n<meta property=\"article:modified_time\" content=\"2024-05-28T06:13:21+00:00\" \/>\n<meta property=\"og:image\" content=\"https:\/\/www.nomme.ee\/valdeku-noortekeskus\/wp-content\/uploads\/sites\/3\/2024\/05\/International-board-game-day-Instagram-Post.png\" \/>\n\t<meta property=\"og:image:width\" content=\"1080\" \/>\n\t<meta property=\"og:image:height\" content=\"1080\" \/>\n\t<meta property=\"og:image:type\" content=\"image\/png\" \/>\n<meta name=\"twitter:card\" content=\"summary_large_image\" \/>\n<meta name=\"twitter:label1\" content=\"Est. reading time\" \/>\n\t<meta name=\"twitter:data1\" content=\"1 minut\" \/>\n<script type=\"application\/ld+json\" class=\"yoast-schema-graph\">{\"@context\":\"https:\\\/\\\/schema.org\",\"@graph\":[{\"@type\":\"WebPage\",\"@id\":\"https:\\\/\\\/www.nomme.ee\\\/valdeku-noortekeskus\\\/kalender\\\/lastekaitsepaeva-lauamangupaev\\\/\",\"url\":\"https:\\\/\\\/www.nomme.ee\\\/valdeku-noortekeskus\\\/kalender\\\/lastekaitsepaeva-lauamangupaev\\\/\",\"name\":\"Lastekaitsep\u00e4eva lauam\u00e4ngup\u00e4ev &#8211; Valdeku noortekeskus\",\"isPartOf\":{\"@id\":\"https:\\\/\\\/www.nomme.ee\\\/valdeku-noortekeskus\\\/#website\"},\"primaryImageOfPage\":{\"@id\":\"https:\\\/\\\/www.nomme.ee\\\/valdeku-noortekeskus\\\/kalender\\\/lastekaitsepaeva-lauamangupaev\\\/#primaryimage\"},\"image\":{\"@id\":\"https:\\\/\\\/www.nomme.ee\\\/valdeku-noortekeskus\\\/kalender\\\/lastekaitsepaeva-lauamangupaev\\\/#primaryimage\"},\"thumbnailUrl\":\"https:\\\/\\\/www.nomme.ee\\\/valdeku-noortekeskus\\\/wp-content\\\/uploads\\\/sites\\\/3\\\/2024\\\/05\\\/International-board-game-day-Instagram-Post.png\",\"datePublished\":\"2024-05-28T06:13:03+00:00\",\"dateModified\":\"2024-05-28T06:13:21+00:00\",\"breadcrumb\":{\"@id\":\"https:\\\/\\\/www.nomme.ee\\\/valdeku-noortekeskus\\\/kalender\\\/lastekaitsepaeva-lauamangupaev\\\/#breadcrumb\"},\"inLanguage\":\"et\",\"potentialAction\":[{\"@type\":\"ReadAction\",\"target\":[\"https:\\\/\\\/www.nomme.ee\\\/valdeku-noortekeskus\\\/kalender\\\/lastekaitsepaeva-lauamangupaev\\\/\"]}]},{\"@type\":\"ImageObject\",\"inLanguage\":\"et\",\"@id\":\"https:\\\/\\\/www.nomme.ee\\\/valdeku-noortekeskus\\\/kalender\\\/lastekaitsepaeva-lauamangupaev\\\/#primaryimage\",\"url\":\"https:\\\/\\\/www.nomme.ee\\\/valdeku-noortekeskus\\\/wp-content\\\/uploads\\\/sites\\\/3\\\/2024\\\/05\\\/International-board-game-day-Instagram-Post.png\",\"contentUrl\":\"https:\\\/\\\/www.nomme.ee\\\/valdeku-noortekeskus\\\/wp-content\\\/uploads\\\/sites\\\/3\\\/2024\\\/05\\\/International-board-game-day-Instagram-Post.png\",\"width\":1080,\"height\":1080},{\"@type\":\"BreadcrumbList\",\"@id\":\"https:\\\/\\\/www.nomme.ee\\\/valdeku-noortekeskus\\\/kalender\\\/lastekaitsepaeva-lauamangupaev\\\/#breadcrumb\",\"itemListElement\":[{\"@type\":\"ListItem\",\"position\":1,\"name\":\"N\u00f5mme Vaba Aja Keskus\",\"item\":\"https:\\\/\\\/www.nomme.ee\"},{\"@type\":\"ListItem\",\"position\":2,\"name\":\"Valdeku noortekeskus\",\"item\":\"https:\\\/\\\/www.nomme.ee\\\/valdeku-noortekeskus\\\/\"},{\"@type\":\"ListItem\",\"position\":3,\"name\":\"S\u00fcndmused\",\"item\":\"https:\\\/\\\/www.nomme.ee\\\/valdeku-noortekeskus\\\/kalender\\\/\"},{\"@type\":\"ListItem\",\"position\":4,\"name\":\"Lastekaitsep\u00e4eva lauam\u00e4ngup\u00e4ev\"}]},{\"@type\":\"WebSite\",\"@id\":\"https:\\\/\\\/www.nomme.ee\\\/valdeku-noortekeskus\\\/#website\",\"url\":\"https:\\\/\\\/www.nomme.ee\\\/valdeku-noortekeskus\\\/\",\"name\":\"Valdeku noortekeskus\",\"description\":\"\",\"potentialAction\":[{\"@type\":\"SearchAction\",\"target\":{\"@type\":\"EntryPoint\",\"urlTemplate\":\"https:\\\/\\\/www.nomme.ee\\\/valdeku-noortekeskus\\\/?s={search_term_string}\"},\"query-input\":{\"@type\":\"PropertyValueSpecification\",\"valueRequired\":true,\"valueName\":\"search_term_string\"}}],\"inLanguage\":\"et\"}]}<\/script>\n<!-- \/ Yoast SEO plugin. -->","yoast_head_json":{"title":"Lastekaitsep\u00e4eva lauam\u00e4ngup\u00e4ev &#8211; Valdeku noortekeskus","robots":{"index":"index","follow":"follow","max-snippet":"max-snippet:-1","max-image-preview":"max-image-preview:large","max-video-preview":"max-video-preview:-1"},"canonical":"https:\/\/www.nomme.ee\/valdeku-noortekeskus\/kalender\/lastekaitsepaeva-lauamangupaev\/","og_locale":"et_EE","og_type":"article","og_title":"Lastekaitsep\u00e4eva lauam\u00e4ngup\u00e4ev &#8211; Valdeku noortekeskus","og_description":"Laup\u00e4eval, 1. juunil t\u00e4histatakse rahvusvahelist lastekaitsep\u00e4eva. \u00dchtlasi t\u00e4histatakse samal p\u00e4eval ka rahvusvahelist lauam\u00e4ngude p\u00e4eva. Meil on hea meel need kaks omavahel kokku liita ning kutsuda k\u00f5iki vahemikus kell 12-18 Valdeku Noortekeskusesse lastekaitsep\u00e4eva lauam\u00e4ngup\u00e4evale.\u00a0Facebooki \u00fcritus. Kui tavap\u00e4raselt on noortekeskus avatud 7-26a. noortele, siis lauam\u00e4ngup\u00e4ev on m\u00f5eldud kogu kogukonnale ning hea v\u00f5imalus \u00fchiselt aega veeta nii suurematel [&hellip;]","og_url":"https:\/\/www.nomme.ee\/valdeku-noortekeskus\/kalender\/lastekaitsepaeva-lauamangupaev\/","og_site_name":"Valdeku noortekeskus","article_modified_time":"2024-05-28T06:13:21+00:00","og_image":[{"width":1080,"height":1080,"url":"https:\/\/www.nomme.ee\/valdeku-noortekeskus\/wp-content\/uploads\/sites\/3\/2024\/05\/International-board-game-day-Instagram-Post.png","type":"image\/png"}],"twitter_card":"summary_large_image","twitter_misc":{"Est. reading time":"1 minut"},"schema":{"@context":"https:\/\/schema.org","@graph":[{"@type":"WebPage","@id":"https:\/\/www.nomme.ee\/valdeku-noortekeskus\/kalender\/lastekaitsepaeva-lauamangupaev\/","url":"https:\/\/www.nomme.ee\/valdeku-noortekeskus\/kalender\/lastekaitsepaeva-lauamangupaev\/","name":"Lastekaitsep\u00e4eva lauam\u00e4ngup\u00e4ev &#8211; Valdeku noortekeskus","isPartOf":{"@id":"https:\/\/www.nomme.ee\/valdeku-noortekeskus\/#website"},"primaryImageOfPage":{"@id":"https:\/\/www.nomme.ee\/valdeku-noortekeskus\/kalender\/lastekaitsepaeva-lauamangupaev\/#primaryimage"},"image":{"@id":"https:\/\/www.nomme.ee\/valdeku-noortekeskus\/kalender\/lastekaitsepaeva-lauamangupaev\/#primaryimage"},"thumbnailUrl":"https:\/\/www.nomme.ee\/valdeku-noortekeskus\/wp-content\/uploads\/sites\/3\/2024\/05\/International-board-game-day-Instagram-Post.png","datePublished":"2024-05-28T06:13:03+00:00","dateModified":"2024-05-28T06:13:21+00:00","breadcrumb":{"@id":"https:\/\/www.nomme.ee\/valdeku-noortekeskus\/kalender\/lastekaitsepaeva-lauamangupaev\/#breadcrumb"},"inLanguage":"et","potentialAction":[{"@type":"ReadAction","target":["https:\/\/www.nomme.ee\/valdeku-noortekeskus\/kalender\/lastekaitsepaeva-lauamangupaev\/"]}]},{"@type":"ImageObject","inLanguage":"et","@id":"https:\/\/www.nomme.ee\/valdeku-noortekeskus\/kalender\/lastekaitsepaeva-lauamangupaev\/#primaryimage","url":"https:\/\/www.nomme.ee\/valdeku-noortekeskus\/wp-content\/uploads\/sites\/3\/2024\/05\/International-board-game-day-Instagram-Post.png","contentUrl":"https:\/\/www.nomme.ee\/valdeku-noortekeskus\/wp-content\/uploads\/sites\/3\/2024\/05\/International-board-game-day-Instagram-Post.png","width":1080,"height":1080},{"@type":"BreadcrumbList","@id":"https:\/\/www.nomme.ee\/valdeku-noortekeskus\/kalender\/lastekaitsepaeva-lauamangupaev\/#breadcrumb","itemListElement":[{"@type":"ListItem","position":1,"name":"N\u00f5mme Vaba Aja Keskus","item":"https:\/\/www.nomme.ee"},{"@type":"ListItem","position":2,"name":"Valdeku noortekeskus","item":"https:\/\/www.nomme.ee\/valdeku-noortekeskus\/"},{"@type":"ListItem","position":3,"name":"S\u00fcndmused","item":"https:\/\/www.nomme.ee\/valdeku-noortekeskus\/kalender\/"},{"@type":"ListItem","position":4,"name":"Lastekaitsep\u00e4eva lauam\u00e4ngup\u00e4ev"}]},{"@type":"WebSite","@id":"https:\/\/www.nomme.ee\/valdeku-noortekeskus\/#website","url":"https:\/\/www.nomme.ee\/valdeku-noortekeskus\/","name":"Valdeku noortekeskus","description":"","potentialAction":[{"@type":"SearchAction","target":{"@type":"EntryPoint","urlTemplate":"https:\/\/www.nomme.ee\/valdeku-noortekeskus\/?s={search_term_string}"},"query-input":{"@type":"PropertyValueSpecification","valueRequired":true,"valueName":"search_term_string"}}],"inLanguage":"et"}]}},"_links":{"self":[{"href":"https:\/\/www.nomme.ee\/valdeku-noortekeskus\/wp-json\/wp\/v2\/kalender\/1430","targetHints":{"allow":["GET"]}}],"collection":[{"href":"https:\/\/www.nomme.ee\/valdeku-noortekeskus\/wp-json\/wp\/v2\/kalender"}],"about":[{"href":"https:\/\/www.nomme.ee\/valdeku-noortekeskus\/wp-json\/wp\/v2\/types\/kalender"}],"version-history":[{"count":2,"href":"https:\/\/www.nomme.ee\/valdeku-noortekeskus\/wp-json\/wp\/v2\/kalender\/1430\/revisions"}],"predecessor-version":[{"id":1433,"href":"https:\/\/www.nomme.ee\/valdeku-noortekeskus\/wp-json\/wp\/v2\/kalender\/1430\/revisions\/1433"}],"wp:featuredmedia":[{"embeddable":true,"href":"https:\/\/www.nomme.ee\/valdeku-noortekeskus\/wp-json\/wp\/v2\/media\/1431"}],"wp:attachment":[{"href":"https:\/\/www.nomme.ee\/valdeku-noortekeskus\/wp-json\/wp\/v2\/media?parent=1430"}],"wp:term":[{"taxonomy":"kalender_kategooria","embeddable":true,"href":"https:\/\/www.nomme.ee\/valdeku-noortekeskus\/wp-json\/wp\/v2\/kalender_kategooria?post=1430"}],"curies":[{"name":"wp","href":"https:\/\/api.w.org\/{rel}","templated":true}]}}