{"id":1568,"date":"2024-10-10T09:47:03","date_gmt":"2024-10-10T09:47:03","guid":{"rendered":"https:\/\/www.nomme.ee\/valdeku-noortekeskus\/?post_type=kalender&#038;p=1568"},"modified":"2024-10-17T10:37:33","modified_gmt":"2024-10-17T10:37:33","slug":"koolivaheaeg-valdeku-noortekeskuses-2","status":"publish","type":"kalender","link":"https:\/\/www.nomme.ee\/valdeku-noortekeskus\/kalender\/koolivaheaeg-valdeku-noortekeskuses-2\/","title":{"rendered":"Koolivaheaeg Valdeku Noortekeskuses"},"content":{"rendered":"<p><strong>Koolivaheaeg Valdeku Noortekeskuses &#8211; m\u00e4ngud ja vaimne tervis k\u00e4sik\u00e4es!<\/strong><\/p>\n<p>Kutsume k\u00f5iki 9-19-aastaseid noori veetma koolivaheaega Valdeku Noortekeskuses! Seekord \u00fchendame kaks olulist teemat \u2013 l\u00f5busad lauam\u00e4ngud ja vaimse tervise toetamise. Oktoober on vaimse tervise kuu, ja meil on sulle varuks midagi erilist: iga p\u00e4ev kell 15:00 v\u00f5tame ette \u00fche p\u00f5neva m\u00e4ngu ning meie noorsoot\u00f6\u00f6taja n\u00e4itab, kuidas m\u00e4ngude kaudu oma vaimset tervist hoida. P\u00e4eva teemaga seotud lauam\u00e4nge m\u00e4ngime terve p\u00e4eva jooksul.<\/p>\n<p>\ud83d\udcc5 <strong>Koolivaheaja programm:<\/strong><\/p>\n<ul>\n<li><strong>Esmasp\u00e4ev, 21.10<\/strong><br \/>\n<em>Teema:<\/em> Emotsioonide tundmine ja nimetamine<br \/>\n<em>M\u00e4ngud:<\/em> Dobble, Halli-Galli, Skyjo<\/li>\n<li><strong>Teisip\u00e4ev, 22.10<\/strong><br \/>\n<em>Teema:<\/em> Mindfulness ja kohalolek<br \/>\n<em>M\u00e4ngud:<\/em> Cascadia, Azul, Splendor<\/li>\n<li><strong>Kolmap\u00e4ev, 23.10<\/strong><br \/>\n<em>Teema:<\/em> Meeskonnat\u00f6\u00f6 ja suhted<br \/>\n<em>M\u00e4ngud:<\/em> Pandemic, The Mind, The Crew<\/li>\n<li><strong>Neljap\u00e4ev, 24.10<\/strong><br \/>\n<em>Teema:<\/em> Emotsioonide juhtimine ja stressi maandamine<br \/>\n<em>M\u00e4ngud:<\/em> Dixit, Mysterium<\/li>\n<li><strong>Reede, 25.10<\/strong><br \/>\n<em>Teema:<\/em> Probleemide lahendamine ja s\u00e4ilen\u00f5tkus<br \/>\n<em>M\u00e4ngud:<\/em> Codenames, Terraforming Mars<\/li>\n<\/ul>\n<p>Kolmap\u00e4evast reedeni toimub noortekeskuses avatud tegevusega samaaegselt ka Dungeons&amp;Dragons minilaager.<\/p>\n<p><strong>Osalemine on tasuta!<\/strong><\/p>\n<p>\ud83d\udd52 <strong>Koolivaheajal oleme avatud 21.10\u201325.10 kell 12:00\u201319:00<\/strong><\/p>\n","protected":false},"featured_media":1569,"template":"","kalender_kategooria":[],"class_list":["post-1568","kalender","type-kalender","status-publish","has-post-thumbnail","hentry"],"acf":[],"yoast_head":"<!-- This site is optimized with the Yoast SEO plugin v27.5 - https:\/\/yoast.com\/product\/yoast-seo-wordpress\/ -->\n<title>Koolivaheaeg Valdeku Noortekeskuses &#8211; Valdeku noortekeskus<\/title>\n<meta name=\"description\" content=\"Koolivaheajal keskendub Valdeku Noortekeskus lauam\u00e4ngudele ja vaimsele tervisele. Iga p\u00e4ev v\u00f5tame ette uued m\u00e4ngud ja noorsoot\u00f6\u00f6taja aitab leida seoses m\u00e4ngude ja vaimse tervise toetamise vahel.\" \/>\n<meta name=\"robots\" content=\"index, follow, max-snippet:-1, max-image-preview:large, max-video-preview:-1\" \/>\n<link rel=\"canonical\" href=\"https:\/\/www.nomme.ee\/valdeku-noortekeskus\/kalender\/koolivaheaeg-valdeku-noortekeskuses-2\/\" \/>\n<meta property=\"og:locale\" content=\"et_EE\" \/>\n<meta property=\"og:type\" content=\"article\" \/>\n<meta property=\"og:title\" content=\"Koolivaheaeg Valdeku Noortekeskuses &#8211; Valdeku noortekeskus\" \/>\n<meta property=\"og:description\" content=\"Koolivaheajal keskendub Valdeku Noortekeskus lauam\u00e4ngudele ja vaimsele tervisele. Iga p\u00e4ev v\u00f5tame ette uued m\u00e4ngud ja noorsoot\u00f6\u00f6taja aitab leida seoses m\u00e4ngude ja vaimse tervise toetamise vahel.\" \/>\n<meta property=\"og:url\" content=\"https:\/\/www.nomme.ee\/valdeku-noortekeskus\/kalender\/koolivaheaeg-valdeku-noortekeskuses-2\/\" \/>\n<meta property=\"og:site_name\" content=\"Valdeku noortekeskus\" \/>\n<meta property=\"article:modified_time\" content=\"2024-10-17T10:37:33+00:00\" \/>\n<meta property=\"og:image\" content=\"https:\/\/www.nomme.ee\/valdeku-noortekeskus\/wp-content\/uploads\/sites\/3\/2024\/10\/lauamangud-ja-vaimne-tervis-2.png\" \/>\n\t<meta property=\"og:image:width\" content=\"1080\" \/>\n\t<meta property=\"og:image:height\" content=\"1080\" \/>\n\t<meta property=\"og:image:type\" content=\"image\/png\" \/>\n<meta name=\"twitter:card\" content=\"summary_large_image\" \/>\n<meta name=\"twitter:label1\" content=\"Est. reading time\" \/>\n\t<meta name=\"twitter:data1\" content=\"1 minut\" \/>\n<script type=\"application\/ld+json\" class=\"yoast-schema-graph\">{\"@context\":\"https:\\\/\\\/schema.org\",\"@graph\":[{\"@type\":\"WebPage\",\"@id\":\"https:\\\/\\\/www.nomme.ee\\\/valdeku-noortekeskus\\\/kalender\\\/koolivaheaeg-valdeku-noortekeskuses-2\\\/\",\"url\":\"https:\\\/\\\/www.nomme.ee\\\/valdeku-noortekeskus\\\/kalender\\\/koolivaheaeg-valdeku-noortekeskuses-2\\\/\",\"name\":\"Koolivaheaeg Valdeku Noortekeskuses &#8211; Valdeku noortekeskus\",\"isPartOf\":{\"@id\":\"https:\\\/\\\/www.nomme.ee\\\/valdeku-noortekeskus\\\/#website\"},\"primaryImageOfPage\":{\"@id\":\"https:\\\/\\\/www.nomme.ee\\\/valdeku-noortekeskus\\\/kalender\\\/koolivaheaeg-valdeku-noortekeskuses-2\\\/#primaryimage\"},\"image\":{\"@id\":\"https:\\\/\\\/www.nomme.ee\\\/valdeku-noortekeskus\\\/kalender\\\/koolivaheaeg-valdeku-noortekeskuses-2\\\/#primaryimage\"},\"thumbnailUrl\":\"https:\\\/\\\/www.nomme.ee\\\/valdeku-noortekeskus\\\/wp-content\\\/uploads\\\/sites\\\/3\\\/2024\\\/10\\\/lauamangud-ja-vaimne-tervis-2.png\",\"datePublished\":\"2024-10-10T09:47:03+00:00\",\"dateModified\":\"2024-10-17T10:37:33+00:00\",\"description\":\"Koolivaheajal keskendub Valdeku Noortekeskus lauam\u00e4ngudele ja vaimsele tervisele. Iga p\u00e4ev v\u00f5tame ette uued m\u00e4ngud ja noorsoot\u00f6\u00f6taja aitab leida seoses m\u00e4ngude ja vaimse tervise toetamise vahel.\",\"breadcrumb\":{\"@id\":\"https:\\\/\\\/www.nomme.ee\\\/valdeku-noortekeskus\\\/kalender\\\/koolivaheaeg-valdeku-noortekeskuses-2\\\/#breadcrumb\"},\"inLanguage\":\"et\",\"potentialAction\":[{\"@type\":\"ReadAction\",\"target\":[\"https:\\\/\\\/www.nomme.ee\\\/valdeku-noortekeskus\\\/kalender\\\/koolivaheaeg-valdeku-noortekeskuses-2\\\/\"]}]},{\"@type\":\"ImageObject\",\"inLanguage\":\"et\",\"@id\":\"https:\\\/\\\/www.nomme.ee\\\/valdeku-noortekeskus\\\/kalender\\\/koolivaheaeg-valdeku-noortekeskuses-2\\\/#primaryimage\",\"url\":\"https:\\\/\\\/www.nomme.ee\\\/valdeku-noortekeskus\\\/wp-content\\\/uploads\\\/sites\\\/3\\\/2024\\\/10\\\/lauamangud-ja-vaimne-tervis-2.png\",\"contentUrl\":\"https:\\\/\\\/www.nomme.ee\\\/valdeku-noortekeskus\\\/wp-content\\\/uploads\\\/sites\\\/3\\\/2024\\\/10\\\/lauamangud-ja-vaimne-tervis-2.png\",\"width\":1080,\"height\":1080},{\"@type\":\"BreadcrumbList\",\"@id\":\"https:\\\/\\\/www.nomme.ee\\\/valdeku-noortekeskus\\\/kalender\\\/koolivaheaeg-valdeku-noortekeskuses-2\\\/#breadcrumb\",\"itemListElement\":[{\"@type\":\"ListItem\",\"position\":1,\"name\":\"N\u00f5mme Vaba Aja Keskus\",\"item\":\"https:\\\/\\\/www.nomme.ee\"},{\"@type\":\"ListItem\",\"position\":2,\"name\":\"Valdeku noortekeskus\",\"item\":\"https:\\\/\\\/www.nomme.ee\\\/valdeku-noortekeskus\\\/\"},{\"@type\":\"ListItem\",\"position\":3,\"name\":\"S\u00fcndmused\",\"item\":\"https:\\\/\\\/www.nomme.ee\\\/valdeku-noortekeskus\\\/kalender\\\/\"},{\"@type\":\"ListItem\",\"position\":4,\"name\":\"Koolivaheaeg Valdeku Noortekeskuses\"}]},{\"@type\":\"WebSite\",\"@id\":\"https:\\\/\\\/www.nomme.ee\\\/valdeku-noortekeskus\\\/#website\",\"url\":\"https:\\\/\\\/www.nomme.ee\\\/valdeku-noortekeskus\\\/\",\"name\":\"Valdeku noortekeskus\",\"description\":\"\",\"potentialAction\":[{\"@type\":\"SearchAction\",\"target\":{\"@type\":\"EntryPoint\",\"urlTemplate\":\"https:\\\/\\\/www.nomme.ee\\\/valdeku-noortekeskus\\\/?s={search_term_string}\"},\"query-input\":{\"@type\":\"PropertyValueSpecification\",\"valueRequired\":true,\"valueName\":\"search_term_string\"}}],\"inLanguage\":\"et\"}]}<\/script>\n<!-- \/ Yoast SEO plugin. -->","yoast_head_json":{"title":"Koolivaheaeg Valdeku Noortekeskuses &#8211; Valdeku noortekeskus","description":"Koolivaheajal keskendub Valdeku Noortekeskus lauam\u00e4ngudele ja vaimsele tervisele. Iga p\u00e4ev v\u00f5tame ette uued m\u00e4ngud ja noorsoot\u00f6\u00f6taja aitab leida seoses m\u00e4ngude ja vaimse tervise toetamise vahel.","robots":{"index":"index","follow":"follow","max-snippet":"max-snippet:-1","max-image-preview":"max-image-preview:large","max-video-preview":"max-video-preview:-1"},"canonical":"https:\/\/www.nomme.ee\/valdeku-noortekeskus\/kalender\/koolivaheaeg-valdeku-noortekeskuses-2\/","og_locale":"et_EE","og_type":"article","og_title":"Koolivaheaeg Valdeku Noortekeskuses &#8211; Valdeku noortekeskus","og_description":"Koolivaheajal keskendub Valdeku Noortekeskus lauam\u00e4ngudele ja vaimsele tervisele. Iga p\u00e4ev v\u00f5tame ette uued m\u00e4ngud ja noorsoot\u00f6\u00f6taja aitab leida seoses m\u00e4ngude ja vaimse tervise toetamise vahel.","og_url":"https:\/\/www.nomme.ee\/valdeku-noortekeskus\/kalender\/koolivaheaeg-valdeku-noortekeskuses-2\/","og_site_name":"Valdeku noortekeskus","article_modified_time":"2024-10-17T10:37:33+00:00","og_image":[{"width":1080,"height":1080,"url":"https:\/\/www.nomme.ee\/valdeku-noortekeskus\/wp-content\/uploads\/sites\/3\/2024\/10\/lauamangud-ja-vaimne-tervis-2.png","type":"image\/png"}],"twitter_card":"summary_large_image","twitter_misc":{"Est. reading time":"1 minut"},"schema":{"@context":"https:\/\/schema.org","@graph":[{"@type":"WebPage","@id":"https:\/\/www.nomme.ee\/valdeku-noortekeskus\/kalender\/koolivaheaeg-valdeku-noortekeskuses-2\/","url":"https:\/\/www.nomme.ee\/valdeku-noortekeskus\/kalender\/koolivaheaeg-valdeku-noortekeskuses-2\/","name":"Koolivaheaeg Valdeku Noortekeskuses &#8211; Valdeku noortekeskus","isPartOf":{"@id":"https:\/\/www.nomme.ee\/valdeku-noortekeskus\/#website"},"primaryImageOfPage":{"@id":"https:\/\/www.nomme.ee\/valdeku-noortekeskus\/kalender\/koolivaheaeg-valdeku-noortekeskuses-2\/#primaryimage"},"image":{"@id":"https:\/\/www.nomme.ee\/valdeku-noortekeskus\/kalender\/koolivaheaeg-valdeku-noortekeskuses-2\/#primaryimage"},"thumbnailUrl":"https:\/\/www.nomme.ee\/valdeku-noortekeskus\/wp-content\/uploads\/sites\/3\/2024\/10\/lauamangud-ja-vaimne-tervis-2.png","datePublished":"2024-10-10T09:47:03+00:00","dateModified":"2024-10-17T10:37:33+00:00","description":"Koolivaheajal keskendub Valdeku Noortekeskus lauam\u00e4ngudele ja vaimsele tervisele. Iga p\u00e4ev v\u00f5tame ette uued m\u00e4ngud ja noorsoot\u00f6\u00f6taja aitab leida seoses m\u00e4ngude ja vaimse tervise toetamise vahel.","breadcrumb":{"@id":"https:\/\/www.nomme.ee\/valdeku-noortekeskus\/kalender\/koolivaheaeg-valdeku-noortekeskuses-2\/#breadcrumb"},"inLanguage":"et","potentialAction":[{"@type":"ReadAction","target":["https:\/\/www.nomme.ee\/valdeku-noortekeskus\/kalender\/koolivaheaeg-valdeku-noortekeskuses-2\/"]}]},{"@type":"ImageObject","inLanguage":"et","@id":"https:\/\/www.nomme.ee\/valdeku-noortekeskus\/kalender\/koolivaheaeg-valdeku-noortekeskuses-2\/#primaryimage","url":"https:\/\/www.nomme.ee\/valdeku-noortekeskus\/wp-content\/uploads\/sites\/3\/2024\/10\/lauamangud-ja-vaimne-tervis-2.png","contentUrl":"https:\/\/www.nomme.ee\/valdeku-noortekeskus\/wp-content\/uploads\/sites\/3\/2024\/10\/lauamangud-ja-vaimne-tervis-2.png","width":1080,"height":1080},{"@type":"BreadcrumbList","@id":"https:\/\/www.nomme.ee\/valdeku-noortekeskus\/kalender\/koolivaheaeg-valdeku-noortekeskuses-2\/#breadcrumb","itemListElement":[{"@type":"ListItem","position":1,"name":"N\u00f5mme Vaba Aja Keskus","item":"https:\/\/www.nomme.ee"},{"@type":"ListItem","position":2,"name":"Valdeku noortekeskus","item":"https:\/\/www.nomme.ee\/valdeku-noortekeskus\/"},{"@type":"ListItem","position":3,"name":"S\u00fcndmused","item":"https:\/\/www.nomme.ee\/valdeku-noortekeskus\/kalender\/"},{"@type":"ListItem","position":4,"name":"Koolivaheaeg Valdeku Noortekeskuses"}]},{"@type":"WebSite","@id":"https:\/\/www.nomme.ee\/valdeku-noortekeskus\/#website","url":"https:\/\/www.nomme.ee\/valdeku-noortekeskus\/","name":"Valdeku noortekeskus","description":"","potentialAction":[{"@type":"SearchAction","target":{"@type":"EntryPoint","urlTemplate":"https:\/\/www.nomme.ee\/valdeku-noortekeskus\/?s={search_term_string}"},"query-input":{"@type":"PropertyValueSpecification","valueRequired":true,"valueName":"search_term_string"}}],"inLanguage":"et"}]}},"_links":{"self":[{"href":"https:\/\/www.nomme.ee\/valdeku-noortekeskus\/wp-json\/wp\/v2\/kalender\/1568","targetHints":{"allow":["GET"]}}],"collection":[{"href":"https:\/\/www.nomme.ee\/valdeku-noortekeskus\/wp-json\/wp\/v2\/kalender"}],"about":[{"href":"https:\/\/www.nomme.ee\/valdeku-noortekeskus\/wp-json\/wp\/v2\/types\/kalender"}],"version-history":[{"count":7,"href":"https:\/\/www.nomme.ee\/valdeku-noortekeskus\/wp-json\/wp\/v2\/kalender\/1568\/revisions"}],"predecessor-version":[{"id":1592,"href":"https:\/\/www.nomme.ee\/valdeku-noortekeskus\/wp-json\/wp\/v2\/kalender\/1568\/revisions\/1592"}],"wp:featuredmedia":[{"embeddable":true,"href":"https:\/\/www.nomme.ee\/valdeku-noortekeskus\/wp-json\/wp\/v2\/media\/1569"}],"wp:attachment":[{"href":"https:\/\/www.nomme.ee\/valdeku-noortekeskus\/wp-json\/wp\/v2\/media?parent=1568"}],"wp:term":[{"taxonomy":"kalender_kategooria","embeddable":true,"href":"https:\/\/www.nomme.ee\/valdeku-noortekeskus\/wp-json\/wp\/v2\/kalender_kategooria?post=1568"}],"curies":[{"name":"wp","href":"https:\/\/api.w.org\/{rel}","templated":true}]}}