{"id":1658,"date":"2024-11-20T13:07:03","date_gmt":"2024-11-20T13:07:03","guid":{"rendered":"https:\/\/www.nomme.ee\/valdeku-noortekeskus\/?post_type=kalender&#038;p=1658"},"modified":"2024-11-20T13:07:03","modified_gmt":"2024-11-20T13:07:03","slug":"pretselite-tootuba-ludwigiga","status":"publish","type":"kalender","link":"https:\/\/www.nomme.ee\/valdeku-noortekeskus\/kalender\/pretselite-tootuba-ludwigiga\/","title":{"rendered":"Pretselite t\u00f6\u00f6tuba Ludwigiga"},"content":{"rendered":"<div class=\"x11i5rnm xat24cr x1mh8g0r x1vvkbs xtlvy1s x126k92a\">\n<div dir=\"auto\">J\u00e4rgmisel n\u00e4dalal korraldab meie v\u00e4lispraktikant Ludwig pretselite valmistamise t\u00f6\u00f6toa, mis on \u00fchtlasi tema praktika arvestuslik tegevus. mida tuleb hindama tema \u00f5petaja Saksamaalt.<\/div>\n<\/div>\n<div class=\"x11i5rnm xat24cr x1mh8g0r x1vvkbs xtlvy1s x126k92a\">\n<div dir=\"auto\">Ludwig palub k\u00f5igil huvilistel t\u00f6\u00f6toaga liituda, et ta saaks \u00f5petajale n\u00e4idata, mida ta siin veedetud aja jooksul \u00f5ppinud on. Muidugi saavad k\u00f5ik osaliselt hiljem \u00fcheskoos valmistatud pretselid ka \u00e4ra s\u00fc\u00fca.<\/div>\n<\/div>\n<div class=\"x11i5rnm xat24cr x1mh8g0r x1vvkbs xtlvy1s x126k92a\">\n<div dir=\"auto\">T\u00f6\u00f6tuba leiab aset Valdeku Noortekeskuses kolmap\u00e4eval 27. novembril algusega kell 16.00!<\/div>\n<\/div>\n<div dir=\"auto\"><\/div>\n<div dir=\"auto\">Rohkem infot Ludwigi ja tema praktika kohta meie juures leiab meie blogist.<\/div>\n<div dir=\"auto\"><\/div>\n<div dir=\"auto\"><span data-teams=\"true\"><p class=\"editor-content__cta\"><a class=\"main-btn\" target=\"_self\" href=\"https:\/\/www.nomme.ee\/valdeku-noortekeskus\/saage-tuttavaks-meie-praktikandiga-ludwig-sommer-est-eng\/\">Ludwigit tutvustav artikkel<\/a><\/p><\/span><\/div>\n","protected":false},"featured_media":0,"template":"","kalender_kategooria":[],"class_list":["post-1658","kalender","type-kalender","status-publish","hentry"],"acf":[],"yoast_head":"<!-- This site is optimized with the Yoast SEO plugin v27.5 - https:\/\/yoast.com\/product\/yoast-seo-wordpress\/ -->\n<title>Pretselite t\u00f6\u00f6tuba Ludwigiga &#8211; Valdeku noortekeskus<\/title>\n<meta name=\"robots\" content=\"index, follow, max-snippet:-1, max-image-preview:large, max-video-preview:-1\" \/>\n<link rel=\"canonical\" href=\"https:\/\/www.nomme.ee\/valdeku-noortekeskus\/kalender\/pretselite-tootuba-ludwigiga\/\" \/>\n<meta property=\"og:locale\" content=\"et_EE\" \/>\n<meta property=\"og:type\" content=\"article\" \/>\n<meta property=\"og:title\" content=\"Pretselite t\u00f6\u00f6tuba Ludwigiga &#8211; Valdeku noortekeskus\" \/>\n<meta property=\"og:description\" content=\"J\u00e4rgmisel n\u00e4dalal korraldab meie v\u00e4lispraktikant Ludwig pretselite valmistamise t\u00f6\u00f6toa, mis on \u00fchtlasi tema praktika arvestuslik tegevus. mida tuleb hindama tema \u00f5petaja Saksamaalt. Ludwig palub k\u00f5igil huvilistel t\u00f6\u00f6toaga liituda, et ta saaks \u00f5petajale n\u00e4idata, mida ta siin veedetud aja jooksul \u00f5ppinud on. Muidugi saavad k\u00f5ik osaliselt hiljem \u00fcheskoos valmistatud pretselid ka \u00e4ra s\u00fc\u00fca. T\u00f6\u00f6tuba leiab aset [&hellip;]\" \/>\n<meta property=\"og:url\" content=\"https:\/\/www.nomme.ee\/valdeku-noortekeskus\/kalender\/pretselite-tootuba-ludwigiga\/\" \/>\n<meta property=\"og:site_name\" content=\"Valdeku noortekeskus\" \/>\n<meta name=\"twitter:card\" content=\"summary_large_image\" \/>\n<meta name=\"twitter:label1\" content=\"Est. reading time\" \/>\n\t<meta name=\"twitter:data1\" content=\"1 minut\" \/>\n<script type=\"application\/ld+json\" class=\"yoast-schema-graph\">{\"@context\":\"https:\\\/\\\/schema.org\",\"@graph\":[{\"@type\":\"WebPage\",\"@id\":\"https:\\\/\\\/www.nomme.ee\\\/valdeku-noortekeskus\\\/kalender\\\/pretselite-tootuba-ludwigiga\\\/\",\"url\":\"https:\\\/\\\/www.nomme.ee\\\/valdeku-noortekeskus\\\/kalender\\\/pretselite-tootuba-ludwigiga\\\/\",\"name\":\"Pretselite t\u00f6\u00f6tuba Ludwigiga &#8211; Valdeku noortekeskus\",\"isPartOf\":{\"@id\":\"https:\\\/\\\/www.nomme.ee\\\/valdeku-noortekeskus\\\/#website\"},\"datePublished\":\"2024-11-20T13:07:03+00:00\",\"breadcrumb\":{\"@id\":\"https:\\\/\\\/www.nomme.ee\\\/valdeku-noortekeskus\\\/kalender\\\/pretselite-tootuba-ludwigiga\\\/#breadcrumb\"},\"inLanguage\":\"et\",\"potentialAction\":[{\"@type\":\"ReadAction\",\"target\":[\"https:\\\/\\\/www.nomme.ee\\\/valdeku-noortekeskus\\\/kalender\\\/pretselite-tootuba-ludwigiga\\\/\"]}]},{\"@type\":\"BreadcrumbList\",\"@id\":\"https:\\\/\\\/www.nomme.ee\\\/valdeku-noortekeskus\\\/kalender\\\/pretselite-tootuba-ludwigiga\\\/#breadcrumb\",\"itemListElement\":[{\"@type\":\"ListItem\",\"position\":1,\"name\":\"N\u00f5mme Vaba Aja Keskus\",\"item\":\"https:\\\/\\\/www.nomme.ee\"},{\"@type\":\"ListItem\",\"position\":2,\"name\":\"Valdeku noortekeskus\",\"item\":\"https:\\\/\\\/www.nomme.ee\\\/valdeku-noortekeskus\\\/\"},{\"@type\":\"ListItem\",\"position\":3,\"name\":\"S\u00fcndmused\",\"item\":\"https:\\\/\\\/www.nomme.ee\\\/valdeku-noortekeskus\\\/kalender\\\/\"},{\"@type\":\"ListItem\",\"position\":4,\"name\":\"Pretselite t\u00f6\u00f6tuba Ludwigiga\"}]},{\"@type\":\"WebSite\",\"@id\":\"https:\\\/\\\/www.nomme.ee\\\/valdeku-noortekeskus\\\/#website\",\"url\":\"https:\\\/\\\/www.nomme.ee\\\/valdeku-noortekeskus\\\/\",\"name\":\"Valdeku noortekeskus\",\"description\":\"\",\"potentialAction\":[{\"@type\":\"SearchAction\",\"target\":{\"@type\":\"EntryPoint\",\"urlTemplate\":\"https:\\\/\\\/www.nomme.ee\\\/valdeku-noortekeskus\\\/?s={search_term_string}\"},\"query-input\":{\"@type\":\"PropertyValueSpecification\",\"valueRequired\":true,\"valueName\":\"search_term_string\"}}],\"inLanguage\":\"et\"}]}<\/script>\n<!-- \/ Yoast SEO plugin. -->","yoast_head_json":{"title":"Pretselite t\u00f6\u00f6tuba Ludwigiga &#8211; Valdeku noortekeskus","robots":{"index":"index","follow":"follow","max-snippet":"max-snippet:-1","max-image-preview":"max-image-preview:large","max-video-preview":"max-video-preview:-1"},"canonical":"https:\/\/www.nomme.ee\/valdeku-noortekeskus\/kalender\/pretselite-tootuba-ludwigiga\/","og_locale":"et_EE","og_type":"article","og_title":"Pretselite t\u00f6\u00f6tuba Ludwigiga &#8211; Valdeku noortekeskus","og_description":"J\u00e4rgmisel n\u00e4dalal korraldab meie v\u00e4lispraktikant Ludwig pretselite valmistamise t\u00f6\u00f6toa, mis on \u00fchtlasi tema praktika arvestuslik tegevus. mida tuleb hindama tema \u00f5petaja Saksamaalt. Ludwig palub k\u00f5igil huvilistel t\u00f6\u00f6toaga liituda, et ta saaks \u00f5petajale n\u00e4idata, mida ta siin veedetud aja jooksul \u00f5ppinud on. Muidugi saavad k\u00f5ik osaliselt hiljem \u00fcheskoos valmistatud pretselid ka \u00e4ra s\u00fc\u00fca. T\u00f6\u00f6tuba leiab aset [&hellip;]","og_url":"https:\/\/www.nomme.ee\/valdeku-noortekeskus\/kalender\/pretselite-tootuba-ludwigiga\/","og_site_name":"Valdeku noortekeskus","twitter_card":"summary_large_image","twitter_misc":{"Est. reading time":"1 minut"},"schema":{"@context":"https:\/\/schema.org","@graph":[{"@type":"WebPage","@id":"https:\/\/www.nomme.ee\/valdeku-noortekeskus\/kalender\/pretselite-tootuba-ludwigiga\/","url":"https:\/\/www.nomme.ee\/valdeku-noortekeskus\/kalender\/pretselite-tootuba-ludwigiga\/","name":"Pretselite t\u00f6\u00f6tuba Ludwigiga &#8211; Valdeku noortekeskus","isPartOf":{"@id":"https:\/\/www.nomme.ee\/valdeku-noortekeskus\/#website"},"datePublished":"2024-11-20T13:07:03+00:00","breadcrumb":{"@id":"https:\/\/www.nomme.ee\/valdeku-noortekeskus\/kalender\/pretselite-tootuba-ludwigiga\/#breadcrumb"},"inLanguage":"et","potentialAction":[{"@type":"ReadAction","target":["https:\/\/www.nomme.ee\/valdeku-noortekeskus\/kalender\/pretselite-tootuba-ludwigiga\/"]}]},{"@type":"BreadcrumbList","@id":"https:\/\/www.nomme.ee\/valdeku-noortekeskus\/kalender\/pretselite-tootuba-ludwigiga\/#breadcrumb","itemListElement":[{"@type":"ListItem","position":1,"name":"N\u00f5mme Vaba Aja Keskus","item":"https:\/\/www.nomme.ee"},{"@type":"ListItem","position":2,"name":"Valdeku noortekeskus","item":"https:\/\/www.nomme.ee\/valdeku-noortekeskus\/"},{"@type":"ListItem","position":3,"name":"S\u00fcndmused","item":"https:\/\/www.nomme.ee\/valdeku-noortekeskus\/kalender\/"},{"@type":"ListItem","position":4,"name":"Pretselite t\u00f6\u00f6tuba Ludwigiga"}]},{"@type":"WebSite","@id":"https:\/\/www.nomme.ee\/valdeku-noortekeskus\/#website","url":"https:\/\/www.nomme.ee\/valdeku-noortekeskus\/","name":"Valdeku noortekeskus","description":"","potentialAction":[{"@type":"SearchAction","target":{"@type":"EntryPoint","urlTemplate":"https:\/\/www.nomme.ee\/valdeku-noortekeskus\/?s={search_term_string}"},"query-input":{"@type":"PropertyValueSpecification","valueRequired":true,"valueName":"search_term_string"}}],"inLanguage":"et"}]}},"_links":{"self":[{"href":"https:\/\/www.nomme.ee\/valdeku-noortekeskus\/wp-json\/wp\/v2\/kalender\/1658","targetHints":{"allow":["GET"]}}],"collection":[{"href":"https:\/\/www.nomme.ee\/valdeku-noortekeskus\/wp-json\/wp\/v2\/kalender"}],"about":[{"href":"https:\/\/www.nomme.ee\/valdeku-noortekeskus\/wp-json\/wp\/v2\/types\/kalender"}],"version-history":[{"count":2,"href":"https:\/\/www.nomme.ee\/valdeku-noortekeskus\/wp-json\/wp\/v2\/kalender\/1658\/revisions"}],"predecessor-version":[{"id":1661,"href":"https:\/\/www.nomme.ee\/valdeku-noortekeskus\/wp-json\/wp\/v2\/kalender\/1658\/revisions\/1661"}],"wp:attachment":[{"href":"https:\/\/www.nomme.ee\/valdeku-noortekeskus\/wp-json\/wp\/v2\/media?parent=1658"}],"wp:term":[{"taxonomy":"kalender_kategooria","embeddable":true,"href":"https:\/\/www.nomme.ee\/valdeku-noortekeskus\/wp-json\/wp\/v2\/kalender_kategooria?post=1658"}],"curies":[{"name":"wp","href":"https:\/\/api.w.org\/{rel}","templated":true}]}}