{"id":1714,"date":"2024-12-18T12:21:35","date_gmt":"2024-12-18T12:21:35","guid":{"rendered":"https:\/\/www.nomme.ee\/valdeku-noortekeskus\/?post_type=kalender&#038;p=1714"},"modified":"2024-12-18T12:21:35","modified_gmt":"2024-12-18T12:21:35","slug":"noorte-omaalgatus-mangud-ja-meelelahutus-uue-aasta-algus","status":"publish","type":"kalender","link":"https:\/\/www.nomme.ee\/valdeku-noortekeskus\/kalender\/noorte-omaalgatus-mangud-ja-meelelahutus-uue-aasta-algus\/","title":{"rendered":"Noorte Omaalgatus: M\u00e4ngud ja Meelelahutus Uue Aasta Algus"},"content":{"rendered":"<p>Alusta uut aastat l\u00f5busa ja m\u00e4ngurohke p\u00e4evaga Valdeku Noortekeskuses!<br \/>\nSee p\u00f5nev noorte omaalgatus, mille korraldab meie noor <span style=\"color: #ff6600\"><strong>Henri<\/strong><\/span>, on avatud k\u00f5igile N\u00f5mme kogukonna liikmetele. Olgu sa lauam\u00e4nguf\u00e4nn v\u00f5i lihtsalt otsid m\u00f5nusat viisi 2025. aasta alustamiseks, liitu meiega, et nautida l\u00f5busat p\u00e4rastl\u00f5unat suupistete ja s\u00f5braliku v\u00f5istlusega.<\/p>\n<p>&nbsp;<\/p>\n<h3><span style=\"color: #ff6600\">\u00a0Kuup\u00e4ev ja aeg: <\/span><\/h3>\n<p>3. jaanuar 2025 kell 15:00 kuni 18:30<\/p>\n<p>&nbsp;<\/p>\n<h3><span style=\"color: #ff6600\"> Asukoht: <\/span><\/h3>\n<p>Valdeku Noortekeskus, Valdeku 13, N\u00f5mme.<\/p>\n<p>&nbsp;<\/p>\n<h3><span style=\"color: #ff6600\">Mis on kavas?<\/span><\/h3>\n<ul>\n<li>M\u00e4ngude valik: Saa osa p\u00f5nevatest lauam\u00e4ngudest nagu Kakerlaken Pokker, Avengers, Exploding Kittens, King of Tokyo ning kui aega j\u00e4\u00e4b, siis ka Catan ja 7 Wonders Architects.<\/li>\n<li>Kogukonna meeleolu: Kohtu uute inimestega, taasleia vanad s\u00f5brad ja jaga m\u00e4ngur\u00f5\u00f5mu m\u00f5nusas keskkonnas.<\/li>\n<li>Sn\u00e4kid ja m\u00e4ngud on korraldajate poolt, aga v\u00f5id kaasa v\u00f5tta ka oma lemmikm\u00e4ngu, et seda teistega jagada.<\/li>\n<\/ul>\n<p>&nbsp;<\/p>\n<h3><span style=\"color: #ff6600\">Mis veel?<\/span><\/h3>\n<p>\u00c4ra unusta kaasa v\u00f5tta head tuju ja m\u00e4ngulusti!<\/p>\n<p>Oodatud on k\u00f5ik vanusegrupid; see \u00fcritus on tasuta ja on loodud kogu kogukonna r\u00f5\u00f5muks.<\/p>\n<p>&nbsp;<\/p>\n<h3><span style=\"color: #ff6600\">Teeme selle uue aasta alguse meeldej\u00e4\u00e4vaks! Kohtume seal!<\/span><\/h3>\n","protected":false},"featured_media":1716,"template":"","kalender_kategooria":[],"class_list":["post-1714","kalender","type-kalender","status-publish","has-post-thumbnail","hentry"],"acf":[],"yoast_head":"<!-- This site is optimized with the Yoast SEO plugin v27.5 - https:\/\/yoast.com\/product\/yoast-seo-wordpress\/ -->\n<title>Noorte Omaalgatus: M\u00e4ngud ja Meelelahutus Uue Aasta Algus &#8211; Valdeku noortekeskus<\/title>\n<meta name=\"robots\" content=\"index, follow, max-snippet:-1, max-image-preview:large, max-video-preview:-1\" \/>\n<link rel=\"canonical\" href=\"https:\/\/www.nomme.ee\/valdeku-noortekeskus\/kalender\/noorte-omaalgatus-mangud-ja-meelelahutus-uue-aasta-algus\/\" \/>\n<meta property=\"og:locale\" content=\"et_EE\" \/>\n<meta property=\"og:type\" content=\"article\" \/>\n<meta property=\"og:title\" content=\"Noorte Omaalgatus: M\u00e4ngud ja Meelelahutus Uue Aasta Algus &#8211; Valdeku noortekeskus\" \/>\n<meta property=\"og:description\" content=\"Alusta uut aastat l\u00f5busa ja m\u00e4ngurohke p\u00e4evaga Valdeku Noortekeskuses! See p\u00f5nev noorte omaalgatus, mille korraldab meie noor Henri, on avatud k\u00f5igile N\u00f5mme kogukonna liikmetele. Olgu sa lauam\u00e4nguf\u00e4nn v\u00f5i lihtsalt otsid m\u00f5nusat viisi 2025. aasta alustamiseks, liitu meiega, et nautida l\u00f5busat p\u00e4rastl\u00f5unat suupistete ja s\u00f5braliku v\u00f5istlusega. &nbsp; \u00a0Kuup\u00e4ev ja aeg: 3. jaanuar 2025 kell 15:00 kuni [&hellip;]\" \/>\n<meta property=\"og:url\" content=\"https:\/\/www.nomme.ee\/valdeku-noortekeskus\/kalender\/noorte-omaalgatus-mangud-ja-meelelahutus-uue-aasta-algus\/\" \/>\n<meta property=\"og:site_name\" content=\"Valdeku noortekeskus\" \/>\n<meta property=\"og:image\" content=\"https:\/\/www.nomme.ee\/valdeku-noortekeskus\/wp-content\/uploads\/sites\/3\/2024\/12\/Noorteomaalgatus-Henri-2.jpg\" \/>\n\t<meta property=\"og:image:width\" content=\"1080\" \/>\n\t<meta property=\"og:image:height\" content=\"1080\" \/>\n\t<meta property=\"og:image:type\" content=\"image\/jpeg\" \/>\n<meta name=\"twitter:card\" content=\"summary_large_image\" \/>\n<meta name=\"twitter:label1\" content=\"Est. reading time\" \/>\n\t<meta name=\"twitter:data1\" content=\"2 minutit\" \/>\n<script type=\"application\/ld+json\" class=\"yoast-schema-graph\">{\"@context\":\"https:\\\/\\\/schema.org\",\"@graph\":[{\"@type\":\"WebPage\",\"@id\":\"https:\\\/\\\/www.nomme.ee\\\/valdeku-noortekeskus\\\/kalender\\\/noorte-omaalgatus-mangud-ja-meelelahutus-uue-aasta-algus\\\/\",\"url\":\"https:\\\/\\\/www.nomme.ee\\\/valdeku-noortekeskus\\\/kalender\\\/noorte-omaalgatus-mangud-ja-meelelahutus-uue-aasta-algus\\\/\",\"name\":\"Noorte Omaalgatus: M\u00e4ngud ja Meelelahutus Uue Aasta Algus &#8211; Valdeku noortekeskus\",\"isPartOf\":{\"@id\":\"https:\\\/\\\/www.nomme.ee\\\/valdeku-noortekeskus\\\/#website\"},\"primaryImageOfPage\":{\"@id\":\"https:\\\/\\\/www.nomme.ee\\\/valdeku-noortekeskus\\\/kalender\\\/noorte-omaalgatus-mangud-ja-meelelahutus-uue-aasta-algus\\\/#primaryimage\"},\"image\":{\"@id\":\"https:\\\/\\\/www.nomme.ee\\\/valdeku-noortekeskus\\\/kalender\\\/noorte-omaalgatus-mangud-ja-meelelahutus-uue-aasta-algus\\\/#primaryimage\"},\"thumbnailUrl\":\"https:\\\/\\\/www.nomme.ee\\\/valdeku-noortekeskus\\\/wp-content\\\/uploads\\\/sites\\\/3\\\/2024\\\/12\\\/Noorteomaalgatus-Henri-2.jpg\",\"datePublished\":\"2024-12-18T12:21:35+00:00\",\"breadcrumb\":{\"@id\":\"https:\\\/\\\/www.nomme.ee\\\/valdeku-noortekeskus\\\/kalender\\\/noorte-omaalgatus-mangud-ja-meelelahutus-uue-aasta-algus\\\/#breadcrumb\"},\"inLanguage\":\"et\",\"potentialAction\":[{\"@type\":\"ReadAction\",\"target\":[\"https:\\\/\\\/www.nomme.ee\\\/valdeku-noortekeskus\\\/kalender\\\/noorte-omaalgatus-mangud-ja-meelelahutus-uue-aasta-algus\\\/\"]}]},{\"@type\":\"ImageObject\",\"inLanguage\":\"et\",\"@id\":\"https:\\\/\\\/www.nomme.ee\\\/valdeku-noortekeskus\\\/kalender\\\/noorte-omaalgatus-mangud-ja-meelelahutus-uue-aasta-algus\\\/#primaryimage\",\"url\":\"https:\\\/\\\/www.nomme.ee\\\/valdeku-noortekeskus\\\/wp-content\\\/uploads\\\/sites\\\/3\\\/2024\\\/12\\\/Noorteomaalgatus-Henri-2.jpg\",\"contentUrl\":\"https:\\\/\\\/www.nomme.ee\\\/valdeku-noortekeskus\\\/wp-content\\\/uploads\\\/sites\\\/3\\\/2024\\\/12\\\/Noorteomaalgatus-Henri-2.jpg\",\"width\":1080,\"height\":1080},{\"@type\":\"BreadcrumbList\",\"@id\":\"https:\\\/\\\/www.nomme.ee\\\/valdeku-noortekeskus\\\/kalender\\\/noorte-omaalgatus-mangud-ja-meelelahutus-uue-aasta-algus\\\/#breadcrumb\",\"itemListElement\":[{\"@type\":\"ListItem\",\"position\":1,\"name\":\"N\u00f5mme Vaba Aja Keskus\",\"item\":\"https:\\\/\\\/www.nomme.ee\"},{\"@type\":\"ListItem\",\"position\":2,\"name\":\"Valdeku noortekeskus\",\"item\":\"https:\\\/\\\/www.nomme.ee\\\/valdeku-noortekeskus\\\/\"},{\"@type\":\"ListItem\",\"position\":3,\"name\":\"S\u00fcndmused\",\"item\":\"https:\\\/\\\/www.nomme.ee\\\/valdeku-noortekeskus\\\/kalender\\\/\"},{\"@type\":\"ListItem\",\"position\":4,\"name\":\"Noorte Omaalgatus: M\u00e4ngud ja Meelelahutus Uue Aasta Algus\"}]},{\"@type\":\"WebSite\",\"@id\":\"https:\\\/\\\/www.nomme.ee\\\/valdeku-noortekeskus\\\/#website\",\"url\":\"https:\\\/\\\/www.nomme.ee\\\/valdeku-noortekeskus\\\/\",\"name\":\"Valdeku noortekeskus\",\"description\":\"\",\"potentialAction\":[{\"@type\":\"SearchAction\",\"target\":{\"@type\":\"EntryPoint\",\"urlTemplate\":\"https:\\\/\\\/www.nomme.ee\\\/valdeku-noortekeskus\\\/?s={search_term_string}\"},\"query-input\":{\"@type\":\"PropertyValueSpecification\",\"valueRequired\":true,\"valueName\":\"search_term_string\"}}],\"inLanguage\":\"et\"}]}<\/script>\n<!-- \/ Yoast SEO plugin. -->","yoast_head_json":{"title":"Noorte Omaalgatus: M\u00e4ngud ja Meelelahutus Uue Aasta Algus &#8211; Valdeku noortekeskus","robots":{"index":"index","follow":"follow","max-snippet":"max-snippet:-1","max-image-preview":"max-image-preview:large","max-video-preview":"max-video-preview:-1"},"canonical":"https:\/\/www.nomme.ee\/valdeku-noortekeskus\/kalender\/noorte-omaalgatus-mangud-ja-meelelahutus-uue-aasta-algus\/","og_locale":"et_EE","og_type":"article","og_title":"Noorte Omaalgatus: M\u00e4ngud ja Meelelahutus Uue Aasta Algus &#8211; Valdeku noortekeskus","og_description":"Alusta uut aastat l\u00f5busa ja m\u00e4ngurohke p\u00e4evaga Valdeku Noortekeskuses! See p\u00f5nev noorte omaalgatus, mille korraldab meie noor Henri, on avatud k\u00f5igile N\u00f5mme kogukonna liikmetele. Olgu sa lauam\u00e4nguf\u00e4nn v\u00f5i lihtsalt otsid m\u00f5nusat viisi 2025. aasta alustamiseks, liitu meiega, et nautida l\u00f5busat p\u00e4rastl\u00f5unat suupistete ja s\u00f5braliku v\u00f5istlusega. &nbsp; \u00a0Kuup\u00e4ev ja aeg: 3. jaanuar 2025 kell 15:00 kuni [&hellip;]","og_url":"https:\/\/www.nomme.ee\/valdeku-noortekeskus\/kalender\/noorte-omaalgatus-mangud-ja-meelelahutus-uue-aasta-algus\/","og_site_name":"Valdeku noortekeskus","og_image":[{"width":1080,"height":1080,"url":"https:\/\/www.nomme.ee\/valdeku-noortekeskus\/wp-content\/uploads\/sites\/3\/2024\/12\/Noorteomaalgatus-Henri-2.jpg","type":"image\/jpeg"}],"twitter_card":"summary_large_image","twitter_misc":{"Est. reading time":"2 minutit"},"schema":{"@context":"https:\/\/schema.org","@graph":[{"@type":"WebPage","@id":"https:\/\/www.nomme.ee\/valdeku-noortekeskus\/kalender\/noorte-omaalgatus-mangud-ja-meelelahutus-uue-aasta-algus\/","url":"https:\/\/www.nomme.ee\/valdeku-noortekeskus\/kalender\/noorte-omaalgatus-mangud-ja-meelelahutus-uue-aasta-algus\/","name":"Noorte Omaalgatus: M\u00e4ngud ja Meelelahutus Uue Aasta Algus &#8211; Valdeku noortekeskus","isPartOf":{"@id":"https:\/\/www.nomme.ee\/valdeku-noortekeskus\/#website"},"primaryImageOfPage":{"@id":"https:\/\/www.nomme.ee\/valdeku-noortekeskus\/kalender\/noorte-omaalgatus-mangud-ja-meelelahutus-uue-aasta-algus\/#primaryimage"},"image":{"@id":"https:\/\/www.nomme.ee\/valdeku-noortekeskus\/kalender\/noorte-omaalgatus-mangud-ja-meelelahutus-uue-aasta-algus\/#primaryimage"},"thumbnailUrl":"https:\/\/www.nomme.ee\/valdeku-noortekeskus\/wp-content\/uploads\/sites\/3\/2024\/12\/Noorteomaalgatus-Henri-2.jpg","datePublished":"2024-12-18T12:21:35+00:00","breadcrumb":{"@id":"https:\/\/www.nomme.ee\/valdeku-noortekeskus\/kalender\/noorte-omaalgatus-mangud-ja-meelelahutus-uue-aasta-algus\/#breadcrumb"},"inLanguage":"et","potentialAction":[{"@type":"ReadAction","target":["https:\/\/www.nomme.ee\/valdeku-noortekeskus\/kalender\/noorte-omaalgatus-mangud-ja-meelelahutus-uue-aasta-algus\/"]}]},{"@type":"ImageObject","inLanguage":"et","@id":"https:\/\/www.nomme.ee\/valdeku-noortekeskus\/kalender\/noorte-omaalgatus-mangud-ja-meelelahutus-uue-aasta-algus\/#primaryimage","url":"https:\/\/www.nomme.ee\/valdeku-noortekeskus\/wp-content\/uploads\/sites\/3\/2024\/12\/Noorteomaalgatus-Henri-2.jpg","contentUrl":"https:\/\/www.nomme.ee\/valdeku-noortekeskus\/wp-content\/uploads\/sites\/3\/2024\/12\/Noorteomaalgatus-Henri-2.jpg","width":1080,"height":1080},{"@type":"BreadcrumbList","@id":"https:\/\/www.nomme.ee\/valdeku-noortekeskus\/kalender\/noorte-omaalgatus-mangud-ja-meelelahutus-uue-aasta-algus\/#breadcrumb","itemListElement":[{"@type":"ListItem","position":1,"name":"N\u00f5mme Vaba Aja Keskus","item":"https:\/\/www.nomme.ee"},{"@type":"ListItem","position":2,"name":"Valdeku noortekeskus","item":"https:\/\/www.nomme.ee\/valdeku-noortekeskus\/"},{"@type":"ListItem","position":3,"name":"S\u00fcndmused","item":"https:\/\/www.nomme.ee\/valdeku-noortekeskus\/kalender\/"},{"@type":"ListItem","position":4,"name":"Noorte Omaalgatus: M\u00e4ngud ja Meelelahutus Uue Aasta Algus"}]},{"@type":"WebSite","@id":"https:\/\/www.nomme.ee\/valdeku-noortekeskus\/#website","url":"https:\/\/www.nomme.ee\/valdeku-noortekeskus\/","name":"Valdeku noortekeskus","description":"","potentialAction":[{"@type":"SearchAction","target":{"@type":"EntryPoint","urlTemplate":"https:\/\/www.nomme.ee\/valdeku-noortekeskus\/?s={search_term_string}"},"query-input":{"@type":"PropertyValueSpecification","valueRequired":true,"valueName":"search_term_string"}}],"inLanguage":"et"}]}},"_links":{"self":[{"href":"https:\/\/www.nomme.ee\/valdeku-noortekeskus\/wp-json\/wp\/v2\/kalender\/1714","targetHints":{"allow":["GET"]}}],"collection":[{"href":"https:\/\/www.nomme.ee\/valdeku-noortekeskus\/wp-json\/wp\/v2\/kalender"}],"about":[{"href":"https:\/\/www.nomme.ee\/valdeku-noortekeskus\/wp-json\/wp\/v2\/types\/kalender"}],"version-history":[{"count":1,"href":"https:\/\/www.nomme.ee\/valdeku-noortekeskus\/wp-json\/wp\/v2\/kalender\/1714\/revisions"}],"predecessor-version":[{"id":1717,"href":"https:\/\/www.nomme.ee\/valdeku-noortekeskus\/wp-json\/wp\/v2\/kalender\/1714\/revisions\/1717"}],"wp:featuredmedia":[{"embeddable":true,"href":"https:\/\/www.nomme.ee\/valdeku-noortekeskus\/wp-json\/wp\/v2\/media\/1716"}],"wp:attachment":[{"href":"https:\/\/www.nomme.ee\/valdeku-noortekeskus\/wp-json\/wp\/v2\/media?parent=1714"}],"wp:term":[{"taxonomy":"kalender_kategooria","embeddable":true,"href":"https:\/\/www.nomme.ee\/valdeku-noortekeskus\/wp-json\/wp\/v2\/kalender_kategooria?post=1714"}],"curies":[{"name":"wp","href":"https:\/\/api.w.org\/{rel}","templated":true}]}}