{"id":1733,"date":"2025-01-02T13:59:49","date_gmt":"2025-01-02T13:59:49","guid":{"rendered":"https:\/\/www.nomme.ee\/valdeku-noortekeskus\/?post_type=kalender&#038;p=1733"},"modified":"2025-02-13T10:04:29","modified_gmt":"2025-02-13T10:04:29","slug":"eesti-vabariik-107-tahistamine","status":"publish","type":"kalender","link":"https:\/\/www.nomme.ee\/valdeku-noortekeskus\/kalender\/eesti-vabariik-107-tahistamine\/","title":{"rendered":"Eesti Vabariik 107 t\u00e4histamine"},"content":{"rendered":"<p>Sel aastal t\u00e4histame Eesti Vabariigi aastap\u00e4eva \u00fchiselt 21. veebruaril <span class=\"html-span xexx8yu x4uap5 x18d9i69 xkhd6sd x1hl2dhg x16tdsg8 x1vvkbs x3nfvp2 x1j61x8r x1fcty0u xdj266r xat24cr xgzva0m xhhsvwb xxymvpz xlup9mm x1kky2od\"><img loading=\"lazy\" decoding=\"async\" class=\"xz74otr\" src=\"https:\/\/static.xx.fbcdn.net\/images\/emoji.php\/v9\/t6c\/1\/16\/1f499.png\" alt=\"\ud83d\udc99\" width=\"16\" height=\"16\" \/><\/span><span class=\"html-span xexx8yu x4uap5 x18d9i69 xkhd6sd x1hl2dhg x16tdsg8 x1vvkbs x3nfvp2 x1j61x8r x1fcty0u xdj266r xat24cr xgzva0m xhhsvwb xxymvpz xlup9mm x1kky2od\"><img loading=\"lazy\" decoding=\"async\" class=\"xz74otr\" src=\"https:\/\/static.xx.fbcdn.net\/images\/emoji.php\/v9\/t0\/1\/16\/1f5a4.png\" alt=\"\ud83d\udda4\" width=\"16\" height=\"16\" \/><\/span><span class=\"html-span xexx8yu x4uap5 x18d9i69 xkhd6sd x1hl2dhg x16tdsg8 x1vvkbs x3nfvp2 x1j61x8r x1fcty0u xdj266r xat24cr xgzva0m xhhsvwb xxymvpz xlup9mm x1kky2od\"><img loading=\"lazy\" decoding=\"async\" class=\"xz74otr\" src=\"https:\/\/static.xx.fbcdn.net\/images\/emoji.php\/v9\/tc5\/1\/16\/1f90d.png\" alt=\"\ud83e\udd0d\" width=\"16\" height=\"16\" \/><\/span><\/p>\n<div class=\"x11i5rnm xat24cr x1mh8g0r x1vvkbs xtlvy1s x126k92a\">\n<div dir=\"auto\">\n<p>\u00a0<strong>Mida \u00fcheskoos teeme?<\/strong><\/p>\n<p><span class=\"html-span xexx8yu x4uap5 x18d9i69 xkhd6sd x1hl2dhg x16tdsg8 x1vvkbs x3nfvp2 x1j61x8r x1fcty0u xdj266r xat24cr xgzva0m xhhsvwb xxymvpz xlup9mm x1kky2od\"><img loading=\"lazy\" decoding=\"async\" class=\"xz74otr\" src=\"https:\/\/static.xx.fbcdn.net\/images\/emoji.php\/v9\/t5d\/1\/16\/1f95a.png\" alt=\"\ud83e\udd5a\" width=\"16\" height=\"16\" \/><\/span> Kell 16.00 valmistame taimset versiooni t\u00e4idetud munadest<\/p>\n<\/div>\n<div dir=\"auto\"><span class=\"html-span xexx8yu x4uap5 x18d9i69 xkhd6sd x1hl2dhg x16tdsg8 x1vvkbs x3nfvp2 x1j61x8r x1fcty0u xdj266r xat24cr xgzva0m xhhsvwb xxymvpz xlup9mm x1kky2od\"><img loading=\"lazy\" decoding=\"async\" class=\"xz74otr\" src=\"https:\/\/static.xx.fbcdn.net\/images\/emoji.php\/v9\/t1b\/1\/16\/1f3b2.png\" alt=\"\ud83c\udfb2\" width=\"16\" height=\"16\" \/><\/span> Kell 14.00 ja 18.00 m\u00e4ngime Eesti lauam\u00e4ngudisaineri loodud lauam\u00e4ngu LunarBase<\/div>\n<div dir=\"auto\">\n<p><span class=\"html-span xexx8yu x4uap5 x18d9i69 xkhd6sd x1hl2dhg x16tdsg8 x1vvkbs x3nfvp2 x1j61x8r x1fcty0u xdj266r xat24cr xgzva0m xhhsvwb xxymvpz xlup9mm x1kky2od\"><img loading=\"lazy\" decoding=\"async\" class=\"xz74otr\" src=\"https:\/\/static.xx.fbcdn.net\/images\/emoji.php\/v9\/t82\/1\/16\/1f3a8.png\" alt=\"\ud83c\udfa8\" width=\"16\" height=\"16\" \/><\/span> Meisterdame noortekeskusele temaatilisi kaunistusi kogu p\u00e4eva v\u00e4ltel<\/p>\n<p>Noortekeskus on avatud kell 13.00-19.00<\/p>\n<\/div>\n<\/div>\n","protected":false},"featured_media":0,"template":"","kalender_kategooria":[19,20],"class_list":["post-1733","kalender","type-kalender","status-publish","hentry","kalender_kategooria-pidu","kalender_kategooria-tahtpaev"],"acf":[],"yoast_head":"<!-- This site is optimized with the Yoast SEO plugin v27.5 - https:\/\/yoast.com\/product\/yoast-seo-wordpress\/ -->\n<title>Eesti Vabariik 107 t\u00e4histamine &#8211; Valdeku noortekeskus<\/title>\n<meta name=\"robots\" content=\"index, follow, max-snippet:-1, max-image-preview:large, max-video-preview:-1\" \/>\n<link rel=\"canonical\" href=\"https:\/\/www.nomme.ee\/valdeku-noortekeskus\/kalender\/eesti-vabariik-107-tahistamine\/\" \/>\n<meta property=\"og:locale\" content=\"et_EE\" \/>\n<meta property=\"og:type\" content=\"article\" \/>\n<meta property=\"og:title\" content=\"Eesti Vabariik 107 t\u00e4histamine &#8211; Valdeku noortekeskus\" \/>\n<meta property=\"og:description\" content=\"Sel aastal t\u00e4histame Eesti Vabariigi aastap\u00e4eva \u00fchiselt 21. veebruaril \u00a0Mida \u00fcheskoos teeme? Kell 16.00 valmistame taimset versiooni t\u00e4idetud munadest Kell 14.00 ja 18.00 m\u00e4ngime Eesti lauam\u00e4ngudisaineri loodud lauam\u00e4ngu LunarBase Meisterdame noortekeskusele temaatilisi kaunistusi kogu p\u00e4eva v\u00e4ltel Noortekeskus on avatud kell 13.00-19.00\" \/>\n<meta property=\"og:url\" content=\"https:\/\/www.nomme.ee\/valdeku-noortekeskus\/kalender\/eesti-vabariik-107-tahistamine\/\" \/>\n<meta property=\"og:site_name\" content=\"Valdeku noortekeskus\" \/>\n<meta property=\"article:modified_time\" content=\"2025-02-13T10:04:29+00:00\" \/>\n<meta property=\"og:image\" content=\"https:\/\/static.xx.fbcdn.net\/images\/emoji.php\/v9\/t6c\/1\/16\/1f499.png\" \/>\n<meta name=\"twitter:card\" content=\"summary_large_image\" \/>\n<meta name=\"twitter:label1\" content=\"Est. reading time\" \/>\n\t<meta name=\"twitter:data1\" content=\"2 minutit\" \/>\n<script type=\"application\/ld+json\" class=\"yoast-schema-graph\">{\"@context\":\"https:\\\/\\\/schema.org\",\"@graph\":[{\"@type\":\"WebPage\",\"@id\":\"https:\\\/\\\/www.nomme.ee\\\/valdeku-noortekeskus\\\/kalender\\\/eesti-vabariik-107-tahistamine\\\/\",\"url\":\"https:\\\/\\\/www.nomme.ee\\\/valdeku-noortekeskus\\\/kalender\\\/eesti-vabariik-107-tahistamine\\\/\",\"name\":\"Eesti Vabariik 107 t\u00e4histamine &#8211; Valdeku noortekeskus\",\"isPartOf\":{\"@id\":\"https:\\\/\\\/www.nomme.ee\\\/valdeku-noortekeskus\\\/#website\"},\"primaryImageOfPage\":{\"@id\":\"https:\\\/\\\/www.nomme.ee\\\/valdeku-noortekeskus\\\/kalender\\\/eesti-vabariik-107-tahistamine\\\/#primaryimage\"},\"image\":{\"@id\":\"https:\\\/\\\/www.nomme.ee\\\/valdeku-noortekeskus\\\/kalender\\\/eesti-vabariik-107-tahistamine\\\/#primaryimage\"},\"thumbnailUrl\":\"https:\\\/\\\/static.xx.fbcdn.net\\\/images\\\/emoji.php\\\/v9\\\/t6c\\\/1\\\/16\\\/1f499.png\",\"datePublished\":\"2025-01-02T13:59:49+00:00\",\"dateModified\":\"2025-02-13T10:04:29+00:00\",\"breadcrumb\":{\"@id\":\"https:\\\/\\\/www.nomme.ee\\\/valdeku-noortekeskus\\\/kalender\\\/eesti-vabariik-107-tahistamine\\\/#breadcrumb\"},\"inLanguage\":\"et\",\"potentialAction\":[{\"@type\":\"ReadAction\",\"target\":[\"https:\\\/\\\/www.nomme.ee\\\/valdeku-noortekeskus\\\/kalender\\\/eesti-vabariik-107-tahistamine\\\/\"]}]},{\"@type\":\"ImageObject\",\"inLanguage\":\"et\",\"@id\":\"https:\\\/\\\/www.nomme.ee\\\/valdeku-noortekeskus\\\/kalender\\\/eesti-vabariik-107-tahistamine\\\/#primaryimage\",\"url\":\"https:\\\/\\\/static.xx.fbcdn.net\\\/images\\\/emoji.php\\\/v9\\\/t6c\\\/1\\\/16\\\/1f499.png\",\"contentUrl\":\"https:\\\/\\\/static.xx.fbcdn.net\\\/images\\\/emoji.php\\\/v9\\\/t6c\\\/1\\\/16\\\/1f499.png\"},{\"@type\":\"BreadcrumbList\",\"@id\":\"https:\\\/\\\/www.nomme.ee\\\/valdeku-noortekeskus\\\/kalender\\\/eesti-vabariik-107-tahistamine\\\/#breadcrumb\",\"itemListElement\":[{\"@type\":\"ListItem\",\"position\":1,\"name\":\"N\u00f5mme Vaba Aja Keskus\",\"item\":\"https:\\\/\\\/www.nomme.ee\"},{\"@type\":\"ListItem\",\"position\":2,\"name\":\"Valdeku noortekeskus\",\"item\":\"https:\\\/\\\/www.nomme.ee\\\/valdeku-noortekeskus\\\/\"},{\"@type\":\"ListItem\",\"position\":3,\"name\":\"S\u00fcndmused\",\"item\":\"https:\\\/\\\/www.nomme.ee\\\/valdeku-noortekeskus\\\/kalender\\\/\"},{\"@type\":\"ListItem\",\"position\":4,\"name\":\"Eesti Vabariik 107 t\u00e4histamine\"}]},{\"@type\":\"WebSite\",\"@id\":\"https:\\\/\\\/www.nomme.ee\\\/valdeku-noortekeskus\\\/#website\",\"url\":\"https:\\\/\\\/www.nomme.ee\\\/valdeku-noortekeskus\\\/\",\"name\":\"Valdeku noortekeskus\",\"description\":\"\",\"potentialAction\":[{\"@type\":\"SearchAction\",\"target\":{\"@type\":\"EntryPoint\",\"urlTemplate\":\"https:\\\/\\\/www.nomme.ee\\\/valdeku-noortekeskus\\\/?s={search_term_string}\"},\"query-input\":{\"@type\":\"PropertyValueSpecification\",\"valueRequired\":true,\"valueName\":\"search_term_string\"}}],\"inLanguage\":\"et\"}]}<\/script>\n<!-- \/ Yoast SEO plugin. -->","yoast_head_json":{"title":"Eesti Vabariik 107 t\u00e4histamine &#8211; Valdeku noortekeskus","robots":{"index":"index","follow":"follow","max-snippet":"max-snippet:-1","max-image-preview":"max-image-preview:large","max-video-preview":"max-video-preview:-1"},"canonical":"https:\/\/www.nomme.ee\/valdeku-noortekeskus\/kalender\/eesti-vabariik-107-tahistamine\/","og_locale":"et_EE","og_type":"article","og_title":"Eesti Vabariik 107 t\u00e4histamine &#8211; Valdeku noortekeskus","og_description":"Sel aastal t\u00e4histame Eesti Vabariigi aastap\u00e4eva \u00fchiselt 21. veebruaril \u00a0Mida \u00fcheskoos teeme? Kell 16.00 valmistame taimset versiooni t\u00e4idetud munadest Kell 14.00 ja 18.00 m\u00e4ngime Eesti lauam\u00e4ngudisaineri loodud lauam\u00e4ngu LunarBase Meisterdame noortekeskusele temaatilisi kaunistusi kogu p\u00e4eva v\u00e4ltel Noortekeskus on avatud kell 13.00-19.00","og_url":"https:\/\/www.nomme.ee\/valdeku-noortekeskus\/kalender\/eesti-vabariik-107-tahistamine\/","og_site_name":"Valdeku noortekeskus","article_modified_time":"2025-02-13T10:04:29+00:00","og_image":[{"url":"https:\/\/static.xx.fbcdn.net\/images\/emoji.php\/v9\/t6c\/1\/16\/1f499.png","type":"","width":"","height":""}],"twitter_card":"summary_large_image","twitter_misc":{"Est. reading time":"2 minutit"},"schema":{"@context":"https:\/\/schema.org","@graph":[{"@type":"WebPage","@id":"https:\/\/www.nomme.ee\/valdeku-noortekeskus\/kalender\/eesti-vabariik-107-tahistamine\/","url":"https:\/\/www.nomme.ee\/valdeku-noortekeskus\/kalender\/eesti-vabariik-107-tahistamine\/","name":"Eesti Vabariik 107 t\u00e4histamine &#8211; Valdeku noortekeskus","isPartOf":{"@id":"https:\/\/www.nomme.ee\/valdeku-noortekeskus\/#website"},"primaryImageOfPage":{"@id":"https:\/\/www.nomme.ee\/valdeku-noortekeskus\/kalender\/eesti-vabariik-107-tahistamine\/#primaryimage"},"image":{"@id":"https:\/\/www.nomme.ee\/valdeku-noortekeskus\/kalender\/eesti-vabariik-107-tahistamine\/#primaryimage"},"thumbnailUrl":"https:\/\/static.xx.fbcdn.net\/images\/emoji.php\/v9\/t6c\/1\/16\/1f499.png","datePublished":"2025-01-02T13:59:49+00:00","dateModified":"2025-02-13T10:04:29+00:00","breadcrumb":{"@id":"https:\/\/www.nomme.ee\/valdeku-noortekeskus\/kalender\/eesti-vabariik-107-tahistamine\/#breadcrumb"},"inLanguage":"et","potentialAction":[{"@type":"ReadAction","target":["https:\/\/www.nomme.ee\/valdeku-noortekeskus\/kalender\/eesti-vabariik-107-tahistamine\/"]}]},{"@type":"ImageObject","inLanguage":"et","@id":"https:\/\/www.nomme.ee\/valdeku-noortekeskus\/kalender\/eesti-vabariik-107-tahistamine\/#primaryimage","url":"https:\/\/static.xx.fbcdn.net\/images\/emoji.php\/v9\/t6c\/1\/16\/1f499.png","contentUrl":"https:\/\/static.xx.fbcdn.net\/images\/emoji.php\/v9\/t6c\/1\/16\/1f499.png"},{"@type":"BreadcrumbList","@id":"https:\/\/www.nomme.ee\/valdeku-noortekeskus\/kalender\/eesti-vabariik-107-tahistamine\/#breadcrumb","itemListElement":[{"@type":"ListItem","position":1,"name":"N\u00f5mme Vaba Aja Keskus","item":"https:\/\/www.nomme.ee"},{"@type":"ListItem","position":2,"name":"Valdeku noortekeskus","item":"https:\/\/www.nomme.ee\/valdeku-noortekeskus\/"},{"@type":"ListItem","position":3,"name":"S\u00fcndmused","item":"https:\/\/www.nomme.ee\/valdeku-noortekeskus\/kalender\/"},{"@type":"ListItem","position":4,"name":"Eesti Vabariik 107 t\u00e4histamine"}]},{"@type":"WebSite","@id":"https:\/\/www.nomme.ee\/valdeku-noortekeskus\/#website","url":"https:\/\/www.nomme.ee\/valdeku-noortekeskus\/","name":"Valdeku noortekeskus","description":"","potentialAction":[{"@type":"SearchAction","target":{"@type":"EntryPoint","urlTemplate":"https:\/\/www.nomme.ee\/valdeku-noortekeskus\/?s={search_term_string}"},"query-input":{"@type":"PropertyValueSpecification","valueRequired":true,"valueName":"search_term_string"}}],"inLanguage":"et"}]}},"_links":{"self":[{"href":"https:\/\/www.nomme.ee\/valdeku-noortekeskus\/wp-json\/wp\/v2\/kalender\/1733","targetHints":{"allow":["GET"]}}],"collection":[{"href":"https:\/\/www.nomme.ee\/valdeku-noortekeskus\/wp-json\/wp\/v2\/kalender"}],"about":[{"href":"https:\/\/www.nomme.ee\/valdeku-noortekeskus\/wp-json\/wp\/v2\/types\/kalender"}],"version-history":[{"count":7,"href":"https:\/\/www.nomme.ee\/valdeku-noortekeskus\/wp-json\/wp\/v2\/kalender\/1733\/revisions"}],"predecessor-version":[{"id":1947,"href":"https:\/\/www.nomme.ee\/valdeku-noortekeskus\/wp-json\/wp\/v2\/kalender\/1733\/revisions\/1947"}],"wp:attachment":[{"href":"https:\/\/www.nomme.ee\/valdeku-noortekeskus\/wp-json\/wp\/v2\/media?parent=1733"}],"wp:term":[{"taxonomy":"kalender_kategooria","embeddable":true,"href":"https:\/\/www.nomme.ee\/valdeku-noortekeskus\/wp-json\/wp\/v2\/kalender_kategooria?post=1733"}],"curies":[{"name":"wp","href":"https:\/\/api.w.org\/{rel}","templated":true}]}}