{"id":1742,"date":"2025-01-02T14:02:38","date_gmt":"2025-01-02T14:02:38","guid":{"rendered":"https:\/\/www.nomme.ee\/valdeku-noortekeskus\/?post_type=kalender&#038;p=1742"},"modified":"2025-03-26T09:54:41","modified_gmt":"2025-03-26T09:54:41","slug":"kokanduse-minilaager","status":"publish","type":"kalender","link":"https:\/\/www.nomme.ee\/valdeku-noortekeskus\/kalender\/kokanduse-minilaager\/","title":{"rendered":"Kokanduse minilaager"},"content":{"rendered":"<p>Kevadisel koolivaheajal toimub Valdeku Noortekeskuses kokanduse teemaline minilaager.<\/p>\n<div class=\"ewa-rteLine\">\ud83d\udd39 Mida laager pakub?<\/div>\n<div class=\"ewa-rteLine\">\u2705 Noored valmistavad iga p\u00e4ev ise l\u00f5unas\u00f6\u00f6gi, \u00f5ppides lihtsamaid roogasid ja k\u00f6\u00f6gitehnika kasutamist<\/div>\n<div class=\"ewa-rteLine\">\u2705 Igap\u00e4evaselt toidumaailmas tegutsevad spetsialistid tutvustavad oma t\u00f6\u00f6d ja viivad l\u00e4bi praktilisi tegevusi<\/div>\n<div class=\"ewa-rteLine\">\u2705 Noored saavad teadmisi toiduh\u00fcgieenist ja k\u00f6\u00f6gis ohutult tegutsemisest<\/div>\n<div class=\"ewa-rteLine\">\u2705 Laager l\u00f5peb l\u00f5busa laserlahinguga PlayTallinn meelelahutuskeskuses \ud83c\udfaf<\/p>\n<p>\ud83d\udccd Toimumiskoht: Valdeku Noortekeskus (Valdeku 13)<\/p><\/div>\n<div class=\"ewa-rteLine\">\ud83d\udd59 Aeg: Iga p\u00e4ev kell 10:00-18:00<\/div>\n<div class=\"ewa-rteLine\">\ud83d\udcb0 Hind: 50\u20ac (sisaldab kogu programmi, \u00fchistegevust ja sooja l\u00f5unas\u00f6\u00f6ki)<\/div>\n<div class=\"ewa-rteLine\">\ud83d\udc65 Kohtade arv piiratud \u2013 vaid 12 osalejat!<\/p>\n<p>Laager on m\u00f5eldud <strong>noortele vanuses 10+<\/strong><\/div>\n<p>&nbsp;<\/p>\n<p>Laagri t\u00e4psem ajakava saadetakse osalejatele hiljemalt n\u00e4dal enne laagri toimumist.<\/p>\n<p>&nbsp;<\/p>\n<p><span data-teams=\"true\"><p class=\"editor-content__cta\"><a class=\"main-btn\" target=\"_self\" href=\"https:\/\/tinyurl.com\/vldk-minikokandus\">Registreeru laagrisse<\/a><\/p><\/span><\/p>\n<p>&nbsp;<\/p>\n","protected":false},"featured_media":0,"template":"","kalender_kategooria":[18],"class_list":["post-1742","kalender","type-kalender","status-publish","hentry","kalender_kategooria-laager"],"acf":[],"yoast_head":"<!-- This site is optimized with the Yoast SEO plugin v27.5 - https:\/\/yoast.com\/product\/yoast-seo-wordpress\/ -->\n<title>Kokanduse minilaager &#8211; Valdeku noortekeskus<\/title>\n<meta name=\"robots\" content=\"index, follow, max-snippet:-1, max-image-preview:large, max-video-preview:-1\" \/>\n<link rel=\"canonical\" href=\"https:\/\/www.nomme.ee\/valdeku-noortekeskus\/kalender\/kokanduse-minilaager\/\" \/>\n<meta property=\"og:locale\" content=\"et_EE\" \/>\n<meta property=\"og:type\" content=\"article\" \/>\n<meta property=\"og:title\" content=\"Kokanduse minilaager &#8211; Valdeku noortekeskus\" \/>\n<meta property=\"og:description\" content=\"Kevadisel koolivaheajal toimub Valdeku Noortekeskuses kokanduse teemaline minilaager. \ud83d\udd39 Mida laager pakub? \u2705 Noored valmistavad iga p\u00e4ev ise l\u00f5unas\u00f6\u00f6gi, \u00f5ppides lihtsamaid roogasid ja k\u00f6\u00f6gitehnika kasutamist \u2705 Igap\u00e4evaselt toidumaailmas tegutsevad spetsialistid tutvustavad oma t\u00f6\u00f6d ja viivad l\u00e4bi praktilisi tegevusi \u2705 Noored saavad teadmisi toiduh\u00fcgieenist ja k\u00f6\u00f6gis ohutult tegutsemisest \u2705 Laager l\u00f5peb l\u00f5busa laserlahinguga PlayTallinn meelelahutuskeskuses \ud83c\udfaf [&hellip;]\" \/>\n<meta property=\"og:url\" content=\"https:\/\/www.nomme.ee\/valdeku-noortekeskus\/kalender\/kokanduse-minilaager\/\" \/>\n<meta property=\"og:site_name\" content=\"Valdeku noortekeskus\" \/>\n<meta property=\"article:modified_time\" content=\"2025-03-26T09:54:41+00:00\" \/>\n<meta name=\"twitter:card\" content=\"summary_large_image\" \/>\n<meta name=\"twitter:label1\" content=\"Est. reading time\" \/>\n\t<meta name=\"twitter:data1\" content=\"1 minut\" \/>\n<script type=\"application\/ld+json\" class=\"yoast-schema-graph\">{\"@context\":\"https:\\\/\\\/schema.org\",\"@graph\":[{\"@type\":\"WebPage\",\"@id\":\"https:\\\/\\\/www.nomme.ee\\\/valdeku-noortekeskus\\\/kalender\\\/kokanduse-minilaager\\\/\",\"url\":\"https:\\\/\\\/www.nomme.ee\\\/valdeku-noortekeskus\\\/kalender\\\/kokanduse-minilaager\\\/\",\"name\":\"Kokanduse minilaager &#8211; Valdeku noortekeskus\",\"isPartOf\":{\"@id\":\"https:\\\/\\\/www.nomme.ee\\\/valdeku-noortekeskus\\\/#website\"},\"datePublished\":\"2025-01-02T14:02:38+00:00\",\"dateModified\":\"2025-03-26T09:54:41+00:00\",\"breadcrumb\":{\"@id\":\"https:\\\/\\\/www.nomme.ee\\\/valdeku-noortekeskus\\\/kalender\\\/kokanduse-minilaager\\\/#breadcrumb\"},\"inLanguage\":\"et\",\"potentialAction\":[{\"@type\":\"ReadAction\",\"target\":[\"https:\\\/\\\/www.nomme.ee\\\/valdeku-noortekeskus\\\/kalender\\\/kokanduse-minilaager\\\/\"]}]},{\"@type\":\"BreadcrumbList\",\"@id\":\"https:\\\/\\\/www.nomme.ee\\\/valdeku-noortekeskus\\\/kalender\\\/kokanduse-minilaager\\\/#breadcrumb\",\"itemListElement\":[{\"@type\":\"ListItem\",\"position\":1,\"name\":\"N\u00f5mme Vaba Aja Keskus\",\"item\":\"https:\\\/\\\/www.nomme.ee\"},{\"@type\":\"ListItem\",\"position\":2,\"name\":\"Valdeku noortekeskus\",\"item\":\"https:\\\/\\\/www.nomme.ee\\\/valdeku-noortekeskus\\\/\"},{\"@type\":\"ListItem\",\"position\":3,\"name\":\"S\u00fcndmused\",\"item\":\"https:\\\/\\\/www.nomme.ee\\\/valdeku-noortekeskus\\\/kalender\\\/\"},{\"@type\":\"ListItem\",\"position\":4,\"name\":\"Kokanduse minilaager\"}]},{\"@type\":\"WebSite\",\"@id\":\"https:\\\/\\\/www.nomme.ee\\\/valdeku-noortekeskus\\\/#website\",\"url\":\"https:\\\/\\\/www.nomme.ee\\\/valdeku-noortekeskus\\\/\",\"name\":\"Valdeku noortekeskus\",\"description\":\"\",\"potentialAction\":[{\"@type\":\"SearchAction\",\"target\":{\"@type\":\"EntryPoint\",\"urlTemplate\":\"https:\\\/\\\/www.nomme.ee\\\/valdeku-noortekeskus\\\/?s={search_term_string}\"},\"query-input\":{\"@type\":\"PropertyValueSpecification\",\"valueRequired\":true,\"valueName\":\"search_term_string\"}}],\"inLanguage\":\"et\"}]}<\/script>\n<!-- \/ Yoast SEO plugin. -->","yoast_head_json":{"title":"Kokanduse minilaager &#8211; Valdeku noortekeskus","robots":{"index":"index","follow":"follow","max-snippet":"max-snippet:-1","max-image-preview":"max-image-preview:large","max-video-preview":"max-video-preview:-1"},"canonical":"https:\/\/www.nomme.ee\/valdeku-noortekeskus\/kalender\/kokanduse-minilaager\/","og_locale":"et_EE","og_type":"article","og_title":"Kokanduse minilaager &#8211; Valdeku noortekeskus","og_description":"Kevadisel koolivaheajal toimub Valdeku Noortekeskuses kokanduse teemaline minilaager. \ud83d\udd39 Mida laager pakub? \u2705 Noored valmistavad iga p\u00e4ev ise l\u00f5unas\u00f6\u00f6gi, \u00f5ppides lihtsamaid roogasid ja k\u00f6\u00f6gitehnika kasutamist \u2705 Igap\u00e4evaselt toidumaailmas tegutsevad spetsialistid tutvustavad oma t\u00f6\u00f6d ja viivad l\u00e4bi praktilisi tegevusi \u2705 Noored saavad teadmisi toiduh\u00fcgieenist ja k\u00f6\u00f6gis ohutult tegutsemisest \u2705 Laager l\u00f5peb l\u00f5busa laserlahinguga PlayTallinn meelelahutuskeskuses \ud83c\udfaf [&hellip;]","og_url":"https:\/\/www.nomme.ee\/valdeku-noortekeskus\/kalender\/kokanduse-minilaager\/","og_site_name":"Valdeku noortekeskus","article_modified_time":"2025-03-26T09:54:41+00:00","twitter_card":"summary_large_image","twitter_misc":{"Est. reading time":"1 minut"},"schema":{"@context":"https:\/\/schema.org","@graph":[{"@type":"WebPage","@id":"https:\/\/www.nomme.ee\/valdeku-noortekeskus\/kalender\/kokanduse-minilaager\/","url":"https:\/\/www.nomme.ee\/valdeku-noortekeskus\/kalender\/kokanduse-minilaager\/","name":"Kokanduse minilaager &#8211; Valdeku noortekeskus","isPartOf":{"@id":"https:\/\/www.nomme.ee\/valdeku-noortekeskus\/#website"},"datePublished":"2025-01-02T14:02:38+00:00","dateModified":"2025-03-26T09:54:41+00:00","breadcrumb":{"@id":"https:\/\/www.nomme.ee\/valdeku-noortekeskus\/kalender\/kokanduse-minilaager\/#breadcrumb"},"inLanguage":"et","potentialAction":[{"@type":"ReadAction","target":["https:\/\/www.nomme.ee\/valdeku-noortekeskus\/kalender\/kokanduse-minilaager\/"]}]},{"@type":"BreadcrumbList","@id":"https:\/\/www.nomme.ee\/valdeku-noortekeskus\/kalender\/kokanduse-minilaager\/#breadcrumb","itemListElement":[{"@type":"ListItem","position":1,"name":"N\u00f5mme Vaba Aja Keskus","item":"https:\/\/www.nomme.ee"},{"@type":"ListItem","position":2,"name":"Valdeku noortekeskus","item":"https:\/\/www.nomme.ee\/valdeku-noortekeskus\/"},{"@type":"ListItem","position":3,"name":"S\u00fcndmused","item":"https:\/\/www.nomme.ee\/valdeku-noortekeskus\/kalender\/"},{"@type":"ListItem","position":4,"name":"Kokanduse minilaager"}]},{"@type":"WebSite","@id":"https:\/\/www.nomme.ee\/valdeku-noortekeskus\/#website","url":"https:\/\/www.nomme.ee\/valdeku-noortekeskus\/","name":"Valdeku noortekeskus","description":"","potentialAction":[{"@type":"SearchAction","target":{"@type":"EntryPoint","urlTemplate":"https:\/\/www.nomme.ee\/valdeku-noortekeskus\/?s={search_term_string}"},"query-input":{"@type":"PropertyValueSpecification","valueRequired":true,"valueName":"search_term_string"}}],"inLanguage":"et"}]}},"_links":{"self":[{"href":"https:\/\/www.nomme.ee\/valdeku-noortekeskus\/wp-json\/wp\/v2\/kalender\/1742","targetHints":{"allow":["GET"]}}],"collection":[{"href":"https:\/\/www.nomme.ee\/valdeku-noortekeskus\/wp-json\/wp\/v2\/kalender"}],"about":[{"href":"https:\/\/www.nomme.ee\/valdeku-noortekeskus\/wp-json\/wp\/v2\/types\/kalender"}],"version-history":[{"count":5,"href":"https:\/\/www.nomme.ee\/valdeku-noortekeskus\/wp-json\/wp\/v2\/kalender\/1742\/revisions"}],"predecessor-version":[{"id":2005,"href":"https:\/\/www.nomme.ee\/valdeku-noortekeskus\/wp-json\/wp\/v2\/kalender\/1742\/revisions\/2005"}],"wp:attachment":[{"href":"https:\/\/www.nomme.ee\/valdeku-noortekeskus\/wp-json\/wp\/v2\/media?parent=1742"}],"wp:term":[{"taxonomy":"kalender_kategooria","embeddable":true,"href":"https:\/\/www.nomme.ee\/valdeku-noortekeskus\/wp-json\/wp\/v2\/kalender_kategooria?post=1742"}],"curies":[{"name":"wp","href":"https:\/\/api.w.org\/{rel}","templated":true}]}}