{"id":1748,"date":"2025-01-02T14:08:24","date_gmt":"2025-01-02T14:08:24","guid":{"rendered":"https:\/\/www.nomme.ee\/valdeku-noortekeskus\/?post_type=kalender&#038;p=1748"},"modified":"2025-05-12T12:50:35","modified_gmt":"2025-05-12T12:50:35","slug":"prugikond-2","status":"publish","type":"kalender","link":"https:\/\/www.nomme.ee\/valdeku-noortekeskus\/kalender\/prugikond-2\/","title":{"rendered":"Pr\u00fcgik\u00f5nd"},"content":{"rendered":"<div class=\"xdj266r x11i5rnm xat24cr x1mh8g0r x1vvkbs x126k92a\">\n<div dir=\"auto\">\n<p>Kutsume k\u00f5iki osa v\u00f5tma Valdeku Noortekeskuse pr\u00fcgik\u00f5nnist, mis toimub 13. juunil kell 15:00! <span class=\"html-span xexx8yu x4uap5 x18d9i69 xkhd6sd x1hl2dhg x16tdsg8 x1vvkbs x3nfvp2 x1j61x8r x1fcty0u xdj266r xat24cr xgzva0m xhhsvwb xxymvpz xlup9mm x1kky2od\"><img loading=\"lazy\" decoding=\"async\" class=\"xz74otr\" src=\"https:\/\/static.xx.fbcdn.net\/images\/emoji.php\/v9\/t5a\/1\/16\/1f5d1.png\" alt=\"\ud83d\uddd1\ufe0f\" width=\"16\" height=\"16\" \/><\/span><span class=\"html-span xexx8yu x4uap5 x18d9i69 xkhd6sd x1hl2dhg x16tdsg8 x1vvkbs x3nfvp2 x1j61x8r x1fcty0u xdj266r xat24cr xgzva0m xhhsvwb xxymvpz xlup9mm x1kky2od\"><img loading=\"lazy\" decoding=\"async\" class=\"xz74otr\" src=\"https:\/\/static.xx.fbcdn.net\/images\/emoji.php\/v9\/t92\/1\/16\/1f6b6_200d_2642.png\" alt=\"\ud83d\udeb6\u200d\u2642\ufe0f\" width=\"16\" height=\"16\" \/><\/span><span class=\"html-span xexx8yu x4uap5 x18d9i69 xkhd6sd x1hl2dhg x16tdsg8 x1vvkbs x3nfvp2 x1j61x8r x1fcty0u xdj266r xat24cr xgzva0m xhhsvwb xxymvpz xlup9mm x1kky2od\"><img loading=\"lazy\" decoding=\"async\" class=\"xz74otr\" src=\"https:\/\/static.xx.fbcdn.net\/images\/emoji.php\/v9\/t90\/1\/16\/1f6b6_200d_2640.png\" alt=\"\ud83d\udeb6\u200d\u2640\ufe0f\" width=\"16\" height=\"16\" \/><\/span> Koguneme noortekeskuses, aadressil Valdeku 13!<\/p>\n<p>See on suurep\u00e4rane v\u00f5imalus anda oma panus puhtama ja meeldivama keskkonna loomisesse meie k\u00f5igi jaoks. V\u00f5tame eesm\u00e4rgiks koristada tunni ajaga meie noortekeskuse \u00fcmbrusest v\u00f5imalikult palju pisipr\u00fcgi.<\/p>\n<p>PS! Pr\u00fcgik\u00f5nd on osa ka T\u00f5elise N\u00f5mmeka Bingo 2025 tabelist ja osalejad saavad soovikorral meiega \u00fchinedes selle ruudu bingost m\u00e4rgitud.<\/p>\n<p>Meie poolt:<\/p>\n<\/div>\n<\/div>\n<div class=\"x11i5rnm xat24cr x1mh8g0r x1vvkbs xtlvy1s x126k92a\">\n<div dir=\"auto\"><span class=\"html-span xexx8yu x4uap5 x18d9i69 xkhd6sd x1hl2dhg x16tdsg8 x1vvkbs x3nfvp2 x1j61x8r x1fcty0u xdj266r xat24cr xgzva0m xhhsvwb xxymvpz xlup9mm x1kky2od\"><img loading=\"lazy\" decoding=\"async\" class=\"xz74otr\" src=\"https:\/\/static.xx.fbcdn.net\/images\/emoji.php\/v9\/t80\/1\/16\/1f9e4.png\" alt=\"\ud83e\udde4\" width=\"16\" height=\"16\" \/><\/span> Kindad<\/div>\n<div dir=\"auto\"><span class=\"html-span xexx8yu x4uap5 x18d9i69 xkhd6sd x1hl2dhg x16tdsg8 x1vvkbs x3nfvp2 x1j61x8r x1fcty0u xdj266r xat24cr xgzva0m xhhsvwb xxymvpz xlup9mm x1kky2od\"><img loading=\"lazy\" decoding=\"async\" class=\"xz74otr\" src=\"https:\/\/static.xx.fbcdn.net\/images\/emoji.php\/v9\/t5a\/1\/16\/1f5d1.png\" alt=\"\ud83d\uddd1\ufe0f\" width=\"16\" height=\"16\" \/><\/span> Pr\u00fcgikotid<\/div>\n<div dir=\"auto\"><span class=\"html-span xexx8yu x4uap5 x18d9i69 xkhd6sd x1hl2dhg x16tdsg8 x1vvkbs x3nfvp2 x1j61x8r x1fcty0u xdj266r xat24cr xgzva0m xhhsvwb xxymvpz xlup9mm x1kky2od\"><img loading=\"lazy\" decoding=\"async\" class=\"xz74otr\" src=\"https:\/\/static.xx.fbcdn.net\/images\/emoji.php\/v9\/t91\/1\/16\/2615.png\" alt=\"\u2615\" width=\"16\" height=\"16\" \/><\/span><span class=\"html-span xexx8yu x4uap5 x18d9i69 xkhd6sd x1hl2dhg x16tdsg8 x1vvkbs x3nfvp2 x1j61x8r x1fcty0u xdj266r xat24cr xgzva0m xhhsvwb xxymvpz xlup9mm x1kky2od\"><img loading=\"lazy\" decoding=\"async\" class=\"xz74otr\" src=\"https:\/\/static.xx.fbcdn.net\/images\/emoji.php\/v9\/tac\/1\/16\/1f950.png\" alt=\"\ud83e\udd50\" width=\"16\" height=\"16\" \/><\/span> Maitsvad saiakesed ja kuum tee p\u00e4rast koristust<\/div>\n<div dir=\"auto\">\nSina too kaasa:<\/div>\n<\/div>\n<div class=\"x11i5rnm xat24cr x1mh8g0r x1vvkbs xtlvy1s x126k92a\">\n<div dir=\"auto\"><span class=\"html-span xexx8yu x4uap5 x18d9i69 xkhd6sd x1hl2dhg x16tdsg8 x1vvkbs x3nfvp2 x1j61x8r x1fcty0u xdj266r xat24cr xgzva0m xhhsvwb xxymvpz xlup9mm x1kky2od\"><br \/>\n<img loading=\"lazy\" decoding=\"async\" class=\"xz74otr\" src=\"https:\/\/static.xx.fbcdn.net\/images\/emoji.php\/v9\/t7f\/1\/16\/1f60a.png\" alt=\"\ud83d\ude0a\" width=\"16\" height=\"16\" \/><\/span> Hea tuju<\/div>\n<div dir=\"auto\"><span class=\"html-span xexx8yu x4uap5 x18d9i69 xkhd6sd x1hl2dhg x16tdsg8 x1vvkbs x3nfvp2 x1j61x8r x1fcty0u xdj266r xat24cr xgzva0m xhhsvwb xxymvpz xlup9mm x1kky2od\"><img loading=\"lazy\" decoding=\"async\" class=\"xz74otr\" src=\"https:\/\/static.xx.fbcdn.net\/images\/emoji.php\/v9\/t6d\/1\/16\/1f456.png\" alt=\"\ud83d\udc56\" width=\"16\" height=\"16\" \/><\/span> Ilmastikule vastavad riided<\/div>\n<div dir=\"auto\"><span class=\"html-span xexx8yu x4uap5 x18d9i69 xkhd6sd x1hl2dhg x16tdsg8 x1vvkbs x3nfvp2 x1j61x8r x1fcty0u xdj266r xat24cr xgzva0m xhhsvwb xxymvpz xlup9mm x1kky2od\"><img loading=\"lazy\" decoding=\"async\" class=\"xz74otr\" src=\"https:\/\/static.xx.fbcdn.net\/images\/emoji.php\/v9\/t9b\/1\/16\/1f468_200d_1f469_200d_1f467_200d_1f466.png\" alt=\"\ud83d\udc68\u200d\ud83d\udc69\u200d\ud83d\udc67\u200d\ud83d\udc66\" width=\"16\" height=\"16\" \/><\/span> S\u00f5brad, perekond ja tuttavad<\/div>\n<div dir=\"auto\">\n<p><span class=\"html-span xexx8yu x4uap5 x18d9i69 xkhd6sd x1hl2dhg x16tdsg8 x1vvkbs x3nfvp2 x1j61x8r x1fcty0u xdj266r xat24cr xgzva0m xhhsvwb xxymvpz xlup9mm x1kky2od\"><img loading=\"lazy\" decoding=\"async\" class=\"xz74otr\" src=\"https:\/\/static.xx.fbcdn.net\/images\/emoji.php\/v9\/t94\/1\/16\/1f49a.png\" alt=\"\ud83d\udc9a\" width=\"16\" height=\"16\" \/><\/span> Soov maailma paremaks muuta <span class=\"html-span xexx8yu x4uap5 x18d9i69 xkhd6sd x1hl2dhg x16tdsg8 x1vvkbs x3nfvp2 x1j61x8r x1fcty0u xdj266r xat24cr xgzva0m xhhsvwb xxymvpz xlup9mm x1kky2od\"><img loading=\"lazy\" decoding=\"async\" class=\"xz74otr\" src=\"https:\/\/static.xx.fbcdn.net\/images\/emoji.php\/v9\/t94\/1\/16\/1f49a.png\" alt=\"\ud83d\udc9a\" width=\"16\" height=\"16\" \/><\/span><\/p>\n<p>Kui soovid \u00fchineda, anna meile kindlasti oma osalemissoovist teada, et saaksime arvestada osalejate arvuga ja k\u00f5igile vajalikud vahendid valmis panna.<\/p>\n<\/div>\n<\/div>\n<div class=\"x11i5rnm xat24cr x1mh8g0r x1vvkbs xtlvy1s x126k92a\">\n<div dir=\"auto\">\n<p>Teeme koos midagi head ja veedame \u00fcheskoos toreda p\u00e4rastl\u00f5una! <span class=\"html-span xexx8yu x4uap5 x18d9i69 xkhd6sd x1hl2dhg x16tdsg8 x1vvkbs x3nfvp2 x1j61x8r x1fcty0u xdj266r xat24cr xgzva0m xhhsvwb xxymvpz xlup9mm x1kky2od\"><img loading=\"lazy\" decoding=\"async\" class=\"xz74otr\" src=\"https:\/\/static.xx.fbcdn.net\/images\/emoji.php\/v9\/t64\/1\/16\/1f91d.png\" alt=\"\ud83e\udd1d\" width=\"16\" height=\"16\" \/><\/span><\/p>\n<p>Osalemisest teatamiseks v\u00f5i lisainfo saamiseks kirjuta meile, helista 5556 7781 v\u00f5i tule noortekeskusesse k\u00fclla.<\/p>\n<\/div>\n<\/div>\n","protected":false},"featured_media":0,"template":"","kalender_kategooria":[29],"class_list":["post-1748","kalender","type-kalender","status-publish","hentry","kalender_kategooria-muu"],"acf":[],"yoast_head":"<!-- This site is optimized with the Yoast SEO plugin v27.5 - https:\/\/yoast.com\/product\/yoast-seo-wordpress\/ -->\n<title>Pr\u00fcgik\u00f5nd &#8211; Valdeku noortekeskus<\/title>\n<meta name=\"robots\" content=\"index, follow, max-snippet:-1, max-image-preview:large, max-video-preview:-1\" \/>\n<link rel=\"canonical\" href=\"https:\/\/www.nomme.ee\/valdeku-noortekeskus\/kalender\/prugikond-2\/\" \/>\n<meta property=\"og:locale\" content=\"et_EE\" \/>\n<meta property=\"og:type\" content=\"article\" \/>\n<meta property=\"og:title\" content=\"Pr\u00fcgik\u00f5nd &#8211; Valdeku noortekeskus\" \/>\n<meta property=\"og:description\" content=\"Kutsume k\u00f5iki osa v\u00f5tma Valdeku Noortekeskuse pr\u00fcgik\u00f5nnist, mis toimub 13. juunil kell 15:00! Koguneme noortekeskuses, aadressil Valdeku 13! See on suurep\u00e4rane v\u00f5imalus anda oma panus puhtama ja meeldivama keskkonna loomisesse meie k\u00f5igi jaoks. V\u00f5tame eesm\u00e4rgiks koristada tunni ajaga meie noortekeskuse \u00fcmbrusest v\u00f5imalikult palju pisipr\u00fcgi. PS! Pr\u00fcgik\u00f5nd on osa ka T\u00f5elise N\u00f5mmeka Bingo 2025 tabelist ja [&hellip;]\" \/>\n<meta property=\"og:url\" content=\"https:\/\/www.nomme.ee\/valdeku-noortekeskus\/kalender\/prugikond-2\/\" \/>\n<meta property=\"og:site_name\" content=\"Valdeku noortekeskus\" \/>\n<meta property=\"article:modified_time\" content=\"2025-05-12T12:50:35+00:00\" \/>\n<meta property=\"og:image\" content=\"https:\/\/static.xx.fbcdn.net\/images\/emoji.php\/v9\/t5a\/1\/16\/1f5d1.png\" \/>\n<meta name=\"twitter:card\" content=\"summary_large_image\" \/>\n<meta name=\"twitter:label1\" content=\"Est. reading time\" \/>\n\t<meta name=\"twitter:data1\" content=\"4 minutit\" \/>\n<script type=\"application\/ld+json\" class=\"yoast-schema-graph\">{\"@context\":\"https:\\\/\\\/schema.org\",\"@graph\":[{\"@type\":\"WebPage\",\"@id\":\"https:\\\/\\\/www.nomme.ee\\\/valdeku-noortekeskus\\\/kalender\\\/prugikond-2\\\/\",\"url\":\"https:\\\/\\\/www.nomme.ee\\\/valdeku-noortekeskus\\\/kalender\\\/prugikond-2\\\/\",\"name\":\"Pr\u00fcgik\u00f5nd &#8211; Valdeku noortekeskus\",\"isPartOf\":{\"@id\":\"https:\\\/\\\/www.nomme.ee\\\/valdeku-noortekeskus\\\/#website\"},\"primaryImageOfPage\":{\"@id\":\"https:\\\/\\\/www.nomme.ee\\\/valdeku-noortekeskus\\\/kalender\\\/prugikond-2\\\/#primaryimage\"},\"image\":{\"@id\":\"https:\\\/\\\/www.nomme.ee\\\/valdeku-noortekeskus\\\/kalender\\\/prugikond-2\\\/#primaryimage\"},\"thumbnailUrl\":\"https:\\\/\\\/static.xx.fbcdn.net\\\/images\\\/emoji.php\\\/v9\\\/t5a\\\/1\\\/16\\\/1f5d1.png\",\"datePublished\":\"2025-01-02T14:08:24+00:00\",\"dateModified\":\"2025-05-12T12:50:35+00:00\",\"breadcrumb\":{\"@id\":\"https:\\\/\\\/www.nomme.ee\\\/valdeku-noortekeskus\\\/kalender\\\/prugikond-2\\\/#breadcrumb\"},\"inLanguage\":\"et\",\"potentialAction\":[{\"@type\":\"ReadAction\",\"target\":[\"https:\\\/\\\/www.nomme.ee\\\/valdeku-noortekeskus\\\/kalender\\\/prugikond-2\\\/\"]}]},{\"@type\":\"ImageObject\",\"inLanguage\":\"et\",\"@id\":\"https:\\\/\\\/www.nomme.ee\\\/valdeku-noortekeskus\\\/kalender\\\/prugikond-2\\\/#primaryimage\",\"url\":\"https:\\\/\\\/static.xx.fbcdn.net\\\/images\\\/emoji.php\\\/v9\\\/t5a\\\/1\\\/16\\\/1f5d1.png\",\"contentUrl\":\"https:\\\/\\\/static.xx.fbcdn.net\\\/images\\\/emoji.php\\\/v9\\\/t5a\\\/1\\\/16\\\/1f5d1.png\"},{\"@type\":\"BreadcrumbList\",\"@id\":\"https:\\\/\\\/www.nomme.ee\\\/valdeku-noortekeskus\\\/kalender\\\/prugikond-2\\\/#breadcrumb\",\"itemListElement\":[{\"@type\":\"ListItem\",\"position\":1,\"name\":\"N\u00f5mme Vaba Aja Keskus\",\"item\":\"https:\\\/\\\/www.nomme.ee\"},{\"@type\":\"ListItem\",\"position\":2,\"name\":\"Valdeku noortekeskus\",\"item\":\"https:\\\/\\\/www.nomme.ee\\\/valdeku-noortekeskus\\\/\"},{\"@type\":\"ListItem\",\"position\":3,\"name\":\"S\u00fcndmused\",\"item\":\"https:\\\/\\\/www.nomme.ee\\\/valdeku-noortekeskus\\\/kalender\\\/\"},{\"@type\":\"ListItem\",\"position\":4,\"name\":\"Pr\u00fcgik\u00f5nd\"}]},{\"@type\":\"WebSite\",\"@id\":\"https:\\\/\\\/www.nomme.ee\\\/valdeku-noortekeskus\\\/#website\",\"url\":\"https:\\\/\\\/www.nomme.ee\\\/valdeku-noortekeskus\\\/\",\"name\":\"Valdeku noortekeskus\",\"description\":\"\",\"potentialAction\":[{\"@type\":\"SearchAction\",\"target\":{\"@type\":\"EntryPoint\",\"urlTemplate\":\"https:\\\/\\\/www.nomme.ee\\\/valdeku-noortekeskus\\\/?s={search_term_string}\"},\"query-input\":{\"@type\":\"PropertyValueSpecification\",\"valueRequired\":true,\"valueName\":\"search_term_string\"}}],\"inLanguage\":\"et\"}]}<\/script>\n<!-- \/ Yoast SEO plugin. -->","yoast_head_json":{"title":"Pr\u00fcgik\u00f5nd &#8211; Valdeku noortekeskus","robots":{"index":"index","follow":"follow","max-snippet":"max-snippet:-1","max-image-preview":"max-image-preview:large","max-video-preview":"max-video-preview:-1"},"canonical":"https:\/\/www.nomme.ee\/valdeku-noortekeskus\/kalender\/prugikond-2\/","og_locale":"et_EE","og_type":"article","og_title":"Pr\u00fcgik\u00f5nd &#8211; Valdeku noortekeskus","og_description":"Kutsume k\u00f5iki osa v\u00f5tma Valdeku Noortekeskuse pr\u00fcgik\u00f5nnist, mis toimub 13. juunil kell 15:00! Koguneme noortekeskuses, aadressil Valdeku 13! See on suurep\u00e4rane v\u00f5imalus anda oma panus puhtama ja meeldivama keskkonna loomisesse meie k\u00f5igi jaoks. V\u00f5tame eesm\u00e4rgiks koristada tunni ajaga meie noortekeskuse \u00fcmbrusest v\u00f5imalikult palju pisipr\u00fcgi. PS! Pr\u00fcgik\u00f5nd on osa ka T\u00f5elise N\u00f5mmeka Bingo 2025 tabelist ja [&hellip;]","og_url":"https:\/\/www.nomme.ee\/valdeku-noortekeskus\/kalender\/prugikond-2\/","og_site_name":"Valdeku noortekeskus","article_modified_time":"2025-05-12T12:50:35+00:00","og_image":[{"url":"https:\/\/static.xx.fbcdn.net\/images\/emoji.php\/v9\/t5a\/1\/16\/1f5d1.png","type":"","width":"","height":""}],"twitter_card":"summary_large_image","twitter_misc":{"Est. reading time":"4 minutit"},"schema":{"@context":"https:\/\/schema.org","@graph":[{"@type":"WebPage","@id":"https:\/\/www.nomme.ee\/valdeku-noortekeskus\/kalender\/prugikond-2\/","url":"https:\/\/www.nomme.ee\/valdeku-noortekeskus\/kalender\/prugikond-2\/","name":"Pr\u00fcgik\u00f5nd &#8211; Valdeku noortekeskus","isPartOf":{"@id":"https:\/\/www.nomme.ee\/valdeku-noortekeskus\/#website"},"primaryImageOfPage":{"@id":"https:\/\/www.nomme.ee\/valdeku-noortekeskus\/kalender\/prugikond-2\/#primaryimage"},"image":{"@id":"https:\/\/www.nomme.ee\/valdeku-noortekeskus\/kalender\/prugikond-2\/#primaryimage"},"thumbnailUrl":"https:\/\/static.xx.fbcdn.net\/images\/emoji.php\/v9\/t5a\/1\/16\/1f5d1.png","datePublished":"2025-01-02T14:08:24+00:00","dateModified":"2025-05-12T12:50:35+00:00","breadcrumb":{"@id":"https:\/\/www.nomme.ee\/valdeku-noortekeskus\/kalender\/prugikond-2\/#breadcrumb"},"inLanguage":"et","potentialAction":[{"@type":"ReadAction","target":["https:\/\/www.nomme.ee\/valdeku-noortekeskus\/kalender\/prugikond-2\/"]}]},{"@type":"ImageObject","inLanguage":"et","@id":"https:\/\/www.nomme.ee\/valdeku-noortekeskus\/kalender\/prugikond-2\/#primaryimage","url":"https:\/\/static.xx.fbcdn.net\/images\/emoji.php\/v9\/t5a\/1\/16\/1f5d1.png","contentUrl":"https:\/\/static.xx.fbcdn.net\/images\/emoji.php\/v9\/t5a\/1\/16\/1f5d1.png"},{"@type":"BreadcrumbList","@id":"https:\/\/www.nomme.ee\/valdeku-noortekeskus\/kalender\/prugikond-2\/#breadcrumb","itemListElement":[{"@type":"ListItem","position":1,"name":"N\u00f5mme Vaba Aja Keskus","item":"https:\/\/www.nomme.ee"},{"@type":"ListItem","position":2,"name":"Valdeku noortekeskus","item":"https:\/\/www.nomme.ee\/valdeku-noortekeskus\/"},{"@type":"ListItem","position":3,"name":"S\u00fcndmused","item":"https:\/\/www.nomme.ee\/valdeku-noortekeskus\/kalender\/"},{"@type":"ListItem","position":4,"name":"Pr\u00fcgik\u00f5nd"}]},{"@type":"WebSite","@id":"https:\/\/www.nomme.ee\/valdeku-noortekeskus\/#website","url":"https:\/\/www.nomme.ee\/valdeku-noortekeskus\/","name":"Valdeku noortekeskus","description":"","potentialAction":[{"@type":"SearchAction","target":{"@type":"EntryPoint","urlTemplate":"https:\/\/www.nomme.ee\/valdeku-noortekeskus\/?s={search_term_string}"},"query-input":{"@type":"PropertyValueSpecification","valueRequired":true,"valueName":"search_term_string"}}],"inLanguage":"et"}]}},"_links":{"self":[{"href":"https:\/\/www.nomme.ee\/valdeku-noortekeskus\/wp-json\/wp\/v2\/kalender\/1748","targetHints":{"allow":["GET"]}}],"collection":[{"href":"https:\/\/www.nomme.ee\/valdeku-noortekeskus\/wp-json\/wp\/v2\/kalender"}],"about":[{"href":"https:\/\/www.nomme.ee\/valdeku-noortekeskus\/wp-json\/wp\/v2\/types\/kalender"}],"version-history":[{"count":7,"href":"https:\/\/www.nomme.ee\/valdeku-noortekeskus\/wp-json\/wp\/v2\/kalender\/1748\/revisions"}],"predecessor-version":[{"id":2073,"href":"https:\/\/www.nomme.ee\/valdeku-noortekeskus\/wp-json\/wp\/v2\/kalender\/1748\/revisions\/2073"}],"wp:attachment":[{"href":"https:\/\/www.nomme.ee\/valdeku-noortekeskus\/wp-json\/wp\/v2\/media?parent=1748"}],"wp:term":[{"taxonomy":"kalender_kategooria","embeddable":true,"href":"https:\/\/www.nomme.ee\/valdeku-noortekeskus\/wp-json\/wp\/v2\/kalender_kategooria?post=1748"}],"curies":[{"name":"wp","href":"https:\/\/api.w.org\/{rel}","templated":true}]}}