{"id":1788,"date":"2025-01-14T10:40:59","date_gmt":"2025-01-14T10:40:59","guid":{"rendered":"https:\/\/www.nomme.ee\/valdeku-noortekeskus\/?post_type=kalender&#038;p=1788"},"modified":"2025-01-14T11:01:03","modified_gmt":"2025-01-14T11:01:03","slug":"noorsootoonadal-15","status":"publish","type":"kalender","link":"https:\/\/www.nomme.ee\/valdeku-noortekeskus\/kalender\/noorsootoonadal-15\/","title":{"rendered":"Noorsoot\u00f6\u00f6n\u00e4dal 15"},"content":{"rendered":"<p>Noorsoot\u00f6\u00f6 n\u00e4dal on \u00fcle-eestiline noorteinfos\u00fcndmus, millega p\u00f6\u00f6ratakse t\u00e4helepanu noortega t\u00f6\u00f6tavatele inimestele ja noortele ning noorsoot\u00f6\u00f6 v\u00f5imalustele. Igal aastal on fookuses erinev teema, mille raames kutsutakse sihtgruppi s\u00fcndmuses ja tegevustes osalema ning neid ise korraldama \u2013 n\u00e4dala raames toimuvad temaatilised s\u00fcndmused, kampaaniad, tegevused. Noorsoot\u00f6\u00f6 n\u00e4dala peakorraldaja on Haridus- ja Noorteamet ja Teeviit.<\/p>\n<p>&nbsp;<\/p>\n<p><img loading=\"lazy\" decoding=\"async\" class=\"alignnone wp-image-1162\" src=\"https:\/\/www.nomme.ee\/valdeku-noortekeskus\/wp-content\/uploads\/sites\/3\/2024\/01\/Teeviit_logo_2022_varviline-300x93.png\" alt=\"\" width=\"200\" height=\"62\" srcset=\"https:\/\/www.nomme.ee\/valdeku-noortekeskus\/wp-content\/uploads\/sites\/3\/2024\/01\/Teeviit_logo_2022_varviline-300x93.png 300w, https:\/\/www.nomme.ee\/valdeku-noortekeskus\/wp-content\/uploads\/sites\/3\/2024\/01\/Teeviit_logo_2022_varviline-1024x316.png 1024w, https:\/\/www.nomme.ee\/valdeku-noortekeskus\/wp-content\/uploads\/sites\/3\/2024\/01\/Teeviit_logo_2022_varviline-768x237.png 768w, https:\/\/www.nomme.ee\/valdeku-noortekeskus\/wp-content\/uploads\/sites\/3\/2024\/01\/Teeviit_logo_2022_varviline-1536x474.png 1536w, https:\/\/www.nomme.ee\/valdeku-noortekeskus\/wp-content\/uploads\/sites\/3\/2024\/01\/Teeviit_logo_2022_varviline-2048x632.png 2048w, https:\/\/www.nomme.ee\/valdeku-noortekeskus\/wp-content\/uploads\/sites\/3\/2024\/01\/Teeviit_logo_2022_varviline-1200x370.png 1200w\" sizes=\"auto, (max-width: 200px) 100vw, 200px\" \/><\/p>\n","protected":false},"featured_media":1789,"template":"","kalender_kategooria":[17,29],"class_list":["post-1788","kalender","type-kalender","status-publish","has-post-thumbnail","hentry","kalender_kategooria-lauamangud","kalender_kategooria-muu"],"acf":[],"yoast_head":"<!-- This site is optimized with the Yoast SEO plugin v27.5 - https:\/\/yoast.com\/product\/yoast-seo-wordpress\/ -->\n<title>Noorsoot\u00f6\u00f6n\u00e4dal 15 &#8211; Valdeku noortekeskus<\/title>\n<meta name=\"robots\" content=\"index, follow, max-snippet:-1, max-image-preview:large, max-video-preview:-1\" \/>\n<link rel=\"canonical\" href=\"https:\/\/www.nomme.ee\/valdeku-noortekeskus\/kalender\/noorsootoonadal-15\/\" \/>\n<meta property=\"og:locale\" content=\"et_EE\" \/>\n<meta property=\"og:type\" content=\"article\" \/>\n<meta property=\"og:title\" content=\"Noorsoot\u00f6\u00f6n\u00e4dal 15 &#8211; Valdeku noortekeskus\" \/>\n<meta property=\"og:description\" content=\"Noorsoot\u00f6\u00f6 n\u00e4dal on \u00fcle-eestiline noorteinfos\u00fcndmus, millega p\u00f6\u00f6ratakse t\u00e4helepanu noortega t\u00f6\u00f6tavatele inimestele ja noortele ning noorsoot\u00f6\u00f6 v\u00f5imalustele. Igal aastal on fookuses erinev teema, mille raames kutsutakse sihtgruppi s\u00fcndmuses ja tegevustes osalema ning neid ise korraldama \u2013 n\u00e4dala raames toimuvad temaatilised s\u00fcndmused, kampaaniad, tegevused. Noorsoot\u00f6\u00f6 n\u00e4dala peakorraldaja on Haridus- ja Noorteamet ja Teeviit. &nbsp;\" \/>\n<meta property=\"og:url\" content=\"https:\/\/www.nomme.ee\/valdeku-noortekeskus\/kalender\/noorsootoonadal-15\/\" \/>\n<meta property=\"og:site_name\" content=\"Valdeku noortekeskus\" \/>\n<meta property=\"article:modified_time\" content=\"2025-01-14T11:01:03+00:00\" \/>\n<meta property=\"og:image\" content=\"https:\/\/www.nomme.ee\/valdeku-noortekeskus\/wp-content\/uploads\/sites\/3\/2025\/01\/all-week.jpg\" \/>\n\t<meta property=\"og:image:width\" content=\"1080\" \/>\n\t<meta property=\"og:image:height\" content=\"1080\" \/>\n\t<meta property=\"og:image:type\" content=\"image\/jpeg\" \/>\n<meta name=\"twitter:card\" content=\"summary_large_image\" \/>\n<meta name=\"twitter:label1\" content=\"Est. reading time\" \/>\n\t<meta name=\"twitter:data1\" content=\"1 minut\" \/>\n<script type=\"application\/ld+json\" class=\"yoast-schema-graph\">{\"@context\":\"https:\\\/\\\/schema.org\",\"@graph\":[{\"@type\":\"WebPage\",\"@id\":\"https:\\\/\\\/www.nomme.ee\\\/valdeku-noortekeskus\\\/kalender\\\/noorsootoonadal-15\\\/\",\"url\":\"https:\\\/\\\/www.nomme.ee\\\/valdeku-noortekeskus\\\/kalender\\\/noorsootoonadal-15\\\/\",\"name\":\"Noorsoot\u00f6\u00f6n\u00e4dal 15 &#8211; Valdeku noortekeskus\",\"isPartOf\":{\"@id\":\"https:\\\/\\\/www.nomme.ee\\\/valdeku-noortekeskus\\\/#website\"},\"primaryImageOfPage\":{\"@id\":\"https:\\\/\\\/www.nomme.ee\\\/valdeku-noortekeskus\\\/kalender\\\/noorsootoonadal-15\\\/#primaryimage\"},\"image\":{\"@id\":\"https:\\\/\\\/www.nomme.ee\\\/valdeku-noortekeskus\\\/kalender\\\/noorsootoonadal-15\\\/#primaryimage\"},\"thumbnailUrl\":\"https:\\\/\\\/www.nomme.ee\\\/valdeku-noortekeskus\\\/wp-content\\\/uploads\\\/sites\\\/3\\\/2025\\\/01\\\/all-week.jpg\",\"datePublished\":\"2025-01-14T10:40:59+00:00\",\"dateModified\":\"2025-01-14T11:01:03+00:00\",\"breadcrumb\":{\"@id\":\"https:\\\/\\\/www.nomme.ee\\\/valdeku-noortekeskus\\\/kalender\\\/noorsootoonadal-15\\\/#breadcrumb\"},\"inLanguage\":\"et\",\"potentialAction\":[{\"@type\":\"ReadAction\",\"target\":[\"https:\\\/\\\/www.nomme.ee\\\/valdeku-noortekeskus\\\/kalender\\\/noorsootoonadal-15\\\/\"]}]},{\"@type\":\"ImageObject\",\"inLanguage\":\"et\",\"@id\":\"https:\\\/\\\/www.nomme.ee\\\/valdeku-noortekeskus\\\/kalender\\\/noorsootoonadal-15\\\/#primaryimage\",\"url\":\"https:\\\/\\\/www.nomme.ee\\\/valdeku-noortekeskus\\\/wp-content\\\/uploads\\\/sites\\\/3\\\/2025\\\/01\\\/all-week.jpg\",\"contentUrl\":\"https:\\\/\\\/www.nomme.ee\\\/valdeku-noortekeskus\\\/wp-content\\\/uploads\\\/sites\\\/3\\\/2025\\\/01\\\/all-week.jpg\",\"width\":1080,\"height\":1080},{\"@type\":\"BreadcrumbList\",\"@id\":\"https:\\\/\\\/www.nomme.ee\\\/valdeku-noortekeskus\\\/kalender\\\/noorsootoonadal-15\\\/#breadcrumb\",\"itemListElement\":[{\"@type\":\"ListItem\",\"position\":1,\"name\":\"N\u00f5mme Vaba Aja Keskus\",\"item\":\"https:\\\/\\\/www.nomme.ee\"},{\"@type\":\"ListItem\",\"position\":2,\"name\":\"Valdeku noortekeskus\",\"item\":\"https:\\\/\\\/www.nomme.ee\\\/valdeku-noortekeskus\\\/\"},{\"@type\":\"ListItem\",\"position\":3,\"name\":\"S\u00fcndmused\",\"item\":\"https:\\\/\\\/www.nomme.ee\\\/valdeku-noortekeskus\\\/kalender\\\/\"},{\"@type\":\"ListItem\",\"position\":4,\"name\":\"Noorsoot\u00f6\u00f6n\u00e4dal 15\"}]},{\"@type\":\"WebSite\",\"@id\":\"https:\\\/\\\/www.nomme.ee\\\/valdeku-noortekeskus\\\/#website\",\"url\":\"https:\\\/\\\/www.nomme.ee\\\/valdeku-noortekeskus\\\/\",\"name\":\"Valdeku noortekeskus\",\"description\":\"\",\"potentialAction\":[{\"@type\":\"SearchAction\",\"target\":{\"@type\":\"EntryPoint\",\"urlTemplate\":\"https:\\\/\\\/www.nomme.ee\\\/valdeku-noortekeskus\\\/?s={search_term_string}\"},\"query-input\":{\"@type\":\"PropertyValueSpecification\",\"valueRequired\":true,\"valueName\":\"search_term_string\"}}],\"inLanguage\":\"et\"}]}<\/script>\n<!-- \/ Yoast SEO plugin. -->","yoast_head_json":{"title":"Noorsoot\u00f6\u00f6n\u00e4dal 15 &#8211; Valdeku noortekeskus","robots":{"index":"index","follow":"follow","max-snippet":"max-snippet:-1","max-image-preview":"max-image-preview:large","max-video-preview":"max-video-preview:-1"},"canonical":"https:\/\/www.nomme.ee\/valdeku-noortekeskus\/kalender\/noorsootoonadal-15\/","og_locale":"et_EE","og_type":"article","og_title":"Noorsoot\u00f6\u00f6n\u00e4dal 15 &#8211; Valdeku noortekeskus","og_description":"Noorsoot\u00f6\u00f6 n\u00e4dal on \u00fcle-eestiline noorteinfos\u00fcndmus, millega p\u00f6\u00f6ratakse t\u00e4helepanu noortega t\u00f6\u00f6tavatele inimestele ja noortele ning noorsoot\u00f6\u00f6 v\u00f5imalustele. Igal aastal on fookuses erinev teema, mille raames kutsutakse sihtgruppi s\u00fcndmuses ja tegevustes osalema ning neid ise korraldama \u2013 n\u00e4dala raames toimuvad temaatilised s\u00fcndmused, kampaaniad, tegevused. Noorsoot\u00f6\u00f6 n\u00e4dala peakorraldaja on Haridus- ja Noorteamet ja Teeviit. &nbsp;","og_url":"https:\/\/www.nomme.ee\/valdeku-noortekeskus\/kalender\/noorsootoonadal-15\/","og_site_name":"Valdeku noortekeskus","article_modified_time":"2025-01-14T11:01:03+00:00","og_image":[{"width":1080,"height":1080,"url":"https:\/\/www.nomme.ee\/valdeku-noortekeskus\/wp-content\/uploads\/sites\/3\/2025\/01\/all-week.jpg","type":"image\/jpeg"}],"twitter_card":"summary_large_image","twitter_misc":{"Est. reading time":"1 minut"},"schema":{"@context":"https:\/\/schema.org","@graph":[{"@type":"WebPage","@id":"https:\/\/www.nomme.ee\/valdeku-noortekeskus\/kalender\/noorsootoonadal-15\/","url":"https:\/\/www.nomme.ee\/valdeku-noortekeskus\/kalender\/noorsootoonadal-15\/","name":"Noorsoot\u00f6\u00f6n\u00e4dal 15 &#8211; Valdeku noortekeskus","isPartOf":{"@id":"https:\/\/www.nomme.ee\/valdeku-noortekeskus\/#website"},"primaryImageOfPage":{"@id":"https:\/\/www.nomme.ee\/valdeku-noortekeskus\/kalender\/noorsootoonadal-15\/#primaryimage"},"image":{"@id":"https:\/\/www.nomme.ee\/valdeku-noortekeskus\/kalender\/noorsootoonadal-15\/#primaryimage"},"thumbnailUrl":"https:\/\/www.nomme.ee\/valdeku-noortekeskus\/wp-content\/uploads\/sites\/3\/2025\/01\/all-week.jpg","datePublished":"2025-01-14T10:40:59+00:00","dateModified":"2025-01-14T11:01:03+00:00","breadcrumb":{"@id":"https:\/\/www.nomme.ee\/valdeku-noortekeskus\/kalender\/noorsootoonadal-15\/#breadcrumb"},"inLanguage":"et","potentialAction":[{"@type":"ReadAction","target":["https:\/\/www.nomme.ee\/valdeku-noortekeskus\/kalender\/noorsootoonadal-15\/"]}]},{"@type":"ImageObject","inLanguage":"et","@id":"https:\/\/www.nomme.ee\/valdeku-noortekeskus\/kalender\/noorsootoonadal-15\/#primaryimage","url":"https:\/\/www.nomme.ee\/valdeku-noortekeskus\/wp-content\/uploads\/sites\/3\/2025\/01\/all-week.jpg","contentUrl":"https:\/\/www.nomme.ee\/valdeku-noortekeskus\/wp-content\/uploads\/sites\/3\/2025\/01\/all-week.jpg","width":1080,"height":1080},{"@type":"BreadcrumbList","@id":"https:\/\/www.nomme.ee\/valdeku-noortekeskus\/kalender\/noorsootoonadal-15\/#breadcrumb","itemListElement":[{"@type":"ListItem","position":1,"name":"N\u00f5mme Vaba Aja Keskus","item":"https:\/\/www.nomme.ee"},{"@type":"ListItem","position":2,"name":"Valdeku noortekeskus","item":"https:\/\/www.nomme.ee\/valdeku-noortekeskus\/"},{"@type":"ListItem","position":3,"name":"S\u00fcndmused","item":"https:\/\/www.nomme.ee\/valdeku-noortekeskus\/kalender\/"},{"@type":"ListItem","position":4,"name":"Noorsoot\u00f6\u00f6n\u00e4dal 15"}]},{"@type":"WebSite","@id":"https:\/\/www.nomme.ee\/valdeku-noortekeskus\/#website","url":"https:\/\/www.nomme.ee\/valdeku-noortekeskus\/","name":"Valdeku noortekeskus","description":"","potentialAction":[{"@type":"SearchAction","target":{"@type":"EntryPoint","urlTemplate":"https:\/\/www.nomme.ee\/valdeku-noortekeskus\/?s={search_term_string}"},"query-input":{"@type":"PropertyValueSpecification","valueRequired":true,"valueName":"search_term_string"}}],"inLanguage":"et"}]}},"_links":{"self":[{"href":"https:\/\/www.nomme.ee\/valdeku-noortekeskus\/wp-json\/wp\/v2\/kalender\/1788","targetHints":{"allow":["GET"]}}],"collection":[{"href":"https:\/\/www.nomme.ee\/valdeku-noortekeskus\/wp-json\/wp\/v2\/kalender"}],"about":[{"href":"https:\/\/www.nomme.ee\/valdeku-noortekeskus\/wp-json\/wp\/v2\/types\/kalender"}],"version-history":[{"count":1,"href":"https:\/\/www.nomme.ee\/valdeku-noortekeskus\/wp-json\/wp\/v2\/kalender\/1788\/revisions"}],"predecessor-version":[{"id":1790,"href":"https:\/\/www.nomme.ee\/valdeku-noortekeskus\/wp-json\/wp\/v2\/kalender\/1788\/revisions\/1790"}],"wp:featuredmedia":[{"embeddable":true,"href":"https:\/\/www.nomme.ee\/valdeku-noortekeskus\/wp-json\/wp\/v2\/media\/1789"}],"wp:attachment":[{"href":"https:\/\/www.nomme.ee\/valdeku-noortekeskus\/wp-json\/wp\/v2\/media?parent=1788"}],"wp:term":[{"taxonomy":"kalender_kategooria","embeddable":true,"href":"https:\/\/www.nomme.ee\/valdeku-noortekeskus\/wp-json\/wp\/v2\/kalender_kategooria?post=1788"}],"curies":[{"name":"wp","href":"https:\/\/api.w.org\/{rel}","templated":true}]}}