{"id":1825,"date":"2025-01-21T18:30:43","date_gmt":"2025-01-21T18:30:43","guid":{"rendered":"https:\/\/www.nomme.ee\/valdeku-noortekeskus\/?post_type=kalender&#038;p=1825"},"modified":"2025-07-31T08:08:42","modified_gmt":"2025-07-31T08:08:42","slug":"lauamangu-linnalaager-2","status":"publish","type":"kalender","link":"https:\/\/www.nomme.ee\/valdeku-noortekeskus\/kalender\/lauamangu-linnalaager-2\/","title":{"rendered":"Lauam\u00e4ngu Linnalaager"},"content":{"rendered":"<p><span data-contrast=\"auto\">Valdeku noortekeskuse suvine lauam\u00e4nguteemaline linnalaager on m\u00f5eldud noortele, kes on v\u00e4hemalt k\u00fcmneaastased ja kellele meeldib m\u00e4ngida, avastada uusi m\u00e4nge ning veeta aega teiste m\u00e4nguhuvilistega. Laagrip\u00e4evad sisaldavad mitmekesist tegevust, kus fookuses on m\u00e4ngud, koost\u00f6\u00f6 ja loovus.<\/span><\/p>\n<p>&nbsp;<\/p>\n<h3><span style=\"color: #ff6600\">Laagris\u00a0ootab\u00a0osalejaid\u00a0ees:\u00a0<\/span><\/h3>\n<p><span data-contrast=\"auto\">\u2022\u00a0Erinevate\u00a0lauam\u00e4ngude\u00a0tutvustused\u00a0ja\u00a0m\u00e4ngimise\u00a0v\u00f5imalused<\/span><br \/>\n<span data-contrast=\"auto\">\u2022\u00a0M\u00e4ngude\u00a0reeglite\u00a0\u00f5ppimine\u00a0ja\u00a0strateegiate\u00a0harjutamine<\/span><br \/>\n<span data-contrast=\"auto\">\u2022\u00a0K\u00fclalised\u00a0Eesti\u00a0lauam\u00e4ngukogukonnast<\/span><br \/>\n<span data-contrast=\"auto\">\u2022\u00a0Viimasel\u00a0p\u00e4eval\u00a0v\u00e4ljas\u00f5it\u00a0noortekeskuse\u00a0ruumidest\u00a0v\u00e4lja<\/span><\/p>\n<p><span data-contrast=\"auto\">Laagri toimumisaeg on esmasp\u00e4evast reedeni, iga p\u00e4ev kell k\u00fcmme hommikul kuni kuueni p\u00e4rastl\u00f5unal<\/span><br \/>\n<span data-contrast=\"auto\">Osalema\u00a0on\u00a0oodatud\u00a0noored<span style=\"color: #ff6600\"><strong>\u00a0vanuses\u00a010+<\/strong><\/span><\/span><span style=\"color: #ff6600\"><strong>\u00a0<\/strong><\/span><br \/>\n<span data-contrast=\"auto\">Osalustasu on <span style=\"color: #ff6600\"><strong>80\u00a0eurot<\/strong><\/span>\u00a0ning\u00a0l\u00f5unas\u00f6\u00f6k\u00a0on\u00a0hinna\u00a0sees<\/span><\/p>\n<p>&nbsp;<\/p>\n<h3><span style=\"color: #ff6600\" data-contrast=\"auto\">Registreerimine\u00a0 <\/span><\/h3>\n<p><span data-contrast=\"auto\">Registreerimine <\/span><span data-contrast=\"auto\">\u00a0lingi kaudu. T\u00e4pne p\u00e4evakava ja tegevuste info saadetakse registreerunutele e-kirjaga hiljemalt \u00fcks n\u00e4dal enne laagri algust.<\/span><br \/>\n<p class=\"editor-content__cta\"><a class=\"main-btn\" target=\"_self\" href=\"https:\/\/forms.office.com\/e\/F0f2ntXf4d\">Registreerimine<\/a><\/p><\/p>\n<p><span data-contrast=\"auto\">Kui sul tekib k\u00fcsimusi, v\u00f5ta meiega \u00fchendust sotsiaalmeedia kaudu v\u00f5i l\u00e4bi\u00a0 <a href=\"mailto:valdeku.noortekeskus@nomme.ee\">valdeku.noortekeskus@nomme.ee<\/a><\/span><\/p>\n<p>&nbsp;<\/p>\n<p><strong><span style=\"color: #ff6600\">&#8211; Eelmise aasta lauam\u00e4ngulaager videopildis:<\/span><\/strong><br \/>\n<p class=\"editor-content__cta\"><a class=\"main-btn\" target=\"_self\" href=\"https:\/\/www.instagram.com\/p\/CvZszhiNl_Z\/\">Vaata videot siin<\/a><\/p><\/p>\n","protected":false},"featured_media":2123,"template":"","kalender_kategooria":[31,18,17],"class_list":["post-1825","kalender","type-kalender","status-publish","has-post-thumbnail","hentry","kalender_kategooria-koolivaheaeg","kalender_kategooria-laager","kalender_kategooria-lauamangud"],"acf":[],"yoast_head":"<!-- This site is optimized with the Yoast SEO plugin v27.5 - https:\/\/yoast.com\/product\/yoast-seo-wordpress\/ -->\n<title>Lauam\u00e4ngu Linnalaager &#8211; Valdeku noortekeskus<\/title>\n<meta name=\"robots\" content=\"index, follow, max-snippet:-1, max-image-preview:large, max-video-preview:-1\" \/>\n<link rel=\"canonical\" href=\"https:\/\/www.nomme.ee\/valdeku-noortekeskus\/kalender\/lauamangu-linnalaager-2\/\" \/>\n<meta property=\"og:locale\" content=\"et_EE\" \/>\n<meta property=\"og:type\" content=\"article\" \/>\n<meta property=\"og:title\" content=\"Lauam\u00e4ngu Linnalaager &#8211; Valdeku noortekeskus\" \/>\n<meta property=\"og:description\" content=\"Valdeku noortekeskuse suvine lauam\u00e4nguteemaline linnalaager on m\u00f5eldud noortele, kes on v\u00e4hemalt k\u00fcmneaastased ja kellele meeldib m\u00e4ngida, avastada uusi m\u00e4nge ning veeta aega teiste m\u00e4nguhuvilistega. Laagrip\u00e4evad sisaldavad mitmekesist tegevust, kus fookuses on m\u00e4ngud, koost\u00f6\u00f6 ja loovus. &nbsp; Laagris\u00a0ootab\u00a0osalejaid\u00a0ees:\u00a0 \u2022\u00a0Erinevate\u00a0lauam\u00e4ngude\u00a0tutvustused\u00a0ja\u00a0m\u00e4ngimise\u00a0v\u00f5imalused \u2022\u00a0M\u00e4ngude\u00a0reeglite\u00a0\u00f5ppimine\u00a0ja\u00a0strateegiate\u00a0harjutamine \u2022\u00a0K\u00fclalised\u00a0Eesti\u00a0lauam\u00e4ngukogukonnast \u2022\u00a0Viimasel\u00a0p\u00e4eval\u00a0v\u00e4ljas\u00f5it\u00a0noortekeskuse\u00a0ruumidest\u00a0v\u00e4lja Laagri toimumisaeg on esmasp\u00e4evast reedeni, iga p\u00e4ev kell k\u00fcmme hommikul kuni kuueni p\u00e4rastl\u00f5unal Osalema\u00a0on\u00a0oodatud\u00a0noored\u00a0vanuses\u00a010+\u00a0 [&hellip;]\" \/>\n<meta property=\"og:url\" content=\"https:\/\/www.nomme.ee\/valdeku-noortekeskus\/kalender\/lauamangu-linnalaager-2\/\" \/>\n<meta property=\"og:site_name\" content=\"Valdeku noortekeskus\" \/>\n<meta property=\"article:modified_time\" content=\"2025-07-31T08:08:42+00:00\" \/>\n<meta property=\"og:image\" content=\"https:\/\/www.nomme.ee\/valdeku-noortekeskus\/wp-content\/uploads\/sites\/3\/2025\/01\/Lauamangulaager-2025-1.jpg\" \/>\n\t<meta property=\"og:image:width\" content=\"1080\" \/>\n\t<meta property=\"og:image:height\" content=\"1350\" \/>\n\t<meta property=\"og:image:type\" content=\"image\/jpeg\" \/>\n<meta name=\"twitter:card\" content=\"summary_large_image\" \/>\n<meta name=\"twitter:label1\" content=\"Est. reading time\" \/>\n\t<meta name=\"twitter:data1\" content=\"1 minut\" \/>\n<script type=\"application\/ld+json\" class=\"yoast-schema-graph\">{\"@context\":\"https:\\\/\\\/schema.org\",\"@graph\":[{\"@type\":\"WebPage\",\"@id\":\"https:\\\/\\\/www.nomme.ee\\\/valdeku-noortekeskus\\\/kalender\\\/lauamangu-linnalaager-2\\\/\",\"url\":\"https:\\\/\\\/www.nomme.ee\\\/valdeku-noortekeskus\\\/kalender\\\/lauamangu-linnalaager-2\\\/\",\"name\":\"Lauam\u00e4ngu Linnalaager &#8211; Valdeku noortekeskus\",\"isPartOf\":{\"@id\":\"https:\\\/\\\/www.nomme.ee\\\/valdeku-noortekeskus\\\/#website\"},\"primaryImageOfPage\":{\"@id\":\"https:\\\/\\\/www.nomme.ee\\\/valdeku-noortekeskus\\\/kalender\\\/lauamangu-linnalaager-2\\\/#primaryimage\"},\"image\":{\"@id\":\"https:\\\/\\\/www.nomme.ee\\\/valdeku-noortekeskus\\\/kalender\\\/lauamangu-linnalaager-2\\\/#primaryimage\"},\"thumbnailUrl\":\"https:\\\/\\\/www.nomme.ee\\\/valdeku-noortekeskus\\\/wp-content\\\/uploads\\\/sites\\\/3\\\/2025\\\/01\\\/Lauamangulaager-2025-1.jpg\",\"datePublished\":\"2025-01-21T18:30:43+00:00\",\"dateModified\":\"2025-07-31T08:08:42+00:00\",\"breadcrumb\":{\"@id\":\"https:\\\/\\\/www.nomme.ee\\\/valdeku-noortekeskus\\\/kalender\\\/lauamangu-linnalaager-2\\\/#breadcrumb\"},\"inLanguage\":\"et\",\"potentialAction\":[{\"@type\":\"ReadAction\",\"target\":[\"https:\\\/\\\/www.nomme.ee\\\/valdeku-noortekeskus\\\/kalender\\\/lauamangu-linnalaager-2\\\/\"]}]},{\"@type\":\"ImageObject\",\"inLanguage\":\"et\",\"@id\":\"https:\\\/\\\/www.nomme.ee\\\/valdeku-noortekeskus\\\/kalender\\\/lauamangu-linnalaager-2\\\/#primaryimage\",\"url\":\"https:\\\/\\\/www.nomme.ee\\\/valdeku-noortekeskus\\\/wp-content\\\/uploads\\\/sites\\\/3\\\/2025\\\/01\\\/Lauamangulaager-2025-1.jpg\",\"contentUrl\":\"https:\\\/\\\/www.nomme.ee\\\/valdeku-noortekeskus\\\/wp-content\\\/uploads\\\/sites\\\/3\\\/2025\\\/01\\\/Lauamangulaager-2025-1.jpg\",\"width\":1080,\"height\":1350},{\"@type\":\"BreadcrumbList\",\"@id\":\"https:\\\/\\\/www.nomme.ee\\\/valdeku-noortekeskus\\\/kalender\\\/lauamangu-linnalaager-2\\\/#breadcrumb\",\"itemListElement\":[{\"@type\":\"ListItem\",\"position\":1,\"name\":\"N\u00f5mme Vaba Aja Keskus\",\"item\":\"https:\\\/\\\/www.nomme.ee\"},{\"@type\":\"ListItem\",\"position\":2,\"name\":\"Valdeku noortekeskus\",\"item\":\"https:\\\/\\\/www.nomme.ee\\\/valdeku-noortekeskus\\\/\"},{\"@type\":\"ListItem\",\"position\":3,\"name\":\"S\u00fcndmused\",\"item\":\"https:\\\/\\\/www.nomme.ee\\\/valdeku-noortekeskus\\\/kalender\\\/\"},{\"@type\":\"ListItem\",\"position\":4,\"name\":\"Lauam\u00e4ngu Linnalaager\"}]},{\"@type\":\"WebSite\",\"@id\":\"https:\\\/\\\/www.nomme.ee\\\/valdeku-noortekeskus\\\/#website\",\"url\":\"https:\\\/\\\/www.nomme.ee\\\/valdeku-noortekeskus\\\/\",\"name\":\"Valdeku noortekeskus\",\"description\":\"\",\"potentialAction\":[{\"@type\":\"SearchAction\",\"target\":{\"@type\":\"EntryPoint\",\"urlTemplate\":\"https:\\\/\\\/www.nomme.ee\\\/valdeku-noortekeskus\\\/?s={search_term_string}\"},\"query-input\":{\"@type\":\"PropertyValueSpecification\",\"valueRequired\":true,\"valueName\":\"search_term_string\"}}],\"inLanguage\":\"et\"}]}<\/script>\n<!-- \/ Yoast SEO plugin. -->","yoast_head_json":{"title":"Lauam\u00e4ngu Linnalaager &#8211; Valdeku noortekeskus","robots":{"index":"index","follow":"follow","max-snippet":"max-snippet:-1","max-image-preview":"max-image-preview:large","max-video-preview":"max-video-preview:-1"},"canonical":"https:\/\/www.nomme.ee\/valdeku-noortekeskus\/kalender\/lauamangu-linnalaager-2\/","og_locale":"et_EE","og_type":"article","og_title":"Lauam\u00e4ngu Linnalaager &#8211; Valdeku noortekeskus","og_description":"Valdeku noortekeskuse suvine lauam\u00e4nguteemaline linnalaager on m\u00f5eldud noortele, kes on v\u00e4hemalt k\u00fcmneaastased ja kellele meeldib m\u00e4ngida, avastada uusi m\u00e4nge ning veeta aega teiste m\u00e4nguhuvilistega. Laagrip\u00e4evad sisaldavad mitmekesist tegevust, kus fookuses on m\u00e4ngud, koost\u00f6\u00f6 ja loovus. &nbsp; Laagris\u00a0ootab\u00a0osalejaid\u00a0ees:\u00a0 \u2022\u00a0Erinevate\u00a0lauam\u00e4ngude\u00a0tutvustused\u00a0ja\u00a0m\u00e4ngimise\u00a0v\u00f5imalused \u2022\u00a0M\u00e4ngude\u00a0reeglite\u00a0\u00f5ppimine\u00a0ja\u00a0strateegiate\u00a0harjutamine \u2022\u00a0K\u00fclalised\u00a0Eesti\u00a0lauam\u00e4ngukogukonnast \u2022\u00a0Viimasel\u00a0p\u00e4eval\u00a0v\u00e4ljas\u00f5it\u00a0noortekeskuse\u00a0ruumidest\u00a0v\u00e4lja Laagri toimumisaeg on esmasp\u00e4evast reedeni, iga p\u00e4ev kell k\u00fcmme hommikul kuni kuueni p\u00e4rastl\u00f5unal Osalema\u00a0on\u00a0oodatud\u00a0noored\u00a0vanuses\u00a010+\u00a0 [&hellip;]","og_url":"https:\/\/www.nomme.ee\/valdeku-noortekeskus\/kalender\/lauamangu-linnalaager-2\/","og_site_name":"Valdeku noortekeskus","article_modified_time":"2025-07-31T08:08:42+00:00","og_image":[{"width":1080,"height":1350,"url":"https:\/\/www.nomme.ee\/valdeku-noortekeskus\/wp-content\/uploads\/sites\/3\/2025\/01\/Lauamangulaager-2025-1.jpg","type":"image\/jpeg"}],"twitter_card":"summary_large_image","twitter_misc":{"Est. reading time":"1 minut"},"schema":{"@context":"https:\/\/schema.org","@graph":[{"@type":"WebPage","@id":"https:\/\/www.nomme.ee\/valdeku-noortekeskus\/kalender\/lauamangu-linnalaager-2\/","url":"https:\/\/www.nomme.ee\/valdeku-noortekeskus\/kalender\/lauamangu-linnalaager-2\/","name":"Lauam\u00e4ngu Linnalaager &#8211; Valdeku noortekeskus","isPartOf":{"@id":"https:\/\/www.nomme.ee\/valdeku-noortekeskus\/#website"},"primaryImageOfPage":{"@id":"https:\/\/www.nomme.ee\/valdeku-noortekeskus\/kalender\/lauamangu-linnalaager-2\/#primaryimage"},"image":{"@id":"https:\/\/www.nomme.ee\/valdeku-noortekeskus\/kalender\/lauamangu-linnalaager-2\/#primaryimage"},"thumbnailUrl":"https:\/\/www.nomme.ee\/valdeku-noortekeskus\/wp-content\/uploads\/sites\/3\/2025\/01\/Lauamangulaager-2025-1.jpg","datePublished":"2025-01-21T18:30:43+00:00","dateModified":"2025-07-31T08:08:42+00:00","breadcrumb":{"@id":"https:\/\/www.nomme.ee\/valdeku-noortekeskus\/kalender\/lauamangu-linnalaager-2\/#breadcrumb"},"inLanguage":"et","potentialAction":[{"@type":"ReadAction","target":["https:\/\/www.nomme.ee\/valdeku-noortekeskus\/kalender\/lauamangu-linnalaager-2\/"]}]},{"@type":"ImageObject","inLanguage":"et","@id":"https:\/\/www.nomme.ee\/valdeku-noortekeskus\/kalender\/lauamangu-linnalaager-2\/#primaryimage","url":"https:\/\/www.nomme.ee\/valdeku-noortekeskus\/wp-content\/uploads\/sites\/3\/2025\/01\/Lauamangulaager-2025-1.jpg","contentUrl":"https:\/\/www.nomme.ee\/valdeku-noortekeskus\/wp-content\/uploads\/sites\/3\/2025\/01\/Lauamangulaager-2025-1.jpg","width":1080,"height":1350},{"@type":"BreadcrumbList","@id":"https:\/\/www.nomme.ee\/valdeku-noortekeskus\/kalender\/lauamangu-linnalaager-2\/#breadcrumb","itemListElement":[{"@type":"ListItem","position":1,"name":"N\u00f5mme Vaba Aja Keskus","item":"https:\/\/www.nomme.ee"},{"@type":"ListItem","position":2,"name":"Valdeku noortekeskus","item":"https:\/\/www.nomme.ee\/valdeku-noortekeskus\/"},{"@type":"ListItem","position":3,"name":"S\u00fcndmused","item":"https:\/\/www.nomme.ee\/valdeku-noortekeskus\/kalender\/"},{"@type":"ListItem","position":4,"name":"Lauam\u00e4ngu Linnalaager"}]},{"@type":"WebSite","@id":"https:\/\/www.nomme.ee\/valdeku-noortekeskus\/#website","url":"https:\/\/www.nomme.ee\/valdeku-noortekeskus\/","name":"Valdeku noortekeskus","description":"","potentialAction":[{"@type":"SearchAction","target":{"@type":"EntryPoint","urlTemplate":"https:\/\/www.nomme.ee\/valdeku-noortekeskus\/?s={search_term_string}"},"query-input":{"@type":"PropertyValueSpecification","valueRequired":true,"valueName":"search_term_string"}}],"inLanguage":"et"}]}},"_links":{"self":[{"href":"https:\/\/www.nomme.ee\/valdeku-noortekeskus\/wp-json\/wp\/v2\/kalender\/1825","targetHints":{"allow":["GET"]}}],"collection":[{"href":"https:\/\/www.nomme.ee\/valdeku-noortekeskus\/wp-json\/wp\/v2\/kalender"}],"about":[{"href":"https:\/\/www.nomme.ee\/valdeku-noortekeskus\/wp-json\/wp\/v2\/types\/kalender"}],"version-history":[{"count":10,"href":"https:\/\/www.nomme.ee\/valdeku-noortekeskus\/wp-json\/wp\/v2\/kalender\/1825\/revisions"}],"predecessor-version":[{"id":2141,"href":"https:\/\/www.nomme.ee\/valdeku-noortekeskus\/wp-json\/wp\/v2\/kalender\/1825\/revisions\/2141"}],"wp:featuredmedia":[{"embeddable":true,"href":"https:\/\/www.nomme.ee\/valdeku-noortekeskus\/wp-json\/wp\/v2\/media\/2123"}],"wp:attachment":[{"href":"https:\/\/www.nomme.ee\/valdeku-noortekeskus\/wp-json\/wp\/v2\/media?parent=1825"}],"wp:term":[{"taxonomy":"kalender_kategooria","embeddable":true,"href":"https:\/\/www.nomme.ee\/valdeku-noortekeskus\/wp-json\/wp\/v2\/kalender_kategooria?post=1825"}],"curies":[{"name":"wp","href":"https:\/\/api.w.org\/{rel}","templated":true}]}}