{"id":2288,"date":"2025-11-06T08:38:20","date_gmt":"2025-11-06T08:38:20","guid":{"rendered":"https:\/\/www.nomme.ee\/valdeku-noortekeskus\/?post_type=kalender&#038;p=2288"},"modified":"2025-11-10T16:21:44","modified_gmt":"2025-11-10T16:21:44","slug":"kvaar-noorteruum-2","status":"publish","type":"kalender","link":"https:\/\/www.nomme.ee\/valdeku-noortekeskus\/kalender\/kvaar-noorteruum-2\/","title":{"rendered":"Kv\u00e4\u00e4r Noorteruum"},"content":{"rendered":"<p data-start=\"222\" data-end=\"400\">Sel korral viivad head vabatahtlikud noored ise k\u00e4sit\u00f6\u00f6 t\u00f6\u00f6tuba l\u00e4bi. Osalemine on tasuta. Tule ise ja v\u00f5ta s\u00f5brad kaasa!<\/p>\n<p data-start=\"222\" data-end=\"400\"><strong>Mis on Kv\u00e4\u00e4r Noorteruum?<\/strong><\/p>\n<p data-start=\"222\" data-end=\"400\">Ootame 15+ vanuses kv\u00e4\u00e4rnoori P\u00e4\u00e4sk\u00fcla ja Valdeku noortekeskuste <strong data-start=\"299\" data-end=\"324\">kv\u00e4\u00e4rnoorteruumidesse<\/strong>, mis toimuvad <strong data-start=\"339\" data-end=\"376\">kaks korda kuus septembrist kuni 2025 aasta l\u00f5puni<\/strong> kell <strong data-start=\"382\" data-end=\"397\">19.30\u201321.30<\/strong>. Sel korral on meil vabatahtlikud k\u00e4elise tegevuse t\u00f6\u00f6tuba l\u00e4bi viimas.<\/p>\n<p data-start=\"402\" data-end=\"619\">Kv\u00e4\u00e4rnoorteruum pakub turvalist ja toetavat keskkonda, kus saab koos m\u00f5nusalt aega veeta, arutleda endale olulistel teemadel, osaleda tegevustes ja lihtsalt olla koos teistega, kelle kogemused ja m\u00f5tted on sarnased.<\/p>\n<p data-start=\"621\" data-end=\"760\">Ruumis on alati kohal <strong data-start=\"643\" data-end=\"686\">noorsoot\u00f6\u00f6taja(d) ja tegevuste l\u00e4biviijad<\/strong>, kes hoolitsevad selle eest, et iga\u00fcks tunneks end oodatuna ja hoituna.<\/p>\n<p data-start=\"762\" data-end=\"910\">Algatus on osa projektist, mis on saanud toetuse &#8220;Noorte heaks&#8221; taotlusvoorust. Taotlusvoori kohtasaad rohkem lugeda <strong><a href=\"https:\/\/harno.ee\/noorte-heaks\">SIIN<\/a><\/strong>. Projekti eesm\u00e4rk on katsetada kv\u00e4\u00e4rnoorte paremaks toetamiseks m\u00f5eldud tegevusmudeleid, v\u00f5ttes eeskujuks Islandi praktika, kus noortekeskus avatakse vaid kv\u00e4\u00e4rnoortele.<\/p>\n<p data-start=\"912\" data-end=\"1023\">Kui oled kv\u00e4\u00e4rnoor, kes otsib s\u00f5braliku ja turvalise \u00f5hkkonnaga kohta, siis tule kindlasti l\u00e4bi!<\/p>\n<p data-start=\"1025\" data-end=\"1192\">\ud83d\udccd <strong data-start=\"1028\" data-end=\"1045\">Toimumiskoht:<\/strong> P\u00e4\u00e4sk\u00fcla ja Valdeku noortekeskused<br data-start=\"1080\" data-end=\"1083\" \/>\ud83d\udd52 <strong data-start=\"1086\" data-end=\"1094\">Aeg:<\/strong> kaks korda kuus, kell 19.30\u201321.30<br data-start=\"1128\" data-end=\"1131\" \/>\ud83d\udcac <strong data-start=\"1134\" data-end=\"1192\">Osalemine on tasuta ja eelregistreerimine pole vajalik<\/strong><\/p>\n<p data-start=\"1025\" data-end=\"1192\">\n","protected":false},"featured_media":2264,"template":"","kalender_kategooria":[29],"class_list":["post-2288","kalender","type-kalender","status-publish","has-post-thumbnail","hentry","kalender_kategooria-muu"],"acf":[],"yoast_head":"<!-- This site is optimized with the Yoast SEO plugin v27.5 - https:\/\/yoast.com\/product\/yoast-seo-wordpress\/ -->\n<title>Kv\u00e4\u00e4r Noorteruum &#8211; Valdeku noortekeskus<\/title>\n<meta name=\"description\" content=\"turvaline keskkond kv\u00e4\u00e4rnoortele. Tule meile k\u00fclla, osalemine tasuta ja v\u00f5tas\u00f5brad ka kaasa. L\u00e4biviijad oskavad eesti ja inglise keeli.\" \/>\n<meta name=\"robots\" content=\"index, follow, max-snippet:-1, max-image-preview:large, max-video-preview:-1\" \/>\n<link rel=\"canonical\" href=\"https:\/\/www.nomme.ee\/valdeku-noortekeskus\/kalender\/kvaar-noorteruum-2\/\" \/>\n<meta property=\"og:locale\" content=\"et_EE\" \/>\n<meta property=\"og:type\" content=\"article\" \/>\n<meta property=\"og:title\" content=\"Kv\u00e4\u00e4r Noorteruum &#8211; Valdeku noortekeskus\" \/>\n<meta property=\"og:description\" content=\"turvaline keskkond kv\u00e4\u00e4rnoortele. Tule meile k\u00fclla, osalemine tasuta ja v\u00f5tas\u00f5brad ka kaasa. L\u00e4biviijad oskavad eesti ja inglise keeli.\" \/>\n<meta property=\"og:url\" content=\"https:\/\/www.nomme.ee\/valdeku-noortekeskus\/kalender\/kvaar-noorteruum-2\/\" \/>\n<meta property=\"og:site_name\" content=\"Valdeku noortekeskus\" \/>\n<meta property=\"article:modified_time\" content=\"2025-11-10T16:21:44+00:00\" \/>\n<meta property=\"og:image\" content=\"https:\/\/www.nomme.ee\/valdeku-noortekeskus\/wp-content\/uploads\/sites\/3\/2025\/10\/Logod.png\" \/>\n\t<meta property=\"og:image:width\" content=\"1563\" \/>\n\t<meta property=\"og:image:height\" content=\"1563\" \/>\n\t<meta property=\"og:image:type\" content=\"image\/png\" \/>\n<meta name=\"twitter:card\" content=\"summary_large_image\" \/>\n<meta name=\"twitter:label1\" content=\"Est. reading time\" \/>\n\t<meta name=\"twitter:data1\" content=\"2 minutit\" \/>\n<script type=\"application\/ld+json\" class=\"yoast-schema-graph\">{\"@context\":\"https:\\\/\\\/schema.org\",\"@graph\":[{\"@type\":\"WebPage\",\"@id\":\"https:\\\/\\\/www.nomme.ee\\\/valdeku-noortekeskus\\\/kalender\\\/kvaar-noorteruum-2\\\/\",\"url\":\"https:\\\/\\\/www.nomme.ee\\\/valdeku-noortekeskus\\\/kalender\\\/kvaar-noorteruum-2\\\/\",\"name\":\"Kv\u00e4\u00e4r Noorteruum &#8211; Valdeku noortekeskus\",\"isPartOf\":{\"@id\":\"https:\\\/\\\/www.nomme.ee\\\/valdeku-noortekeskus\\\/#website\"},\"primaryImageOfPage\":{\"@id\":\"https:\\\/\\\/www.nomme.ee\\\/valdeku-noortekeskus\\\/kalender\\\/kvaar-noorteruum-2\\\/#primaryimage\"},\"image\":{\"@id\":\"https:\\\/\\\/www.nomme.ee\\\/valdeku-noortekeskus\\\/kalender\\\/kvaar-noorteruum-2\\\/#primaryimage\"},\"thumbnailUrl\":\"https:\\\/\\\/www.nomme.ee\\\/valdeku-noortekeskus\\\/wp-content\\\/uploads\\\/sites\\\/3\\\/2025\\\/10\\\/Logod.png\",\"datePublished\":\"2025-11-06T08:38:20+00:00\",\"dateModified\":\"2025-11-10T16:21:44+00:00\",\"description\":\"turvaline keskkond kv\u00e4\u00e4rnoortele. Tule meile k\u00fclla, osalemine tasuta ja v\u00f5tas\u00f5brad ka kaasa. L\u00e4biviijad oskavad eesti ja inglise keeli.\",\"breadcrumb\":{\"@id\":\"https:\\\/\\\/www.nomme.ee\\\/valdeku-noortekeskus\\\/kalender\\\/kvaar-noorteruum-2\\\/#breadcrumb\"},\"inLanguage\":\"et\",\"potentialAction\":[{\"@type\":\"ReadAction\",\"target\":[\"https:\\\/\\\/www.nomme.ee\\\/valdeku-noortekeskus\\\/kalender\\\/kvaar-noorteruum-2\\\/\"]}]},{\"@type\":\"ImageObject\",\"inLanguage\":\"et\",\"@id\":\"https:\\\/\\\/www.nomme.ee\\\/valdeku-noortekeskus\\\/kalender\\\/kvaar-noorteruum-2\\\/#primaryimage\",\"url\":\"https:\\\/\\\/www.nomme.ee\\\/valdeku-noortekeskus\\\/wp-content\\\/uploads\\\/sites\\\/3\\\/2025\\\/10\\\/Logod.png\",\"contentUrl\":\"https:\\\/\\\/www.nomme.ee\\\/valdeku-noortekeskus\\\/wp-content\\\/uploads\\\/sites\\\/3\\\/2025\\\/10\\\/Logod.png\",\"width\":1563,\"height\":1563},{\"@type\":\"BreadcrumbList\",\"@id\":\"https:\\\/\\\/www.nomme.ee\\\/valdeku-noortekeskus\\\/kalender\\\/kvaar-noorteruum-2\\\/#breadcrumb\",\"itemListElement\":[{\"@type\":\"ListItem\",\"position\":1,\"name\":\"N\u00f5mme Vaba Aja Keskus\",\"item\":\"https:\\\/\\\/www.nomme.ee\"},{\"@type\":\"ListItem\",\"position\":2,\"name\":\"Valdeku noortekeskus\",\"item\":\"https:\\\/\\\/www.nomme.ee\\\/valdeku-noortekeskus\\\/\"},{\"@type\":\"ListItem\",\"position\":3,\"name\":\"S\u00fcndmused\",\"item\":\"https:\\\/\\\/www.nomme.ee\\\/valdeku-noortekeskus\\\/kalender\\\/\"},{\"@type\":\"ListItem\",\"position\":4,\"name\":\"Kv\u00e4\u00e4r Noorteruum\"}]},{\"@type\":\"WebSite\",\"@id\":\"https:\\\/\\\/www.nomme.ee\\\/valdeku-noortekeskus\\\/#website\",\"url\":\"https:\\\/\\\/www.nomme.ee\\\/valdeku-noortekeskus\\\/\",\"name\":\"Valdeku noortekeskus\",\"description\":\"\",\"potentialAction\":[{\"@type\":\"SearchAction\",\"target\":{\"@type\":\"EntryPoint\",\"urlTemplate\":\"https:\\\/\\\/www.nomme.ee\\\/valdeku-noortekeskus\\\/?s={search_term_string}\"},\"query-input\":{\"@type\":\"PropertyValueSpecification\",\"valueRequired\":true,\"valueName\":\"search_term_string\"}}],\"inLanguage\":\"et\"}]}<\/script>\n<!-- \/ Yoast SEO plugin. -->","yoast_head_json":{"title":"Kv\u00e4\u00e4r Noorteruum &#8211; Valdeku noortekeskus","description":"turvaline keskkond kv\u00e4\u00e4rnoortele. Tule meile k\u00fclla, osalemine tasuta ja v\u00f5tas\u00f5brad ka kaasa. L\u00e4biviijad oskavad eesti ja inglise keeli.","robots":{"index":"index","follow":"follow","max-snippet":"max-snippet:-1","max-image-preview":"max-image-preview:large","max-video-preview":"max-video-preview:-1"},"canonical":"https:\/\/www.nomme.ee\/valdeku-noortekeskus\/kalender\/kvaar-noorteruum-2\/","og_locale":"et_EE","og_type":"article","og_title":"Kv\u00e4\u00e4r Noorteruum &#8211; Valdeku noortekeskus","og_description":"turvaline keskkond kv\u00e4\u00e4rnoortele. Tule meile k\u00fclla, osalemine tasuta ja v\u00f5tas\u00f5brad ka kaasa. L\u00e4biviijad oskavad eesti ja inglise keeli.","og_url":"https:\/\/www.nomme.ee\/valdeku-noortekeskus\/kalender\/kvaar-noorteruum-2\/","og_site_name":"Valdeku noortekeskus","article_modified_time":"2025-11-10T16:21:44+00:00","og_image":[{"width":1563,"height":1563,"url":"https:\/\/www.nomme.ee\/valdeku-noortekeskus\/wp-content\/uploads\/sites\/3\/2025\/10\/Logod.png","type":"image\/png"}],"twitter_card":"summary_large_image","twitter_misc":{"Est. reading time":"2 minutit"},"schema":{"@context":"https:\/\/schema.org","@graph":[{"@type":"WebPage","@id":"https:\/\/www.nomme.ee\/valdeku-noortekeskus\/kalender\/kvaar-noorteruum-2\/","url":"https:\/\/www.nomme.ee\/valdeku-noortekeskus\/kalender\/kvaar-noorteruum-2\/","name":"Kv\u00e4\u00e4r Noorteruum &#8211; Valdeku noortekeskus","isPartOf":{"@id":"https:\/\/www.nomme.ee\/valdeku-noortekeskus\/#website"},"primaryImageOfPage":{"@id":"https:\/\/www.nomme.ee\/valdeku-noortekeskus\/kalender\/kvaar-noorteruum-2\/#primaryimage"},"image":{"@id":"https:\/\/www.nomme.ee\/valdeku-noortekeskus\/kalender\/kvaar-noorteruum-2\/#primaryimage"},"thumbnailUrl":"https:\/\/www.nomme.ee\/valdeku-noortekeskus\/wp-content\/uploads\/sites\/3\/2025\/10\/Logod.png","datePublished":"2025-11-06T08:38:20+00:00","dateModified":"2025-11-10T16:21:44+00:00","description":"turvaline keskkond kv\u00e4\u00e4rnoortele. Tule meile k\u00fclla, osalemine tasuta ja v\u00f5tas\u00f5brad ka kaasa. L\u00e4biviijad oskavad eesti ja inglise keeli.","breadcrumb":{"@id":"https:\/\/www.nomme.ee\/valdeku-noortekeskus\/kalender\/kvaar-noorteruum-2\/#breadcrumb"},"inLanguage":"et","potentialAction":[{"@type":"ReadAction","target":["https:\/\/www.nomme.ee\/valdeku-noortekeskus\/kalender\/kvaar-noorteruum-2\/"]}]},{"@type":"ImageObject","inLanguage":"et","@id":"https:\/\/www.nomme.ee\/valdeku-noortekeskus\/kalender\/kvaar-noorteruum-2\/#primaryimage","url":"https:\/\/www.nomme.ee\/valdeku-noortekeskus\/wp-content\/uploads\/sites\/3\/2025\/10\/Logod.png","contentUrl":"https:\/\/www.nomme.ee\/valdeku-noortekeskus\/wp-content\/uploads\/sites\/3\/2025\/10\/Logod.png","width":1563,"height":1563},{"@type":"BreadcrumbList","@id":"https:\/\/www.nomme.ee\/valdeku-noortekeskus\/kalender\/kvaar-noorteruum-2\/#breadcrumb","itemListElement":[{"@type":"ListItem","position":1,"name":"N\u00f5mme Vaba Aja Keskus","item":"https:\/\/www.nomme.ee"},{"@type":"ListItem","position":2,"name":"Valdeku noortekeskus","item":"https:\/\/www.nomme.ee\/valdeku-noortekeskus\/"},{"@type":"ListItem","position":3,"name":"S\u00fcndmused","item":"https:\/\/www.nomme.ee\/valdeku-noortekeskus\/kalender\/"},{"@type":"ListItem","position":4,"name":"Kv\u00e4\u00e4r Noorteruum"}]},{"@type":"WebSite","@id":"https:\/\/www.nomme.ee\/valdeku-noortekeskus\/#website","url":"https:\/\/www.nomme.ee\/valdeku-noortekeskus\/","name":"Valdeku noortekeskus","description":"","potentialAction":[{"@type":"SearchAction","target":{"@type":"EntryPoint","urlTemplate":"https:\/\/www.nomme.ee\/valdeku-noortekeskus\/?s={search_term_string}"},"query-input":{"@type":"PropertyValueSpecification","valueRequired":true,"valueName":"search_term_string"}}],"inLanguage":"et"}]}},"_links":{"self":[{"href":"https:\/\/www.nomme.ee\/valdeku-noortekeskus\/wp-json\/wp\/v2\/kalender\/2288","targetHints":{"allow":["GET"]}}],"collection":[{"href":"https:\/\/www.nomme.ee\/valdeku-noortekeskus\/wp-json\/wp\/v2\/kalender"}],"about":[{"href":"https:\/\/www.nomme.ee\/valdeku-noortekeskus\/wp-json\/wp\/v2\/types\/kalender"}],"version-history":[{"count":2,"href":"https:\/\/www.nomme.ee\/valdeku-noortekeskus\/wp-json\/wp\/v2\/kalender\/2288\/revisions"}],"predecessor-version":[{"id":2293,"href":"https:\/\/www.nomme.ee\/valdeku-noortekeskus\/wp-json\/wp\/v2\/kalender\/2288\/revisions\/2293"}],"wp:featuredmedia":[{"embeddable":true,"href":"https:\/\/www.nomme.ee\/valdeku-noortekeskus\/wp-json\/wp\/v2\/media\/2264"}],"wp:attachment":[{"href":"https:\/\/www.nomme.ee\/valdeku-noortekeskus\/wp-json\/wp\/v2\/media?parent=2288"}],"wp:term":[{"taxonomy":"kalender_kategooria","embeddable":true,"href":"https:\/\/www.nomme.ee\/valdeku-noortekeskus\/wp-json\/wp\/v2\/kalender_kategooria?post=2288"}],"curies":[{"name":"wp","href":"https:\/\/api.w.org\/{rel}","templated":true}]}}