{"id":281,"date":"2021-10-16T12:23:37","date_gmt":"2021-10-16T12:23:37","guid":{"rendered":"https:\/\/www.nomme.ee\/valdeku-noortekeskus\/?post_type=kalender&#038;p=281"},"modified":"2021-10-16T12:52:11","modified_gmt":"2021-10-16T12:52:11","slug":"marta-nadal","status":"publish","type":"kalender","link":"https:\/\/www.nomme.ee\/valdeku-noortekeskus\/kalender\/marta-nadal\/","title":{"rendered":"Marta n\u00e4dal"},"content":{"rendered":"<p>Marta on Valdeku noortekeskuse selle hooaja super\u00e4ge v\u00e4lisvabatahtlik Hispaaniast.<\/p>\n<p>Esimesed n\u00e4dalad on tal m\u00f6\u00f6dunud k\u00e4ies mitmetel koolitustel, kus ta \u00f5ppis paremini tundma Eesti kultuuri, kombeid, inimesi ning sai kogu eesootavast vabatahtliku kogemusest parema \u00fclevaate.<\/p>\n<p>Noortekeskuses on ta osalenud ja abistanud meie tegevuste l\u00e4biviimist ning loonud v\u00e4ga h\u00e4id kontakte meie noortega.<\/p>\n<p>N\u00fc\u00fcd on asi nii kaugel, et 18.-22.10 n\u00e4dala juht on Marta ise.<\/p>\n<p><strong>Esmasp\u00e4eval 18.10 kl 16.30<\/strong> kokandusklubis valmistame toitu, mida Marta ise sageli kodus valmistab &#8211; Hispaania omletti.<\/p>\n<p><strong>Teisip\u00e4eval 19.10 kl 15-19\u00a0<\/strong>organiseerib Marta mitmeid Hispaania m\u00e4nge, tutvustab noortele oma kodukanti ja elu Hispaanias. Toimub ka Kahoot viktoriin, kus selgub, kui palju p\u00e4eva jooksul meelde j\u00e4i.<\/p>\n<p><strong>Kolmap\u00e4eval 20.10 kl 16\u00a0<\/strong>algavas lauam\u00e4nguklubis m\u00e4ngime m\u00e4nge, mis Martale seni k\u00f5ige enam meie kogust meeldinud on.<\/p>\n<p><strong>Neljap\u00e4eval 21.10\u00a0<\/strong>keskendume muusikale. Muusikakomitee huvitegevus j\u00e4\u00e4b sellel n\u00e4dalal k\u00fcll \u00e4ra, kuid me t\u00e4idame oma ruumid sellegi poolest Hispaania muusikaga ning Marta tutvustab meile oma isiklikke lemmikuid.<\/p>\n<p>&nbsp;<\/p>\n<p>&nbsp;<\/p>\n<p>&nbsp;<\/p>\n<p>&nbsp;<\/p>\n","protected":false},"featured_media":282,"template":"","kalender_kategooria":[29],"class_list":["post-281","kalender","type-kalender","status-publish","has-post-thumbnail","hentry","kalender_kategooria-muu"],"acf":[],"yoast_head":"<!-- This site is optimized with the Yoast SEO plugin v27.5 - https:\/\/yoast.com\/product\/yoast-seo-wordpress\/ -->\n<title>Marta n\u00e4dal &#8211; Valdeku noortekeskus<\/title>\n<meta name=\"robots\" content=\"index, follow, max-snippet:-1, max-image-preview:large, max-video-preview:-1\" \/>\n<link rel=\"canonical\" href=\"https:\/\/www.nomme.ee\/valdeku-noortekeskus\/kalender\/marta-nadal\/\" \/>\n<meta property=\"og:locale\" content=\"et_EE\" \/>\n<meta property=\"og:type\" content=\"article\" \/>\n<meta property=\"og:title\" content=\"Marta n\u00e4dal &#8211; Valdeku noortekeskus\" \/>\n<meta property=\"og:description\" content=\"Marta on Valdeku noortekeskuse selle hooaja super\u00e4ge v\u00e4lisvabatahtlik Hispaaniast. Esimesed n\u00e4dalad on tal m\u00f6\u00f6dunud k\u00e4ies mitmetel koolitustel, kus ta \u00f5ppis paremini tundma Eesti kultuuri, kombeid, inimesi ning sai kogu eesootavast vabatahtliku kogemusest parema \u00fclevaate. Noortekeskuses on ta osalenud ja abistanud meie tegevuste l\u00e4biviimist ning loonud v\u00e4ga h\u00e4id kontakte meie noortega. N\u00fc\u00fcd on asi nii kaugel, [&hellip;]\" \/>\n<meta property=\"og:url\" content=\"https:\/\/www.nomme.ee\/valdeku-noortekeskus\/kalender\/marta-nadal\/\" \/>\n<meta property=\"og:site_name\" content=\"Valdeku noortekeskus\" \/>\n<meta property=\"article:modified_time\" content=\"2021-10-16T12:52:11+00:00\" \/>\n<meta property=\"og:image\" content=\"https:\/\/www.nomme.ee\/valdeku-noortekeskus\/wp-content\/uploads\/sites\/3\/2021\/10\/20211016_142533_0000.png\" \/>\n\t<meta property=\"og:image:width\" content=\"1080\" \/>\n\t<meta property=\"og:image:height\" content=\"1080\" \/>\n\t<meta property=\"og:image:type\" content=\"image\/png\" \/>\n<meta name=\"twitter:card\" content=\"summary_large_image\" \/>\n<meta name=\"twitter:label1\" content=\"Est. reading time\" \/>\n\t<meta name=\"twitter:data1\" content=\"1 minut\" \/>\n<script type=\"application\/ld+json\" class=\"yoast-schema-graph\">{\"@context\":\"https:\\\/\\\/schema.org\",\"@graph\":[{\"@type\":\"WebPage\",\"@id\":\"https:\\\/\\\/www.nomme.ee\\\/valdeku-noortekeskus\\\/kalender\\\/marta-nadal\\\/\",\"url\":\"https:\\\/\\\/www.nomme.ee\\\/valdeku-noortekeskus\\\/kalender\\\/marta-nadal\\\/\",\"name\":\"Marta n\u00e4dal &#8211; Valdeku noortekeskus\",\"isPartOf\":{\"@id\":\"https:\\\/\\\/www.nomme.ee\\\/valdeku-noortekeskus\\\/#website\"},\"primaryImageOfPage\":{\"@id\":\"https:\\\/\\\/www.nomme.ee\\\/valdeku-noortekeskus\\\/kalender\\\/marta-nadal\\\/#primaryimage\"},\"image\":{\"@id\":\"https:\\\/\\\/www.nomme.ee\\\/valdeku-noortekeskus\\\/kalender\\\/marta-nadal\\\/#primaryimage\"},\"thumbnailUrl\":\"https:\\\/\\\/www.nomme.ee\\\/valdeku-noortekeskus\\\/wp-content\\\/uploads\\\/sites\\\/3\\\/2021\\\/10\\\/20211016_142533_0000.png\",\"datePublished\":\"2021-10-16T12:23:37+00:00\",\"dateModified\":\"2021-10-16T12:52:11+00:00\",\"breadcrumb\":{\"@id\":\"https:\\\/\\\/www.nomme.ee\\\/valdeku-noortekeskus\\\/kalender\\\/marta-nadal\\\/#breadcrumb\"},\"inLanguage\":\"et\",\"potentialAction\":[{\"@type\":\"ReadAction\",\"target\":[\"https:\\\/\\\/www.nomme.ee\\\/valdeku-noortekeskus\\\/kalender\\\/marta-nadal\\\/\"]}]},{\"@type\":\"ImageObject\",\"inLanguage\":\"et\",\"@id\":\"https:\\\/\\\/www.nomme.ee\\\/valdeku-noortekeskus\\\/kalender\\\/marta-nadal\\\/#primaryimage\",\"url\":\"https:\\\/\\\/www.nomme.ee\\\/valdeku-noortekeskus\\\/wp-content\\\/uploads\\\/sites\\\/3\\\/2021\\\/10\\\/20211016_142533_0000.png\",\"contentUrl\":\"https:\\\/\\\/www.nomme.ee\\\/valdeku-noortekeskus\\\/wp-content\\\/uploads\\\/sites\\\/3\\\/2021\\\/10\\\/20211016_142533_0000.png\",\"width\":1080,\"height\":1080},{\"@type\":\"BreadcrumbList\",\"@id\":\"https:\\\/\\\/www.nomme.ee\\\/valdeku-noortekeskus\\\/kalender\\\/marta-nadal\\\/#breadcrumb\",\"itemListElement\":[{\"@type\":\"ListItem\",\"position\":1,\"name\":\"N\u00f5mme Vaba Aja Keskus\",\"item\":\"https:\\\/\\\/www.nomme.ee\"},{\"@type\":\"ListItem\",\"position\":2,\"name\":\"Valdeku noortekeskus\",\"item\":\"https:\\\/\\\/www.nomme.ee\\\/valdeku-noortekeskus\\\/\"},{\"@type\":\"ListItem\",\"position\":3,\"name\":\"S\u00fcndmused\",\"item\":\"https:\\\/\\\/www.nomme.ee\\\/valdeku-noortekeskus\\\/kalender\\\/\"},{\"@type\":\"ListItem\",\"position\":4,\"name\":\"Marta n\u00e4dal\"}]},{\"@type\":\"WebSite\",\"@id\":\"https:\\\/\\\/www.nomme.ee\\\/valdeku-noortekeskus\\\/#website\",\"url\":\"https:\\\/\\\/www.nomme.ee\\\/valdeku-noortekeskus\\\/\",\"name\":\"Valdeku noortekeskus\",\"description\":\"\",\"potentialAction\":[{\"@type\":\"SearchAction\",\"target\":{\"@type\":\"EntryPoint\",\"urlTemplate\":\"https:\\\/\\\/www.nomme.ee\\\/valdeku-noortekeskus\\\/?s={search_term_string}\"},\"query-input\":{\"@type\":\"PropertyValueSpecification\",\"valueRequired\":true,\"valueName\":\"search_term_string\"}}],\"inLanguage\":\"et\"}]}<\/script>\n<!-- \/ Yoast SEO plugin. -->","yoast_head_json":{"title":"Marta n\u00e4dal &#8211; Valdeku noortekeskus","robots":{"index":"index","follow":"follow","max-snippet":"max-snippet:-1","max-image-preview":"max-image-preview:large","max-video-preview":"max-video-preview:-1"},"canonical":"https:\/\/www.nomme.ee\/valdeku-noortekeskus\/kalender\/marta-nadal\/","og_locale":"et_EE","og_type":"article","og_title":"Marta n\u00e4dal &#8211; Valdeku noortekeskus","og_description":"Marta on Valdeku noortekeskuse selle hooaja super\u00e4ge v\u00e4lisvabatahtlik Hispaaniast. Esimesed n\u00e4dalad on tal m\u00f6\u00f6dunud k\u00e4ies mitmetel koolitustel, kus ta \u00f5ppis paremini tundma Eesti kultuuri, kombeid, inimesi ning sai kogu eesootavast vabatahtliku kogemusest parema \u00fclevaate. Noortekeskuses on ta osalenud ja abistanud meie tegevuste l\u00e4biviimist ning loonud v\u00e4ga h\u00e4id kontakte meie noortega. N\u00fc\u00fcd on asi nii kaugel, [&hellip;]","og_url":"https:\/\/www.nomme.ee\/valdeku-noortekeskus\/kalender\/marta-nadal\/","og_site_name":"Valdeku noortekeskus","article_modified_time":"2021-10-16T12:52:11+00:00","og_image":[{"width":1080,"height":1080,"url":"https:\/\/www.nomme.ee\/valdeku-noortekeskus\/wp-content\/uploads\/sites\/3\/2021\/10\/20211016_142533_0000.png","type":"image\/png"}],"twitter_card":"summary_large_image","twitter_misc":{"Est. reading time":"1 minut"},"schema":{"@context":"https:\/\/schema.org","@graph":[{"@type":"WebPage","@id":"https:\/\/www.nomme.ee\/valdeku-noortekeskus\/kalender\/marta-nadal\/","url":"https:\/\/www.nomme.ee\/valdeku-noortekeskus\/kalender\/marta-nadal\/","name":"Marta n\u00e4dal &#8211; Valdeku noortekeskus","isPartOf":{"@id":"https:\/\/www.nomme.ee\/valdeku-noortekeskus\/#website"},"primaryImageOfPage":{"@id":"https:\/\/www.nomme.ee\/valdeku-noortekeskus\/kalender\/marta-nadal\/#primaryimage"},"image":{"@id":"https:\/\/www.nomme.ee\/valdeku-noortekeskus\/kalender\/marta-nadal\/#primaryimage"},"thumbnailUrl":"https:\/\/www.nomme.ee\/valdeku-noortekeskus\/wp-content\/uploads\/sites\/3\/2021\/10\/20211016_142533_0000.png","datePublished":"2021-10-16T12:23:37+00:00","dateModified":"2021-10-16T12:52:11+00:00","breadcrumb":{"@id":"https:\/\/www.nomme.ee\/valdeku-noortekeskus\/kalender\/marta-nadal\/#breadcrumb"},"inLanguage":"et","potentialAction":[{"@type":"ReadAction","target":["https:\/\/www.nomme.ee\/valdeku-noortekeskus\/kalender\/marta-nadal\/"]}]},{"@type":"ImageObject","inLanguage":"et","@id":"https:\/\/www.nomme.ee\/valdeku-noortekeskus\/kalender\/marta-nadal\/#primaryimage","url":"https:\/\/www.nomme.ee\/valdeku-noortekeskus\/wp-content\/uploads\/sites\/3\/2021\/10\/20211016_142533_0000.png","contentUrl":"https:\/\/www.nomme.ee\/valdeku-noortekeskus\/wp-content\/uploads\/sites\/3\/2021\/10\/20211016_142533_0000.png","width":1080,"height":1080},{"@type":"BreadcrumbList","@id":"https:\/\/www.nomme.ee\/valdeku-noortekeskus\/kalender\/marta-nadal\/#breadcrumb","itemListElement":[{"@type":"ListItem","position":1,"name":"N\u00f5mme Vaba Aja Keskus","item":"https:\/\/www.nomme.ee"},{"@type":"ListItem","position":2,"name":"Valdeku noortekeskus","item":"https:\/\/www.nomme.ee\/valdeku-noortekeskus\/"},{"@type":"ListItem","position":3,"name":"S\u00fcndmused","item":"https:\/\/www.nomme.ee\/valdeku-noortekeskus\/kalender\/"},{"@type":"ListItem","position":4,"name":"Marta n\u00e4dal"}]},{"@type":"WebSite","@id":"https:\/\/www.nomme.ee\/valdeku-noortekeskus\/#website","url":"https:\/\/www.nomme.ee\/valdeku-noortekeskus\/","name":"Valdeku noortekeskus","description":"","potentialAction":[{"@type":"SearchAction","target":{"@type":"EntryPoint","urlTemplate":"https:\/\/www.nomme.ee\/valdeku-noortekeskus\/?s={search_term_string}"},"query-input":{"@type":"PropertyValueSpecification","valueRequired":true,"valueName":"search_term_string"}}],"inLanguage":"et"}]}},"_links":{"self":[{"href":"https:\/\/www.nomme.ee\/valdeku-noortekeskus\/wp-json\/wp\/v2\/kalender\/281","targetHints":{"allow":["GET"]}}],"collection":[{"href":"https:\/\/www.nomme.ee\/valdeku-noortekeskus\/wp-json\/wp\/v2\/kalender"}],"about":[{"href":"https:\/\/www.nomme.ee\/valdeku-noortekeskus\/wp-json\/wp\/v2\/types\/kalender"}],"version-history":[{"count":9,"href":"https:\/\/www.nomme.ee\/valdeku-noortekeskus\/wp-json\/wp\/v2\/kalender\/281\/revisions"}],"predecessor-version":[{"id":291,"href":"https:\/\/www.nomme.ee\/valdeku-noortekeskus\/wp-json\/wp\/v2\/kalender\/281\/revisions\/291"}],"wp:featuredmedia":[{"embeddable":true,"href":"https:\/\/www.nomme.ee\/valdeku-noortekeskus\/wp-json\/wp\/v2\/media\/282"}],"wp:attachment":[{"href":"https:\/\/www.nomme.ee\/valdeku-noortekeskus\/wp-json\/wp\/v2\/media?parent=281"}],"wp:term":[{"taxonomy":"kalender_kategooria","embeddable":true,"href":"https:\/\/www.nomme.ee\/valdeku-noortekeskus\/wp-json\/wp\/v2\/kalender_kategooria?post=281"}],"curies":[{"name":"wp","href":"https:\/\/api.w.org\/{rel}","templated":true}]}}