{"id":299,"date":"2021-10-22T12:39:12","date_gmt":"2021-10-22T12:39:12","guid":{"rendered":"https:\/\/www.nomme.ee\/valdeku-noortekeskus\/?post_type=kalender&#038;p=299"},"modified":"2021-10-23T08:27:53","modified_gmt":"2021-10-23T08:27:53","slug":"sugiskoolivaheaeg-valdeku-noortekeskuses","status":"publish","type":"kalender","link":"https:\/\/www.nomme.ee\/valdeku-noortekeskus\/kalender\/sugiskoolivaheaeg-valdeku-noortekeskuses\/","title":{"rendered":"Koolivaheaeg"},"content":{"rendered":"<p><strong>Vaheajal noortekas avatud E-R 12-19, k\u00f5ikide tegevustega alustame 14.00.<\/strong><\/p>\n<p>Anna v\u00f5imalusel oma osalemisest meile teada!<\/p>\n<p><b><u>25.10 Kokkame ja arvutame toitained<\/u><\/b><br \/>\nEsmasp\u00e4eval oleme plaaninud kokku p\u00f5imida digip\u00e4devuste (infootsing, digiseadmete k\u00e4sitlemine), kokkamisalaste teadmiste, meeskonnat\u00f6\u00f6 ja matemaatikaalaste teadmiste arendamise.Nimelt testime esmalt oma toidutarbimisharjumusi, seej\u00e4rel r\u00e4\u00e4gime veidi toidu tarbimisest ja ise toidu valmistamisest \u00fcldiselt ning seej\u00e4rel teeme \u00fche ajamahukama, aga vahva grupit\u00f6\u00f6, kus noored peavad olemasolevatest toorainetest toidu valmistama ja hiljem ka selle toitaine v\u00e4\u00e4rtuse leidma.<\/p>\n<div>\n<p><b><u>26.10 virtuaalne orienteerumine ja aardejaht<\/u><\/b><br \/>\nTutvustame erinevaid rakendusi t\u00e4nu millele saab Eestis ja mujal ringi liikuda ning seej\u00e4rel teeme ka \u00fche pikema praktilise \u00fclesande. Ilusa ilma korral l\u00e4heme p\u00e4rast seda Actionbound rakenduse toel ise orienteeruma. Orienteerumise l\u00f5puks ootab osalisi v\u00e4ike \u00fcllatus.<\/p>\n<p><b><u>27.10 Internetim\u00e4ngud<\/u><\/b><br \/>\nKoos noorsoot\u00f6\u00f6tajatega m\u00e4ngime nutiseadmete vahendusel. Harjutame enne uusi m\u00e4nge ka silmapuhkust.<\/p>\n<p>14.00 Kahoot teemal online m\u00e4ngud<br \/>\n15.00 Pinturillo \u00fchism\u00e4ngimine<br \/>\n16.00 Among us \u00fchism\u00e4ngimine<br \/>\n17.00 Soovim\u00e4ng (enamuse v\u00e4ljapakutud m\u00e4ngu \u00fchism\u00e4ngimine)<\/p>\n<p><b><u>28.10 Vaimse tervise p\u00e4ev<\/u><\/b><br \/>\nR\u00e4\u00e4gime vaimsest tervisest ja selle hoidmisest, uurime vaimse tervise t\u00f6\u00f6vihikut, testime oma vaimse tervise vitamiinide taset ja l\u00e4bime koos ka \u00fche meditatsiooni.<\/p>\n<p><b><u>29.10 Halloweeni teemaline loovusp\u00e4ev Youtube abil<\/u><\/b><br \/>\nTutvustame Youtube v\u00f5imalusi ja siis saavad k\u00f5ik valida mida nad luua soovivad. V\u00f5imalus on maalida, origamit voltida, mandalaid v\u00e4rvida v\u00f5i midagi muud proovida &#8211; k\u00f5ik ideed on teretulnud. Meil on palju vahendeid.<\/p>\n<\/div>\n","protected":false},"featured_media":300,"template":"","kalender_kategooria":[29],"class_list":["post-299","kalender","type-kalender","status-publish","has-post-thumbnail","hentry","kalender_kategooria-muu"],"acf":[],"yoast_head":"<!-- This site is optimized with the Yoast SEO plugin v27.5 - https:\/\/yoast.com\/product\/yoast-seo-wordpress\/ -->\n<title>Koolivaheaeg &#8211; Valdeku noortekeskus<\/title>\n<meta name=\"robots\" content=\"index, follow, max-snippet:-1, max-image-preview:large, max-video-preview:-1\" \/>\n<link rel=\"canonical\" href=\"https:\/\/www.nomme.ee\/valdeku-noortekeskus\/kalender\/sugiskoolivaheaeg-valdeku-noortekeskuses\/\" \/>\n<meta property=\"og:locale\" content=\"et_EE\" \/>\n<meta property=\"og:type\" content=\"article\" \/>\n<meta property=\"og:title\" content=\"Koolivaheaeg &#8211; Valdeku noortekeskus\" \/>\n<meta property=\"og:description\" content=\"Vaheajal noortekas avatud E-R 12-19, k\u00f5ikide tegevustega alustame 14.00. Anna v\u00f5imalusel oma osalemisest meile teada! 25.10 Kokkame ja arvutame toitained Esmasp\u00e4eval oleme plaaninud kokku p\u00f5imida digip\u00e4devuste (infootsing, digiseadmete k\u00e4sitlemine), kokkamisalaste teadmiste, meeskonnat\u00f6\u00f6 ja matemaatikaalaste teadmiste arendamise.Nimelt testime esmalt oma toidutarbimisharjumusi, seej\u00e4rel r\u00e4\u00e4gime veidi toidu tarbimisest ja ise toidu valmistamisest \u00fcldiselt ning seej\u00e4rel teeme \u00fche ajamahukama, [&hellip;]\" \/>\n<meta property=\"og:url\" content=\"https:\/\/www.nomme.ee\/valdeku-noortekeskus\/kalender\/sugiskoolivaheaeg-valdeku-noortekeskuses\/\" \/>\n<meta property=\"og:site_name\" content=\"Valdeku noortekeskus\" \/>\n<meta property=\"article:modified_time\" content=\"2021-10-23T08:27:53+00:00\" \/>\n<meta property=\"og:image\" content=\"https:\/\/www.nomme.ee\/valdeku-noortekeskus\/wp-content\/uploads\/sites\/3\/2021\/10\/Valdeku_kodukas.png\" \/>\n\t<meta property=\"og:image:width\" content=\"1080\" \/>\n\t<meta property=\"og:image:height\" content=\"1080\" \/>\n\t<meta property=\"og:image:type\" content=\"image\/png\" \/>\n<meta name=\"twitter:card\" content=\"summary_large_image\" \/>\n<meta name=\"twitter:label1\" content=\"Est. reading time\" \/>\n\t<meta name=\"twitter:data1\" content=\"1 minut\" \/>\n<script type=\"application\/ld+json\" class=\"yoast-schema-graph\">{\"@context\":\"https:\\\/\\\/schema.org\",\"@graph\":[{\"@type\":\"WebPage\",\"@id\":\"https:\\\/\\\/www.nomme.ee\\\/valdeku-noortekeskus\\\/kalender\\\/sugiskoolivaheaeg-valdeku-noortekeskuses\\\/\",\"url\":\"https:\\\/\\\/www.nomme.ee\\\/valdeku-noortekeskus\\\/kalender\\\/sugiskoolivaheaeg-valdeku-noortekeskuses\\\/\",\"name\":\"Koolivaheaeg &#8211; Valdeku noortekeskus\",\"isPartOf\":{\"@id\":\"https:\\\/\\\/www.nomme.ee\\\/valdeku-noortekeskus\\\/#website\"},\"primaryImageOfPage\":{\"@id\":\"https:\\\/\\\/www.nomme.ee\\\/valdeku-noortekeskus\\\/kalender\\\/sugiskoolivaheaeg-valdeku-noortekeskuses\\\/#primaryimage\"},\"image\":{\"@id\":\"https:\\\/\\\/www.nomme.ee\\\/valdeku-noortekeskus\\\/kalender\\\/sugiskoolivaheaeg-valdeku-noortekeskuses\\\/#primaryimage\"},\"thumbnailUrl\":\"https:\\\/\\\/www.nomme.ee\\\/valdeku-noortekeskus\\\/wp-content\\\/uploads\\\/sites\\\/3\\\/2021\\\/10\\\/Valdeku_kodukas.png\",\"datePublished\":\"2021-10-22T12:39:12+00:00\",\"dateModified\":\"2021-10-23T08:27:53+00:00\",\"breadcrumb\":{\"@id\":\"https:\\\/\\\/www.nomme.ee\\\/valdeku-noortekeskus\\\/kalender\\\/sugiskoolivaheaeg-valdeku-noortekeskuses\\\/#breadcrumb\"},\"inLanguage\":\"et\",\"potentialAction\":[{\"@type\":\"ReadAction\",\"target\":[\"https:\\\/\\\/www.nomme.ee\\\/valdeku-noortekeskus\\\/kalender\\\/sugiskoolivaheaeg-valdeku-noortekeskuses\\\/\"]}]},{\"@type\":\"ImageObject\",\"inLanguage\":\"et\",\"@id\":\"https:\\\/\\\/www.nomme.ee\\\/valdeku-noortekeskus\\\/kalender\\\/sugiskoolivaheaeg-valdeku-noortekeskuses\\\/#primaryimage\",\"url\":\"https:\\\/\\\/www.nomme.ee\\\/valdeku-noortekeskus\\\/wp-content\\\/uploads\\\/sites\\\/3\\\/2021\\\/10\\\/Valdeku_kodukas.png\",\"contentUrl\":\"https:\\\/\\\/www.nomme.ee\\\/valdeku-noortekeskus\\\/wp-content\\\/uploads\\\/sites\\\/3\\\/2021\\\/10\\\/Valdeku_kodukas.png\",\"width\":1080,\"height\":1080},{\"@type\":\"BreadcrumbList\",\"@id\":\"https:\\\/\\\/www.nomme.ee\\\/valdeku-noortekeskus\\\/kalender\\\/sugiskoolivaheaeg-valdeku-noortekeskuses\\\/#breadcrumb\",\"itemListElement\":[{\"@type\":\"ListItem\",\"position\":1,\"name\":\"N\u00f5mme Vaba Aja Keskus\",\"item\":\"https:\\\/\\\/www.nomme.ee\"},{\"@type\":\"ListItem\",\"position\":2,\"name\":\"Valdeku noortekeskus\",\"item\":\"https:\\\/\\\/www.nomme.ee\\\/valdeku-noortekeskus\\\/\"},{\"@type\":\"ListItem\",\"position\":3,\"name\":\"S\u00fcndmused\",\"item\":\"https:\\\/\\\/www.nomme.ee\\\/valdeku-noortekeskus\\\/kalender\\\/\"},{\"@type\":\"ListItem\",\"position\":4,\"name\":\"Koolivaheaeg\"}]},{\"@type\":\"WebSite\",\"@id\":\"https:\\\/\\\/www.nomme.ee\\\/valdeku-noortekeskus\\\/#website\",\"url\":\"https:\\\/\\\/www.nomme.ee\\\/valdeku-noortekeskus\\\/\",\"name\":\"Valdeku noortekeskus\",\"description\":\"\",\"potentialAction\":[{\"@type\":\"SearchAction\",\"target\":{\"@type\":\"EntryPoint\",\"urlTemplate\":\"https:\\\/\\\/www.nomme.ee\\\/valdeku-noortekeskus\\\/?s={search_term_string}\"},\"query-input\":{\"@type\":\"PropertyValueSpecification\",\"valueRequired\":true,\"valueName\":\"search_term_string\"}}],\"inLanguage\":\"et\"}]}<\/script>\n<!-- \/ Yoast SEO plugin. -->","yoast_head_json":{"title":"Koolivaheaeg &#8211; Valdeku noortekeskus","robots":{"index":"index","follow":"follow","max-snippet":"max-snippet:-1","max-image-preview":"max-image-preview:large","max-video-preview":"max-video-preview:-1"},"canonical":"https:\/\/www.nomme.ee\/valdeku-noortekeskus\/kalender\/sugiskoolivaheaeg-valdeku-noortekeskuses\/","og_locale":"et_EE","og_type":"article","og_title":"Koolivaheaeg &#8211; Valdeku noortekeskus","og_description":"Vaheajal noortekas avatud E-R 12-19, k\u00f5ikide tegevustega alustame 14.00. Anna v\u00f5imalusel oma osalemisest meile teada! 25.10 Kokkame ja arvutame toitained Esmasp\u00e4eval oleme plaaninud kokku p\u00f5imida digip\u00e4devuste (infootsing, digiseadmete k\u00e4sitlemine), kokkamisalaste teadmiste, meeskonnat\u00f6\u00f6 ja matemaatikaalaste teadmiste arendamise.Nimelt testime esmalt oma toidutarbimisharjumusi, seej\u00e4rel r\u00e4\u00e4gime veidi toidu tarbimisest ja ise toidu valmistamisest \u00fcldiselt ning seej\u00e4rel teeme \u00fche ajamahukama, [&hellip;]","og_url":"https:\/\/www.nomme.ee\/valdeku-noortekeskus\/kalender\/sugiskoolivaheaeg-valdeku-noortekeskuses\/","og_site_name":"Valdeku noortekeskus","article_modified_time":"2021-10-23T08:27:53+00:00","og_image":[{"width":1080,"height":1080,"url":"https:\/\/www.nomme.ee\/valdeku-noortekeskus\/wp-content\/uploads\/sites\/3\/2021\/10\/Valdeku_kodukas.png","type":"image\/png"}],"twitter_card":"summary_large_image","twitter_misc":{"Est. reading time":"1 minut"},"schema":{"@context":"https:\/\/schema.org","@graph":[{"@type":"WebPage","@id":"https:\/\/www.nomme.ee\/valdeku-noortekeskus\/kalender\/sugiskoolivaheaeg-valdeku-noortekeskuses\/","url":"https:\/\/www.nomme.ee\/valdeku-noortekeskus\/kalender\/sugiskoolivaheaeg-valdeku-noortekeskuses\/","name":"Koolivaheaeg &#8211; Valdeku noortekeskus","isPartOf":{"@id":"https:\/\/www.nomme.ee\/valdeku-noortekeskus\/#website"},"primaryImageOfPage":{"@id":"https:\/\/www.nomme.ee\/valdeku-noortekeskus\/kalender\/sugiskoolivaheaeg-valdeku-noortekeskuses\/#primaryimage"},"image":{"@id":"https:\/\/www.nomme.ee\/valdeku-noortekeskus\/kalender\/sugiskoolivaheaeg-valdeku-noortekeskuses\/#primaryimage"},"thumbnailUrl":"https:\/\/www.nomme.ee\/valdeku-noortekeskus\/wp-content\/uploads\/sites\/3\/2021\/10\/Valdeku_kodukas.png","datePublished":"2021-10-22T12:39:12+00:00","dateModified":"2021-10-23T08:27:53+00:00","breadcrumb":{"@id":"https:\/\/www.nomme.ee\/valdeku-noortekeskus\/kalender\/sugiskoolivaheaeg-valdeku-noortekeskuses\/#breadcrumb"},"inLanguage":"et","potentialAction":[{"@type":"ReadAction","target":["https:\/\/www.nomme.ee\/valdeku-noortekeskus\/kalender\/sugiskoolivaheaeg-valdeku-noortekeskuses\/"]}]},{"@type":"ImageObject","inLanguage":"et","@id":"https:\/\/www.nomme.ee\/valdeku-noortekeskus\/kalender\/sugiskoolivaheaeg-valdeku-noortekeskuses\/#primaryimage","url":"https:\/\/www.nomme.ee\/valdeku-noortekeskus\/wp-content\/uploads\/sites\/3\/2021\/10\/Valdeku_kodukas.png","contentUrl":"https:\/\/www.nomme.ee\/valdeku-noortekeskus\/wp-content\/uploads\/sites\/3\/2021\/10\/Valdeku_kodukas.png","width":1080,"height":1080},{"@type":"BreadcrumbList","@id":"https:\/\/www.nomme.ee\/valdeku-noortekeskus\/kalender\/sugiskoolivaheaeg-valdeku-noortekeskuses\/#breadcrumb","itemListElement":[{"@type":"ListItem","position":1,"name":"N\u00f5mme Vaba Aja Keskus","item":"https:\/\/www.nomme.ee"},{"@type":"ListItem","position":2,"name":"Valdeku noortekeskus","item":"https:\/\/www.nomme.ee\/valdeku-noortekeskus\/"},{"@type":"ListItem","position":3,"name":"S\u00fcndmused","item":"https:\/\/www.nomme.ee\/valdeku-noortekeskus\/kalender\/"},{"@type":"ListItem","position":4,"name":"Koolivaheaeg"}]},{"@type":"WebSite","@id":"https:\/\/www.nomme.ee\/valdeku-noortekeskus\/#website","url":"https:\/\/www.nomme.ee\/valdeku-noortekeskus\/","name":"Valdeku noortekeskus","description":"","potentialAction":[{"@type":"SearchAction","target":{"@type":"EntryPoint","urlTemplate":"https:\/\/www.nomme.ee\/valdeku-noortekeskus\/?s={search_term_string}"},"query-input":{"@type":"PropertyValueSpecification","valueRequired":true,"valueName":"search_term_string"}}],"inLanguage":"et"}]}},"_links":{"self":[{"href":"https:\/\/www.nomme.ee\/valdeku-noortekeskus\/wp-json\/wp\/v2\/kalender\/299","targetHints":{"allow":["GET"]}}],"collection":[{"href":"https:\/\/www.nomme.ee\/valdeku-noortekeskus\/wp-json\/wp\/v2\/kalender"}],"about":[{"href":"https:\/\/www.nomme.ee\/valdeku-noortekeskus\/wp-json\/wp\/v2\/types\/kalender"}],"version-history":[{"count":25,"href":"https:\/\/www.nomme.ee\/valdeku-noortekeskus\/wp-json\/wp\/v2\/kalender\/299\/revisions"}],"predecessor-version":[{"id":330,"href":"https:\/\/www.nomme.ee\/valdeku-noortekeskus\/wp-json\/wp\/v2\/kalender\/299\/revisions\/330"}],"wp:featuredmedia":[{"embeddable":true,"href":"https:\/\/www.nomme.ee\/valdeku-noortekeskus\/wp-json\/wp\/v2\/media\/300"}],"wp:attachment":[{"href":"https:\/\/www.nomme.ee\/valdeku-noortekeskus\/wp-json\/wp\/v2\/media?parent=299"}],"wp:term":[{"taxonomy":"kalender_kategooria","embeddable":true,"href":"https:\/\/www.nomme.ee\/valdeku-noortekeskus\/wp-json\/wp\/v2\/kalender_kategooria?post=299"}],"curies":[{"name":"wp","href":"https:\/\/api.w.org\/{rel}","templated":true}]}}