{"id":375,"date":"2022-01-03T13:48:57","date_gmt":"2022-01-03T13:48:57","guid":{"rendered":"https:\/\/www.nomme.ee\/valdeku-noortekeskus\/?post_type=kalender&#038;p=375"},"modified":"2022-01-03T13:48:57","modified_gmt":"2022-01-03T13:48:57","slug":"koolivaheaeg-valdeku-noortekeskuses","status":"publish","type":"kalender","link":"https:\/\/www.nomme.ee\/valdeku-noortekeskus\/kalender\/koolivaheaeg-valdeku-noortekeskuses\/","title":{"rendered":"Koolivaheaeg Valdeku noortekeskuses"},"content":{"rendered":"<div class=\"kvgmc6g5 cxmmr5t8 oygrvhab hcukyx3x c1et5uql ii04i59q\">\n<div dir=\"auto\">Koolivaheaeg Valdeku Noortekeskuses<\/div>\n<div dir=\"auto\">Oleme avatud kl 12-19 (v.a. K 05.01 oleme suletud)<\/div>\n<\/div>\n<div class=\"cxmmr5t8 oygrvhab hcukyx3x c1et5uql o9v6fnle ii04i59q\">\n<div dir=\"auto\"><\/div>\n<div dir=\"auto\">Marta&#8217;s Week: j\u00f5ulu eri<\/div>\n<\/div>\n<div class=\"cxmmr5t8 oygrvhab hcukyx3x c1et5uql o9v6fnle ii04i59q\">\n<div dir=\"auto\">Oleme veel j\u00e4tkuvalt j\u00f5ulude lainel ja p\u00fchendame, Marta abiga, oma n\u00e4dala Hispaania j\u00f5ulutraditsioonidele.<\/div>\n<div dir=\"auto\"><\/div>\n<\/div>\n<div class=\"cxmmr5t8 oygrvhab hcukyx3x c1et5uql o9v6fnle ii04i59q\">\n<div dir=\"auto\"><span class=\"pq6dq46d tbxw36s4 knj5qynh kvgmc6g5 ditlmg2l oygrvhab nvdbi5me sf5mxxl7 gl3lb2sf hhz5lgdu\"><img loading=\"lazy\" decoding=\"async\" src=\"https:\/\/static.xx.fbcdn.net\/images\/emoji.php\/v9\/tcb\/1.5\/16\/1f538.png\" alt=\"\ud83d\udd38\" width=\"16\" height=\"16\" \/><\/span> E 03.01 &#8211; Valmistatame \u00fcheskoos traditsioonilist Hispaania j\u00f5uluk\u00fcpsetist Roscon de Reyes. Tegemist on pika protsessiga ning selle valmimisel saab kogu p\u00e4eva jooksul abiks olla.<\/div>\n<\/div>\n<div class=\"cxmmr5t8 oygrvhab hcukyx3x c1et5uql o9v6fnle ii04i59q\">\n<div dir=\"auto\"><span class=\"pq6dq46d tbxw36s4 knj5qynh kvgmc6g5 ditlmg2l oygrvhab nvdbi5me sf5mxxl7 gl3lb2sf hhz5lgdu\"><img loading=\"lazy\" decoding=\"async\" src=\"https:\/\/static.xx.fbcdn.net\/images\/emoji.php\/v9\/tcb\/1.5\/16\/1f538.png\" alt=\"\ud83d\udd38\" width=\"16\" height=\"16\" \/><\/span> T 04.01 &#8211; kl 14 vaatame j\u00f5ulufilmi Klaus<\/div>\n<\/div>\n<div class=\"cxmmr5t8 oygrvhab hcukyx3x c1et5uql o9v6fnle ii04i59q\">\n<div dir=\"auto\"><span class=\"pq6dq46d tbxw36s4 knj5qynh kvgmc6g5 ditlmg2l oygrvhab nvdbi5me sf5mxxl7 gl3lb2sf hhz5lgdu\"><img loading=\"lazy\" decoding=\"async\" src=\"https:\/\/static.xx.fbcdn.net\/images\/emoji.php\/v9\/tcb\/1.5\/16\/1f538.png\" alt=\"\ud83d\udd38\" width=\"16\" height=\"16\" \/><\/span> K 05.01 &#8211; Noortekeskus suletud<\/div>\n<\/div>\n<div class=\"cxmmr5t8 oygrvhab hcukyx3x c1et5uql o9v6fnle ii04i59q\">\n<div dir=\"auto\"><span class=\"pq6dq46d tbxw36s4 knj5qynh kvgmc6g5 ditlmg2l oygrvhab nvdbi5me sf5mxxl7 gl3lb2sf hhz5lgdu\"><img loading=\"lazy\" decoding=\"async\" src=\"https:\/\/static.xx.fbcdn.net\/images\/emoji.php\/v9\/tcb\/1.5\/16\/1f538.png\" alt=\"\ud83d\udd38\" width=\"16\" height=\"16\" \/><\/span> N 06.01 &#8211; Kolmekuningap\u00e4ev. T\u00e4htsaim p\u00e4ev Hispaania j\u00f5ulukalendris. Valmistame Tortilla de patatast ja vaatame, mida kolm tarka meile kingituseks toonud on.<\/div>\n<\/div>\n<div class=\"cxmmr5t8 oygrvhab hcukyx3x c1et5uql o9v6fnle ii04i59q\">\n<div dir=\"auto\"><span class=\"pq6dq46d tbxw36s4 knj5qynh kvgmc6g5 ditlmg2l oygrvhab nvdbi5me sf5mxxl7 gl3lb2sf hhz5lgdu\"><img loading=\"lazy\" decoding=\"async\" src=\"https:\/\/static.xx.fbcdn.net\/images\/emoji.php\/v9\/tcb\/1.5\/16\/1f538.png\" alt=\"\ud83d\udd38\" width=\"16\" height=\"16\" \/><\/span> R 07.01 &#8211; \u0160okolaadip\u00e4ev. Kuum \u0161okolaad, vahukommid, lauam\u00e4ngud.<\/div>\n<\/div>\n","protected":false},"featured_media":376,"template":"","kalender_kategooria":[],"class_list":["post-375","kalender","type-kalender","status-publish","has-post-thumbnail","hentry"],"acf":[],"yoast_head":"<!-- This site is optimized with the Yoast SEO plugin v27.5 - https:\/\/yoast.com\/product\/yoast-seo-wordpress\/ -->\n<title>Koolivaheaeg Valdeku noortekeskuses &#8211; Valdeku noortekeskus<\/title>\n<meta name=\"robots\" content=\"index, follow, max-snippet:-1, max-image-preview:large, max-video-preview:-1\" \/>\n<link rel=\"canonical\" href=\"https:\/\/www.nomme.ee\/valdeku-noortekeskus\/kalender\/koolivaheaeg-valdeku-noortekeskuses\/\" \/>\n<meta property=\"og:locale\" content=\"et_EE\" \/>\n<meta property=\"og:type\" content=\"article\" \/>\n<meta property=\"og:title\" content=\"Koolivaheaeg Valdeku noortekeskuses &#8211; Valdeku noortekeskus\" \/>\n<meta property=\"og:description\" content=\"Koolivaheaeg Valdeku Noortekeskuses Oleme avatud kl 12-19 (v.a. K 05.01 oleme suletud) Marta&#8217;s Week: j\u00f5ulu eri Oleme veel j\u00e4tkuvalt j\u00f5ulude lainel ja p\u00fchendame, Marta abiga, oma n\u00e4dala Hispaania j\u00f5ulutraditsioonidele. E 03.01 &#8211; Valmistatame \u00fcheskoos traditsioonilist Hispaania j\u00f5uluk\u00fcpsetist Roscon de Reyes. Tegemist on pika protsessiga ning selle valmimisel saab kogu p\u00e4eva jooksul abiks olla. T 04.01 [&hellip;]\" \/>\n<meta property=\"og:url\" content=\"https:\/\/www.nomme.ee\/valdeku-noortekeskus\/kalender\/koolivaheaeg-valdeku-noortekeskuses\/\" \/>\n<meta property=\"og:site_name\" content=\"Valdeku noortekeskus\" \/>\n<meta property=\"og:image\" content=\"https:\/\/www.nomme.ee\/valdeku-noortekeskus\/wp-content\/uploads\/sites\/3\/2022\/01\/MARTA\u00b4S-WEEK-1.png\" \/>\n\t<meta property=\"og:image:width\" content=\"1080\" \/>\n\t<meta property=\"og:image:height\" content=\"1080\" \/>\n\t<meta property=\"og:image:type\" content=\"image\/png\" \/>\n<meta name=\"twitter:card\" content=\"summary_large_image\" \/>\n<meta name=\"twitter:label1\" content=\"Est. reading time\" \/>\n\t<meta name=\"twitter:data1\" content=\"1 minut\" \/>\n<script type=\"application\/ld+json\" class=\"yoast-schema-graph\">{\"@context\":\"https:\\\/\\\/schema.org\",\"@graph\":[{\"@type\":\"WebPage\",\"@id\":\"https:\\\/\\\/www.nomme.ee\\\/valdeku-noortekeskus\\\/kalender\\\/koolivaheaeg-valdeku-noortekeskuses\\\/\",\"url\":\"https:\\\/\\\/www.nomme.ee\\\/valdeku-noortekeskus\\\/kalender\\\/koolivaheaeg-valdeku-noortekeskuses\\\/\",\"name\":\"Koolivaheaeg Valdeku noortekeskuses &#8211; Valdeku noortekeskus\",\"isPartOf\":{\"@id\":\"https:\\\/\\\/www.nomme.ee\\\/valdeku-noortekeskus\\\/#website\"},\"primaryImageOfPage\":{\"@id\":\"https:\\\/\\\/www.nomme.ee\\\/valdeku-noortekeskus\\\/kalender\\\/koolivaheaeg-valdeku-noortekeskuses\\\/#primaryimage\"},\"image\":{\"@id\":\"https:\\\/\\\/www.nomme.ee\\\/valdeku-noortekeskus\\\/kalender\\\/koolivaheaeg-valdeku-noortekeskuses\\\/#primaryimage\"},\"thumbnailUrl\":\"https:\\\/\\\/www.nomme.ee\\\/valdeku-noortekeskus\\\/wp-content\\\/uploads\\\/sites\\\/3\\\/2022\\\/01\\\/MARTA\u00b4S-WEEK-1.png\",\"datePublished\":\"2022-01-03T13:48:57+00:00\",\"breadcrumb\":{\"@id\":\"https:\\\/\\\/www.nomme.ee\\\/valdeku-noortekeskus\\\/kalender\\\/koolivaheaeg-valdeku-noortekeskuses\\\/#breadcrumb\"},\"inLanguage\":\"et\",\"potentialAction\":[{\"@type\":\"ReadAction\",\"target\":[\"https:\\\/\\\/www.nomme.ee\\\/valdeku-noortekeskus\\\/kalender\\\/koolivaheaeg-valdeku-noortekeskuses\\\/\"]}]},{\"@type\":\"ImageObject\",\"inLanguage\":\"et\",\"@id\":\"https:\\\/\\\/www.nomme.ee\\\/valdeku-noortekeskus\\\/kalender\\\/koolivaheaeg-valdeku-noortekeskuses\\\/#primaryimage\",\"url\":\"https:\\\/\\\/www.nomme.ee\\\/valdeku-noortekeskus\\\/wp-content\\\/uploads\\\/sites\\\/3\\\/2022\\\/01\\\/MARTA\u00b4S-WEEK-1.png\",\"contentUrl\":\"https:\\\/\\\/www.nomme.ee\\\/valdeku-noortekeskus\\\/wp-content\\\/uploads\\\/sites\\\/3\\\/2022\\\/01\\\/MARTA\u00b4S-WEEK-1.png\",\"width\":1080,\"height\":1080},{\"@type\":\"BreadcrumbList\",\"@id\":\"https:\\\/\\\/www.nomme.ee\\\/valdeku-noortekeskus\\\/kalender\\\/koolivaheaeg-valdeku-noortekeskuses\\\/#breadcrumb\",\"itemListElement\":[{\"@type\":\"ListItem\",\"position\":1,\"name\":\"N\u00f5mme Vaba Aja Keskus\",\"item\":\"https:\\\/\\\/www.nomme.ee\"},{\"@type\":\"ListItem\",\"position\":2,\"name\":\"Valdeku noortekeskus\",\"item\":\"https:\\\/\\\/www.nomme.ee\\\/valdeku-noortekeskus\\\/\"},{\"@type\":\"ListItem\",\"position\":3,\"name\":\"S\u00fcndmused\",\"item\":\"https:\\\/\\\/www.nomme.ee\\\/valdeku-noortekeskus\\\/kalender\\\/\"},{\"@type\":\"ListItem\",\"position\":4,\"name\":\"Koolivaheaeg Valdeku noortekeskuses\"}]},{\"@type\":\"WebSite\",\"@id\":\"https:\\\/\\\/www.nomme.ee\\\/valdeku-noortekeskus\\\/#website\",\"url\":\"https:\\\/\\\/www.nomme.ee\\\/valdeku-noortekeskus\\\/\",\"name\":\"Valdeku noortekeskus\",\"description\":\"\",\"potentialAction\":[{\"@type\":\"SearchAction\",\"target\":{\"@type\":\"EntryPoint\",\"urlTemplate\":\"https:\\\/\\\/www.nomme.ee\\\/valdeku-noortekeskus\\\/?s={search_term_string}\"},\"query-input\":{\"@type\":\"PropertyValueSpecification\",\"valueRequired\":true,\"valueName\":\"search_term_string\"}}],\"inLanguage\":\"et\"}]}<\/script>\n<!-- \/ Yoast SEO plugin. -->","yoast_head_json":{"title":"Koolivaheaeg Valdeku noortekeskuses &#8211; Valdeku noortekeskus","robots":{"index":"index","follow":"follow","max-snippet":"max-snippet:-1","max-image-preview":"max-image-preview:large","max-video-preview":"max-video-preview:-1"},"canonical":"https:\/\/www.nomme.ee\/valdeku-noortekeskus\/kalender\/koolivaheaeg-valdeku-noortekeskuses\/","og_locale":"et_EE","og_type":"article","og_title":"Koolivaheaeg Valdeku noortekeskuses &#8211; Valdeku noortekeskus","og_description":"Koolivaheaeg Valdeku Noortekeskuses Oleme avatud kl 12-19 (v.a. K 05.01 oleme suletud) Marta&#8217;s Week: j\u00f5ulu eri Oleme veel j\u00e4tkuvalt j\u00f5ulude lainel ja p\u00fchendame, Marta abiga, oma n\u00e4dala Hispaania j\u00f5ulutraditsioonidele. E 03.01 &#8211; Valmistatame \u00fcheskoos traditsioonilist Hispaania j\u00f5uluk\u00fcpsetist Roscon de Reyes. Tegemist on pika protsessiga ning selle valmimisel saab kogu p\u00e4eva jooksul abiks olla. T 04.01 [&hellip;]","og_url":"https:\/\/www.nomme.ee\/valdeku-noortekeskus\/kalender\/koolivaheaeg-valdeku-noortekeskuses\/","og_site_name":"Valdeku noortekeskus","og_image":[{"width":1080,"height":1080,"url":"https:\/\/www.nomme.ee\/valdeku-noortekeskus\/wp-content\/uploads\/sites\/3\/2022\/01\/MARTA\u00b4S-WEEK-1.png","type":"image\/png"}],"twitter_card":"summary_large_image","twitter_misc":{"Est. reading time":"1 minut"},"schema":{"@context":"https:\/\/schema.org","@graph":[{"@type":"WebPage","@id":"https:\/\/www.nomme.ee\/valdeku-noortekeskus\/kalender\/koolivaheaeg-valdeku-noortekeskuses\/","url":"https:\/\/www.nomme.ee\/valdeku-noortekeskus\/kalender\/koolivaheaeg-valdeku-noortekeskuses\/","name":"Koolivaheaeg Valdeku noortekeskuses &#8211; Valdeku noortekeskus","isPartOf":{"@id":"https:\/\/www.nomme.ee\/valdeku-noortekeskus\/#website"},"primaryImageOfPage":{"@id":"https:\/\/www.nomme.ee\/valdeku-noortekeskus\/kalender\/koolivaheaeg-valdeku-noortekeskuses\/#primaryimage"},"image":{"@id":"https:\/\/www.nomme.ee\/valdeku-noortekeskus\/kalender\/koolivaheaeg-valdeku-noortekeskuses\/#primaryimage"},"thumbnailUrl":"https:\/\/www.nomme.ee\/valdeku-noortekeskus\/wp-content\/uploads\/sites\/3\/2022\/01\/MARTA\u00b4S-WEEK-1.png","datePublished":"2022-01-03T13:48:57+00:00","breadcrumb":{"@id":"https:\/\/www.nomme.ee\/valdeku-noortekeskus\/kalender\/koolivaheaeg-valdeku-noortekeskuses\/#breadcrumb"},"inLanguage":"et","potentialAction":[{"@type":"ReadAction","target":["https:\/\/www.nomme.ee\/valdeku-noortekeskus\/kalender\/koolivaheaeg-valdeku-noortekeskuses\/"]}]},{"@type":"ImageObject","inLanguage":"et","@id":"https:\/\/www.nomme.ee\/valdeku-noortekeskus\/kalender\/koolivaheaeg-valdeku-noortekeskuses\/#primaryimage","url":"https:\/\/www.nomme.ee\/valdeku-noortekeskus\/wp-content\/uploads\/sites\/3\/2022\/01\/MARTA\u00b4S-WEEK-1.png","contentUrl":"https:\/\/www.nomme.ee\/valdeku-noortekeskus\/wp-content\/uploads\/sites\/3\/2022\/01\/MARTA\u00b4S-WEEK-1.png","width":1080,"height":1080},{"@type":"BreadcrumbList","@id":"https:\/\/www.nomme.ee\/valdeku-noortekeskus\/kalender\/koolivaheaeg-valdeku-noortekeskuses\/#breadcrumb","itemListElement":[{"@type":"ListItem","position":1,"name":"N\u00f5mme Vaba Aja Keskus","item":"https:\/\/www.nomme.ee"},{"@type":"ListItem","position":2,"name":"Valdeku noortekeskus","item":"https:\/\/www.nomme.ee\/valdeku-noortekeskus\/"},{"@type":"ListItem","position":3,"name":"S\u00fcndmused","item":"https:\/\/www.nomme.ee\/valdeku-noortekeskus\/kalender\/"},{"@type":"ListItem","position":4,"name":"Koolivaheaeg Valdeku noortekeskuses"}]},{"@type":"WebSite","@id":"https:\/\/www.nomme.ee\/valdeku-noortekeskus\/#website","url":"https:\/\/www.nomme.ee\/valdeku-noortekeskus\/","name":"Valdeku noortekeskus","description":"","potentialAction":[{"@type":"SearchAction","target":{"@type":"EntryPoint","urlTemplate":"https:\/\/www.nomme.ee\/valdeku-noortekeskus\/?s={search_term_string}"},"query-input":{"@type":"PropertyValueSpecification","valueRequired":true,"valueName":"search_term_string"}}],"inLanguage":"et"}]}},"_links":{"self":[{"href":"https:\/\/www.nomme.ee\/valdeku-noortekeskus\/wp-json\/wp\/v2\/kalender\/375","targetHints":{"allow":["GET"]}}],"collection":[{"href":"https:\/\/www.nomme.ee\/valdeku-noortekeskus\/wp-json\/wp\/v2\/kalender"}],"about":[{"href":"https:\/\/www.nomme.ee\/valdeku-noortekeskus\/wp-json\/wp\/v2\/types\/kalender"}],"version-history":[{"count":3,"href":"https:\/\/www.nomme.ee\/valdeku-noortekeskus\/wp-json\/wp\/v2\/kalender\/375\/revisions"}],"predecessor-version":[{"id":379,"href":"https:\/\/www.nomme.ee\/valdeku-noortekeskus\/wp-json\/wp\/v2\/kalender\/375\/revisions\/379"}],"wp:featuredmedia":[{"embeddable":true,"href":"https:\/\/www.nomme.ee\/valdeku-noortekeskus\/wp-json\/wp\/v2\/media\/376"}],"wp:attachment":[{"href":"https:\/\/www.nomme.ee\/valdeku-noortekeskus\/wp-json\/wp\/v2\/media?parent=375"}],"wp:term":[{"taxonomy":"kalender_kategooria","embeddable":true,"href":"https:\/\/www.nomme.ee\/valdeku-noortekeskus\/wp-json\/wp\/v2\/kalender_kategooria?post=375"}],"curies":[{"name":"wp","href":"https:\/\/api.w.org\/{rel}","templated":true}]}}