{"id":409,"date":"2022-02-28T08:59:52","date_gmt":"2022-02-28T08:59:52","guid":{"rendered":"https:\/\/www.nomme.ee\/valdeku-noortekeskus\/?post_type=kalender&#038;p=409"},"modified":"2022-03-01T19:29:03","modified_gmt":"2022-03-01T19:29:03","slug":"ametite-nadal-valdeku-noortekeskuses","status":"publish","type":"kalender","link":"https:\/\/www.nomme.ee\/valdeku-noortekeskus\/kalender\/ametite-nadal-valdeku-noortekeskuses\/","title":{"rendered":"Ametite n\u00e4dal Valdeku Noortekeskuses"},"content":{"rendered":"<p>Koolivaheaeg on Valdeku Noortekeskuses p\u00fchendatud erinevate ametite tutvustamisele noortele.<br \/>\nOleme avatud E-R kl 12-19.<\/p>\n<p>&nbsp;<\/p>\n<p><strong>Esmasp\u00e4eval 28.02 kl 14<\/strong> tuleb meile k\u00fclla kondiiter, kes valmistab noortega koos vastlakukleid<\/p>\n<p><strong>Teisip\u00e4eval 01.03 kl 15<\/strong> disainime koos noortega Valdeku Noortekeskuse uut logo.<\/p>\n<p><strong>Kolmap\u00e4eval 02.03 kl 15<\/strong> tuleb meile k\u00fclaline Eesti suurimast lauam\u00e4ngupoest Brain Games.<\/p>\n<p><strong>Neljap\u00e4eval 03.03 kl 15<\/strong> tuleb meile k\u00fclla piloot, kes m\u00e4ngib noortega koos oma lemmik lauam\u00e4nge ja r\u00e4\u00e4gib lennundusest.<\/p>\n<p><strong>Reedel 04.03 kl 15<\/strong> tuleb meile k\u00fclla N\u00f5mme linnaosavanem Lauri Paeveer, kes lisaks linnaosavanemaks olemisest \u00f5petab noortele rahatarkust.<\/p>\n","protected":false},"featured_media":417,"template":"","kalender_kategooria":[],"class_list":["post-409","kalender","type-kalender","status-publish","has-post-thumbnail","hentry"],"acf":[],"yoast_head":"<!-- This site is optimized with the Yoast SEO plugin v27.5 - https:\/\/yoast.com\/product\/yoast-seo-wordpress\/ -->\n<title>Ametite n\u00e4dal Valdeku Noortekeskuses &#8211; Valdeku noortekeskus<\/title>\n<meta name=\"robots\" content=\"index, follow, max-snippet:-1, max-image-preview:large, max-video-preview:-1\" \/>\n<link rel=\"canonical\" href=\"https:\/\/www.nomme.ee\/valdeku-noortekeskus\/kalender\/ametite-nadal-valdeku-noortekeskuses\/\" \/>\n<meta property=\"og:locale\" content=\"et_EE\" \/>\n<meta property=\"og:type\" content=\"article\" \/>\n<meta property=\"og:title\" content=\"Ametite n\u00e4dal Valdeku Noortekeskuses &#8211; Valdeku noortekeskus\" \/>\n<meta property=\"og:description\" content=\"Koolivaheaeg on Valdeku Noortekeskuses p\u00fchendatud erinevate ametite tutvustamisele noortele. Oleme avatud E-R kl 12-19. &nbsp; Esmasp\u00e4eval 28.02 kl 14 tuleb meile k\u00fclla kondiiter, kes valmistab noortega koos vastlakukleid Teisip\u00e4eval 01.03 kl 15 disainime koos noortega Valdeku Noortekeskuse uut logo. Kolmap\u00e4eval 02.03 kl 15 tuleb meile k\u00fclaline Eesti suurimast lauam\u00e4ngupoest Brain Games. Neljap\u00e4eval 03.03 kl 15 [&hellip;]\" \/>\n<meta property=\"og:url\" content=\"https:\/\/www.nomme.ee\/valdeku-noortekeskus\/kalender\/ametite-nadal-valdeku-noortekeskuses\/\" \/>\n<meta property=\"og:site_name\" content=\"Valdeku noortekeskus\" \/>\n<meta property=\"article:modified_time\" content=\"2022-03-01T19:29:03+00:00\" \/>\n<meta property=\"og:image\" content=\"https:\/\/www.nomme.ee\/valdeku-noortekeskus\/wp-content\/uploads\/sites\/3\/2022\/02\/ametite-nadal-Poster-Instagram-Story-Instagram-Story.png\" \/>\n\t<meta property=\"og:image:width\" content=\"1080\" \/>\n\t<meta property=\"og:image:height\" content=\"1920\" \/>\n\t<meta property=\"og:image:type\" content=\"image\/png\" \/>\n<meta name=\"twitter:card\" content=\"summary_large_image\" \/>\n<meta name=\"twitter:label1\" content=\"Est. reading time\" \/>\n\t<meta name=\"twitter:data1\" content=\"1 minut\" \/>\n<script type=\"application\/ld+json\" class=\"yoast-schema-graph\">{\"@context\":\"https:\\\/\\\/schema.org\",\"@graph\":[{\"@type\":\"WebPage\",\"@id\":\"https:\\\/\\\/www.nomme.ee\\\/valdeku-noortekeskus\\\/kalender\\\/ametite-nadal-valdeku-noortekeskuses\\\/\",\"url\":\"https:\\\/\\\/www.nomme.ee\\\/valdeku-noortekeskus\\\/kalender\\\/ametite-nadal-valdeku-noortekeskuses\\\/\",\"name\":\"Ametite n\u00e4dal Valdeku Noortekeskuses &#8211; Valdeku noortekeskus\",\"isPartOf\":{\"@id\":\"https:\\\/\\\/www.nomme.ee\\\/valdeku-noortekeskus\\\/#website\"},\"primaryImageOfPage\":{\"@id\":\"https:\\\/\\\/www.nomme.ee\\\/valdeku-noortekeskus\\\/kalender\\\/ametite-nadal-valdeku-noortekeskuses\\\/#primaryimage\"},\"image\":{\"@id\":\"https:\\\/\\\/www.nomme.ee\\\/valdeku-noortekeskus\\\/kalender\\\/ametite-nadal-valdeku-noortekeskuses\\\/#primaryimage\"},\"thumbnailUrl\":\"https:\\\/\\\/www.nomme.ee\\\/valdeku-noortekeskus\\\/wp-content\\\/uploads\\\/sites\\\/3\\\/2022\\\/02\\\/ametite-nadal-Poster-Instagram-Story-Instagram-Story.png\",\"datePublished\":\"2022-02-28T08:59:52+00:00\",\"dateModified\":\"2022-03-01T19:29:03+00:00\",\"breadcrumb\":{\"@id\":\"https:\\\/\\\/www.nomme.ee\\\/valdeku-noortekeskus\\\/kalender\\\/ametite-nadal-valdeku-noortekeskuses\\\/#breadcrumb\"},\"inLanguage\":\"et\",\"potentialAction\":[{\"@type\":\"ReadAction\",\"target\":[\"https:\\\/\\\/www.nomme.ee\\\/valdeku-noortekeskus\\\/kalender\\\/ametite-nadal-valdeku-noortekeskuses\\\/\"]}]},{\"@type\":\"ImageObject\",\"inLanguage\":\"et\",\"@id\":\"https:\\\/\\\/www.nomme.ee\\\/valdeku-noortekeskus\\\/kalender\\\/ametite-nadal-valdeku-noortekeskuses\\\/#primaryimage\",\"url\":\"https:\\\/\\\/www.nomme.ee\\\/valdeku-noortekeskus\\\/wp-content\\\/uploads\\\/sites\\\/3\\\/2022\\\/02\\\/ametite-nadal-Poster-Instagram-Story-Instagram-Story.png\",\"contentUrl\":\"https:\\\/\\\/www.nomme.ee\\\/valdeku-noortekeskus\\\/wp-content\\\/uploads\\\/sites\\\/3\\\/2022\\\/02\\\/ametite-nadal-Poster-Instagram-Story-Instagram-Story.png\",\"width\":1080,\"height\":1920},{\"@type\":\"BreadcrumbList\",\"@id\":\"https:\\\/\\\/www.nomme.ee\\\/valdeku-noortekeskus\\\/kalender\\\/ametite-nadal-valdeku-noortekeskuses\\\/#breadcrumb\",\"itemListElement\":[{\"@type\":\"ListItem\",\"position\":1,\"name\":\"N\u00f5mme Vaba Aja Keskus\",\"item\":\"https:\\\/\\\/www.nomme.ee\"},{\"@type\":\"ListItem\",\"position\":2,\"name\":\"Valdeku noortekeskus\",\"item\":\"https:\\\/\\\/www.nomme.ee\\\/valdeku-noortekeskus\\\/\"},{\"@type\":\"ListItem\",\"position\":3,\"name\":\"S\u00fcndmused\",\"item\":\"https:\\\/\\\/www.nomme.ee\\\/valdeku-noortekeskus\\\/kalender\\\/\"},{\"@type\":\"ListItem\",\"position\":4,\"name\":\"Ametite n\u00e4dal Valdeku Noortekeskuses\"}]},{\"@type\":\"WebSite\",\"@id\":\"https:\\\/\\\/www.nomme.ee\\\/valdeku-noortekeskus\\\/#website\",\"url\":\"https:\\\/\\\/www.nomme.ee\\\/valdeku-noortekeskus\\\/\",\"name\":\"Valdeku noortekeskus\",\"description\":\"\",\"potentialAction\":[{\"@type\":\"SearchAction\",\"target\":{\"@type\":\"EntryPoint\",\"urlTemplate\":\"https:\\\/\\\/www.nomme.ee\\\/valdeku-noortekeskus\\\/?s={search_term_string}\"},\"query-input\":{\"@type\":\"PropertyValueSpecification\",\"valueRequired\":true,\"valueName\":\"search_term_string\"}}],\"inLanguage\":\"et\"}]}<\/script>\n<!-- \/ Yoast SEO plugin. -->","yoast_head_json":{"title":"Ametite n\u00e4dal Valdeku Noortekeskuses &#8211; Valdeku noortekeskus","robots":{"index":"index","follow":"follow","max-snippet":"max-snippet:-1","max-image-preview":"max-image-preview:large","max-video-preview":"max-video-preview:-1"},"canonical":"https:\/\/www.nomme.ee\/valdeku-noortekeskus\/kalender\/ametite-nadal-valdeku-noortekeskuses\/","og_locale":"et_EE","og_type":"article","og_title":"Ametite n\u00e4dal Valdeku Noortekeskuses &#8211; Valdeku noortekeskus","og_description":"Koolivaheaeg on Valdeku Noortekeskuses p\u00fchendatud erinevate ametite tutvustamisele noortele. Oleme avatud E-R kl 12-19. &nbsp; Esmasp\u00e4eval 28.02 kl 14 tuleb meile k\u00fclla kondiiter, kes valmistab noortega koos vastlakukleid Teisip\u00e4eval 01.03 kl 15 disainime koos noortega Valdeku Noortekeskuse uut logo. Kolmap\u00e4eval 02.03 kl 15 tuleb meile k\u00fclaline Eesti suurimast lauam\u00e4ngupoest Brain Games. Neljap\u00e4eval 03.03 kl 15 [&hellip;]","og_url":"https:\/\/www.nomme.ee\/valdeku-noortekeskus\/kalender\/ametite-nadal-valdeku-noortekeskuses\/","og_site_name":"Valdeku noortekeskus","article_modified_time":"2022-03-01T19:29:03+00:00","og_image":[{"width":1080,"height":1920,"url":"https:\/\/www.nomme.ee\/valdeku-noortekeskus\/wp-content\/uploads\/sites\/3\/2022\/02\/ametite-nadal-Poster-Instagram-Story-Instagram-Story.png","type":"image\/png"}],"twitter_card":"summary_large_image","twitter_misc":{"Est. reading time":"1 minut"},"schema":{"@context":"https:\/\/schema.org","@graph":[{"@type":"WebPage","@id":"https:\/\/www.nomme.ee\/valdeku-noortekeskus\/kalender\/ametite-nadal-valdeku-noortekeskuses\/","url":"https:\/\/www.nomme.ee\/valdeku-noortekeskus\/kalender\/ametite-nadal-valdeku-noortekeskuses\/","name":"Ametite n\u00e4dal Valdeku Noortekeskuses &#8211; Valdeku noortekeskus","isPartOf":{"@id":"https:\/\/www.nomme.ee\/valdeku-noortekeskus\/#website"},"primaryImageOfPage":{"@id":"https:\/\/www.nomme.ee\/valdeku-noortekeskus\/kalender\/ametite-nadal-valdeku-noortekeskuses\/#primaryimage"},"image":{"@id":"https:\/\/www.nomme.ee\/valdeku-noortekeskus\/kalender\/ametite-nadal-valdeku-noortekeskuses\/#primaryimage"},"thumbnailUrl":"https:\/\/www.nomme.ee\/valdeku-noortekeskus\/wp-content\/uploads\/sites\/3\/2022\/02\/ametite-nadal-Poster-Instagram-Story-Instagram-Story.png","datePublished":"2022-02-28T08:59:52+00:00","dateModified":"2022-03-01T19:29:03+00:00","breadcrumb":{"@id":"https:\/\/www.nomme.ee\/valdeku-noortekeskus\/kalender\/ametite-nadal-valdeku-noortekeskuses\/#breadcrumb"},"inLanguage":"et","potentialAction":[{"@type":"ReadAction","target":["https:\/\/www.nomme.ee\/valdeku-noortekeskus\/kalender\/ametite-nadal-valdeku-noortekeskuses\/"]}]},{"@type":"ImageObject","inLanguage":"et","@id":"https:\/\/www.nomme.ee\/valdeku-noortekeskus\/kalender\/ametite-nadal-valdeku-noortekeskuses\/#primaryimage","url":"https:\/\/www.nomme.ee\/valdeku-noortekeskus\/wp-content\/uploads\/sites\/3\/2022\/02\/ametite-nadal-Poster-Instagram-Story-Instagram-Story.png","contentUrl":"https:\/\/www.nomme.ee\/valdeku-noortekeskus\/wp-content\/uploads\/sites\/3\/2022\/02\/ametite-nadal-Poster-Instagram-Story-Instagram-Story.png","width":1080,"height":1920},{"@type":"BreadcrumbList","@id":"https:\/\/www.nomme.ee\/valdeku-noortekeskus\/kalender\/ametite-nadal-valdeku-noortekeskuses\/#breadcrumb","itemListElement":[{"@type":"ListItem","position":1,"name":"N\u00f5mme Vaba Aja Keskus","item":"https:\/\/www.nomme.ee"},{"@type":"ListItem","position":2,"name":"Valdeku noortekeskus","item":"https:\/\/www.nomme.ee\/valdeku-noortekeskus\/"},{"@type":"ListItem","position":3,"name":"S\u00fcndmused","item":"https:\/\/www.nomme.ee\/valdeku-noortekeskus\/kalender\/"},{"@type":"ListItem","position":4,"name":"Ametite n\u00e4dal Valdeku Noortekeskuses"}]},{"@type":"WebSite","@id":"https:\/\/www.nomme.ee\/valdeku-noortekeskus\/#website","url":"https:\/\/www.nomme.ee\/valdeku-noortekeskus\/","name":"Valdeku noortekeskus","description":"","potentialAction":[{"@type":"SearchAction","target":{"@type":"EntryPoint","urlTemplate":"https:\/\/www.nomme.ee\/valdeku-noortekeskus\/?s={search_term_string}"},"query-input":{"@type":"PropertyValueSpecification","valueRequired":true,"valueName":"search_term_string"}}],"inLanguage":"et"}]}},"_links":{"self":[{"href":"https:\/\/www.nomme.ee\/valdeku-noortekeskus\/wp-json\/wp\/v2\/kalender\/409","targetHints":{"allow":["GET"]}}],"collection":[{"href":"https:\/\/www.nomme.ee\/valdeku-noortekeskus\/wp-json\/wp\/v2\/kalender"}],"about":[{"href":"https:\/\/www.nomme.ee\/valdeku-noortekeskus\/wp-json\/wp\/v2\/types\/kalender"}],"version-history":[{"count":4,"href":"https:\/\/www.nomme.ee\/valdeku-noortekeskus\/wp-json\/wp\/v2\/kalender\/409\/revisions"}],"predecessor-version":[{"id":416,"href":"https:\/\/www.nomme.ee\/valdeku-noortekeskus\/wp-json\/wp\/v2\/kalender\/409\/revisions\/416"}],"wp:featuredmedia":[{"embeddable":true,"href":"https:\/\/www.nomme.ee\/valdeku-noortekeskus\/wp-json\/wp\/v2\/media\/417"}],"wp:attachment":[{"href":"https:\/\/www.nomme.ee\/valdeku-noortekeskus\/wp-json\/wp\/v2\/media?parent=409"}],"wp:term":[{"taxonomy":"kalender_kategooria","embeddable":true,"href":"https:\/\/www.nomme.ee\/valdeku-noortekeskus\/wp-json\/wp\/v2\/kalender_kategooria?post=409"}],"curies":[{"name":"wp","href":"https:\/\/api.w.org\/{rel}","templated":true}]}}