{"id":429,"date":"2022-03-29T12:57:11","date_gmt":"2022-03-29T12:57:11","guid":{"rendered":"https:\/\/www.nomme.ee\/valdeku-noortekeskus\/?post_type=kalender&#038;p=429"},"modified":"2022-03-29T12:57:11","modified_gmt":"2022-03-29T12:57:11","slug":"noorteprojektid-ja-oppimisvoimalused-valismaal-infotund","status":"publish","type":"kalender","link":"https:\/\/www.nomme.ee\/valdeku-noortekeskus\/kalender\/noorteprojektid-ja-oppimisvoimalused-valismaal-infotund\/","title":{"rendered":"Noorteprojektid ja \u00f5ppimisv\u00f5imalused v\u00e4lismaal (infotund)"},"content":{"rendered":"<p>Tule tutvu oma v\u00f5imalustega!<\/p>\n<p>7. aprillil kell 16 tuleb Valdeku noortekeskusesse k\u00fclla Noortevahetuse Arengu \u00dching <a href=\"https:\/\/estyes.ee\/\">MT\u00dc EstYES<\/a>, et tutvustada v\u00f5imalusi v\u00e4lismaal mitteformaalseks \u00f5ppimiseks ja rahvusvahelistes noorteprojektides osalemiseks.<\/p>\n<p>\u00dcritus on suunatud vanusegrupile 14+ ja on k\u00f5igile osalejatele tasuta.<\/p>\n<p>Huvilistel palume ennast \u00fcritusele registreerida aadressil <a href=\"https:\/\/bit.ly\/3NbqkE1\">https:\/\/bit.ly\/3NbqkE1<\/a><br \/>\nT\u00e4psemat infot MT\u00dc EstYES tegevuste ja pakutavate v\u00f5imaluste kohta saab nende kodulehelt aadressil <a href=\"https:\/\/estyes.ee\/\">https:\/\/estyes.ee\/<\/a><\/p>\n","protected":false},"featured_media":431,"template":"","kalender_kategooria":[],"class_list":["post-429","kalender","type-kalender","status-publish","has-post-thumbnail","hentry"],"acf":[],"yoast_head":"<!-- This site is optimized with the Yoast SEO plugin v27.5 - https:\/\/yoast.com\/product\/yoast-seo-wordpress\/ -->\n<title>Noorteprojektid ja \u00f5ppimisv\u00f5imalused v\u00e4lismaal (infotund) &#8211; Valdeku noortekeskus<\/title>\n<meta name=\"robots\" content=\"index, follow, max-snippet:-1, max-image-preview:large, max-video-preview:-1\" \/>\n<link rel=\"canonical\" href=\"https:\/\/www.nomme.ee\/valdeku-noortekeskus\/kalender\/noorteprojektid-ja-oppimisvoimalused-valismaal-infotund\/\" \/>\n<meta property=\"og:locale\" content=\"et_EE\" \/>\n<meta property=\"og:type\" content=\"article\" \/>\n<meta property=\"og:title\" content=\"Noorteprojektid ja \u00f5ppimisv\u00f5imalused v\u00e4lismaal (infotund) &#8211; Valdeku noortekeskus\" \/>\n<meta property=\"og:description\" content=\"Tule tutvu oma v\u00f5imalustega! 7. aprillil kell 16 tuleb Valdeku noortekeskusesse k\u00fclla Noortevahetuse Arengu \u00dching MT\u00dc EstYES, et tutvustada v\u00f5imalusi v\u00e4lismaal mitteformaalseks \u00f5ppimiseks ja rahvusvahelistes noorteprojektides osalemiseks. \u00dcritus on suunatud vanusegrupile 14+ ja on k\u00f5igile osalejatele tasuta. Huvilistel palume ennast \u00fcritusele registreerida aadressil https:\/\/bit.ly\/3NbqkE1 T\u00e4psemat infot MT\u00dc EstYES tegevuste ja pakutavate v\u00f5imaluste kohta saab nende [&hellip;]\" \/>\n<meta property=\"og:url\" content=\"https:\/\/www.nomme.ee\/valdeku-noortekeskus\/kalender\/noorteprojektid-ja-oppimisvoimalused-valismaal-infotund\/\" \/>\n<meta property=\"og:site_name\" content=\"Valdeku noortekeskus\" \/>\n<meta property=\"og:image\" content=\"https:\/\/www.nomme.ee\/valdeku-noortekeskus\/wp-content\/uploads\/sites\/3\/2022\/03\/EstYES-uritus-Instagram-Post-1.png\" \/>\n\t<meta property=\"og:image:width\" content=\"1080\" \/>\n\t<meta property=\"og:image:height\" content=\"1080\" \/>\n\t<meta property=\"og:image:type\" content=\"image\/png\" \/>\n<meta name=\"twitter:card\" content=\"summary_large_image\" \/>\n<meta name=\"twitter:label1\" content=\"Est. reading time\" \/>\n\t<meta name=\"twitter:data1\" content=\"1 minut\" \/>\n<script type=\"application\/ld+json\" class=\"yoast-schema-graph\">{\"@context\":\"https:\\\/\\\/schema.org\",\"@graph\":[{\"@type\":\"WebPage\",\"@id\":\"https:\\\/\\\/www.nomme.ee\\\/valdeku-noortekeskus\\\/kalender\\\/noorteprojektid-ja-oppimisvoimalused-valismaal-infotund\\\/\",\"url\":\"https:\\\/\\\/www.nomme.ee\\\/valdeku-noortekeskus\\\/kalender\\\/noorteprojektid-ja-oppimisvoimalused-valismaal-infotund\\\/\",\"name\":\"Noorteprojektid ja \u00f5ppimisv\u00f5imalused v\u00e4lismaal (infotund) &#8211; Valdeku noortekeskus\",\"isPartOf\":{\"@id\":\"https:\\\/\\\/www.nomme.ee\\\/valdeku-noortekeskus\\\/#website\"},\"primaryImageOfPage\":{\"@id\":\"https:\\\/\\\/www.nomme.ee\\\/valdeku-noortekeskus\\\/kalender\\\/noorteprojektid-ja-oppimisvoimalused-valismaal-infotund\\\/#primaryimage\"},\"image\":{\"@id\":\"https:\\\/\\\/www.nomme.ee\\\/valdeku-noortekeskus\\\/kalender\\\/noorteprojektid-ja-oppimisvoimalused-valismaal-infotund\\\/#primaryimage\"},\"thumbnailUrl\":\"https:\\\/\\\/www.nomme.ee\\\/valdeku-noortekeskus\\\/wp-content\\\/uploads\\\/sites\\\/3\\\/2022\\\/03\\\/EstYES-uritus-Instagram-Post-1.png\",\"datePublished\":\"2022-03-29T12:57:11+00:00\",\"breadcrumb\":{\"@id\":\"https:\\\/\\\/www.nomme.ee\\\/valdeku-noortekeskus\\\/kalender\\\/noorteprojektid-ja-oppimisvoimalused-valismaal-infotund\\\/#breadcrumb\"},\"inLanguage\":\"et\",\"potentialAction\":[{\"@type\":\"ReadAction\",\"target\":[\"https:\\\/\\\/www.nomme.ee\\\/valdeku-noortekeskus\\\/kalender\\\/noorteprojektid-ja-oppimisvoimalused-valismaal-infotund\\\/\"]}]},{\"@type\":\"ImageObject\",\"inLanguage\":\"et\",\"@id\":\"https:\\\/\\\/www.nomme.ee\\\/valdeku-noortekeskus\\\/kalender\\\/noorteprojektid-ja-oppimisvoimalused-valismaal-infotund\\\/#primaryimage\",\"url\":\"https:\\\/\\\/www.nomme.ee\\\/valdeku-noortekeskus\\\/wp-content\\\/uploads\\\/sites\\\/3\\\/2022\\\/03\\\/EstYES-uritus-Instagram-Post-1.png\",\"contentUrl\":\"https:\\\/\\\/www.nomme.ee\\\/valdeku-noortekeskus\\\/wp-content\\\/uploads\\\/sites\\\/3\\\/2022\\\/03\\\/EstYES-uritus-Instagram-Post-1.png\",\"width\":1080,\"height\":1080},{\"@type\":\"BreadcrumbList\",\"@id\":\"https:\\\/\\\/www.nomme.ee\\\/valdeku-noortekeskus\\\/kalender\\\/noorteprojektid-ja-oppimisvoimalused-valismaal-infotund\\\/#breadcrumb\",\"itemListElement\":[{\"@type\":\"ListItem\",\"position\":1,\"name\":\"N\u00f5mme Vaba Aja Keskus\",\"item\":\"https:\\\/\\\/www.nomme.ee\"},{\"@type\":\"ListItem\",\"position\":2,\"name\":\"Valdeku noortekeskus\",\"item\":\"https:\\\/\\\/www.nomme.ee\\\/valdeku-noortekeskus\\\/\"},{\"@type\":\"ListItem\",\"position\":3,\"name\":\"S\u00fcndmused\",\"item\":\"https:\\\/\\\/www.nomme.ee\\\/valdeku-noortekeskus\\\/kalender\\\/\"},{\"@type\":\"ListItem\",\"position\":4,\"name\":\"Noorteprojektid ja \u00f5ppimisv\u00f5imalused v\u00e4lismaal (infotund)\"}]},{\"@type\":\"WebSite\",\"@id\":\"https:\\\/\\\/www.nomme.ee\\\/valdeku-noortekeskus\\\/#website\",\"url\":\"https:\\\/\\\/www.nomme.ee\\\/valdeku-noortekeskus\\\/\",\"name\":\"Valdeku noortekeskus\",\"description\":\"\",\"potentialAction\":[{\"@type\":\"SearchAction\",\"target\":{\"@type\":\"EntryPoint\",\"urlTemplate\":\"https:\\\/\\\/www.nomme.ee\\\/valdeku-noortekeskus\\\/?s={search_term_string}\"},\"query-input\":{\"@type\":\"PropertyValueSpecification\",\"valueRequired\":true,\"valueName\":\"search_term_string\"}}],\"inLanguage\":\"et\"}]}<\/script>\n<!-- \/ Yoast SEO plugin. -->","yoast_head_json":{"title":"Noorteprojektid ja \u00f5ppimisv\u00f5imalused v\u00e4lismaal (infotund) &#8211; Valdeku noortekeskus","robots":{"index":"index","follow":"follow","max-snippet":"max-snippet:-1","max-image-preview":"max-image-preview:large","max-video-preview":"max-video-preview:-1"},"canonical":"https:\/\/www.nomme.ee\/valdeku-noortekeskus\/kalender\/noorteprojektid-ja-oppimisvoimalused-valismaal-infotund\/","og_locale":"et_EE","og_type":"article","og_title":"Noorteprojektid ja \u00f5ppimisv\u00f5imalused v\u00e4lismaal (infotund) &#8211; Valdeku noortekeskus","og_description":"Tule tutvu oma v\u00f5imalustega! 7. aprillil kell 16 tuleb Valdeku noortekeskusesse k\u00fclla Noortevahetuse Arengu \u00dching MT\u00dc EstYES, et tutvustada v\u00f5imalusi v\u00e4lismaal mitteformaalseks \u00f5ppimiseks ja rahvusvahelistes noorteprojektides osalemiseks. \u00dcritus on suunatud vanusegrupile 14+ ja on k\u00f5igile osalejatele tasuta. Huvilistel palume ennast \u00fcritusele registreerida aadressil https:\/\/bit.ly\/3NbqkE1 T\u00e4psemat infot MT\u00dc EstYES tegevuste ja pakutavate v\u00f5imaluste kohta saab nende [&hellip;]","og_url":"https:\/\/www.nomme.ee\/valdeku-noortekeskus\/kalender\/noorteprojektid-ja-oppimisvoimalused-valismaal-infotund\/","og_site_name":"Valdeku noortekeskus","og_image":[{"width":1080,"height":1080,"url":"https:\/\/www.nomme.ee\/valdeku-noortekeskus\/wp-content\/uploads\/sites\/3\/2022\/03\/EstYES-uritus-Instagram-Post-1.png","type":"image\/png"}],"twitter_card":"summary_large_image","twitter_misc":{"Est. reading time":"1 minut"},"schema":{"@context":"https:\/\/schema.org","@graph":[{"@type":"WebPage","@id":"https:\/\/www.nomme.ee\/valdeku-noortekeskus\/kalender\/noorteprojektid-ja-oppimisvoimalused-valismaal-infotund\/","url":"https:\/\/www.nomme.ee\/valdeku-noortekeskus\/kalender\/noorteprojektid-ja-oppimisvoimalused-valismaal-infotund\/","name":"Noorteprojektid ja \u00f5ppimisv\u00f5imalused v\u00e4lismaal (infotund) &#8211; Valdeku noortekeskus","isPartOf":{"@id":"https:\/\/www.nomme.ee\/valdeku-noortekeskus\/#website"},"primaryImageOfPage":{"@id":"https:\/\/www.nomme.ee\/valdeku-noortekeskus\/kalender\/noorteprojektid-ja-oppimisvoimalused-valismaal-infotund\/#primaryimage"},"image":{"@id":"https:\/\/www.nomme.ee\/valdeku-noortekeskus\/kalender\/noorteprojektid-ja-oppimisvoimalused-valismaal-infotund\/#primaryimage"},"thumbnailUrl":"https:\/\/www.nomme.ee\/valdeku-noortekeskus\/wp-content\/uploads\/sites\/3\/2022\/03\/EstYES-uritus-Instagram-Post-1.png","datePublished":"2022-03-29T12:57:11+00:00","breadcrumb":{"@id":"https:\/\/www.nomme.ee\/valdeku-noortekeskus\/kalender\/noorteprojektid-ja-oppimisvoimalused-valismaal-infotund\/#breadcrumb"},"inLanguage":"et","potentialAction":[{"@type":"ReadAction","target":["https:\/\/www.nomme.ee\/valdeku-noortekeskus\/kalender\/noorteprojektid-ja-oppimisvoimalused-valismaal-infotund\/"]}]},{"@type":"ImageObject","inLanguage":"et","@id":"https:\/\/www.nomme.ee\/valdeku-noortekeskus\/kalender\/noorteprojektid-ja-oppimisvoimalused-valismaal-infotund\/#primaryimage","url":"https:\/\/www.nomme.ee\/valdeku-noortekeskus\/wp-content\/uploads\/sites\/3\/2022\/03\/EstYES-uritus-Instagram-Post-1.png","contentUrl":"https:\/\/www.nomme.ee\/valdeku-noortekeskus\/wp-content\/uploads\/sites\/3\/2022\/03\/EstYES-uritus-Instagram-Post-1.png","width":1080,"height":1080},{"@type":"BreadcrumbList","@id":"https:\/\/www.nomme.ee\/valdeku-noortekeskus\/kalender\/noorteprojektid-ja-oppimisvoimalused-valismaal-infotund\/#breadcrumb","itemListElement":[{"@type":"ListItem","position":1,"name":"N\u00f5mme Vaba Aja Keskus","item":"https:\/\/www.nomme.ee"},{"@type":"ListItem","position":2,"name":"Valdeku noortekeskus","item":"https:\/\/www.nomme.ee\/valdeku-noortekeskus\/"},{"@type":"ListItem","position":3,"name":"S\u00fcndmused","item":"https:\/\/www.nomme.ee\/valdeku-noortekeskus\/kalender\/"},{"@type":"ListItem","position":4,"name":"Noorteprojektid ja \u00f5ppimisv\u00f5imalused v\u00e4lismaal (infotund)"}]},{"@type":"WebSite","@id":"https:\/\/www.nomme.ee\/valdeku-noortekeskus\/#website","url":"https:\/\/www.nomme.ee\/valdeku-noortekeskus\/","name":"Valdeku noortekeskus","description":"","potentialAction":[{"@type":"SearchAction","target":{"@type":"EntryPoint","urlTemplate":"https:\/\/www.nomme.ee\/valdeku-noortekeskus\/?s={search_term_string}"},"query-input":{"@type":"PropertyValueSpecification","valueRequired":true,"valueName":"search_term_string"}}],"inLanguage":"et"}]}},"_links":{"self":[{"href":"https:\/\/www.nomme.ee\/valdeku-noortekeskus\/wp-json\/wp\/v2\/kalender\/429","targetHints":{"allow":["GET"]}}],"collection":[{"href":"https:\/\/www.nomme.ee\/valdeku-noortekeskus\/wp-json\/wp\/v2\/kalender"}],"about":[{"href":"https:\/\/www.nomme.ee\/valdeku-noortekeskus\/wp-json\/wp\/v2\/types\/kalender"}],"version-history":[{"count":2,"href":"https:\/\/www.nomme.ee\/valdeku-noortekeskus\/wp-json\/wp\/v2\/kalender\/429\/revisions"}],"predecessor-version":[{"id":433,"href":"https:\/\/www.nomme.ee\/valdeku-noortekeskus\/wp-json\/wp\/v2\/kalender\/429\/revisions\/433"}],"wp:featuredmedia":[{"embeddable":true,"href":"https:\/\/www.nomme.ee\/valdeku-noortekeskus\/wp-json\/wp\/v2\/media\/431"}],"wp:attachment":[{"href":"https:\/\/www.nomme.ee\/valdeku-noortekeskus\/wp-json\/wp\/v2\/media?parent=429"}],"wp:term":[{"taxonomy":"kalender_kategooria","embeddable":true,"href":"https:\/\/www.nomme.ee\/valdeku-noortekeskus\/wp-json\/wp\/v2\/kalender_kategooria?post=429"}],"curies":[{"name":"wp","href":"https:\/\/api.w.org\/{rel}","templated":true}]}}