{"id":453,"date":"2022-05-17T07:07:10","date_gmt":"2022-05-17T07:07:10","guid":{"rendered":"https:\/\/www.nomme.ee\/valdeku-noortekeskus\/?post_type=kalender&#038;p=453"},"modified":"2022-05-20T15:31:09","modified_gmt":"2022-05-20T15:31:09","slug":"valdeku-noortekeskuse-suvised-linnalaagrid","status":"publish","type":"kalender","link":"https:\/\/www.nomme.ee\/valdeku-noortekeskus\/kalender\/valdeku-noortekeskuse-suvised-linnalaagrid\/","title":{"rendered":"Valdeku Noortekeskuse suvised linnalaagrid"},"content":{"rendered":"<p>Valdeku Noortekeskus korraldab suvel noortele kolm linnalaagri vahetust.<\/p>\n<div><p class=\"editor-content__cta\"><a class=\"main-btn\" target=\"_self\" href=\"https:\/\/linktr.ee\/valdekunoortekeskus\">Registreeri laagrisse siit<\/a><\/p><\/div>\n<div><\/div>\n<p>&nbsp;<\/p>\n<h2><span style=\"color: #ff6600;\"><strong>13.-17.06 kokanduse linnalaager<\/strong><\/span><\/h2>\n<p><strong>Laagri toimumisaeg:<\/strong> 13.-17.06.2022<br \/>\n<strong>Laagri sihtr\u00fchm:<\/strong> 10-18aastased noored<br \/>\n<strong>Laagrip\u00e4evad:<\/strong> kl 9-17<br \/>\n<strong>Laagri maksumus:<\/strong> 80\u20ac<br \/>\n<strong>Laagris kohti:<\/strong> 25<br \/>\n<strong>Laagri t\u00f6\u00f6keel:\u00a0<\/strong>eesti keel<br \/>\n<strong>Laagriprogramm:<\/strong> T\u00e4psem laagriprogramm on veel koostamisel<\/p>\n<p><strong>L\u00fchikirjeldus:<\/strong><\/p>\n<p>Laagri eesm\u00e4rk on \u00e4ratada noortes huvi s\u00f6\u00f6gi ja s\u00f6\u00f6gitegemise vastu. \u00d5petada noortele kuidas valmistada lihtsamaid roogasid, kasutada k\u00f6\u00f6gitehnikat, anda teadmised ohutusest ja h\u00fcgieenist. E-N valmistavad noored, noorsoot\u00f6\u00f6tajate juhendamisel, ise oma l\u00f5unas\u00f6\u00f6gid v\u00f5i elemente sellest. Lisaks teadmistele ja oskustele s\u00f6\u00f6gitegemisest arendame ka meeskonnat\u00f6\u00f6 oskuseid kuna s\u00f6\u00f6givalmistamine toimub gruppides.<\/p>\n<p>Laagrip\u00e4evad E-N jagunevad kaheks osaks. Esimeses pooles toimuvad tegevused noortekeskuses koos s\u00f6\u00f6givalmistamise ja l\u00f5unaga. P\u00e4eva teises pooles toimuvad temaatilised ja meelelahutuslikud v\u00e4ljas\u00f5idud. Reedel toimub suurem kogu p\u00e4eva kestev v\u00e4ljas\u00f5it. Laagrip\u00e4evad algavad kl 9.00 ja l\u00f5pevad kl 17.00 Valdeku Noortekeskuses. Hinna sees on kogu laagriprogrammi tegevused ja toit. Hinna sees ei ole Tallinna linnasisene \u00fchistranspordi kulu.<\/p>\n<p>&nbsp;<\/p>\n<h2><span style=\"color: #ff6600;\"><strong>04.-08.07 fair-play linnalaager<\/strong><\/span><\/h2>\n<p><strong>Laagri toimumisaeg:<\/strong> 04.-08.07.2022<br \/>\n<strong>Laagri sihtr\u00fchm:<\/strong> 7-12aastased noored<br \/>\n<strong>Laagrip\u00e4evad:<\/strong> kl 9-17<br \/>\n<strong>Laagri maksumus:<\/strong> 60\u20ac<br \/>\n<strong>Laagris kohti:<\/strong> 25<br \/>\n<strong>Laagri t\u00f6\u00f6keel:\u00a0<\/strong>eesti keel<br \/>\n<strong>Laagriprogramm:<\/strong> T\u00e4psem laagriprogramm on veel koostamisel<\/p>\n<p><strong>L\u00fchikirjeldus:<\/strong><\/p>\n<p>Linnalaagris kasutatakse l\u00e4bi rahvusvahelise koost\u00f6\u00f6 v\u00e4lja t\u00f6\u00f6tatud &#8220;Score for Smart Youth Work&#8221; meetodit. Eesm\u00e4rgiks on toetada noorte arengut l\u00e4bi spordi, luua v\u00f5rdsed v\u00f5imalused t\u00fcdrukutele ja poistele, arendada meeskonnat\u00f6\u00f6d ja \u00fcksteisega arvestamist, suurendada digioskusi.<br \/>\nLaagris p\u00f5imitakse omavahel korvpall, jalgpall, e-sport ning fair-play kontseptsioon, mille kaudu noored \u00f5pivad \u00fcksteisega arvestama, kokkuleppeid s\u00f5lmima, aruteluoskusi jm.<\/p>\n<p>N\u00e4dala esimeses pooles jaguneme v\u00f5istkondadesse, \u00f5pime ja harjutame m\u00e4nge. N\u00e4dala teises pooles toimub turniir. Reedel meelelahutuslik v\u00e4ljas\u00f5it. Laagrip\u00e4evad algavad kl 9.00 ja l\u00f5pevad kl 17.00 Valdeku Noortekeskuses. Hinna sees on kogu laagriprogrammi tegevused ja toit. Hinna sees ei ole Tallinna linnasisene \u00fchistranspordi kulu.<\/p>\n<p>&nbsp;<\/p>\n<h2><span style=\"color: #ff6600;\"><strong>01.-05.08 lauam\u00e4ngu linnalaager<\/strong><\/span><\/h2>\n<p><strong>Laagri toimumisaeg:<\/strong> 01.-05.08.2022<br \/>\n<strong>Laagri sihtr\u00fchm:<\/strong> 10-18aastased noored<br \/>\n<strong>Laagrip\u00e4evad:<\/strong> kl 9-17<br \/>\n<strong>Laagri maksumus:<\/strong> 60\u20ac<br \/>\n<strong>Laagris kohti:<\/strong> 25<br \/>\n<strong>Laagri t\u00f6\u00f6keel:\u00a0<\/strong>eesti keel<br \/>\n<strong>Laagriprogramm:<\/strong> T\u00e4psem laagriprogramm on veel koostamisel<\/p>\n<p><strong>L\u00fchikirjeldus:<\/strong><\/p>\n<p>Linnalaager neile, kellele meeldib lauam\u00e4nge m\u00e4ngida v\u00f5i, kes veel ei tea, et neile meeldib lauam\u00e4nge m\u00e4ngida. \u00d5pime selgeks ja m\u00e4ngime mitmeid \u00fclemaailmselt populaarseid lauam\u00e4nge. Liigume j\u00e4rk-j\u00e4rgult kergematest m\u00e4ngudest keerukamateni ja \u00f5pime tundma erinevaid m\u00e4ngumehaanikaid.<br \/>\nLisaks m\u00e4ngude m\u00e4ngimisele kohtume ka inimestega, kes moel v\u00f5i teisel on lauam\u00e4ngumaailmaga seotud ning teeme ka m\u00f5ne lauam\u00e4nguteemalise v\u00e4ljas\u00f5idu. Reedel toimub suurem, kogu p\u00e4eva kestev v\u00e4ljas\u00f5it.<br \/>\nLaagrip\u00e4evad algavad kl 9.00 ja l\u00f5pevad kl 17.00 Valdeku Noortekeskuses. Hinna sees on kogu laagriprogrammi tegevused ja toit. Hinna sees ei ole Tallinna linnasisene \u00fchistranspordi kulu.<\/p>\n","protected":false},"featured_media":455,"template":"","kalender_kategooria":[],"class_list":["post-453","kalender","type-kalender","status-publish","has-post-thumbnail","hentry"],"acf":[],"yoast_head":"<!-- This site is optimized with the Yoast SEO plugin v27.5 - https:\/\/yoast.com\/product\/yoast-seo-wordpress\/ -->\n<title>Valdeku Noortekeskuse suvised linnalaagrid &#8211; Valdeku noortekeskus<\/title>\n<meta name=\"robots\" content=\"index, follow, max-snippet:-1, max-image-preview:large, max-video-preview:-1\" \/>\n<link rel=\"canonical\" href=\"https:\/\/www.nomme.ee\/valdeku-noortekeskus\/kalender\/valdeku-noortekeskuse-suvised-linnalaagrid\/\" \/>\n<meta property=\"og:locale\" content=\"et_EE\" \/>\n<meta property=\"og:type\" content=\"article\" \/>\n<meta property=\"og:title\" content=\"Valdeku Noortekeskuse suvised linnalaagrid &#8211; Valdeku noortekeskus\" \/>\n<meta property=\"og:description\" content=\"Valdeku Noortekeskus korraldab suvel noortele kolm linnalaagri vahetust. &nbsp; 13.-17.06 kokanduse linnalaager Laagri toimumisaeg: 13.-17.06.2022 Laagri sihtr\u00fchm: 10-18aastased noored Laagrip\u00e4evad: kl 9-17 Laagri maksumus: 80\u20ac Laagris kohti: 25 Laagri t\u00f6\u00f6keel:\u00a0eesti keel Laagriprogramm: T\u00e4psem laagriprogramm on veel koostamisel L\u00fchikirjeldus: Laagri eesm\u00e4rk on \u00e4ratada noortes huvi s\u00f6\u00f6gi ja s\u00f6\u00f6gitegemise vastu. \u00d5petada noortele kuidas valmistada lihtsamaid roogasid, kasutada [&hellip;]\" \/>\n<meta property=\"og:url\" content=\"https:\/\/www.nomme.ee\/valdeku-noortekeskus\/kalender\/valdeku-noortekeskuse-suvised-linnalaagrid\/\" \/>\n<meta property=\"og:site_name\" content=\"Valdeku noortekeskus\" \/>\n<meta property=\"article:modified_time\" content=\"2022-05-20T15:31:09+00:00\" \/>\n<meta property=\"og:image\" content=\"https:\/\/www.nomme.ee\/valdeku-noortekeskus\/wp-content\/uploads\/sites\/3\/2022\/05\/Suvised-linnalaagrid_a4_kodulehele-724x1024.png\" \/>\n\t<meta property=\"og:image:width\" content=\"724\" \/>\n\t<meta property=\"og:image:height\" content=\"1024\" \/>\n\t<meta property=\"og:image:type\" content=\"image\/png\" \/>\n<meta name=\"twitter:card\" content=\"summary_large_image\" \/>\n<meta name=\"twitter:label1\" content=\"Est. reading time\" \/>\n\t<meta name=\"twitter:data1\" content=\"2 minutit\" \/>\n<script type=\"application\/ld+json\" class=\"yoast-schema-graph\">{\"@context\":\"https:\\\/\\\/schema.org\",\"@graph\":[{\"@type\":\"WebPage\",\"@id\":\"https:\\\/\\\/www.nomme.ee\\\/valdeku-noortekeskus\\\/kalender\\\/valdeku-noortekeskuse-suvised-linnalaagrid\\\/\",\"url\":\"https:\\\/\\\/www.nomme.ee\\\/valdeku-noortekeskus\\\/kalender\\\/valdeku-noortekeskuse-suvised-linnalaagrid\\\/\",\"name\":\"Valdeku Noortekeskuse suvised linnalaagrid &#8211; Valdeku noortekeskus\",\"isPartOf\":{\"@id\":\"https:\\\/\\\/www.nomme.ee\\\/valdeku-noortekeskus\\\/#website\"},\"primaryImageOfPage\":{\"@id\":\"https:\\\/\\\/www.nomme.ee\\\/valdeku-noortekeskus\\\/kalender\\\/valdeku-noortekeskuse-suvised-linnalaagrid\\\/#primaryimage\"},\"image\":{\"@id\":\"https:\\\/\\\/www.nomme.ee\\\/valdeku-noortekeskus\\\/kalender\\\/valdeku-noortekeskuse-suvised-linnalaagrid\\\/#primaryimage\"},\"thumbnailUrl\":\"https:\\\/\\\/www.nomme.ee\\\/valdeku-noortekeskus\\\/wp-content\\\/uploads\\\/sites\\\/3\\\/2022\\\/05\\\/Suvised-linnalaagrid_a4_kodulehele.png\",\"datePublished\":\"2022-05-17T07:07:10+00:00\",\"dateModified\":\"2022-05-20T15:31:09+00:00\",\"breadcrumb\":{\"@id\":\"https:\\\/\\\/www.nomme.ee\\\/valdeku-noortekeskus\\\/kalender\\\/valdeku-noortekeskuse-suvised-linnalaagrid\\\/#breadcrumb\"},\"inLanguage\":\"et\",\"potentialAction\":[{\"@type\":\"ReadAction\",\"target\":[\"https:\\\/\\\/www.nomme.ee\\\/valdeku-noortekeskus\\\/kalender\\\/valdeku-noortekeskuse-suvised-linnalaagrid\\\/\"]}]},{\"@type\":\"ImageObject\",\"inLanguage\":\"et\",\"@id\":\"https:\\\/\\\/www.nomme.ee\\\/valdeku-noortekeskus\\\/kalender\\\/valdeku-noortekeskuse-suvised-linnalaagrid\\\/#primaryimage\",\"url\":\"https:\\\/\\\/www.nomme.ee\\\/valdeku-noortekeskus\\\/wp-content\\\/uploads\\\/sites\\\/3\\\/2022\\\/05\\\/Suvised-linnalaagrid_a4_kodulehele.png\",\"contentUrl\":\"https:\\\/\\\/www.nomme.ee\\\/valdeku-noortekeskus\\\/wp-content\\\/uploads\\\/sites\\\/3\\\/2022\\\/05\\\/Suvised-linnalaagrid_a4_kodulehele.png\",\"width\":1414,\"height\":2000},{\"@type\":\"BreadcrumbList\",\"@id\":\"https:\\\/\\\/www.nomme.ee\\\/valdeku-noortekeskus\\\/kalender\\\/valdeku-noortekeskuse-suvised-linnalaagrid\\\/#breadcrumb\",\"itemListElement\":[{\"@type\":\"ListItem\",\"position\":1,\"name\":\"N\u00f5mme Vaba Aja Keskus\",\"item\":\"https:\\\/\\\/www.nomme.ee\"},{\"@type\":\"ListItem\",\"position\":2,\"name\":\"Valdeku noortekeskus\",\"item\":\"https:\\\/\\\/www.nomme.ee\\\/valdeku-noortekeskus\\\/\"},{\"@type\":\"ListItem\",\"position\":3,\"name\":\"S\u00fcndmused\",\"item\":\"https:\\\/\\\/www.nomme.ee\\\/valdeku-noortekeskus\\\/kalender\\\/\"},{\"@type\":\"ListItem\",\"position\":4,\"name\":\"Valdeku Noortekeskuse suvised linnalaagrid\"}]},{\"@type\":\"WebSite\",\"@id\":\"https:\\\/\\\/www.nomme.ee\\\/valdeku-noortekeskus\\\/#website\",\"url\":\"https:\\\/\\\/www.nomme.ee\\\/valdeku-noortekeskus\\\/\",\"name\":\"Valdeku noortekeskus\",\"description\":\"\",\"potentialAction\":[{\"@type\":\"SearchAction\",\"target\":{\"@type\":\"EntryPoint\",\"urlTemplate\":\"https:\\\/\\\/www.nomme.ee\\\/valdeku-noortekeskus\\\/?s={search_term_string}\"},\"query-input\":{\"@type\":\"PropertyValueSpecification\",\"valueRequired\":true,\"valueName\":\"search_term_string\"}}],\"inLanguage\":\"et\"}]}<\/script>\n<!-- \/ Yoast SEO plugin. -->","yoast_head_json":{"title":"Valdeku Noortekeskuse suvised linnalaagrid &#8211; Valdeku noortekeskus","robots":{"index":"index","follow":"follow","max-snippet":"max-snippet:-1","max-image-preview":"max-image-preview:large","max-video-preview":"max-video-preview:-1"},"canonical":"https:\/\/www.nomme.ee\/valdeku-noortekeskus\/kalender\/valdeku-noortekeskuse-suvised-linnalaagrid\/","og_locale":"et_EE","og_type":"article","og_title":"Valdeku Noortekeskuse suvised linnalaagrid &#8211; Valdeku noortekeskus","og_description":"Valdeku Noortekeskus korraldab suvel noortele kolm linnalaagri vahetust. &nbsp; 13.-17.06 kokanduse linnalaager Laagri toimumisaeg: 13.-17.06.2022 Laagri sihtr\u00fchm: 10-18aastased noored Laagrip\u00e4evad: kl 9-17 Laagri maksumus: 80\u20ac Laagris kohti: 25 Laagri t\u00f6\u00f6keel:\u00a0eesti keel Laagriprogramm: T\u00e4psem laagriprogramm on veel koostamisel L\u00fchikirjeldus: Laagri eesm\u00e4rk on \u00e4ratada noortes huvi s\u00f6\u00f6gi ja s\u00f6\u00f6gitegemise vastu. \u00d5petada noortele kuidas valmistada lihtsamaid roogasid, kasutada [&hellip;]","og_url":"https:\/\/www.nomme.ee\/valdeku-noortekeskus\/kalender\/valdeku-noortekeskuse-suvised-linnalaagrid\/","og_site_name":"Valdeku noortekeskus","article_modified_time":"2022-05-20T15:31:09+00:00","og_image":[{"width":724,"height":1024,"url":"https:\/\/www.nomme.ee\/valdeku-noortekeskus\/wp-content\/uploads\/sites\/3\/2022\/05\/Suvised-linnalaagrid_a4_kodulehele-724x1024.png","type":"image\/png"}],"twitter_card":"summary_large_image","twitter_misc":{"Est. reading time":"2 minutit"},"schema":{"@context":"https:\/\/schema.org","@graph":[{"@type":"WebPage","@id":"https:\/\/www.nomme.ee\/valdeku-noortekeskus\/kalender\/valdeku-noortekeskuse-suvised-linnalaagrid\/","url":"https:\/\/www.nomme.ee\/valdeku-noortekeskus\/kalender\/valdeku-noortekeskuse-suvised-linnalaagrid\/","name":"Valdeku Noortekeskuse suvised linnalaagrid &#8211; Valdeku noortekeskus","isPartOf":{"@id":"https:\/\/www.nomme.ee\/valdeku-noortekeskus\/#website"},"primaryImageOfPage":{"@id":"https:\/\/www.nomme.ee\/valdeku-noortekeskus\/kalender\/valdeku-noortekeskuse-suvised-linnalaagrid\/#primaryimage"},"image":{"@id":"https:\/\/www.nomme.ee\/valdeku-noortekeskus\/kalender\/valdeku-noortekeskuse-suvised-linnalaagrid\/#primaryimage"},"thumbnailUrl":"https:\/\/www.nomme.ee\/valdeku-noortekeskus\/wp-content\/uploads\/sites\/3\/2022\/05\/Suvised-linnalaagrid_a4_kodulehele.png","datePublished":"2022-05-17T07:07:10+00:00","dateModified":"2022-05-20T15:31:09+00:00","breadcrumb":{"@id":"https:\/\/www.nomme.ee\/valdeku-noortekeskus\/kalender\/valdeku-noortekeskuse-suvised-linnalaagrid\/#breadcrumb"},"inLanguage":"et","potentialAction":[{"@type":"ReadAction","target":["https:\/\/www.nomme.ee\/valdeku-noortekeskus\/kalender\/valdeku-noortekeskuse-suvised-linnalaagrid\/"]}]},{"@type":"ImageObject","inLanguage":"et","@id":"https:\/\/www.nomme.ee\/valdeku-noortekeskus\/kalender\/valdeku-noortekeskuse-suvised-linnalaagrid\/#primaryimage","url":"https:\/\/www.nomme.ee\/valdeku-noortekeskus\/wp-content\/uploads\/sites\/3\/2022\/05\/Suvised-linnalaagrid_a4_kodulehele.png","contentUrl":"https:\/\/www.nomme.ee\/valdeku-noortekeskus\/wp-content\/uploads\/sites\/3\/2022\/05\/Suvised-linnalaagrid_a4_kodulehele.png","width":1414,"height":2000},{"@type":"BreadcrumbList","@id":"https:\/\/www.nomme.ee\/valdeku-noortekeskus\/kalender\/valdeku-noortekeskuse-suvised-linnalaagrid\/#breadcrumb","itemListElement":[{"@type":"ListItem","position":1,"name":"N\u00f5mme Vaba Aja Keskus","item":"https:\/\/www.nomme.ee"},{"@type":"ListItem","position":2,"name":"Valdeku noortekeskus","item":"https:\/\/www.nomme.ee\/valdeku-noortekeskus\/"},{"@type":"ListItem","position":3,"name":"S\u00fcndmused","item":"https:\/\/www.nomme.ee\/valdeku-noortekeskus\/kalender\/"},{"@type":"ListItem","position":4,"name":"Valdeku Noortekeskuse suvised linnalaagrid"}]},{"@type":"WebSite","@id":"https:\/\/www.nomme.ee\/valdeku-noortekeskus\/#website","url":"https:\/\/www.nomme.ee\/valdeku-noortekeskus\/","name":"Valdeku noortekeskus","description":"","potentialAction":[{"@type":"SearchAction","target":{"@type":"EntryPoint","urlTemplate":"https:\/\/www.nomme.ee\/valdeku-noortekeskus\/?s={search_term_string}"},"query-input":{"@type":"PropertyValueSpecification","valueRequired":true,"valueName":"search_term_string"}}],"inLanguage":"et"}]}},"_links":{"self":[{"href":"https:\/\/www.nomme.ee\/valdeku-noortekeskus\/wp-json\/wp\/v2\/kalender\/453","targetHints":{"allow":["GET"]}}],"collection":[{"href":"https:\/\/www.nomme.ee\/valdeku-noortekeskus\/wp-json\/wp\/v2\/kalender"}],"about":[{"href":"https:\/\/www.nomme.ee\/valdeku-noortekeskus\/wp-json\/wp\/v2\/types\/kalender"}],"version-history":[{"count":13,"href":"https:\/\/www.nomme.ee\/valdeku-noortekeskus\/wp-json\/wp\/v2\/kalender\/453\/revisions"}],"predecessor-version":[{"id":468,"href":"https:\/\/www.nomme.ee\/valdeku-noortekeskus\/wp-json\/wp\/v2\/kalender\/453\/revisions\/468"}],"wp:featuredmedia":[{"embeddable":true,"href":"https:\/\/www.nomme.ee\/valdeku-noortekeskus\/wp-json\/wp\/v2\/media\/455"}],"wp:attachment":[{"href":"https:\/\/www.nomme.ee\/valdeku-noortekeskus\/wp-json\/wp\/v2\/media?parent=453"}],"wp:term":[{"taxonomy":"kalender_kategooria","embeddable":true,"href":"https:\/\/www.nomme.ee\/valdeku-noortekeskus\/wp-json\/wp\/v2\/kalender_kategooria?post=453"}],"curies":[{"name":"wp","href":"https:\/\/api.w.org\/{rel}","templated":true}]}}