{"id":519,"date":"2022-09-23T06:32:06","date_gmt":"2022-09-23T06:32:06","guid":{"rendered":"https:\/\/www.nomme.ee\/valdeku-noortekeskus\/?post_type=kalender&#038;p=519"},"modified":"2022-09-23T06:33:44","modified_gmt":"2022-09-23T06:33:44","slug":"tootuba-kuidas-hoida-keskkonda","status":"publish","type":"kalender","link":"https:\/\/www.nomme.ee\/valdeku-noortekeskus\/kalender\/tootuba-kuidas-hoida-keskkonda\/","title":{"rendered":"T\u00f6\u00f6tuba: Kuidas hoida keskkonda?"},"content":{"rendered":"<div class=\"m8h3af8h l7ghb35v kjdc1dyq kmwttqpk gh25dzvf n3t5jt4f\">\n<div dir=\"auto\">\n<p>Iga\u00fcks meist saab olla keskkonnakaitsja igas p\u00e4evas ja igas tunnis.<\/p>\n<p>Ootame noori osalema t\u00f6\u00f6toas ja arutelul.<\/p>\n<\/div>\n<\/div>\n<div class=\"l7ghb35v kjdc1dyq kmwttqpk gh25dzvf jikcssrz n3t5jt4f\">\n<div dir=\"auto\">Meile tulevad k\u00fclla Janek ja Katrin J\u00f5gisaar, kes on \u00fcle tosina aasta teinud keskkonnaportaali <span style=\"text-decoration: underline;\"><strong><span style=\"color: #ff6600;\"><a style=\"color: #ff6600;\" href=\"https:\/\/bioneer.ee\/\"><span class=\"rse6dlih\">Bioneer.ee<\/span><\/a><\/span><\/strong><\/span> R\u00e4\u00e4gime v\u00e4ga olulisel teemal &#8211; &#8220;Mida sina saad ette v\u00f5tta, et keskkond oleks hoitud?&#8221;<\/div>\n<\/div>\n<div class=\"l7ghb35v kjdc1dyq kmwttqpk gh25dzvf jikcssrz n3t5jt4f\">\n<div dir=\"auto\"><\/div>\n<div dir=\"auto\">Uurime kuidas noortekeskus saab liikuda igap\u00e4evaste tegevuste raames maksimaalselt keskkonnateadlike praktikate suunas. Arutame \u00fchiselt v\u00f5imalike tegevuste ja nende tegevuste olulisuse \u00fcle.<br \/>\nT\u00f6\u00f6toast saadud sisendi p\u00f5hjal ilmub hiljem artikkel ajakirjas MIHUS ja l\u00f5plik eesm\u00e4rk on, et tekkiks keskkonna hoidmise praktiline plaan ja tegevused noortekeskustele \u00fcle Eesti.<\/p>\n<\/div>\n<\/div>\n","protected":false},"featured_media":520,"template":"","kalender_kategooria":[],"class_list":["post-519","kalender","type-kalender","status-publish","has-post-thumbnail","hentry"],"acf":[],"yoast_head":"<!-- This site is optimized with the Yoast SEO plugin v27.5 - https:\/\/yoast.com\/product\/yoast-seo-wordpress\/ -->\n<title>T\u00f6\u00f6tuba: Kuidas hoida keskkonda? &#8211; Valdeku noortekeskus<\/title>\n<meta name=\"robots\" content=\"index, follow, max-snippet:-1, max-image-preview:large, max-video-preview:-1\" \/>\n<link rel=\"canonical\" href=\"https:\/\/www.nomme.ee\/valdeku-noortekeskus\/kalender\/tootuba-kuidas-hoida-keskkonda\/\" \/>\n<meta property=\"og:locale\" content=\"et_EE\" \/>\n<meta property=\"og:type\" content=\"article\" \/>\n<meta property=\"og:title\" content=\"T\u00f6\u00f6tuba: Kuidas hoida keskkonda? &#8211; Valdeku noortekeskus\" \/>\n<meta property=\"og:description\" content=\"Iga\u00fcks meist saab olla keskkonnakaitsja igas p\u00e4evas ja igas tunnis. Ootame noori osalema t\u00f6\u00f6toas ja arutelul. Meile tulevad k\u00fclla Janek ja Katrin J\u00f5gisaar, kes on \u00fcle tosina aasta teinud keskkonnaportaali Bioneer.ee R\u00e4\u00e4gime v\u00e4ga olulisel teemal &#8211; &#8220;Mida sina saad ette v\u00f5tta, et keskkond oleks hoitud?&#8221; Uurime kuidas noortekeskus saab liikuda igap\u00e4evaste tegevuste raames maksimaalselt keskkonnateadlike [&hellip;]\" \/>\n<meta property=\"og:url\" content=\"https:\/\/www.nomme.ee\/valdeku-noortekeskus\/kalender\/tootuba-kuidas-hoida-keskkonda\/\" \/>\n<meta property=\"og:site_name\" content=\"Valdeku noortekeskus\" \/>\n<meta property=\"article:modified_time\" content=\"2022-09-23T06:33:44+00:00\" \/>\n<meta property=\"og:image\" content=\"https:\/\/www.nomme.ee\/valdeku-noortekeskus\/wp-content\/uploads\/sites\/3\/2022\/09\/ig-portrait-post-Bioneer-Square.png\" \/>\n\t<meta property=\"og:image:width\" content=\"1080\" \/>\n\t<meta property=\"og:image:height\" content=\"1080\" \/>\n\t<meta property=\"og:image:type\" content=\"image\/png\" \/>\n<meta name=\"twitter:card\" content=\"summary_large_image\" \/>\n<meta name=\"twitter:label1\" content=\"Est. reading time\" \/>\n\t<meta name=\"twitter:data1\" content=\"1 minut\" \/>\n<script type=\"application\/ld+json\" class=\"yoast-schema-graph\">{\"@context\":\"https:\\\/\\\/schema.org\",\"@graph\":[{\"@type\":\"WebPage\",\"@id\":\"https:\\\/\\\/www.nomme.ee\\\/valdeku-noortekeskus\\\/kalender\\\/tootuba-kuidas-hoida-keskkonda\\\/\",\"url\":\"https:\\\/\\\/www.nomme.ee\\\/valdeku-noortekeskus\\\/kalender\\\/tootuba-kuidas-hoida-keskkonda\\\/\",\"name\":\"T\u00f6\u00f6tuba: Kuidas hoida keskkonda? &#8211; Valdeku noortekeskus\",\"isPartOf\":{\"@id\":\"https:\\\/\\\/www.nomme.ee\\\/valdeku-noortekeskus\\\/#website\"},\"primaryImageOfPage\":{\"@id\":\"https:\\\/\\\/www.nomme.ee\\\/valdeku-noortekeskus\\\/kalender\\\/tootuba-kuidas-hoida-keskkonda\\\/#primaryimage\"},\"image\":{\"@id\":\"https:\\\/\\\/www.nomme.ee\\\/valdeku-noortekeskus\\\/kalender\\\/tootuba-kuidas-hoida-keskkonda\\\/#primaryimage\"},\"thumbnailUrl\":\"https:\\\/\\\/www.nomme.ee\\\/valdeku-noortekeskus\\\/wp-content\\\/uploads\\\/sites\\\/3\\\/2022\\\/09\\\/ig-portrait-post-Bioneer-Square.png\",\"datePublished\":\"2022-09-23T06:32:06+00:00\",\"dateModified\":\"2022-09-23T06:33:44+00:00\",\"breadcrumb\":{\"@id\":\"https:\\\/\\\/www.nomme.ee\\\/valdeku-noortekeskus\\\/kalender\\\/tootuba-kuidas-hoida-keskkonda\\\/#breadcrumb\"},\"inLanguage\":\"et\",\"potentialAction\":[{\"@type\":\"ReadAction\",\"target\":[\"https:\\\/\\\/www.nomme.ee\\\/valdeku-noortekeskus\\\/kalender\\\/tootuba-kuidas-hoida-keskkonda\\\/\"]}]},{\"@type\":\"ImageObject\",\"inLanguage\":\"et\",\"@id\":\"https:\\\/\\\/www.nomme.ee\\\/valdeku-noortekeskus\\\/kalender\\\/tootuba-kuidas-hoida-keskkonda\\\/#primaryimage\",\"url\":\"https:\\\/\\\/www.nomme.ee\\\/valdeku-noortekeskus\\\/wp-content\\\/uploads\\\/sites\\\/3\\\/2022\\\/09\\\/ig-portrait-post-Bioneer-Square.png\",\"contentUrl\":\"https:\\\/\\\/www.nomme.ee\\\/valdeku-noortekeskus\\\/wp-content\\\/uploads\\\/sites\\\/3\\\/2022\\\/09\\\/ig-portrait-post-Bioneer-Square.png\",\"width\":1080,\"height\":1080},{\"@type\":\"BreadcrumbList\",\"@id\":\"https:\\\/\\\/www.nomme.ee\\\/valdeku-noortekeskus\\\/kalender\\\/tootuba-kuidas-hoida-keskkonda\\\/#breadcrumb\",\"itemListElement\":[{\"@type\":\"ListItem\",\"position\":1,\"name\":\"N\u00f5mme Vaba Aja Keskus\",\"item\":\"https:\\\/\\\/www.nomme.ee\"},{\"@type\":\"ListItem\",\"position\":2,\"name\":\"Valdeku noortekeskus\",\"item\":\"https:\\\/\\\/www.nomme.ee\\\/valdeku-noortekeskus\\\/\"},{\"@type\":\"ListItem\",\"position\":3,\"name\":\"S\u00fcndmused\",\"item\":\"https:\\\/\\\/www.nomme.ee\\\/valdeku-noortekeskus\\\/kalender\\\/\"},{\"@type\":\"ListItem\",\"position\":4,\"name\":\"T\u00f6\u00f6tuba: Kuidas hoida keskkonda?\"}]},{\"@type\":\"WebSite\",\"@id\":\"https:\\\/\\\/www.nomme.ee\\\/valdeku-noortekeskus\\\/#website\",\"url\":\"https:\\\/\\\/www.nomme.ee\\\/valdeku-noortekeskus\\\/\",\"name\":\"Valdeku noortekeskus\",\"description\":\"\",\"potentialAction\":[{\"@type\":\"SearchAction\",\"target\":{\"@type\":\"EntryPoint\",\"urlTemplate\":\"https:\\\/\\\/www.nomme.ee\\\/valdeku-noortekeskus\\\/?s={search_term_string}\"},\"query-input\":{\"@type\":\"PropertyValueSpecification\",\"valueRequired\":true,\"valueName\":\"search_term_string\"}}],\"inLanguage\":\"et\"}]}<\/script>\n<!-- \/ Yoast SEO plugin. -->","yoast_head_json":{"title":"T\u00f6\u00f6tuba: Kuidas hoida keskkonda? &#8211; Valdeku noortekeskus","robots":{"index":"index","follow":"follow","max-snippet":"max-snippet:-1","max-image-preview":"max-image-preview:large","max-video-preview":"max-video-preview:-1"},"canonical":"https:\/\/www.nomme.ee\/valdeku-noortekeskus\/kalender\/tootuba-kuidas-hoida-keskkonda\/","og_locale":"et_EE","og_type":"article","og_title":"T\u00f6\u00f6tuba: Kuidas hoida keskkonda? &#8211; Valdeku noortekeskus","og_description":"Iga\u00fcks meist saab olla keskkonnakaitsja igas p\u00e4evas ja igas tunnis. Ootame noori osalema t\u00f6\u00f6toas ja arutelul. Meile tulevad k\u00fclla Janek ja Katrin J\u00f5gisaar, kes on \u00fcle tosina aasta teinud keskkonnaportaali Bioneer.ee R\u00e4\u00e4gime v\u00e4ga olulisel teemal &#8211; &#8220;Mida sina saad ette v\u00f5tta, et keskkond oleks hoitud?&#8221; Uurime kuidas noortekeskus saab liikuda igap\u00e4evaste tegevuste raames maksimaalselt keskkonnateadlike [&hellip;]","og_url":"https:\/\/www.nomme.ee\/valdeku-noortekeskus\/kalender\/tootuba-kuidas-hoida-keskkonda\/","og_site_name":"Valdeku noortekeskus","article_modified_time":"2022-09-23T06:33:44+00:00","og_image":[{"width":1080,"height":1080,"url":"https:\/\/www.nomme.ee\/valdeku-noortekeskus\/wp-content\/uploads\/sites\/3\/2022\/09\/ig-portrait-post-Bioneer-Square.png","type":"image\/png"}],"twitter_card":"summary_large_image","twitter_misc":{"Est. reading time":"1 minut"},"schema":{"@context":"https:\/\/schema.org","@graph":[{"@type":"WebPage","@id":"https:\/\/www.nomme.ee\/valdeku-noortekeskus\/kalender\/tootuba-kuidas-hoida-keskkonda\/","url":"https:\/\/www.nomme.ee\/valdeku-noortekeskus\/kalender\/tootuba-kuidas-hoida-keskkonda\/","name":"T\u00f6\u00f6tuba: Kuidas hoida keskkonda? &#8211; Valdeku noortekeskus","isPartOf":{"@id":"https:\/\/www.nomme.ee\/valdeku-noortekeskus\/#website"},"primaryImageOfPage":{"@id":"https:\/\/www.nomme.ee\/valdeku-noortekeskus\/kalender\/tootuba-kuidas-hoida-keskkonda\/#primaryimage"},"image":{"@id":"https:\/\/www.nomme.ee\/valdeku-noortekeskus\/kalender\/tootuba-kuidas-hoida-keskkonda\/#primaryimage"},"thumbnailUrl":"https:\/\/www.nomme.ee\/valdeku-noortekeskus\/wp-content\/uploads\/sites\/3\/2022\/09\/ig-portrait-post-Bioneer-Square.png","datePublished":"2022-09-23T06:32:06+00:00","dateModified":"2022-09-23T06:33:44+00:00","breadcrumb":{"@id":"https:\/\/www.nomme.ee\/valdeku-noortekeskus\/kalender\/tootuba-kuidas-hoida-keskkonda\/#breadcrumb"},"inLanguage":"et","potentialAction":[{"@type":"ReadAction","target":["https:\/\/www.nomme.ee\/valdeku-noortekeskus\/kalender\/tootuba-kuidas-hoida-keskkonda\/"]}]},{"@type":"ImageObject","inLanguage":"et","@id":"https:\/\/www.nomme.ee\/valdeku-noortekeskus\/kalender\/tootuba-kuidas-hoida-keskkonda\/#primaryimage","url":"https:\/\/www.nomme.ee\/valdeku-noortekeskus\/wp-content\/uploads\/sites\/3\/2022\/09\/ig-portrait-post-Bioneer-Square.png","contentUrl":"https:\/\/www.nomme.ee\/valdeku-noortekeskus\/wp-content\/uploads\/sites\/3\/2022\/09\/ig-portrait-post-Bioneer-Square.png","width":1080,"height":1080},{"@type":"BreadcrumbList","@id":"https:\/\/www.nomme.ee\/valdeku-noortekeskus\/kalender\/tootuba-kuidas-hoida-keskkonda\/#breadcrumb","itemListElement":[{"@type":"ListItem","position":1,"name":"N\u00f5mme Vaba Aja Keskus","item":"https:\/\/www.nomme.ee"},{"@type":"ListItem","position":2,"name":"Valdeku noortekeskus","item":"https:\/\/www.nomme.ee\/valdeku-noortekeskus\/"},{"@type":"ListItem","position":3,"name":"S\u00fcndmused","item":"https:\/\/www.nomme.ee\/valdeku-noortekeskus\/kalender\/"},{"@type":"ListItem","position":4,"name":"T\u00f6\u00f6tuba: Kuidas hoida keskkonda?"}]},{"@type":"WebSite","@id":"https:\/\/www.nomme.ee\/valdeku-noortekeskus\/#website","url":"https:\/\/www.nomme.ee\/valdeku-noortekeskus\/","name":"Valdeku noortekeskus","description":"","potentialAction":[{"@type":"SearchAction","target":{"@type":"EntryPoint","urlTemplate":"https:\/\/www.nomme.ee\/valdeku-noortekeskus\/?s={search_term_string}"},"query-input":{"@type":"PropertyValueSpecification","valueRequired":true,"valueName":"search_term_string"}}],"inLanguage":"et"}]}},"_links":{"self":[{"href":"https:\/\/www.nomme.ee\/valdeku-noortekeskus\/wp-json\/wp\/v2\/kalender\/519","targetHints":{"allow":["GET"]}}],"collection":[{"href":"https:\/\/www.nomme.ee\/valdeku-noortekeskus\/wp-json\/wp\/v2\/kalender"}],"about":[{"href":"https:\/\/www.nomme.ee\/valdeku-noortekeskus\/wp-json\/wp\/v2\/types\/kalender"}],"version-history":[{"count":3,"href":"https:\/\/www.nomme.ee\/valdeku-noortekeskus\/wp-json\/wp\/v2\/kalender\/519\/revisions"}],"predecessor-version":[{"id":523,"href":"https:\/\/www.nomme.ee\/valdeku-noortekeskus\/wp-json\/wp\/v2\/kalender\/519\/revisions\/523"}],"wp:featuredmedia":[{"embeddable":true,"href":"https:\/\/www.nomme.ee\/valdeku-noortekeskus\/wp-json\/wp\/v2\/media\/520"}],"wp:attachment":[{"href":"https:\/\/www.nomme.ee\/valdeku-noortekeskus\/wp-json\/wp\/v2\/media?parent=519"}],"wp:term":[{"taxonomy":"kalender_kategooria","embeddable":true,"href":"https:\/\/www.nomme.ee\/valdeku-noortekeskus\/wp-json\/wp\/v2\/kalender_kategooria?post=519"}],"curies":[{"name":"wp","href":"https:\/\/api.w.org\/{rel}","templated":true}]}}