{"id":535,"date":"2022-10-14T08:00:58","date_gmt":"2022-10-14T08:00:58","guid":{"rendered":"https:\/\/www.nomme.ee\/valdeku-noortekeskus\/?post_type=kalender&#038;p=535"},"modified":"2022-10-21T19:42:49","modified_gmt":"2022-10-21T19:42:49","slug":"estelles-week","status":"publish","type":"kalender","link":"https:\/\/www.nomme.ee\/valdeku-noortekeskus\/kalender\/estelles-week\/","title":{"rendered":"Estelle&#8217;s week"},"content":{"rendered":"<p>V\u00f5rratu Estelle on meiega olnud noortekeskuses juba terve kuu. Ta on \u00f5ppinud \u00e4ra suurema osa lauam\u00e4nge, saanud tuttavaks ja loonud kontaktid meie noortega ning kohanenud meie keskuse ja Eestiga laiemalt.<\/p>\n<p>N\u00fc\u00fcd on aeg temaga veelgi rohkem tuttavaks saada ja anda talle ka v\u00f5imalus korraldada ja sisustada \u00fcks noortekeskuse n\u00e4dal. Ta tutvustab meile ennast, Prantsusmaad ja tema kultuuri, enda hobisid, lemmikuid toite, m\u00e4nge, keeli, s\u00f5nu, r\u00e4\u00e4gib geopoliitikast ning selgitab miks see meile korda peaks minema.. ja palju muudki.<br \/>\nTule ja veeda meiega \u00fcks p\u00f5nev ja \u00f5petlik n\u00e4dal.<\/p>\n<p>E 17.10 &#8211; Mida prantsalsed s\u00f6\u00f6vad + kokandusklubi (NB! kokandusklubi on eraldi noortekeskuse huvitegevus, mis eeldab <strong><span style=\"color: #ff6600;\"><a style=\"color: #ff6600;\" href=\"https:\/\/www.nomme.ee\/valdeku-noortekeskus\/huviringid\/kokanduse-tootoad\/\">eelregistreerimist<\/a><\/span><\/strong>)<\/p>\n<p>T 18.10 &#8211; <span style=\"color: #ff0000;\">Noortekeskus on suletud<\/span><\/p>\n<p>K 19.10 &#8211; Lauam\u00e4ngup\u00e4ev.<\/p>\n<p>N 20.10 &#8211; Prantsuse retsept. Estelle \u00f5petab meile \u00fche prantsusep\u00e4rase retsepti, mida k\u00f5ik koos valmistada saame.<\/p>\n<p>R 21.10 &#8211; Geopoliitika m\u00e4ng ja keelep\u00e4ev. Estelle&#8217;i suureks kireks on keeled ning muuhulgas oskab ta ka n\u00e4iteks hiina keelt. Ja kui geopoliitka v\u00f5ib m\u00f5ne jaoks esialgu k\u00f5lada hirmutavalt, siis lubame, et Estelle&#8217;il on sellega seoses \u00fcks h\u00e4sti p\u00f5nev m\u00e4ng, mis k\u00f5ikidele sobiv.<\/p>\n","protected":false},"featured_media":537,"template":"","kalender_kategooria":[],"class_list":["post-535","kalender","type-kalender","status-publish","has-post-thumbnail","hentry"],"acf":[],"yoast_head":"<!-- This site is optimized with the Yoast SEO plugin v27.5 - https:\/\/yoast.com\/product\/yoast-seo-wordpress\/ -->\n<title>Estelle&#039;s week &#8211; Valdeku noortekeskus<\/title>\n<meta name=\"robots\" content=\"index, follow, max-snippet:-1, max-image-preview:large, max-video-preview:-1\" \/>\n<link rel=\"canonical\" href=\"https:\/\/www.nomme.ee\/valdeku-noortekeskus\/kalender\/estelles-week\/\" \/>\n<meta property=\"og:locale\" content=\"et_EE\" \/>\n<meta property=\"og:type\" content=\"article\" \/>\n<meta property=\"og:title\" content=\"Estelle&#039;s week &#8211; Valdeku noortekeskus\" \/>\n<meta property=\"og:description\" content=\"V\u00f5rratu Estelle on meiega olnud noortekeskuses juba terve kuu. Ta on \u00f5ppinud \u00e4ra suurema osa lauam\u00e4nge, saanud tuttavaks ja loonud kontaktid meie noortega ning kohanenud meie keskuse ja Eestiga laiemalt. N\u00fc\u00fcd on aeg temaga veelgi rohkem tuttavaks saada ja anda talle ka v\u00f5imalus korraldada ja sisustada \u00fcks noortekeskuse n\u00e4dal. Ta tutvustab meile ennast, Prantsusmaad ja [&hellip;]\" \/>\n<meta property=\"og:url\" content=\"https:\/\/www.nomme.ee\/valdeku-noortekeskus\/kalender\/estelles-week\/\" \/>\n<meta property=\"og:site_name\" content=\"Valdeku noortekeskus\" \/>\n<meta property=\"article:modified_time\" content=\"2022-10-21T19:42:49+00:00\" \/>\n<meta property=\"og:image\" content=\"https:\/\/www.nomme.ee\/valdeku-noortekeskus\/wp-content\/uploads\/sites\/3\/2022\/10\/Estelles-week.png\" \/>\n\t<meta property=\"og:image:width\" content=\"1414\" \/>\n\t<meta property=\"og:image:height\" content=\"2000\" \/>\n\t<meta property=\"og:image:type\" content=\"image\/png\" \/>\n<meta name=\"twitter:card\" content=\"summary_large_image\" \/>\n<meta name=\"twitter:label1\" content=\"Est. reading time\" \/>\n\t<meta name=\"twitter:data1\" content=\"1 minut\" \/>\n<script type=\"application\/ld+json\" class=\"yoast-schema-graph\">{\"@context\":\"https:\\\/\\\/schema.org\",\"@graph\":[{\"@type\":\"WebPage\",\"@id\":\"https:\\\/\\\/www.nomme.ee\\\/valdeku-noortekeskus\\\/kalender\\\/estelles-week\\\/\",\"url\":\"https:\\\/\\\/www.nomme.ee\\\/valdeku-noortekeskus\\\/kalender\\\/estelles-week\\\/\",\"name\":\"Estelle's week &#8211; Valdeku noortekeskus\",\"isPartOf\":{\"@id\":\"https:\\\/\\\/www.nomme.ee\\\/valdeku-noortekeskus\\\/#website\"},\"primaryImageOfPage\":{\"@id\":\"https:\\\/\\\/www.nomme.ee\\\/valdeku-noortekeskus\\\/kalender\\\/estelles-week\\\/#primaryimage\"},\"image\":{\"@id\":\"https:\\\/\\\/www.nomme.ee\\\/valdeku-noortekeskus\\\/kalender\\\/estelles-week\\\/#primaryimage\"},\"thumbnailUrl\":\"https:\\\/\\\/www.nomme.ee\\\/valdeku-noortekeskus\\\/wp-content\\\/uploads\\\/sites\\\/3\\\/2022\\\/10\\\/Estelles-week.png\",\"datePublished\":\"2022-10-14T08:00:58+00:00\",\"dateModified\":\"2022-10-21T19:42:49+00:00\",\"breadcrumb\":{\"@id\":\"https:\\\/\\\/www.nomme.ee\\\/valdeku-noortekeskus\\\/kalender\\\/estelles-week\\\/#breadcrumb\"},\"inLanguage\":\"et\",\"potentialAction\":[{\"@type\":\"ReadAction\",\"target\":[\"https:\\\/\\\/www.nomme.ee\\\/valdeku-noortekeskus\\\/kalender\\\/estelles-week\\\/\"]}]},{\"@type\":\"ImageObject\",\"inLanguage\":\"et\",\"@id\":\"https:\\\/\\\/www.nomme.ee\\\/valdeku-noortekeskus\\\/kalender\\\/estelles-week\\\/#primaryimage\",\"url\":\"https:\\\/\\\/www.nomme.ee\\\/valdeku-noortekeskus\\\/wp-content\\\/uploads\\\/sites\\\/3\\\/2022\\\/10\\\/Estelles-week.png\",\"contentUrl\":\"https:\\\/\\\/www.nomme.ee\\\/valdeku-noortekeskus\\\/wp-content\\\/uploads\\\/sites\\\/3\\\/2022\\\/10\\\/Estelles-week.png\",\"width\":1414,\"height\":2000},{\"@type\":\"BreadcrumbList\",\"@id\":\"https:\\\/\\\/www.nomme.ee\\\/valdeku-noortekeskus\\\/kalender\\\/estelles-week\\\/#breadcrumb\",\"itemListElement\":[{\"@type\":\"ListItem\",\"position\":1,\"name\":\"N\u00f5mme Vaba Aja Keskus\",\"item\":\"https:\\\/\\\/www.nomme.ee\"},{\"@type\":\"ListItem\",\"position\":2,\"name\":\"Valdeku noortekeskus\",\"item\":\"https:\\\/\\\/www.nomme.ee\\\/valdeku-noortekeskus\\\/\"},{\"@type\":\"ListItem\",\"position\":3,\"name\":\"S\u00fcndmused\",\"item\":\"https:\\\/\\\/www.nomme.ee\\\/valdeku-noortekeskus\\\/kalender\\\/\"},{\"@type\":\"ListItem\",\"position\":4,\"name\":\"Estelle&#8217;s week\"}]},{\"@type\":\"WebSite\",\"@id\":\"https:\\\/\\\/www.nomme.ee\\\/valdeku-noortekeskus\\\/#website\",\"url\":\"https:\\\/\\\/www.nomme.ee\\\/valdeku-noortekeskus\\\/\",\"name\":\"Valdeku noortekeskus\",\"description\":\"\",\"potentialAction\":[{\"@type\":\"SearchAction\",\"target\":{\"@type\":\"EntryPoint\",\"urlTemplate\":\"https:\\\/\\\/www.nomme.ee\\\/valdeku-noortekeskus\\\/?s={search_term_string}\"},\"query-input\":{\"@type\":\"PropertyValueSpecification\",\"valueRequired\":true,\"valueName\":\"search_term_string\"}}],\"inLanguage\":\"et\"}]}<\/script>\n<!-- \/ Yoast SEO plugin. -->","yoast_head_json":{"title":"Estelle's week &#8211; Valdeku noortekeskus","robots":{"index":"index","follow":"follow","max-snippet":"max-snippet:-1","max-image-preview":"max-image-preview:large","max-video-preview":"max-video-preview:-1"},"canonical":"https:\/\/www.nomme.ee\/valdeku-noortekeskus\/kalender\/estelles-week\/","og_locale":"et_EE","og_type":"article","og_title":"Estelle's week &#8211; Valdeku noortekeskus","og_description":"V\u00f5rratu Estelle on meiega olnud noortekeskuses juba terve kuu. Ta on \u00f5ppinud \u00e4ra suurema osa lauam\u00e4nge, saanud tuttavaks ja loonud kontaktid meie noortega ning kohanenud meie keskuse ja Eestiga laiemalt. N\u00fc\u00fcd on aeg temaga veelgi rohkem tuttavaks saada ja anda talle ka v\u00f5imalus korraldada ja sisustada \u00fcks noortekeskuse n\u00e4dal. Ta tutvustab meile ennast, Prantsusmaad ja [&hellip;]","og_url":"https:\/\/www.nomme.ee\/valdeku-noortekeskus\/kalender\/estelles-week\/","og_site_name":"Valdeku noortekeskus","article_modified_time":"2022-10-21T19:42:49+00:00","og_image":[{"width":1414,"height":2000,"url":"https:\/\/www.nomme.ee\/valdeku-noortekeskus\/wp-content\/uploads\/sites\/3\/2022\/10\/Estelles-week.png","type":"image\/png"}],"twitter_card":"summary_large_image","twitter_misc":{"Est. reading time":"1 minut"},"schema":{"@context":"https:\/\/schema.org","@graph":[{"@type":"WebPage","@id":"https:\/\/www.nomme.ee\/valdeku-noortekeskus\/kalender\/estelles-week\/","url":"https:\/\/www.nomme.ee\/valdeku-noortekeskus\/kalender\/estelles-week\/","name":"Estelle's week &#8211; Valdeku noortekeskus","isPartOf":{"@id":"https:\/\/www.nomme.ee\/valdeku-noortekeskus\/#website"},"primaryImageOfPage":{"@id":"https:\/\/www.nomme.ee\/valdeku-noortekeskus\/kalender\/estelles-week\/#primaryimage"},"image":{"@id":"https:\/\/www.nomme.ee\/valdeku-noortekeskus\/kalender\/estelles-week\/#primaryimage"},"thumbnailUrl":"https:\/\/www.nomme.ee\/valdeku-noortekeskus\/wp-content\/uploads\/sites\/3\/2022\/10\/Estelles-week.png","datePublished":"2022-10-14T08:00:58+00:00","dateModified":"2022-10-21T19:42:49+00:00","breadcrumb":{"@id":"https:\/\/www.nomme.ee\/valdeku-noortekeskus\/kalender\/estelles-week\/#breadcrumb"},"inLanguage":"et","potentialAction":[{"@type":"ReadAction","target":["https:\/\/www.nomme.ee\/valdeku-noortekeskus\/kalender\/estelles-week\/"]}]},{"@type":"ImageObject","inLanguage":"et","@id":"https:\/\/www.nomme.ee\/valdeku-noortekeskus\/kalender\/estelles-week\/#primaryimage","url":"https:\/\/www.nomme.ee\/valdeku-noortekeskus\/wp-content\/uploads\/sites\/3\/2022\/10\/Estelles-week.png","contentUrl":"https:\/\/www.nomme.ee\/valdeku-noortekeskus\/wp-content\/uploads\/sites\/3\/2022\/10\/Estelles-week.png","width":1414,"height":2000},{"@type":"BreadcrumbList","@id":"https:\/\/www.nomme.ee\/valdeku-noortekeskus\/kalender\/estelles-week\/#breadcrumb","itemListElement":[{"@type":"ListItem","position":1,"name":"N\u00f5mme Vaba Aja Keskus","item":"https:\/\/www.nomme.ee"},{"@type":"ListItem","position":2,"name":"Valdeku noortekeskus","item":"https:\/\/www.nomme.ee\/valdeku-noortekeskus\/"},{"@type":"ListItem","position":3,"name":"S\u00fcndmused","item":"https:\/\/www.nomme.ee\/valdeku-noortekeskus\/kalender\/"},{"@type":"ListItem","position":4,"name":"Estelle&#8217;s week"}]},{"@type":"WebSite","@id":"https:\/\/www.nomme.ee\/valdeku-noortekeskus\/#website","url":"https:\/\/www.nomme.ee\/valdeku-noortekeskus\/","name":"Valdeku noortekeskus","description":"","potentialAction":[{"@type":"SearchAction","target":{"@type":"EntryPoint","urlTemplate":"https:\/\/www.nomme.ee\/valdeku-noortekeskus\/?s={search_term_string}"},"query-input":{"@type":"PropertyValueSpecification","valueRequired":true,"valueName":"search_term_string"}}],"inLanguage":"et"}]}},"_links":{"self":[{"href":"https:\/\/www.nomme.ee\/valdeku-noortekeskus\/wp-json\/wp\/v2\/kalender\/535","targetHints":{"allow":["GET"]}}],"collection":[{"href":"https:\/\/www.nomme.ee\/valdeku-noortekeskus\/wp-json\/wp\/v2\/kalender"}],"about":[{"href":"https:\/\/www.nomme.ee\/valdeku-noortekeskus\/wp-json\/wp\/v2\/types\/kalender"}],"version-history":[{"count":7,"href":"https:\/\/www.nomme.ee\/valdeku-noortekeskus\/wp-json\/wp\/v2\/kalender\/535\/revisions"}],"predecessor-version":[{"id":553,"href":"https:\/\/www.nomme.ee\/valdeku-noortekeskus\/wp-json\/wp\/v2\/kalender\/535\/revisions\/553"}],"wp:featuredmedia":[{"embeddable":true,"href":"https:\/\/www.nomme.ee\/valdeku-noortekeskus\/wp-json\/wp\/v2\/media\/537"}],"wp:attachment":[{"href":"https:\/\/www.nomme.ee\/valdeku-noortekeskus\/wp-json\/wp\/v2\/media?parent=535"}],"wp:term":[{"taxonomy":"kalender_kategooria","embeddable":true,"href":"https:\/\/www.nomme.ee\/valdeku-noortekeskus\/wp-json\/wp\/v2\/kalender_kategooria?post=535"}],"curies":[{"name":"wp","href":"https:\/\/api.w.org\/{rel}","templated":true}]}}