{"id":544,"date":"2022-10-21T19:40:35","date_gmt":"2022-10-21T19:40:35","guid":{"rendered":"https:\/\/www.nomme.ee\/valdeku-noortekeskus\/?post_type=kalender&#038;p=544"},"modified":"2022-10-21T19:40:35","modified_gmt":"2022-10-21T19:40:35","slug":"vaimse-tervise-vitamiinide-koolivaheaeg","status":"publish","type":"kalender","link":"https:\/\/www.nomme.ee\/valdeku-noortekeskus\/kalender\/vaimse-tervise-vitamiinide-koolivaheaeg\/","title":{"rendered":"Vaimse tervise vitamiinide koolivaheaeg"},"content":{"rendered":"<div class=\"xdj266r x11i5rnm xat24cr x1mh8g0r x1vvkbs x126k92a\">\n<div dir=\"auto\">S\u00fcgisese koolivaheaja oleme p\u00fchendanud <span style=\"color: #ff6600;\"><a class=\"x1i10hfl xjbqb8w x6umtig x1b1mbwd xaqea5y xav7gou x9f619 x1ypdohk xt0psk2 xe8uvvx xdj266r x11i5rnm xat24cr x1mh8g0r xexx8yu x4uap5 x18d9i69 xkhd6sd x16tdsg8 x1hl2dhg xggy1nq x1a2a7pz xt0b8zv x1qq9wsj xo1l8bm\" style=\"color: #ff6600;\" tabindex=\"0\" role=\"link\" href=\"https:\/\/peaasi.ee\/vaimse-tervise-vitamiinid\/\"><span class=\"xt0psk2\">Peaasi<\/span><\/a>.ee<\/span> vaimse tervise vitamiinidele. Neid on t\u00e4pselt viis ja seega oleme nad p\u00e4evadele jaganud nii:<\/div>\n<\/div>\n<div class=\"x11i5rnm xat24cr x1mh8g0r x1vvkbs xtlvy1s x126k92a\">\n<div dir=\"auto\"><\/div>\n<div dir=\"auto\"><span class=\"x3nfvp2 x1j61x8r x1fcty0u xdj266r xhhsvwb xat24cr xgzva0m xxymvpz xlup9mm x1kky2od\"><img loading=\"lazy\" decoding=\"async\" src=\"https:\/\/static.xx.fbcdn.net\/images\/emoji.php\/v9\/t7f\/1.5\/16\/1f350.png\" alt=\"\ud83c\udf50\" width=\"16\" height=\"16\" \/><\/span>Esmasp\u00e4eva vitamiin- tasakaalustatud toitumine<\/div>\n<div dir=\"auto\">14.00 Katsetame koos <span style=\"color: #ff6600;\"><a class=\"x1i10hfl xjbqb8w x6umtig x1b1mbwd xaqea5y xav7gou x9f619 x1ypdohk xt0psk2 xe8uvvx xdj266r x11i5rnm xat24cr x1mh8g0r xexx8yu x4uap5 x18d9i69 xkhd6sd x16tdsg8 x1hl2dhg xggy1nq x1a2a7pz xt0b8zv x1fey0fg\" style=\"color: #ff6600;\" tabindex=\"0\" role=\"link\" href=\"https:\/\/l.facebook.com\/l.php?u=https%3A%2F%2Fwww.instagram.com%2F_u%2Ffriendlyvikingseesti%3Ffbclid%3DIwAR1duuH7GwJWxvczqjNFTqZ8IXZLuLG4I3PwqJPNy9nuI2Y4HURukTFfPYo&amp;h=AT0zi_FDRafDhxfFwoPZuSfRj3fiQCImc_webCPoev8qPY27BP5H_xVjis6G7sptbAck_tM3UgPDzcTaAyQyqQmYGNpq9MdAZbtX-EPn7Ppk0zUeK4hwqP5LovIeBK-B4c7hTTuToUK12qT1Vg&amp;__tn__=-UK-R&amp;c[0]=AT1_4E_e80cXxaApjGzy5BTTR5lDcIYhkklwlHM6l0aItzbGeJaBhYnHmPaD9hP5Fqf6VwrXv4aiRW9EexcPfL0B7dAGjTOdHI-MODMKKvaayPjMMZi8d9koRksqHahzYsAbtJFoEr8l-gniCNsFJ_ScIgoGe0oLixPAEb8OGTfYaDuVc5qb2W2o0HCN-0cAPZ1mj8nxWaW36MQAYnMVhp5l9-umXV8fBgKwZZA\" target=\"_blank\" rel=\"nofollow noopener\">@friendlyvikingseesti<\/a><\/span> fermenteeritud kaerakoorest retsepte (vihje: kokkame midagi soolast ja midagi magusat)<\/div>\n<\/div>\n<div class=\"x11i5rnm xat24cr x1mh8g0r x1vvkbs xtlvy1s x126k92a\">\n<div dir=\"auto\"><\/div>\n<div dir=\"auto\"><span class=\"x3nfvp2 x1j61x8r x1fcty0u xdj266r xhhsvwb xat24cr xgzva0m xxymvpz xlup9mm x1kky2od\"><img loading=\"lazy\" decoding=\"async\" src=\"https:\/\/static.xx.fbcdn.net\/images\/emoji.php\/v9\/tda\/1.5\/16\/1f7e7.png\" alt=\"\ud83d\udfe7\" width=\"16\" height=\"16\" \/><\/span>Teisip\u00e4eva vitamiin- uni ja puhkamine<\/div>\n<div dir=\"auto\">14.00 Vaikuseminutid ja teised puhke\u00fclesanded<\/div>\n<div dir=\"auto\">(Terve p\u00e4ev) Telefoni ja arvutivaba p\u00e4ev (hea p\u00e4ev keerukamate lauam\u00e4ngude m\u00e4ngimiseks)<\/div>\n<\/div>\n<div class=\"x11i5rnm xat24cr x1mh8g0r x1vvkbs xtlvy1s x126k92a\">\n<div dir=\"auto\"><\/div>\n<div dir=\"auto\"><span class=\"x3nfvp2 x1j61x8r x1fcty0u xdj266r xhhsvwb xat24cr xgzva0m xxymvpz xlup9mm x1kky2od\"><img loading=\"lazy\" decoding=\"async\" src=\"https:\/\/static.xx.fbcdn.net\/images\/emoji.php\/v9\/t14\/1.5\/16\/1f4a0.png\" alt=\"\ud83d\udca0\" width=\"16\" height=\"16\" \/><\/span>Kolmap\u00e4eva vitamiin- head suhted<\/div>\n<div dir=\"auto\">14.00 Juturing teekruusi ja kaaslaste seltsis lauam\u00e4nge m\u00e4ngides<\/div>\n<\/div>\n<div class=\"x11i5rnm xat24cr x1mh8g0r x1vvkbs xtlvy1s x126k92a\">\n<div dir=\"auto\"><\/div>\n<div dir=\"auto\"><span class=\"x3nfvp2 x1j61x8r x1fcty0u xdj266r xhhsvwb xat24cr xgzva0m xxymvpz xlup9mm x1kky2od\"><img loading=\"lazy\" decoding=\"async\" src=\"https:\/\/static.xx.fbcdn.net\/images\/emoji.php\/v9\/t59\/1.5\/16\/1f7e6.png\" alt=\"\ud83d\udfe6\" width=\"16\" height=\"16\" \/><\/span>Neljap\u00e4eva vitamiin- liikumine<\/div>\n<div dir=\"auto\">14.00 Lauatennise turniir<\/div>\n<div dir=\"auto\">(Terve p\u00e4ev) Just dance<\/div>\n<\/div>\n<div class=\"x11i5rnm xat24cr x1mh8g0r x1vvkbs xtlvy1s x126k92a\">\n<div dir=\"auto\"><\/div>\n<div dir=\"auto\"><span class=\"x3nfvp2 x1j61x8r x1fcty0u xdj266r xhhsvwb xat24cr xgzva0m xxymvpz xlup9mm x1kky2od\"><img loading=\"lazy\" decoding=\"async\" src=\"https:\/\/static.xx.fbcdn.net\/images\/emoji.php\/v9\/tc3\/1.5\/16\/1f497.png\" alt=\"\ud83d\udc97\" width=\"16\" height=\"16\" \/><\/span>Reede vitamiin- meeldivate emotsioonide kogemine<\/div>\n<div dir=\"auto\">14.00 Tagasiside n\u00e4dalale &amp; T\u00e4nulikkuse harjutused<\/div>\n<div dir=\"auto\">(Terve p\u00e4ev) Instagrami ja Discordi teel saab meiega jagada m\u00f5nusaid hetki, m\u00e4rgi <span style=\"color: #ff6600;\"><a class=\"x1i10hfl xjbqb8w x6umtig x1b1mbwd xaqea5y xav7gou x9f619 x1ypdohk xt0psk2 xe8uvvx xdj266r x11i5rnm xat24cr x1mh8g0r xexx8yu x4uap5 x18d9i69 xkhd6sd x16tdsg8 x1hl2dhg xggy1nq x1a2a7pz xt0b8zv x1fey0fg\" style=\"color: #ff6600;\" tabindex=\"0\" role=\"link\" href=\"https:\/\/www.instagram.com\/_u\/valdekunoortekeskus?fbclid=IwAR3EBu9qgCpttBWLxhf_WgtzGg3xAqHnT4BWI52sb82ImQU61R9B_GrZLww\" target=\"_blank\" rel=\"nofollow noopener\">@valdekunoortekeskus<\/a><\/span><\/div>\n<\/div>\n<div dir=\"auto\">\n<hr \/>\n<\/div>\n<div class=\"x11i5rnm xat24cr x1mh8g0r x1vvkbs xtlvy1s x126k92a\">\n<div dir=\"auto\">\n<div class=\"x11i5rnm xat24cr x1mh8g0r x1vvkbs xtlvy1s x126k92a\">\n<div dir=\"auto\">Muidugi on noortekeskus avatud E-R 12.00-19.00 samuti k\u00f5igiks muudeks tegemisteks, mida teha tahad. Teeman\u00e4dala raames kogume m\u00e4rke sellest, kuidas eelmisel p\u00e4eval oma vaimse tervise vitamiinidele t\u00e4helepanu andsid ja teeme n\u00e4dala l\u00f5pus selle kohta kokkuv\u00f5tte ning j\u00e4reldused. Lisaks saab noortekeskuse seinale j\u00e4tta h\u00e4id s\u00f5nu, m\u00f5tteid ja s\u00f5numeid nii \u00fcksteisele kui ka t\u00f6\u00f6tajatele.<\/div>\n<\/div>\n<div class=\"x11i5rnm xat24cr x1mh8g0r x1vvkbs xtlvy1s x126k92a\">\n<div dir=\"auto\">Tule puhka koos meiega <img loading=\"lazy\" decoding=\"async\" src=\"https:\/\/static.xx.fbcdn.net\/images\/emoji.php\/v9\/t56\/1.5\/16\/1f9e1.png\" alt=\"\ud83e\udde1\" width=\"16\" height=\"16\" \/><\/div>\n<\/div>\n<\/div>\n<\/div>\n","protected":false},"featured_media":545,"template":"","kalender_kategooria":[29],"class_list":["post-544","kalender","type-kalender","status-publish","has-post-thumbnail","hentry","kalender_kategooria-muu"],"acf":[],"yoast_head":"<!-- This site is optimized with the Yoast SEO plugin v27.5 - https:\/\/yoast.com\/product\/yoast-seo-wordpress\/ -->\n<title>Vaimse tervise vitamiinide koolivaheaeg &#8211; Valdeku noortekeskus<\/title>\n<meta name=\"robots\" content=\"index, follow, max-snippet:-1, max-image-preview:large, max-video-preview:-1\" \/>\n<link rel=\"canonical\" href=\"https:\/\/www.nomme.ee\/valdeku-noortekeskus\/kalender\/vaimse-tervise-vitamiinide-koolivaheaeg\/\" \/>\n<meta property=\"og:locale\" content=\"et_EE\" \/>\n<meta property=\"og:type\" content=\"article\" \/>\n<meta property=\"og:title\" content=\"Vaimse tervise vitamiinide koolivaheaeg &#8211; Valdeku noortekeskus\" \/>\n<meta property=\"og:description\" content=\"S\u00fcgisese koolivaheaja oleme p\u00fchendanud Peaasi.ee vaimse tervise vitamiinidele. Neid on t\u00e4pselt viis ja seega oleme nad p\u00e4evadele jaganud nii: Esmasp\u00e4eva vitamiin- tasakaalustatud toitumine 14.00 Katsetame koos @friendlyvikingseesti fermenteeritud kaerakoorest retsepte (vihje: kokkame midagi soolast ja midagi magusat) Teisip\u00e4eva vitamiin- uni ja puhkamine 14.00 Vaikuseminutid ja teised puhke\u00fclesanded (Terve p\u00e4ev) Telefoni ja arvutivaba p\u00e4ev (hea p\u00e4ev [&hellip;]\" \/>\n<meta property=\"og:url\" content=\"https:\/\/www.nomme.ee\/valdeku-noortekeskus\/kalender\/vaimse-tervise-vitamiinide-koolivaheaeg\/\" \/>\n<meta property=\"og:site_name\" content=\"Valdeku noortekeskus\" \/>\n<meta property=\"og:image\" content=\"https:\/\/www.nomme.ee\/valdeku-noortekeskus\/wp-content\/uploads\/sites\/3\/2022\/10\/vaimse-tervise-vitamiinide.png\" \/>\n\t<meta property=\"og:image:width\" content=\"1080\" \/>\n\t<meta property=\"og:image:height\" content=\"1080\" \/>\n\t<meta property=\"og:image:type\" content=\"image\/png\" \/>\n<meta name=\"twitter:card\" content=\"summary_large_image\" \/>\n<meta name=\"twitter:label1\" content=\"Est. reading time\" \/>\n\t<meta name=\"twitter:data1\" content=\"1 minut\" \/>\n<script type=\"application\/ld+json\" class=\"yoast-schema-graph\">{\"@context\":\"https:\\\/\\\/schema.org\",\"@graph\":[{\"@type\":\"WebPage\",\"@id\":\"https:\\\/\\\/www.nomme.ee\\\/valdeku-noortekeskus\\\/kalender\\\/vaimse-tervise-vitamiinide-koolivaheaeg\\\/\",\"url\":\"https:\\\/\\\/www.nomme.ee\\\/valdeku-noortekeskus\\\/kalender\\\/vaimse-tervise-vitamiinide-koolivaheaeg\\\/\",\"name\":\"Vaimse tervise vitamiinide koolivaheaeg &#8211; Valdeku noortekeskus\",\"isPartOf\":{\"@id\":\"https:\\\/\\\/www.nomme.ee\\\/valdeku-noortekeskus\\\/#website\"},\"primaryImageOfPage\":{\"@id\":\"https:\\\/\\\/www.nomme.ee\\\/valdeku-noortekeskus\\\/kalender\\\/vaimse-tervise-vitamiinide-koolivaheaeg\\\/#primaryimage\"},\"image\":{\"@id\":\"https:\\\/\\\/www.nomme.ee\\\/valdeku-noortekeskus\\\/kalender\\\/vaimse-tervise-vitamiinide-koolivaheaeg\\\/#primaryimage\"},\"thumbnailUrl\":\"https:\\\/\\\/www.nomme.ee\\\/valdeku-noortekeskus\\\/wp-content\\\/uploads\\\/sites\\\/3\\\/2022\\\/10\\\/vaimse-tervise-vitamiinide.png\",\"datePublished\":\"2022-10-21T19:40:35+00:00\",\"breadcrumb\":{\"@id\":\"https:\\\/\\\/www.nomme.ee\\\/valdeku-noortekeskus\\\/kalender\\\/vaimse-tervise-vitamiinide-koolivaheaeg\\\/#breadcrumb\"},\"inLanguage\":\"et\",\"potentialAction\":[{\"@type\":\"ReadAction\",\"target\":[\"https:\\\/\\\/www.nomme.ee\\\/valdeku-noortekeskus\\\/kalender\\\/vaimse-tervise-vitamiinide-koolivaheaeg\\\/\"]}]},{\"@type\":\"ImageObject\",\"inLanguage\":\"et\",\"@id\":\"https:\\\/\\\/www.nomme.ee\\\/valdeku-noortekeskus\\\/kalender\\\/vaimse-tervise-vitamiinide-koolivaheaeg\\\/#primaryimage\",\"url\":\"https:\\\/\\\/www.nomme.ee\\\/valdeku-noortekeskus\\\/wp-content\\\/uploads\\\/sites\\\/3\\\/2022\\\/10\\\/vaimse-tervise-vitamiinide.png\",\"contentUrl\":\"https:\\\/\\\/www.nomme.ee\\\/valdeku-noortekeskus\\\/wp-content\\\/uploads\\\/sites\\\/3\\\/2022\\\/10\\\/vaimse-tervise-vitamiinide.png\",\"width\":1080,\"height\":1080},{\"@type\":\"BreadcrumbList\",\"@id\":\"https:\\\/\\\/www.nomme.ee\\\/valdeku-noortekeskus\\\/kalender\\\/vaimse-tervise-vitamiinide-koolivaheaeg\\\/#breadcrumb\",\"itemListElement\":[{\"@type\":\"ListItem\",\"position\":1,\"name\":\"N\u00f5mme Vaba Aja Keskus\",\"item\":\"https:\\\/\\\/www.nomme.ee\"},{\"@type\":\"ListItem\",\"position\":2,\"name\":\"Valdeku noortekeskus\",\"item\":\"https:\\\/\\\/www.nomme.ee\\\/valdeku-noortekeskus\\\/\"},{\"@type\":\"ListItem\",\"position\":3,\"name\":\"S\u00fcndmused\",\"item\":\"https:\\\/\\\/www.nomme.ee\\\/valdeku-noortekeskus\\\/kalender\\\/\"},{\"@type\":\"ListItem\",\"position\":4,\"name\":\"Vaimse tervise vitamiinide koolivaheaeg\"}]},{\"@type\":\"WebSite\",\"@id\":\"https:\\\/\\\/www.nomme.ee\\\/valdeku-noortekeskus\\\/#website\",\"url\":\"https:\\\/\\\/www.nomme.ee\\\/valdeku-noortekeskus\\\/\",\"name\":\"Valdeku noortekeskus\",\"description\":\"\",\"potentialAction\":[{\"@type\":\"SearchAction\",\"target\":{\"@type\":\"EntryPoint\",\"urlTemplate\":\"https:\\\/\\\/www.nomme.ee\\\/valdeku-noortekeskus\\\/?s={search_term_string}\"},\"query-input\":{\"@type\":\"PropertyValueSpecification\",\"valueRequired\":true,\"valueName\":\"search_term_string\"}}],\"inLanguage\":\"et\"}]}<\/script>\n<!-- \/ Yoast SEO plugin. -->","yoast_head_json":{"title":"Vaimse tervise vitamiinide koolivaheaeg &#8211; Valdeku noortekeskus","robots":{"index":"index","follow":"follow","max-snippet":"max-snippet:-1","max-image-preview":"max-image-preview:large","max-video-preview":"max-video-preview:-1"},"canonical":"https:\/\/www.nomme.ee\/valdeku-noortekeskus\/kalender\/vaimse-tervise-vitamiinide-koolivaheaeg\/","og_locale":"et_EE","og_type":"article","og_title":"Vaimse tervise vitamiinide koolivaheaeg &#8211; Valdeku noortekeskus","og_description":"S\u00fcgisese koolivaheaja oleme p\u00fchendanud Peaasi.ee vaimse tervise vitamiinidele. Neid on t\u00e4pselt viis ja seega oleme nad p\u00e4evadele jaganud nii: Esmasp\u00e4eva vitamiin- tasakaalustatud toitumine 14.00 Katsetame koos @friendlyvikingseesti fermenteeritud kaerakoorest retsepte (vihje: kokkame midagi soolast ja midagi magusat) Teisip\u00e4eva vitamiin- uni ja puhkamine 14.00 Vaikuseminutid ja teised puhke\u00fclesanded (Terve p\u00e4ev) Telefoni ja arvutivaba p\u00e4ev (hea p\u00e4ev [&hellip;]","og_url":"https:\/\/www.nomme.ee\/valdeku-noortekeskus\/kalender\/vaimse-tervise-vitamiinide-koolivaheaeg\/","og_site_name":"Valdeku noortekeskus","og_image":[{"width":1080,"height":1080,"url":"https:\/\/www.nomme.ee\/valdeku-noortekeskus\/wp-content\/uploads\/sites\/3\/2022\/10\/vaimse-tervise-vitamiinide.png","type":"image\/png"}],"twitter_card":"summary_large_image","twitter_misc":{"Est. reading time":"1 minut"},"schema":{"@context":"https:\/\/schema.org","@graph":[{"@type":"WebPage","@id":"https:\/\/www.nomme.ee\/valdeku-noortekeskus\/kalender\/vaimse-tervise-vitamiinide-koolivaheaeg\/","url":"https:\/\/www.nomme.ee\/valdeku-noortekeskus\/kalender\/vaimse-tervise-vitamiinide-koolivaheaeg\/","name":"Vaimse tervise vitamiinide koolivaheaeg &#8211; Valdeku noortekeskus","isPartOf":{"@id":"https:\/\/www.nomme.ee\/valdeku-noortekeskus\/#website"},"primaryImageOfPage":{"@id":"https:\/\/www.nomme.ee\/valdeku-noortekeskus\/kalender\/vaimse-tervise-vitamiinide-koolivaheaeg\/#primaryimage"},"image":{"@id":"https:\/\/www.nomme.ee\/valdeku-noortekeskus\/kalender\/vaimse-tervise-vitamiinide-koolivaheaeg\/#primaryimage"},"thumbnailUrl":"https:\/\/www.nomme.ee\/valdeku-noortekeskus\/wp-content\/uploads\/sites\/3\/2022\/10\/vaimse-tervise-vitamiinide.png","datePublished":"2022-10-21T19:40:35+00:00","breadcrumb":{"@id":"https:\/\/www.nomme.ee\/valdeku-noortekeskus\/kalender\/vaimse-tervise-vitamiinide-koolivaheaeg\/#breadcrumb"},"inLanguage":"et","potentialAction":[{"@type":"ReadAction","target":["https:\/\/www.nomme.ee\/valdeku-noortekeskus\/kalender\/vaimse-tervise-vitamiinide-koolivaheaeg\/"]}]},{"@type":"ImageObject","inLanguage":"et","@id":"https:\/\/www.nomme.ee\/valdeku-noortekeskus\/kalender\/vaimse-tervise-vitamiinide-koolivaheaeg\/#primaryimage","url":"https:\/\/www.nomme.ee\/valdeku-noortekeskus\/wp-content\/uploads\/sites\/3\/2022\/10\/vaimse-tervise-vitamiinide.png","contentUrl":"https:\/\/www.nomme.ee\/valdeku-noortekeskus\/wp-content\/uploads\/sites\/3\/2022\/10\/vaimse-tervise-vitamiinide.png","width":1080,"height":1080},{"@type":"BreadcrumbList","@id":"https:\/\/www.nomme.ee\/valdeku-noortekeskus\/kalender\/vaimse-tervise-vitamiinide-koolivaheaeg\/#breadcrumb","itemListElement":[{"@type":"ListItem","position":1,"name":"N\u00f5mme Vaba Aja Keskus","item":"https:\/\/www.nomme.ee"},{"@type":"ListItem","position":2,"name":"Valdeku noortekeskus","item":"https:\/\/www.nomme.ee\/valdeku-noortekeskus\/"},{"@type":"ListItem","position":3,"name":"S\u00fcndmused","item":"https:\/\/www.nomme.ee\/valdeku-noortekeskus\/kalender\/"},{"@type":"ListItem","position":4,"name":"Vaimse tervise vitamiinide koolivaheaeg"}]},{"@type":"WebSite","@id":"https:\/\/www.nomme.ee\/valdeku-noortekeskus\/#website","url":"https:\/\/www.nomme.ee\/valdeku-noortekeskus\/","name":"Valdeku noortekeskus","description":"","potentialAction":[{"@type":"SearchAction","target":{"@type":"EntryPoint","urlTemplate":"https:\/\/www.nomme.ee\/valdeku-noortekeskus\/?s={search_term_string}"},"query-input":{"@type":"PropertyValueSpecification","valueRequired":true,"valueName":"search_term_string"}}],"inLanguage":"et"}]}},"_links":{"self":[{"href":"https:\/\/www.nomme.ee\/valdeku-noortekeskus\/wp-json\/wp\/v2\/kalender\/544","targetHints":{"allow":["GET"]}}],"collection":[{"href":"https:\/\/www.nomme.ee\/valdeku-noortekeskus\/wp-json\/wp\/v2\/kalender"}],"about":[{"href":"https:\/\/www.nomme.ee\/valdeku-noortekeskus\/wp-json\/wp\/v2\/types\/kalender"}],"version-history":[{"count":5,"href":"https:\/\/www.nomme.ee\/valdeku-noortekeskus\/wp-json\/wp\/v2\/kalender\/544\/revisions"}],"predecessor-version":[{"id":550,"href":"https:\/\/www.nomme.ee\/valdeku-noortekeskus\/wp-json\/wp\/v2\/kalender\/544\/revisions\/550"}],"wp:featuredmedia":[{"embeddable":true,"href":"https:\/\/www.nomme.ee\/valdeku-noortekeskus\/wp-json\/wp\/v2\/media\/545"}],"wp:attachment":[{"href":"https:\/\/www.nomme.ee\/valdeku-noortekeskus\/wp-json\/wp\/v2\/media?parent=544"}],"wp:term":[{"taxonomy":"kalender_kategooria","embeddable":true,"href":"https:\/\/www.nomme.ee\/valdeku-noortekeskus\/wp-json\/wp\/v2\/kalender_kategooria?post=544"}],"curies":[{"name":"wp","href":"https:\/\/api.w.org\/{rel}","templated":true}]}}