{"id":555,"date":"2022-11-05T20:12:07","date_gmt":"2022-11-05T20:12:07","guid":{"rendered":"https:\/\/www.nomme.ee\/valdeku-noortekeskus\/?post_type=kalender&#038;p=555"},"modified":"2022-11-08T20:43:22","modified_gmt":"2022-11-08T20:43:22","slug":"noortekeskuse-lauamangu-loomine","status":"publish","type":"kalender","link":"https:\/\/www.nomme.ee\/valdeku-noortekeskus\/kalender\/noortekeskuse-lauamangu-loomine\/","title":{"rendered":"Noortekeskuse lauam\u00e4ngu loomine"},"content":{"rendered":"<p>Ei ole saladus, et me Valdeku Noortekeskuse armastame ja usume lauam\u00e4ngudesse.<\/p>\n<p>Innustatuna selleaastase <span style=\"text-decoration: underline;\"><span style=\"color: #ff6600;\"><strong><a style=\"color: #ff6600; text-decoration: underline;\" href=\"https:\/\/noorsootoonadal.ee\/\">Noorsoot\u00f6\u00f6 n\u00e4dala<\/a><\/strong><\/span><\/span> teemafookusest ning noortekeskuse lauam\u00e4nguklubi noorte kaasabil, oleme v\u00f5tnud endale \u00fchest k\u00fcljest ambitsioonika, kuid teisest k\u00fcljest tohutult p\u00f5neva eesm\u00e4rgi &#8211; disainida p\u00e4ris meie oma lauam\u00e4ngu protot\u00fc\u00fcp.<\/p>\n<p>Esimesed sammud selle tarvis astume <strong>K 09.11 kl 16<\/strong> lauam\u00e4nguklubis. Esimesel kohtumisel m\u00e4ngime l\u00e4bi m\u00f5ned m\u00e4ngud meie riiulilt, arutame, mis meile nende m\u00e4ngude juures meeldib, mis ei meeldi? Millised m\u00e4ngumehaanikad olid head, mida v\u00f5iks veel paremaks muuta? Seda k\u00f5ike sissejuhatuseks ja eelh\u00e4\u00e4lestuseks, et j\u00e4rgneva kahe kuu jooksul j\u00f5uda l\u00e4bitestitud ja t\u00f6\u00f6tava noortekeskuse m\u00e4nguni.<\/p>\n<p>#loovuskapistv\u00e4lja<\/p>\n<p>&nbsp;<\/p>\n<p><span style=\"font-weight: 400;\">Tegevus on rahastatud Euroopa Liidu ning Haridus- ja Noorteameti vahenditest.<\/span><\/p>\n<p><img loading=\"lazy\" decoding=\"async\" class=\"alignnone size-medium wp-image-559\" src=\"https:\/\/www.nomme.ee\/valdeku-noortekeskus\/wp-content\/uploads\/sites\/3\/2022\/11\/Haridus-ja-Noorteamet_3lovi_est_rgb-2-300x120.jpg\" alt=\"\" width=\"300\" height=\"120\" srcset=\"https:\/\/www.nomme.ee\/valdeku-noortekeskus\/wp-content\/uploads\/sites\/3\/2022\/11\/Haridus-ja-Noorteamet_3lovi_est_rgb-2-300x120.jpg 300w, https:\/\/www.nomme.ee\/valdeku-noortekeskus\/wp-content\/uploads\/sites\/3\/2022\/11\/Haridus-ja-Noorteamet_3lovi_est_rgb-2-1024x410.jpg 1024w, https:\/\/www.nomme.ee\/valdeku-noortekeskus\/wp-content\/uploads\/sites\/3\/2022\/11\/Haridus-ja-Noorteamet_3lovi_est_rgb-2-768x307.jpg 768w, https:\/\/www.nomme.ee\/valdeku-noortekeskus\/wp-content\/uploads\/sites\/3\/2022\/11\/Haridus-ja-Noorteamet_3lovi_est_rgb-2-1536x614.jpg 1536w, https:\/\/www.nomme.ee\/valdeku-noortekeskus\/wp-content\/uploads\/sites\/3\/2022\/11\/Haridus-ja-Noorteamet_3lovi_est_rgb-2-1200x480.jpg 1200w, https:\/\/www.nomme.ee\/valdeku-noortekeskus\/wp-content\/uploads\/sites\/3\/2022\/11\/Haridus-ja-Noorteamet_3lovi_est_rgb-2.jpg 1890w\" sizes=\"auto, (max-width: 300px) 100vw, 300px\" \/><img loading=\"lazy\" decoding=\"async\" class=\"alignnone size-medium wp-image-561\" src=\"https:\/\/www.nomme.ee\/valdeku-noortekeskus\/wp-content\/uploads\/sites\/3\/2022\/11\/eu_flag-300x201.jpg\" alt=\"\" width=\"300\" height=\"201\" srcset=\"https:\/\/www.nomme.ee\/valdeku-noortekeskus\/wp-content\/uploads\/sites\/3\/2022\/11\/eu_flag-300x201.jpg 300w, https:\/\/www.nomme.ee\/valdeku-noortekeskus\/wp-content\/uploads\/sites\/3\/2022\/11\/eu_flag.jpg 600w\" sizes=\"auto, (max-width: 300px) 100vw, 300px\" \/><img loading=\"lazy\" decoding=\"async\" class=\"alignnone size-medium wp-image-563\" src=\"https:\/\/www.nomme.ee\/valdeku-noortekeskus\/wp-content\/uploads\/sites\/3\/2022\/11\/EU_EYY_Logo_ET_1-300x222.png\" alt=\"\" width=\"300\" height=\"222\" srcset=\"https:\/\/www.nomme.ee\/valdeku-noortekeskus\/wp-content\/uploads\/sites\/3\/2022\/11\/EU_EYY_Logo_ET_1-300x222.png 300w, https:\/\/www.nomme.ee\/valdeku-noortekeskus\/wp-content\/uploads\/sites\/3\/2022\/11\/EU_EYY_Logo_ET_1.png 709w\" sizes=\"auto, (max-width: 300px) 100vw, 300px\" \/><\/p>\n<p>&nbsp;<\/p>\n","protected":false},"featured_media":556,"template":"","kalender_kategooria":[],"class_list":["post-555","kalender","type-kalender","status-publish","has-post-thumbnail","hentry"],"acf":[],"yoast_head":"<!-- This site is optimized with the Yoast SEO plugin v27.5 - https:\/\/yoast.com\/product\/yoast-seo-wordpress\/ -->\n<title>Noortekeskuse lauam\u00e4ngu loomine &#8211; Valdeku noortekeskus<\/title>\n<meta name=\"robots\" content=\"index, follow, max-snippet:-1, max-image-preview:large, max-video-preview:-1\" \/>\n<link rel=\"canonical\" href=\"https:\/\/www.nomme.ee\/valdeku-noortekeskus\/kalender\/noortekeskuse-lauamangu-loomine\/\" \/>\n<meta property=\"og:locale\" content=\"et_EE\" \/>\n<meta property=\"og:type\" content=\"article\" \/>\n<meta property=\"og:title\" content=\"Noortekeskuse lauam\u00e4ngu loomine &#8211; Valdeku noortekeskus\" \/>\n<meta property=\"og:description\" content=\"Ei ole saladus, et me Valdeku Noortekeskuse armastame ja usume lauam\u00e4ngudesse. Innustatuna selleaastase Noorsoot\u00f6\u00f6 n\u00e4dala teemafookusest ning noortekeskuse lauam\u00e4nguklubi noorte kaasabil, oleme v\u00f5tnud endale \u00fchest k\u00fcljest ambitsioonika, kuid teisest k\u00fcljest tohutult p\u00f5neva eesm\u00e4rgi &#8211; disainida p\u00e4ris meie oma lauam\u00e4ngu protot\u00fc\u00fcp. Esimesed sammud selle tarvis astume K 09.11 kl 16 lauam\u00e4nguklubis. Esimesel kohtumisel m\u00e4ngime l\u00e4bi m\u00f5ned [&hellip;]\" \/>\n<meta property=\"og:url\" content=\"https:\/\/www.nomme.ee\/valdeku-noortekeskus\/kalender\/noortekeskuse-lauamangu-loomine\/\" \/>\n<meta property=\"og:site_name\" content=\"Valdeku noortekeskus\" \/>\n<meta property=\"article:modified_time\" content=\"2022-11-08T20:43:22+00:00\" \/>\n<meta property=\"og:image\" content=\"https:\/\/www.nomme.ee\/valdeku-noortekeskus\/wp-content\/uploads\/sites\/3\/2022\/11\/Project-for-board-game-prototype.png\" \/>\n\t<meta property=\"og:image:width\" content=\"1080\" \/>\n\t<meta property=\"og:image:height\" content=\"1080\" \/>\n\t<meta property=\"og:image:type\" content=\"image\/png\" \/>\n<meta name=\"twitter:card\" content=\"summary_large_image\" \/>\n<meta name=\"twitter:label1\" content=\"Est. reading time\" \/>\n\t<meta name=\"twitter:data1\" content=\"2 minutit\" \/>\n<script type=\"application\/ld+json\" class=\"yoast-schema-graph\">{\"@context\":\"https:\\\/\\\/schema.org\",\"@graph\":[{\"@type\":\"WebPage\",\"@id\":\"https:\\\/\\\/www.nomme.ee\\\/valdeku-noortekeskus\\\/kalender\\\/noortekeskuse-lauamangu-loomine\\\/\",\"url\":\"https:\\\/\\\/www.nomme.ee\\\/valdeku-noortekeskus\\\/kalender\\\/noortekeskuse-lauamangu-loomine\\\/\",\"name\":\"Noortekeskuse lauam\u00e4ngu loomine &#8211; Valdeku noortekeskus\",\"isPartOf\":{\"@id\":\"https:\\\/\\\/www.nomme.ee\\\/valdeku-noortekeskus\\\/#website\"},\"primaryImageOfPage\":{\"@id\":\"https:\\\/\\\/www.nomme.ee\\\/valdeku-noortekeskus\\\/kalender\\\/noortekeskuse-lauamangu-loomine\\\/#primaryimage\"},\"image\":{\"@id\":\"https:\\\/\\\/www.nomme.ee\\\/valdeku-noortekeskus\\\/kalender\\\/noortekeskuse-lauamangu-loomine\\\/#primaryimage\"},\"thumbnailUrl\":\"https:\\\/\\\/www.nomme.ee\\\/valdeku-noortekeskus\\\/wp-content\\\/uploads\\\/sites\\\/3\\\/2022\\\/11\\\/Project-for-board-game-prototype.png\",\"datePublished\":\"2022-11-05T20:12:07+00:00\",\"dateModified\":\"2022-11-08T20:43:22+00:00\",\"breadcrumb\":{\"@id\":\"https:\\\/\\\/www.nomme.ee\\\/valdeku-noortekeskus\\\/kalender\\\/noortekeskuse-lauamangu-loomine\\\/#breadcrumb\"},\"inLanguage\":\"et\",\"potentialAction\":[{\"@type\":\"ReadAction\",\"target\":[\"https:\\\/\\\/www.nomme.ee\\\/valdeku-noortekeskus\\\/kalender\\\/noortekeskuse-lauamangu-loomine\\\/\"]}]},{\"@type\":\"ImageObject\",\"inLanguage\":\"et\",\"@id\":\"https:\\\/\\\/www.nomme.ee\\\/valdeku-noortekeskus\\\/kalender\\\/noortekeskuse-lauamangu-loomine\\\/#primaryimage\",\"url\":\"https:\\\/\\\/www.nomme.ee\\\/valdeku-noortekeskus\\\/wp-content\\\/uploads\\\/sites\\\/3\\\/2022\\\/11\\\/Project-for-board-game-prototype.png\",\"contentUrl\":\"https:\\\/\\\/www.nomme.ee\\\/valdeku-noortekeskus\\\/wp-content\\\/uploads\\\/sites\\\/3\\\/2022\\\/11\\\/Project-for-board-game-prototype.png\",\"width\":1080,\"height\":1080},{\"@type\":\"BreadcrumbList\",\"@id\":\"https:\\\/\\\/www.nomme.ee\\\/valdeku-noortekeskus\\\/kalender\\\/noortekeskuse-lauamangu-loomine\\\/#breadcrumb\",\"itemListElement\":[{\"@type\":\"ListItem\",\"position\":1,\"name\":\"N\u00f5mme Vaba Aja Keskus\",\"item\":\"https:\\\/\\\/www.nomme.ee\"},{\"@type\":\"ListItem\",\"position\":2,\"name\":\"Valdeku noortekeskus\",\"item\":\"https:\\\/\\\/www.nomme.ee\\\/valdeku-noortekeskus\\\/\"},{\"@type\":\"ListItem\",\"position\":3,\"name\":\"S\u00fcndmused\",\"item\":\"https:\\\/\\\/www.nomme.ee\\\/valdeku-noortekeskus\\\/kalender\\\/\"},{\"@type\":\"ListItem\",\"position\":4,\"name\":\"Noortekeskuse lauam\u00e4ngu loomine\"}]},{\"@type\":\"WebSite\",\"@id\":\"https:\\\/\\\/www.nomme.ee\\\/valdeku-noortekeskus\\\/#website\",\"url\":\"https:\\\/\\\/www.nomme.ee\\\/valdeku-noortekeskus\\\/\",\"name\":\"Valdeku noortekeskus\",\"description\":\"\",\"potentialAction\":[{\"@type\":\"SearchAction\",\"target\":{\"@type\":\"EntryPoint\",\"urlTemplate\":\"https:\\\/\\\/www.nomme.ee\\\/valdeku-noortekeskus\\\/?s={search_term_string}\"},\"query-input\":{\"@type\":\"PropertyValueSpecification\",\"valueRequired\":true,\"valueName\":\"search_term_string\"}}],\"inLanguage\":\"et\"}]}<\/script>\n<!-- \/ Yoast SEO plugin. -->","yoast_head_json":{"title":"Noortekeskuse lauam\u00e4ngu loomine &#8211; Valdeku noortekeskus","robots":{"index":"index","follow":"follow","max-snippet":"max-snippet:-1","max-image-preview":"max-image-preview:large","max-video-preview":"max-video-preview:-1"},"canonical":"https:\/\/www.nomme.ee\/valdeku-noortekeskus\/kalender\/noortekeskuse-lauamangu-loomine\/","og_locale":"et_EE","og_type":"article","og_title":"Noortekeskuse lauam\u00e4ngu loomine &#8211; Valdeku noortekeskus","og_description":"Ei ole saladus, et me Valdeku Noortekeskuse armastame ja usume lauam\u00e4ngudesse. Innustatuna selleaastase Noorsoot\u00f6\u00f6 n\u00e4dala teemafookusest ning noortekeskuse lauam\u00e4nguklubi noorte kaasabil, oleme v\u00f5tnud endale \u00fchest k\u00fcljest ambitsioonika, kuid teisest k\u00fcljest tohutult p\u00f5neva eesm\u00e4rgi &#8211; disainida p\u00e4ris meie oma lauam\u00e4ngu protot\u00fc\u00fcp. Esimesed sammud selle tarvis astume K 09.11 kl 16 lauam\u00e4nguklubis. Esimesel kohtumisel m\u00e4ngime l\u00e4bi m\u00f5ned [&hellip;]","og_url":"https:\/\/www.nomme.ee\/valdeku-noortekeskus\/kalender\/noortekeskuse-lauamangu-loomine\/","og_site_name":"Valdeku noortekeskus","article_modified_time":"2022-11-08T20:43:22+00:00","og_image":[{"width":1080,"height":1080,"url":"https:\/\/www.nomme.ee\/valdeku-noortekeskus\/wp-content\/uploads\/sites\/3\/2022\/11\/Project-for-board-game-prototype.png","type":"image\/png"}],"twitter_card":"summary_large_image","twitter_misc":{"Est. reading time":"2 minutit"},"schema":{"@context":"https:\/\/schema.org","@graph":[{"@type":"WebPage","@id":"https:\/\/www.nomme.ee\/valdeku-noortekeskus\/kalender\/noortekeskuse-lauamangu-loomine\/","url":"https:\/\/www.nomme.ee\/valdeku-noortekeskus\/kalender\/noortekeskuse-lauamangu-loomine\/","name":"Noortekeskuse lauam\u00e4ngu loomine &#8211; Valdeku noortekeskus","isPartOf":{"@id":"https:\/\/www.nomme.ee\/valdeku-noortekeskus\/#website"},"primaryImageOfPage":{"@id":"https:\/\/www.nomme.ee\/valdeku-noortekeskus\/kalender\/noortekeskuse-lauamangu-loomine\/#primaryimage"},"image":{"@id":"https:\/\/www.nomme.ee\/valdeku-noortekeskus\/kalender\/noortekeskuse-lauamangu-loomine\/#primaryimage"},"thumbnailUrl":"https:\/\/www.nomme.ee\/valdeku-noortekeskus\/wp-content\/uploads\/sites\/3\/2022\/11\/Project-for-board-game-prototype.png","datePublished":"2022-11-05T20:12:07+00:00","dateModified":"2022-11-08T20:43:22+00:00","breadcrumb":{"@id":"https:\/\/www.nomme.ee\/valdeku-noortekeskus\/kalender\/noortekeskuse-lauamangu-loomine\/#breadcrumb"},"inLanguage":"et","potentialAction":[{"@type":"ReadAction","target":["https:\/\/www.nomme.ee\/valdeku-noortekeskus\/kalender\/noortekeskuse-lauamangu-loomine\/"]}]},{"@type":"ImageObject","inLanguage":"et","@id":"https:\/\/www.nomme.ee\/valdeku-noortekeskus\/kalender\/noortekeskuse-lauamangu-loomine\/#primaryimage","url":"https:\/\/www.nomme.ee\/valdeku-noortekeskus\/wp-content\/uploads\/sites\/3\/2022\/11\/Project-for-board-game-prototype.png","contentUrl":"https:\/\/www.nomme.ee\/valdeku-noortekeskus\/wp-content\/uploads\/sites\/3\/2022\/11\/Project-for-board-game-prototype.png","width":1080,"height":1080},{"@type":"BreadcrumbList","@id":"https:\/\/www.nomme.ee\/valdeku-noortekeskus\/kalender\/noortekeskuse-lauamangu-loomine\/#breadcrumb","itemListElement":[{"@type":"ListItem","position":1,"name":"N\u00f5mme Vaba Aja Keskus","item":"https:\/\/www.nomme.ee"},{"@type":"ListItem","position":2,"name":"Valdeku noortekeskus","item":"https:\/\/www.nomme.ee\/valdeku-noortekeskus\/"},{"@type":"ListItem","position":3,"name":"S\u00fcndmused","item":"https:\/\/www.nomme.ee\/valdeku-noortekeskus\/kalender\/"},{"@type":"ListItem","position":4,"name":"Noortekeskuse lauam\u00e4ngu loomine"}]},{"@type":"WebSite","@id":"https:\/\/www.nomme.ee\/valdeku-noortekeskus\/#website","url":"https:\/\/www.nomme.ee\/valdeku-noortekeskus\/","name":"Valdeku noortekeskus","description":"","potentialAction":[{"@type":"SearchAction","target":{"@type":"EntryPoint","urlTemplate":"https:\/\/www.nomme.ee\/valdeku-noortekeskus\/?s={search_term_string}"},"query-input":{"@type":"PropertyValueSpecification","valueRequired":true,"valueName":"search_term_string"}}],"inLanguage":"et"}]}},"_links":{"self":[{"href":"https:\/\/www.nomme.ee\/valdeku-noortekeskus\/wp-json\/wp\/v2\/kalender\/555","targetHints":{"allow":["GET"]}}],"collection":[{"href":"https:\/\/www.nomme.ee\/valdeku-noortekeskus\/wp-json\/wp\/v2\/kalender"}],"about":[{"href":"https:\/\/www.nomme.ee\/valdeku-noortekeskus\/wp-json\/wp\/v2\/types\/kalender"}],"version-history":[{"count":5,"href":"https:\/\/www.nomme.ee\/valdeku-noortekeskus\/wp-json\/wp\/v2\/kalender\/555\/revisions"}],"predecessor-version":[{"id":566,"href":"https:\/\/www.nomme.ee\/valdeku-noortekeskus\/wp-json\/wp\/v2\/kalender\/555\/revisions\/566"}],"wp:featuredmedia":[{"embeddable":true,"href":"https:\/\/www.nomme.ee\/valdeku-noortekeskus\/wp-json\/wp\/v2\/media\/556"}],"wp:attachment":[{"href":"https:\/\/www.nomme.ee\/valdeku-noortekeskus\/wp-json\/wp\/v2\/media?parent=555"}],"wp:term":[{"taxonomy":"kalender_kategooria","embeddable":true,"href":"https:\/\/www.nomme.ee\/valdeku-noortekeskus\/wp-json\/wp\/v2\/kalender_kategooria?post=555"}],"curies":[{"name":"wp","href":"https:\/\/api.w.org\/{rel}","templated":true}]}}