{"id":574,"date":"2022-12-13T08:11:46","date_gmt":"2022-12-13T08:11:46","guid":{"rendered":"https:\/\/www.nomme.ee\/valdeku-noortekeskus\/?post_type=kalender&#038;p=574"},"modified":"2022-12-13T08:11:46","modified_gmt":"2022-12-13T08:11:46","slug":"kohtumine-lauamangudisainer-silver-turkiga","status":"publish","type":"kalender","link":"https:\/\/www.nomme.ee\/valdeku-noortekeskus\/kalender\/kohtumine-lauamangudisainer-silver-turkiga\/","title":{"rendered":"Kohtumine lauam\u00e4ngudisainer Silver T\u00fcrkiga"},"content":{"rendered":"<p>Suur hea meel on tervitada meie noortekeskuses lauam\u00e4ngu <span style=\"color: #ff6600;\"><strong><a style=\"color: #ff6600;\" href=\"https:\/\/lunarbasegame.com\/\">Lunar Base <\/a><\/strong><\/span>\u00fchte loojatest Silver T\u00fcrki.<\/p>\n<p>Noortekeskuses on k\u00e4imas projekt p\u00e4ris meie enda lauam\u00e4ngu loomiseks, mille igasse etappi\u00a0 saavad panustada ja kaasa aidata k\u00f5ik huvitatud noored. Silver, koos heade kaaslastega, on \u00fche lauam\u00e4ngu loomise ise l\u00e4bi teinud. P\u00e4ris esialgsest ideest kuni l\u00f5pliku valmis m\u00e4ngu v\u00e4ljaandmiseni. Saame tema k\u00e4est uurida, mismoodi see protsess k\u00e4ib, millega tuleb arvestada, kus v\u00f5ivad olla ohukohad ja milliseid soovitusi tal meile anda on. M\u00e4ngime kindlasti ka!<\/p>\n<p>&nbsp;<\/p>\n<p>&nbsp;<\/p>\n<p>Tegevus on rahastatud Euroopa Liidu ning Haridus- ja Noorteameti vahenditest<\/p>\n<p><img loading=\"lazy\" decoding=\"async\" class=\"alignnone size-medium wp-image-579\" src=\"https:\/\/www.nomme.ee\/valdeku-noortekeskus\/wp-content\/uploads\/sites\/3\/2022\/12\/Haridus-ja-Noorteamet_3lovi_est_rgb-2-1-300x120.jpg\" alt=\"\" width=\"300\" height=\"120\" srcset=\"https:\/\/www.nomme.ee\/valdeku-noortekeskus\/wp-content\/uploads\/sites\/3\/2022\/12\/Haridus-ja-Noorteamet_3lovi_est_rgb-2-1-300x120.jpg 300w, https:\/\/www.nomme.ee\/valdeku-noortekeskus\/wp-content\/uploads\/sites\/3\/2022\/12\/Haridus-ja-Noorteamet_3lovi_est_rgb-2-1-1024x410.jpg 1024w, https:\/\/www.nomme.ee\/valdeku-noortekeskus\/wp-content\/uploads\/sites\/3\/2022\/12\/Haridus-ja-Noorteamet_3lovi_est_rgb-2-1-768x307.jpg 768w, https:\/\/www.nomme.ee\/valdeku-noortekeskus\/wp-content\/uploads\/sites\/3\/2022\/12\/Haridus-ja-Noorteamet_3lovi_est_rgb-2-1-1536x614.jpg 1536w, https:\/\/www.nomme.ee\/valdeku-noortekeskus\/wp-content\/uploads\/sites\/3\/2022\/12\/Haridus-ja-Noorteamet_3lovi_est_rgb-2-1-1200x480.jpg 1200w, https:\/\/www.nomme.ee\/valdeku-noortekeskus\/wp-content\/uploads\/sites\/3\/2022\/12\/Haridus-ja-Noorteamet_3lovi_est_rgb-2-1.jpg 1890w\" sizes=\"auto, (max-width: 300px) 100vw, 300px\" \/><img loading=\"lazy\" decoding=\"async\" class=\"alignnone size-medium wp-image-580\" src=\"https:\/\/www.nomme.ee\/valdeku-noortekeskus\/wp-content\/uploads\/sites\/3\/2022\/12\/EU_EYY_Logo_ET_5-300x222.png\" alt=\"\" width=\"300\" height=\"222\" srcset=\"https:\/\/www.nomme.ee\/valdeku-noortekeskus\/wp-content\/uploads\/sites\/3\/2022\/12\/EU_EYY_Logo_ET_5-300x222.png 300w, https:\/\/www.nomme.ee\/valdeku-noortekeskus\/wp-content\/uploads\/sites\/3\/2022\/12\/EU_EYY_Logo_ET_5.png 709w\" sizes=\"auto, (max-width: 300px) 100vw, 300px\" \/><\/p>\n","protected":false},"featured_media":575,"template":"","kalender_kategooria":[17],"class_list":["post-574","kalender","type-kalender","status-publish","has-post-thumbnail","hentry","kalender_kategooria-lauamangud"],"acf":[],"yoast_head":"<!-- This site is optimized with the Yoast SEO plugin v27.5 - https:\/\/yoast.com\/product\/yoast-seo-wordpress\/ -->\n<title>Kohtumine lauam\u00e4ngudisainer Silver T\u00fcrkiga &#8211; Valdeku noortekeskus<\/title>\n<meta name=\"robots\" content=\"index, follow, max-snippet:-1, max-image-preview:large, max-video-preview:-1\" \/>\n<link rel=\"canonical\" href=\"https:\/\/www.nomme.ee\/valdeku-noortekeskus\/kalender\/kohtumine-lauamangudisainer-silver-turkiga\/\" \/>\n<meta property=\"og:locale\" content=\"et_EE\" \/>\n<meta property=\"og:type\" content=\"article\" \/>\n<meta property=\"og:title\" content=\"Kohtumine lauam\u00e4ngudisainer Silver T\u00fcrkiga &#8211; Valdeku noortekeskus\" \/>\n<meta property=\"og:description\" content=\"Suur hea meel on tervitada meie noortekeskuses lauam\u00e4ngu Lunar Base \u00fchte loojatest Silver T\u00fcrki. Noortekeskuses on k\u00e4imas projekt p\u00e4ris meie enda lauam\u00e4ngu loomiseks, mille igasse etappi\u00a0 saavad panustada ja kaasa aidata k\u00f5ik huvitatud noored. Silver, koos heade kaaslastega, on \u00fche lauam\u00e4ngu loomise ise l\u00e4bi teinud. P\u00e4ris esialgsest ideest kuni l\u00f5pliku valmis m\u00e4ngu v\u00e4ljaandmiseni. Saame tema [&hellip;]\" \/>\n<meta property=\"og:url\" content=\"https:\/\/www.nomme.ee\/valdeku-noortekeskus\/kalender\/kohtumine-lauamangudisainer-silver-turkiga\/\" \/>\n<meta property=\"og:site_name\" content=\"Valdeku noortekeskus\" \/>\n<meta property=\"og:image\" content=\"https:\/\/www.nomme.ee\/valdeku-noortekeskus\/wp-content\/uploads\/sites\/3\/2022\/12\/lauamangu-loomise-tootoad-1080-\u00d7-1350-px.png\" \/>\n\t<meta property=\"og:image:width\" content=\"1080\" \/>\n\t<meta property=\"og:image:height\" content=\"1350\" \/>\n\t<meta property=\"og:image:type\" content=\"image\/png\" \/>\n<meta name=\"twitter:card\" content=\"summary_large_image\" \/>\n<meta name=\"twitter:label1\" content=\"Est. reading time\" \/>\n\t<meta name=\"twitter:data1\" content=\"1 minut\" \/>\n<script type=\"application\/ld+json\" class=\"yoast-schema-graph\">{\"@context\":\"https:\\\/\\\/schema.org\",\"@graph\":[{\"@type\":\"WebPage\",\"@id\":\"https:\\\/\\\/www.nomme.ee\\\/valdeku-noortekeskus\\\/kalender\\\/kohtumine-lauamangudisainer-silver-turkiga\\\/\",\"url\":\"https:\\\/\\\/www.nomme.ee\\\/valdeku-noortekeskus\\\/kalender\\\/kohtumine-lauamangudisainer-silver-turkiga\\\/\",\"name\":\"Kohtumine lauam\u00e4ngudisainer Silver T\u00fcrkiga &#8211; Valdeku noortekeskus\",\"isPartOf\":{\"@id\":\"https:\\\/\\\/www.nomme.ee\\\/valdeku-noortekeskus\\\/#website\"},\"primaryImageOfPage\":{\"@id\":\"https:\\\/\\\/www.nomme.ee\\\/valdeku-noortekeskus\\\/kalender\\\/kohtumine-lauamangudisainer-silver-turkiga\\\/#primaryimage\"},\"image\":{\"@id\":\"https:\\\/\\\/www.nomme.ee\\\/valdeku-noortekeskus\\\/kalender\\\/kohtumine-lauamangudisainer-silver-turkiga\\\/#primaryimage\"},\"thumbnailUrl\":\"https:\\\/\\\/www.nomme.ee\\\/valdeku-noortekeskus\\\/wp-content\\\/uploads\\\/sites\\\/3\\\/2022\\\/12\\\/lauamangu-loomise-tootoad-1080-\u00d7-1350-px.png\",\"datePublished\":\"2022-12-13T08:11:46+00:00\",\"breadcrumb\":{\"@id\":\"https:\\\/\\\/www.nomme.ee\\\/valdeku-noortekeskus\\\/kalender\\\/kohtumine-lauamangudisainer-silver-turkiga\\\/#breadcrumb\"},\"inLanguage\":\"et\",\"potentialAction\":[{\"@type\":\"ReadAction\",\"target\":[\"https:\\\/\\\/www.nomme.ee\\\/valdeku-noortekeskus\\\/kalender\\\/kohtumine-lauamangudisainer-silver-turkiga\\\/\"]}]},{\"@type\":\"ImageObject\",\"inLanguage\":\"et\",\"@id\":\"https:\\\/\\\/www.nomme.ee\\\/valdeku-noortekeskus\\\/kalender\\\/kohtumine-lauamangudisainer-silver-turkiga\\\/#primaryimage\",\"url\":\"https:\\\/\\\/www.nomme.ee\\\/valdeku-noortekeskus\\\/wp-content\\\/uploads\\\/sites\\\/3\\\/2022\\\/12\\\/lauamangu-loomise-tootoad-1080-\u00d7-1350-px.png\",\"contentUrl\":\"https:\\\/\\\/www.nomme.ee\\\/valdeku-noortekeskus\\\/wp-content\\\/uploads\\\/sites\\\/3\\\/2022\\\/12\\\/lauamangu-loomise-tootoad-1080-\u00d7-1350-px.png\",\"width\":1080,\"height\":1350},{\"@type\":\"BreadcrumbList\",\"@id\":\"https:\\\/\\\/www.nomme.ee\\\/valdeku-noortekeskus\\\/kalender\\\/kohtumine-lauamangudisainer-silver-turkiga\\\/#breadcrumb\",\"itemListElement\":[{\"@type\":\"ListItem\",\"position\":1,\"name\":\"N\u00f5mme Vaba Aja Keskus\",\"item\":\"https:\\\/\\\/www.nomme.ee\"},{\"@type\":\"ListItem\",\"position\":2,\"name\":\"Valdeku noortekeskus\",\"item\":\"https:\\\/\\\/www.nomme.ee\\\/valdeku-noortekeskus\\\/\"},{\"@type\":\"ListItem\",\"position\":3,\"name\":\"S\u00fcndmused\",\"item\":\"https:\\\/\\\/www.nomme.ee\\\/valdeku-noortekeskus\\\/kalender\\\/\"},{\"@type\":\"ListItem\",\"position\":4,\"name\":\"Kohtumine lauam\u00e4ngudisainer Silver T\u00fcrkiga\"}]},{\"@type\":\"WebSite\",\"@id\":\"https:\\\/\\\/www.nomme.ee\\\/valdeku-noortekeskus\\\/#website\",\"url\":\"https:\\\/\\\/www.nomme.ee\\\/valdeku-noortekeskus\\\/\",\"name\":\"Valdeku noortekeskus\",\"description\":\"\",\"potentialAction\":[{\"@type\":\"SearchAction\",\"target\":{\"@type\":\"EntryPoint\",\"urlTemplate\":\"https:\\\/\\\/www.nomme.ee\\\/valdeku-noortekeskus\\\/?s={search_term_string}\"},\"query-input\":{\"@type\":\"PropertyValueSpecification\",\"valueRequired\":true,\"valueName\":\"search_term_string\"}}],\"inLanguage\":\"et\"}]}<\/script>\n<!-- \/ Yoast SEO plugin. -->","yoast_head_json":{"title":"Kohtumine lauam\u00e4ngudisainer Silver T\u00fcrkiga &#8211; Valdeku noortekeskus","robots":{"index":"index","follow":"follow","max-snippet":"max-snippet:-1","max-image-preview":"max-image-preview:large","max-video-preview":"max-video-preview:-1"},"canonical":"https:\/\/www.nomme.ee\/valdeku-noortekeskus\/kalender\/kohtumine-lauamangudisainer-silver-turkiga\/","og_locale":"et_EE","og_type":"article","og_title":"Kohtumine lauam\u00e4ngudisainer Silver T\u00fcrkiga &#8211; Valdeku noortekeskus","og_description":"Suur hea meel on tervitada meie noortekeskuses lauam\u00e4ngu Lunar Base \u00fchte loojatest Silver T\u00fcrki. Noortekeskuses on k\u00e4imas projekt p\u00e4ris meie enda lauam\u00e4ngu loomiseks, mille igasse etappi\u00a0 saavad panustada ja kaasa aidata k\u00f5ik huvitatud noored. Silver, koos heade kaaslastega, on \u00fche lauam\u00e4ngu loomise ise l\u00e4bi teinud. P\u00e4ris esialgsest ideest kuni l\u00f5pliku valmis m\u00e4ngu v\u00e4ljaandmiseni. Saame tema [&hellip;]","og_url":"https:\/\/www.nomme.ee\/valdeku-noortekeskus\/kalender\/kohtumine-lauamangudisainer-silver-turkiga\/","og_site_name":"Valdeku noortekeskus","og_image":[{"width":1080,"height":1350,"url":"https:\/\/www.nomme.ee\/valdeku-noortekeskus\/wp-content\/uploads\/sites\/3\/2022\/12\/lauamangu-loomise-tootoad-1080-\u00d7-1350-px.png","type":"image\/png"}],"twitter_card":"summary_large_image","twitter_misc":{"Est. reading time":"1 minut"},"schema":{"@context":"https:\/\/schema.org","@graph":[{"@type":"WebPage","@id":"https:\/\/www.nomme.ee\/valdeku-noortekeskus\/kalender\/kohtumine-lauamangudisainer-silver-turkiga\/","url":"https:\/\/www.nomme.ee\/valdeku-noortekeskus\/kalender\/kohtumine-lauamangudisainer-silver-turkiga\/","name":"Kohtumine lauam\u00e4ngudisainer Silver T\u00fcrkiga &#8211; Valdeku noortekeskus","isPartOf":{"@id":"https:\/\/www.nomme.ee\/valdeku-noortekeskus\/#website"},"primaryImageOfPage":{"@id":"https:\/\/www.nomme.ee\/valdeku-noortekeskus\/kalender\/kohtumine-lauamangudisainer-silver-turkiga\/#primaryimage"},"image":{"@id":"https:\/\/www.nomme.ee\/valdeku-noortekeskus\/kalender\/kohtumine-lauamangudisainer-silver-turkiga\/#primaryimage"},"thumbnailUrl":"https:\/\/www.nomme.ee\/valdeku-noortekeskus\/wp-content\/uploads\/sites\/3\/2022\/12\/lauamangu-loomise-tootoad-1080-\u00d7-1350-px.png","datePublished":"2022-12-13T08:11:46+00:00","breadcrumb":{"@id":"https:\/\/www.nomme.ee\/valdeku-noortekeskus\/kalender\/kohtumine-lauamangudisainer-silver-turkiga\/#breadcrumb"},"inLanguage":"et","potentialAction":[{"@type":"ReadAction","target":["https:\/\/www.nomme.ee\/valdeku-noortekeskus\/kalender\/kohtumine-lauamangudisainer-silver-turkiga\/"]}]},{"@type":"ImageObject","inLanguage":"et","@id":"https:\/\/www.nomme.ee\/valdeku-noortekeskus\/kalender\/kohtumine-lauamangudisainer-silver-turkiga\/#primaryimage","url":"https:\/\/www.nomme.ee\/valdeku-noortekeskus\/wp-content\/uploads\/sites\/3\/2022\/12\/lauamangu-loomise-tootoad-1080-\u00d7-1350-px.png","contentUrl":"https:\/\/www.nomme.ee\/valdeku-noortekeskus\/wp-content\/uploads\/sites\/3\/2022\/12\/lauamangu-loomise-tootoad-1080-\u00d7-1350-px.png","width":1080,"height":1350},{"@type":"BreadcrumbList","@id":"https:\/\/www.nomme.ee\/valdeku-noortekeskus\/kalender\/kohtumine-lauamangudisainer-silver-turkiga\/#breadcrumb","itemListElement":[{"@type":"ListItem","position":1,"name":"N\u00f5mme Vaba Aja Keskus","item":"https:\/\/www.nomme.ee"},{"@type":"ListItem","position":2,"name":"Valdeku noortekeskus","item":"https:\/\/www.nomme.ee\/valdeku-noortekeskus\/"},{"@type":"ListItem","position":3,"name":"S\u00fcndmused","item":"https:\/\/www.nomme.ee\/valdeku-noortekeskus\/kalender\/"},{"@type":"ListItem","position":4,"name":"Kohtumine lauam\u00e4ngudisainer Silver T\u00fcrkiga"}]},{"@type":"WebSite","@id":"https:\/\/www.nomme.ee\/valdeku-noortekeskus\/#website","url":"https:\/\/www.nomme.ee\/valdeku-noortekeskus\/","name":"Valdeku noortekeskus","description":"","potentialAction":[{"@type":"SearchAction","target":{"@type":"EntryPoint","urlTemplate":"https:\/\/www.nomme.ee\/valdeku-noortekeskus\/?s={search_term_string}"},"query-input":{"@type":"PropertyValueSpecification","valueRequired":true,"valueName":"search_term_string"}}],"inLanguage":"et"}]}},"_links":{"self":[{"href":"https:\/\/www.nomme.ee\/valdeku-noortekeskus\/wp-json\/wp\/v2\/kalender\/574","targetHints":{"allow":["GET"]}}],"collection":[{"href":"https:\/\/www.nomme.ee\/valdeku-noortekeskus\/wp-json\/wp\/v2\/kalender"}],"about":[{"href":"https:\/\/www.nomme.ee\/valdeku-noortekeskus\/wp-json\/wp\/v2\/types\/kalender"}],"version-history":[{"count":5,"href":"https:\/\/www.nomme.ee\/valdeku-noortekeskus\/wp-json\/wp\/v2\/kalender\/574\/revisions"}],"predecessor-version":[{"id":583,"href":"https:\/\/www.nomme.ee\/valdeku-noortekeskus\/wp-json\/wp\/v2\/kalender\/574\/revisions\/583"}],"wp:featuredmedia":[{"embeddable":true,"href":"https:\/\/www.nomme.ee\/valdeku-noortekeskus\/wp-json\/wp\/v2\/media\/575"}],"wp:attachment":[{"href":"https:\/\/www.nomme.ee\/valdeku-noortekeskus\/wp-json\/wp\/v2\/media?parent=574"}],"wp:term":[{"taxonomy":"kalender_kategooria","embeddable":true,"href":"https:\/\/www.nomme.ee\/valdeku-noortekeskus\/wp-json\/wp\/v2\/kalender_kategooria?post=574"}],"curies":[{"name":"wp","href":"https:\/\/api.w.org\/{rel}","templated":true}]}}