{"id":594,"date":"2023-01-02T09:51:31","date_gmt":"2023-01-02T09:51:31","guid":{"rendered":"https:\/\/www.nomme.ee\/valdeku-noortekeskus\/?post_type=kalender&#038;p=594"},"modified":"2023-01-02T09:51:31","modified_gmt":"2023-01-02T09:51:31","slug":"laugamangude-koolivaheaeg","status":"publish","type":"kalender","link":"https:\/\/www.nomme.ee\/valdeku-noortekeskus\/kalender\/laugamangude-koolivaheaeg\/","title":{"rendered":"Laugam\u00e4ngude koolivaheaeg"},"content":{"rendered":"<p>Jaanuarikuu koolivaheaeg on meil t\u00e4is lauam\u00e4nge. Riiulil on veel k\u00fcllalt avamata ja j\u00e4releproovimata m\u00e4nge, mille m\u00e4ngimiseks on n\u00fc\u00fcd hea aeg.<br \/>\nLisaks sellele j\u00e4tkame ka Valdeku Noortekeskuse enda lauam\u00e4ngu disainimise protsessiga.<\/p>\n<p>Oleme avatud E-R kl 12-19<\/p>\n","protected":false},"featured_media":0,"template":"","kalender_kategooria":[17],"class_list":["post-594","kalender","type-kalender","status-publish","hentry","kalender_kategooria-lauamangud"],"acf":[],"yoast_head":"<!-- This site is optimized with the Yoast SEO plugin v27.5 - https:\/\/yoast.com\/product\/yoast-seo-wordpress\/ -->\n<title>Laugam\u00e4ngude koolivaheaeg &#8211; Valdeku noortekeskus<\/title>\n<meta name=\"robots\" content=\"index, follow, max-snippet:-1, max-image-preview:large, max-video-preview:-1\" \/>\n<link rel=\"canonical\" href=\"https:\/\/www.nomme.ee\/valdeku-noortekeskus\/kalender\/laugamangude-koolivaheaeg\/\" \/>\n<meta property=\"og:locale\" content=\"et_EE\" \/>\n<meta property=\"og:type\" content=\"article\" \/>\n<meta property=\"og:title\" content=\"Laugam\u00e4ngude koolivaheaeg &#8211; Valdeku noortekeskus\" \/>\n<meta property=\"og:description\" content=\"Jaanuarikuu koolivaheaeg on meil t\u00e4is lauam\u00e4nge. Riiulil on veel k\u00fcllalt avamata ja j\u00e4releproovimata m\u00e4nge, mille m\u00e4ngimiseks on n\u00fc\u00fcd hea aeg. Lisaks sellele j\u00e4tkame ka Valdeku Noortekeskuse enda lauam\u00e4ngu disainimise protsessiga. Oleme avatud E-R kl 12-19\" \/>\n<meta property=\"og:url\" content=\"https:\/\/www.nomme.ee\/valdeku-noortekeskus\/kalender\/laugamangude-koolivaheaeg\/\" \/>\n<meta property=\"og:site_name\" content=\"Valdeku noortekeskus\" \/>\n<meta name=\"twitter:card\" content=\"summary_large_image\" \/>\n<script type=\"application\/ld+json\" class=\"yoast-schema-graph\">{\"@context\":\"https:\\\/\\\/schema.org\",\"@graph\":[{\"@type\":\"WebPage\",\"@id\":\"https:\\\/\\\/www.nomme.ee\\\/valdeku-noortekeskus\\\/kalender\\\/laugamangude-koolivaheaeg\\\/\",\"url\":\"https:\\\/\\\/www.nomme.ee\\\/valdeku-noortekeskus\\\/kalender\\\/laugamangude-koolivaheaeg\\\/\",\"name\":\"Laugam\u00e4ngude koolivaheaeg &#8211; Valdeku noortekeskus\",\"isPartOf\":{\"@id\":\"https:\\\/\\\/www.nomme.ee\\\/valdeku-noortekeskus\\\/#website\"},\"datePublished\":\"2023-01-02T09:51:31+00:00\",\"breadcrumb\":{\"@id\":\"https:\\\/\\\/www.nomme.ee\\\/valdeku-noortekeskus\\\/kalender\\\/laugamangude-koolivaheaeg\\\/#breadcrumb\"},\"inLanguage\":\"et\",\"potentialAction\":[{\"@type\":\"ReadAction\",\"target\":[\"https:\\\/\\\/www.nomme.ee\\\/valdeku-noortekeskus\\\/kalender\\\/laugamangude-koolivaheaeg\\\/\"]}]},{\"@type\":\"BreadcrumbList\",\"@id\":\"https:\\\/\\\/www.nomme.ee\\\/valdeku-noortekeskus\\\/kalender\\\/laugamangude-koolivaheaeg\\\/#breadcrumb\",\"itemListElement\":[{\"@type\":\"ListItem\",\"position\":1,\"name\":\"N\u00f5mme Vaba Aja Keskus\",\"item\":\"https:\\\/\\\/www.nomme.ee\"},{\"@type\":\"ListItem\",\"position\":2,\"name\":\"Valdeku noortekeskus\",\"item\":\"https:\\\/\\\/www.nomme.ee\\\/valdeku-noortekeskus\\\/\"},{\"@type\":\"ListItem\",\"position\":3,\"name\":\"S\u00fcndmused\",\"item\":\"https:\\\/\\\/www.nomme.ee\\\/valdeku-noortekeskus\\\/kalender\\\/\"},{\"@type\":\"ListItem\",\"position\":4,\"name\":\"Laugam\u00e4ngude koolivaheaeg\"}]},{\"@type\":\"WebSite\",\"@id\":\"https:\\\/\\\/www.nomme.ee\\\/valdeku-noortekeskus\\\/#website\",\"url\":\"https:\\\/\\\/www.nomme.ee\\\/valdeku-noortekeskus\\\/\",\"name\":\"Valdeku noortekeskus\",\"description\":\"\",\"potentialAction\":[{\"@type\":\"SearchAction\",\"target\":{\"@type\":\"EntryPoint\",\"urlTemplate\":\"https:\\\/\\\/www.nomme.ee\\\/valdeku-noortekeskus\\\/?s={search_term_string}\"},\"query-input\":{\"@type\":\"PropertyValueSpecification\",\"valueRequired\":true,\"valueName\":\"search_term_string\"}}],\"inLanguage\":\"et\"}]}<\/script>\n<!-- \/ Yoast SEO plugin. -->","yoast_head_json":{"title":"Laugam\u00e4ngude koolivaheaeg &#8211; Valdeku noortekeskus","robots":{"index":"index","follow":"follow","max-snippet":"max-snippet:-1","max-image-preview":"max-image-preview:large","max-video-preview":"max-video-preview:-1"},"canonical":"https:\/\/www.nomme.ee\/valdeku-noortekeskus\/kalender\/laugamangude-koolivaheaeg\/","og_locale":"et_EE","og_type":"article","og_title":"Laugam\u00e4ngude koolivaheaeg &#8211; Valdeku noortekeskus","og_description":"Jaanuarikuu koolivaheaeg on meil t\u00e4is lauam\u00e4nge. Riiulil on veel k\u00fcllalt avamata ja j\u00e4releproovimata m\u00e4nge, mille m\u00e4ngimiseks on n\u00fc\u00fcd hea aeg. Lisaks sellele j\u00e4tkame ka Valdeku Noortekeskuse enda lauam\u00e4ngu disainimise protsessiga. Oleme avatud E-R kl 12-19","og_url":"https:\/\/www.nomme.ee\/valdeku-noortekeskus\/kalender\/laugamangude-koolivaheaeg\/","og_site_name":"Valdeku noortekeskus","twitter_card":"summary_large_image","schema":{"@context":"https:\/\/schema.org","@graph":[{"@type":"WebPage","@id":"https:\/\/www.nomme.ee\/valdeku-noortekeskus\/kalender\/laugamangude-koolivaheaeg\/","url":"https:\/\/www.nomme.ee\/valdeku-noortekeskus\/kalender\/laugamangude-koolivaheaeg\/","name":"Laugam\u00e4ngude koolivaheaeg &#8211; Valdeku noortekeskus","isPartOf":{"@id":"https:\/\/www.nomme.ee\/valdeku-noortekeskus\/#website"},"datePublished":"2023-01-02T09:51:31+00:00","breadcrumb":{"@id":"https:\/\/www.nomme.ee\/valdeku-noortekeskus\/kalender\/laugamangude-koolivaheaeg\/#breadcrumb"},"inLanguage":"et","potentialAction":[{"@type":"ReadAction","target":["https:\/\/www.nomme.ee\/valdeku-noortekeskus\/kalender\/laugamangude-koolivaheaeg\/"]}]},{"@type":"BreadcrumbList","@id":"https:\/\/www.nomme.ee\/valdeku-noortekeskus\/kalender\/laugamangude-koolivaheaeg\/#breadcrumb","itemListElement":[{"@type":"ListItem","position":1,"name":"N\u00f5mme Vaba Aja Keskus","item":"https:\/\/www.nomme.ee"},{"@type":"ListItem","position":2,"name":"Valdeku noortekeskus","item":"https:\/\/www.nomme.ee\/valdeku-noortekeskus\/"},{"@type":"ListItem","position":3,"name":"S\u00fcndmused","item":"https:\/\/www.nomme.ee\/valdeku-noortekeskus\/kalender\/"},{"@type":"ListItem","position":4,"name":"Laugam\u00e4ngude koolivaheaeg"}]},{"@type":"WebSite","@id":"https:\/\/www.nomme.ee\/valdeku-noortekeskus\/#website","url":"https:\/\/www.nomme.ee\/valdeku-noortekeskus\/","name":"Valdeku noortekeskus","description":"","potentialAction":[{"@type":"SearchAction","target":{"@type":"EntryPoint","urlTemplate":"https:\/\/www.nomme.ee\/valdeku-noortekeskus\/?s={search_term_string}"},"query-input":{"@type":"PropertyValueSpecification","valueRequired":true,"valueName":"search_term_string"}}],"inLanguage":"et"}]}},"_links":{"self":[{"href":"https:\/\/www.nomme.ee\/valdeku-noortekeskus\/wp-json\/wp\/v2\/kalender\/594","targetHints":{"allow":["GET"]}}],"collection":[{"href":"https:\/\/www.nomme.ee\/valdeku-noortekeskus\/wp-json\/wp\/v2\/kalender"}],"about":[{"href":"https:\/\/www.nomme.ee\/valdeku-noortekeskus\/wp-json\/wp\/v2\/types\/kalender"}],"version-history":[{"count":1,"href":"https:\/\/www.nomme.ee\/valdeku-noortekeskus\/wp-json\/wp\/v2\/kalender\/594\/revisions"}],"predecessor-version":[{"id":596,"href":"https:\/\/www.nomme.ee\/valdeku-noortekeskus\/wp-json\/wp\/v2\/kalender\/594\/revisions\/596"}],"wp:attachment":[{"href":"https:\/\/www.nomme.ee\/valdeku-noortekeskus\/wp-json\/wp\/v2\/media?parent=594"}],"wp:term":[{"taxonomy":"kalender_kategooria","embeddable":true,"href":"https:\/\/www.nomme.ee\/valdeku-noortekeskus\/wp-json\/wp\/v2\/kalender_kategooria?post=594"}],"curies":[{"name":"wp","href":"https:\/\/api.w.org\/{rel}","templated":true}]}}