{"id":668,"date":"2023-04-18T09:54:12","date_gmt":"2023-04-18T09:54:12","guid":{"rendered":"https:\/\/www.nomme.ee\/valdeku-noortekeskus\/?post_type=kalender&#038;p=668"},"modified":"2023-04-18T09:58:37","modified_gmt":"2023-04-18T09:58:37","slug":"lopuriiete-kirbuturg","status":"publish","type":"kalender","link":"https:\/\/www.nomme.ee\/valdeku-noortekeskus\/kalender\/lopuriiete-kirbuturg\/","title":{"rendered":"L\u00f5puriiete kirbuturg"},"content":{"rendered":"<p>Juba peagi on Valdeku Noortekeskuses toimumas L\u00f5puriiete kirbuturg.<\/p>\n<p>Seega kutsume k\u00f5iki huvilisi oma heas korras l\u00f5puriideid m\u00fc\u00fcma v\u00f5i uurima kas \u00f5nnestub l\u00f5petada m\u00f5ne teise omaniku riideid taasarmastades.<\/p>\n<p>Kirbuturg toimub 28-29.aprillil kell 13-17.00.<\/p>\n<p>M\u00fc\u00fca v\u00f5ib: kleite, pintsakuid, viigip\u00fckse, (kontsa)kingi, triiks\u00e4rke, lipse ja teisi aksessuaare.<\/p>\n<p class=\"editor-content__cta\"><a class=\"main-btn\" target=\"_self\" href=\"https:\/\/form.jotform.com\/231063444505044\">Registreeri end m\u00fc\u00fcjana<\/a><\/p>\n<p>\u00dcrituse toetaja on MT\u00dc Aarete Laegas<br \/>\nEt saaksime p\u00e4eva paremini planeerida, anna oma osalemishuvist teada m\u00e4rkides FB \u00fcritusele &#8220;osalen&#8221;. Link \u00fcritusele:<\/p>\n<p class=\"editor-content__cta\"><a class=\"main-btn\" target=\"_self\" href=\"https:\/\/www.facebook.com\/events\/207371161998159\">FB \u00fcritus<\/a><\/p>\n","protected":false},"featured_media":0,"template":"","kalender_kategooria":[29],"class_list":["post-668","kalender","type-kalender","status-publish","hentry","kalender_kategooria-muu"],"acf":[],"yoast_head":"<!-- This site is optimized with the Yoast SEO plugin v27.5 - https:\/\/yoast.com\/product\/yoast-seo-wordpress\/ -->\n<title>L\u00f5puriiete kirbuturg &#8211; Valdeku noortekeskus<\/title>\n<meta name=\"robots\" content=\"index, follow, max-snippet:-1, max-image-preview:large, max-video-preview:-1\" \/>\n<link rel=\"canonical\" href=\"https:\/\/www.nomme.ee\/valdeku-noortekeskus\/kalender\/lopuriiete-kirbuturg\/\" \/>\n<meta property=\"og:locale\" content=\"et_EE\" \/>\n<meta property=\"og:type\" content=\"article\" \/>\n<meta property=\"og:title\" content=\"L\u00f5puriiete kirbuturg &#8211; Valdeku noortekeskus\" \/>\n<meta property=\"og:description\" content=\"Juba peagi on Valdeku Noortekeskuses toimumas L\u00f5puriiete kirbuturg. Seega kutsume k\u00f5iki huvilisi oma heas korras l\u00f5puriideid m\u00fc\u00fcma v\u00f5i uurima kas \u00f5nnestub l\u00f5petada m\u00f5ne teise omaniku riideid taasarmastades. Kirbuturg toimub 28-29.aprillil kell 13-17.00. M\u00fc\u00fca v\u00f5ib: kleite, pintsakuid, viigip\u00fckse, (kontsa)kingi, triiks\u00e4rke, lipse ja teisi aksessuaare. \u00dcrituse toetaja on MT\u00dc Aarete Laegas Et saaksime p\u00e4eva paremini planeerida, anna [&hellip;]\" \/>\n<meta property=\"og:url\" content=\"https:\/\/www.nomme.ee\/valdeku-noortekeskus\/kalender\/lopuriiete-kirbuturg\/\" \/>\n<meta property=\"og:site_name\" content=\"Valdeku noortekeskus\" \/>\n<meta property=\"article:modified_time\" content=\"2023-04-18T09:58:37+00:00\" \/>\n<meta name=\"twitter:card\" content=\"summary_large_image\" \/>\n<meta name=\"twitter:label1\" content=\"Est. reading time\" \/>\n\t<meta name=\"twitter:data1\" content=\"1 minut\" \/>\n<script type=\"application\/ld+json\" class=\"yoast-schema-graph\">{\"@context\":\"https:\\\/\\\/schema.org\",\"@graph\":[{\"@type\":\"WebPage\",\"@id\":\"https:\\\/\\\/www.nomme.ee\\\/valdeku-noortekeskus\\\/kalender\\\/lopuriiete-kirbuturg\\\/\",\"url\":\"https:\\\/\\\/www.nomme.ee\\\/valdeku-noortekeskus\\\/kalender\\\/lopuriiete-kirbuturg\\\/\",\"name\":\"L\u00f5puriiete kirbuturg &#8211; Valdeku noortekeskus\",\"isPartOf\":{\"@id\":\"https:\\\/\\\/www.nomme.ee\\\/valdeku-noortekeskus\\\/#website\"},\"datePublished\":\"2023-04-18T09:54:12+00:00\",\"dateModified\":\"2023-04-18T09:58:37+00:00\",\"breadcrumb\":{\"@id\":\"https:\\\/\\\/www.nomme.ee\\\/valdeku-noortekeskus\\\/kalender\\\/lopuriiete-kirbuturg\\\/#breadcrumb\"},\"inLanguage\":\"et\",\"potentialAction\":[{\"@type\":\"ReadAction\",\"target\":[\"https:\\\/\\\/www.nomme.ee\\\/valdeku-noortekeskus\\\/kalender\\\/lopuriiete-kirbuturg\\\/\"]}]},{\"@type\":\"BreadcrumbList\",\"@id\":\"https:\\\/\\\/www.nomme.ee\\\/valdeku-noortekeskus\\\/kalender\\\/lopuriiete-kirbuturg\\\/#breadcrumb\",\"itemListElement\":[{\"@type\":\"ListItem\",\"position\":1,\"name\":\"N\u00f5mme Vaba Aja Keskus\",\"item\":\"https:\\\/\\\/www.nomme.ee\"},{\"@type\":\"ListItem\",\"position\":2,\"name\":\"Valdeku noortekeskus\",\"item\":\"https:\\\/\\\/www.nomme.ee\\\/valdeku-noortekeskus\\\/\"},{\"@type\":\"ListItem\",\"position\":3,\"name\":\"S\u00fcndmused\",\"item\":\"https:\\\/\\\/www.nomme.ee\\\/valdeku-noortekeskus\\\/kalender\\\/\"},{\"@type\":\"ListItem\",\"position\":4,\"name\":\"L\u00f5puriiete kirbuturg\"}]},{\"@type\":\"WebSite\",\"@id\":\"https:\\\/\\\/www.nomme.ee\\\/valdeku-noortekeskus\\\/#website\",\"url\":\"https:\\\/\\\/www.nomme.ee\\\/valdeku-noortekeskus\\\/\",\"name\":\"Valdeku noortekeskus\",\"description\":\"\",\"potentialAction\":[{\"@type\":\"SearchAction\",\"target\":{\"@type\":\"EntryPoint\",\"urlTemplate\":\"https:\\\/\\\/www.nomme.ee\\\/valdeku-noortekeskus\\\/?s={search_term_string}\"},\"query-input\":{\"@type\":\"PropertyValueSpecification\",\"valueRequired\":true,\"valueName\":\"search_term_string\"}}],\"inLanguage\":\"et\"}]}<\/script>\n<!-- \/ Yoast SEO plugin. -->","yoast_head_json":{"title":"L\u00f5puriiete kirbuturg &#8211; Valdeku noortekeskus","robots":{"index":"index","follow":"follow","max-snippet":"max-snippet:-1","max-image-preview":"max-image-preview:large","max-video-preview":"max-video-preview:-1"},"canonical":"https:\/\/www.nomme.ee\/valdeku-noortekeskus\/kalender\/lopuriiete-kirbuturg\/","og_locale":"et_EE","og_type":"article","og_title":"L\u00f5puriiete kirbuturg &#8211; Valdeku noortekeskus","og_description":"Juba peagi on Valdeku Noortekeskuses toimumas L\u00f5puriiete kirbuturg. Seega kutsume k\u00f5iki huvilisi oma heas korras l\u00f5puriideid m\u00fc\u00fcma v\u00f5i uurima kas \u00f5nnestub l\u00f5petada m\u00f5ne teise omaniku riideid taasarmastades. Kirbuturg toimub 28-29.aprillil kell 13-17.00. M\u00fc\u00fca v\u00f5ib: kleite, pintsakuid, viigip\u00fckse, (kontsa)kingi, triiks\u00e4rke, lipse ja teisi aksessuaare. \u00dcrituse toetaja on MT\u00dc Aarete Laegas Et saaksime p\u00e4eva paremini planeerida, anna [&hellip;]","og_url":"https:\/\/www.nomme.ee\/valdeku-noortekeskus\/kalender\/lopuriiete-kirbuturg\/","og_site_name":"Valdeku noortekeskus","article_modified_time":"2023-04-18T09:58:37+00:00","twitter_card":"summary_large_image","twitter_misc":{"Est. reading time":"1 minut"},"schema":{"@context":"https:\/\/schema.org","@graph":[{"@type":"WebPage","@id":"https:\/\/www.nomme.ee\/valdeku-noortekeskus\/kalender\/lopuriiete-kirbuturg\/","url":"https:\/\/www.nomme.ee\/valdeku-noortekeskus\/kalender\/lopuriiete-kirbuturg\/","name":"L\u00f5puriiete kirbuturg &#8211; Valdeku noortekeskus","isPartOf":{"@id":"https:\/\/www.nomme.ee\/valdeku-noortekeskus\/#website"},"datePublished":"2023-04-18T09:54:12+00:00","dateModified":"2023-04-18T09:58:37+00:00","breadcrumb":{"@id":"https:\/\/www.nomme.ee\/valdeku-noortekeskus\/kalender\/lopuriiete-kirbuturg\/#breadcrumb"},"inLanguage":"et","potentialAction":[{"@type":"ReadAction","target":["https:\/\/www.nomme.ee\/valdeku-noortekeskus\/kalender\/lopuriiete-kirbuturg\/"]}]},{"@type":"BreadcrumbList","@id":"https:\/\/www.nomme.ee\/valdeku-noortekeskus\/kalender\/lopuriiete-kirbuturg\/#breadcrumb","itemListElement":[{"@type":"ListItem","position":1,"name":"N\u00f5mme Vaba Aja Keskus","item":"https:\/\/www.nomme.ee"},{"@type":"ListItem","position":2,"name":"Valdeku noortekeskus","item":"https:\/\/www.nomme.ee\/valdeku-noortekeskus\/"},{"@type":"ListItem","position":3,"name":"S\u00fcndmused","item":"https:\/\/www.nomme.ee\/valdeku-noortekeskus\/kalender\/"},{"@type":"ListItem","position":4,"name":"L\u00f5puriiete kirbuturg"}]},{"@type":"WebSite","@id":"https:\/\/www.nomme.ee\/valdeku-noortekeskus\/#website","url":"https:\/\/www.nomme.ee\/valdeku-noortekeskus\/","name":"Valdeku noortekeskus","description":"","potentialAction":[{"@type":"SearchAction","target":{"@type":"EntryPoint","urlTemplate":"https:\/\/www.nomme.ee\/valdeku-noortekeskus\/?s={search_term_string}"},"query-input":{"@type":"PropertyValueSpecification","valueRequired":true,"valueName":"search_term_string"}}],"inLanguage":"et"}]}},"_links":{"self":[{"href":"https:\/\/www.nomme.ee\/valdeku-noortekeskus\/wp-json\/wp\/v2\/kalender\/668","targetHints":{"allow":["GET"]}}],"collection":[{"href":"https:\/\/www.nomme.ee\/valdeku-noortekeskus\/wp-json\/wp\/v2\/kalender"}],"about":[{"href":"https:\/\/www.nomme.ee\/valdeku-noortekeskus\/wp-json\/wp\/v2\/types\/kalender"}],"version-history":[{"count":5,"href":"https:\/\/www.nomme.ee\/valdeku-noortekeskus\/wp-json\/wp\/v2\/kalender\/668\/revisions"}],"predecessor-version":[{"id":675,"href":"https:\/\/www.nomme.ee\/valdeku-noortekeskus\/wp-json\/wp\/v2\/kalender\/668\/revisions\/675"}],"wp:attachment":[{"href":"https:\/\/www.nomme.ee\/valdeku-noortekeskus\/wp-json\/wp\/v2\/media?parent=668"}],"wp:term":[{"taxonomy":"kalender_kategooria","embeddable":true,"href":"https:\/\/www.nomme.ee\/valdeku-noortekeskus\/wp-json\/wp\/v2\/kalender_kategooria?post=668"}],"curies":[{"name":"wp","href":"https:\/\/api.w.org\/{rel}","templated":true}]}}